{"id":11609,"date":"2020-04-17T13:35:00","date_gmt":"2020-04-17T12:35:00","guid":{"rendered":"http:\/\/www.fileasbl.be\/membres\/?page_id=11609"},"modified":"2021-02-11T13:57:47","modified_gmt":"2021-02-11T12:57:47","slug":"emotions","status":"publish","type":"page","link":"https:\/\/www.fileasbl.be\/membres\/themes\/emotions\/","title":{"rendered":"Emotions"},"content":{"rendered":"<!--themify_builder_content-->\n<div id=\"themify_builder_content-11609\" data-postid=\"11609\" class=\"themify_builder_content themify_builder_content-11609 themify_builder tf_clear\">\n    \t<!-- module_row -->\n\t<div  data-lazy=\"1\" class=\"module_row themify_builder_row tb_u80z408 tb_first tf_clearfix\">\n\t    \t\t<div class=\"row_inner col_align_top col-count-1 tf_box tf_w tf_rel\">\n\t\t\t<div  data-lazy=\"1\" class=\"module_column tb-column col-full first tb_p2st408 tf_box\">\n\t\t\t    \t        <div class=\"tb-column-inner tf_box tf_w\">\n\t\t    <!-- module image -->\n<div  class=\"module module-image tb_8sk7504   image-top auto_fullwidth tf_mw\" data-lazy=\"1\">\n        <div class=\"image-wrap tf_rel tf_mw\">\n\t\t    <img decoding=\"async\" src=\"http:\/\/www.fileasbl.be\/membres\/wp-content\/uploads\/2020\/04\/2020-Site-article-Emotions.jpg\" title=\"Emotions\" alt=\"Emotions\">\t\n\t\t<\/div>\n\t<!-- \/image-wrap -->\n    \n    \t<\/div>\n<!-- \/module image -->\t        <\/div>\n\t    \t<\/div>\n\t\t    <\/div>\n\t    <!-- \/row_inner -->\n\t<\/div>\n\t<!-- \/module_row -->\n\t\t<!-- module_row -->\n\t<div  data-lazy=\"1\" class=\"module_row themify_builder_row tb_qss3355 tf_clearfix\">\n\t    \t\t<div class=\"row_inner col_align_top col-count-2 tf_box tf_w tf_rel\">\n\t\t\t<div  data-lazy=\"1\" style=\"width: 61%\" class=\"module_column tb-column col3-2 first tb_nd3l355 tf_box\">\n\t\t\t    \t        <div class=\"tb-column-inner tf_box tf_w\">\n\t\t    <!-- module text -->\n<div  class=\"module module-text tb_1isg356  repeat \" data-lazy=\"1\">\n        <div  class=\"tb_text_wrap\">\n    <p style=\"text-align: left;\">Col\u00e8re, tristesse, peur, joie\u2026 Les \u00e9motions dirigent les comportements des enfants et peuvent d\u00e9sarmer les Professionnels de la Petite Enfance. Pourtant, il est n\u00e9cessaire de comprendre et d\u2019accompagner les \u00e9motions des tout-petits pour les accueillir avec qualit\u00e9&#8230;<\/p>    <\/div>\n<\/div>\n<!-- \/module text --><!-- module text -->\n<div  class=\"module module-text tb_xd75288  repeat \" data-lazy=\"1\">\n        <div  class=\"tb_text_wrap\">\n    <p>Pour ce faire, le guide <em>\u00ab\u00a0Rep\u00e8res pour des pratiques d\u2019accueil de qualit\u00e9\u00a0\u00bb<\/em> r\u00e9alis\u00e9 par l\u2019ONE, traite dans sa partie n\u00b02<em> \u00ab\u00a0<a href=\"https:\/\/www.one.be\/fileadmin\/user_upload\/siteone\/PRO\/Brochures\/Reperes-pratiques-accueil-qualite-part2.pdf\" target=\"_blank\" rel=\"noopener\">A la rencontre des enfants<\/a>\u00a0\u00bb<\/em>, de l\u2019accompagnement des \u00e9motions des enfants (voir chapitre 9, page 35).<\/p>    <\/div>\n<\/div>\n<!-- \/module text -->\t        <\/div>\n\t    \t<\/div>\n\t\t<div  data-lazy=\"1\" style=\"width: 35.8%\" class=\"module_column tb-column col3-1 last tb_6gu7357 tf_box\">\n\t\t\t    \t        <div class=\"tb-column-inner tf_box tf_w\">\n\t\t    <!-- module text -->\n<div  class=\"module module-text tb_kx0i357  repeat \" data-lazy=\"1\">\n        <div  class=\"tb_text_wrap\">\n    <h2>Personne de contact<\/h2>\n<p>Laur\u00e8ne Tr\u00e9visan, Conseill\u00e8re\u00a0 p\u00e9dagogique<br \/>contact(at)fileasbl.be<\/p>\n<p>+32 10 22 52 02<\/p>    <\/div>\n<\/div>\n<!-- \/module text -->\t        <\/div>\n\t    \t<\/div>\n\t\t    <\/div>\n\t    <!-- \/row_inner -->\n\t<\/div>\n\t<!-- \/module_row -->\n\t\t<!-- module_row -->\n\t<div  data-lazy=\"1\" class=\"module_row themify_builder_row tb_d5f486d tf_clearfix\" >\n\t    \t\t<div class=\"row_inner col_align_top col-count-1 tf_box tf_w tf_rel\">\n\t\t\t<div  data-lazy=\"1\" class=\"module_column tb-column col-full first tb_64bb0c4 tf_box\">\n\t\t\t    \t        <div class=\"tb-column-inner tf_box tf_w\">\n\t\t    <!-- module text -->\n<div  class=\"module module-text tb_g43m513   \" data-lazy=\"1\">\n        <div  class=\"tb_text_wrap\">\n    <h3 style=\"text-align: left;\">Courtes vid\u00e9os r\u00e9alis\u00e9es par l&rsquo;ONE (source : one.be)<\/h3>    <\/div>\n<\/div>\n<!-- \/module text -->\t<div  data-lazy=\"1\" class=\"module_subrow themify_builder_sub_row tb_fyhc281 tf_w tf_clearfix\">\n\t    \t\t<div class=\"subrow_inner col_align_top col-count-2 tf_box tf_w\">\n\t\t\t<div  data-lazy=\"1\" class=\"sub_column module_column tf_box col2-1 first tb_u4xz282\"> \n\t    \t    \t        <div class=\"tb-column-inner tf_box tf_w\">\n\t\t    <!-- module video -->\n<div  class=\"module module-video tb_46m0768 video-top  \" data-lazy=\"1\" data-url=\"https:\/\/youtu.be\/BQlZawJEvWE\">\n    \t\t\t\t<div class=\"video-wrap-outer\">\n\t\t\t<div class=\"video-wrap tf_rel tf_overflow\">\n\t\t\t\t\t\t\t<\/div>\n\t\t\t<!-- \/video-wrap -->\n\t\t<\/div>\n\t\t<!-- \/video-wrap-outer -->\n\t\t\t<\/div>\n<!-- module text -->\n<div  class=\"module module-text tb_xvm6169   \" data-lazy=\"1\">\n        <div  class=\"tb_text_wrap\">\n    <p><em>Air de familles \u2013 Qu\u2019est-ce que les \u00e9motions ? (source : ONE.be)<\/em><\/p>    <\/div>\n<\/div>\n<!-- \/module text -->\t        <\/div>\n\t    \t<\/div>\n\t\t<div  data-lazy=\"1\" class=\"sub_column module_column tf_box col2-1 last tb_6cll283\"> \n\t    \t    \t        <div class=\"tb-column-inner tf_box tf_w\">\n\t\t    <!-- module video -->\n<div  class=\"module module-video tb_iugs198 video-top  \" data-lazy=\"1\" data-url=\"https:\/\/youtu.be\/oUxdHcr1CNY\">\n    \t\t\t\t<div class=\"video-wrap-outer\">\n\t\t\t<div class=\"video-wrap tf_rel tf_overflow\">\n\t\t\t\t\t\t\t<\/div>\n\t\t\t<!-- \/video-wrap -->\n\t\t<\/div>\n\t\t<!-- \/video-wrap-outer -->\n\t\t\t<\/div>\n<!-- module text -->\n<div  class=\"module module-text tb_nggv981   \" data-lazy=\"1\">\n        <div  class=\"tb_text_wrap\">\n    <p><em>Air de familles \u2013 A partir de quel \u00e2ge l\u2019enfant ressent-il des \u00e9motions et comment les encadrer ? (source : ONE.be)<\/em><\/p>    <\/div>\n<\/div>\n<!-- \/module text -->\t        <\/div>\n\t    \t<\/div>\n\t\t    <\/div>\n\t<\/div><!-- \/themify_builder_sub_row -->\n\t<!-- module image -->\n<div  class=\"module module-image tb_jncp120 rounded  image-top auto_fullwidth tf_mw\" data-lazy=\"1\">\n        <div class=\"image-wrap tf_rel tf_mw\">\n\t\t    <a href=\"http:\/\/www.fileasbl.be\/membres\/les-emotions-des-professionnels-de-lenfance-dans-ce-contexte-sanitaire-avec-monique-meyfroet\/\"\n\t       \t       >\n\t\t   \t\t<img decoding=\"async\" src=\"http:\/\/www.fileasbl.be\/membres\/wp-content\/uploads\/2020\/12\/Bandeau-200-1500-Monique.jpg\" title=\"Emotions\" alt=\"Emotions\">\t    <\/a>\n\t\n\t\t<\/div>\n\t<!-- \/image-wrap -->\n    \n    \t<\/div>\n<!-- \/module image -->\t        <\/div>\n\t    \t<\/div>\n\t\t    <\/div>\n\t    <!-- \/row_inner -->\n\t<\/div>\n\t<!-- \/module_row -->\n\t\t<!-- module_row -->\n\t<div  data-lazy=\"1\" class=\"module_row themify_builder_row tb_rip5817 tf_clearfix\">\n\t    \t\t<div class=\"row_inner col_align_top col-count-1 tf_box tf_w tf_rel\">\n\t\t\t<div  data-lazy=\"1\" class=\"module_column tb-column col-full first tb_z4ff817 tf_box\">\n\t\t\t    \t        <div class=\"tb-column-inner tf_box tf_w\">\n\t\t    <!-- module text -->\n<div  class=\"module module-text tb_4cw0818  repeat \" data-lazy=\"1\">\n        <div  class=\"tb_text_wrap\">\n    <h2 style=\"text-align: left;\"><span style=\"color: #000080;\">Derniers articles :\u00a0<\/span><\/h2>    <\/div>\n<\/div>\n<!-- \/module text --><div  class=\"module tf_clearfix themify_builder_slider_wrap module-slider tb_5hti934  slider-default  \" data-lazy=\"1\">\n        <div class=\"themify_builder_slider tf_carousel tf_swiper-container tf_rel tf_overflow\" data-lazy=\"1\"\t\t    data-tbreakpoints=\"1024\"\n\t\t    data-mbreakpoints=\"480\"\n\tdata-visible=\"4\"\n\tdata-tab-visible=\"\"\n\tdata-mob-visible=\"0\"\n\tdata-scroll=\"\"\n\t\t    \t\t    \tdata-speed=\"1\"\n\tdata-wrapvar=\"1\"\n\tdata-slider_nav=\"1\"\n\tdata-pager=\"1\"\n\tdata-effect=\"scroll\" \n\tdata-height=\"variable\"\n\tdata-horizontal=\"0\"\n\t\t    data-css_url=\"https:\/\/www.fileasbl.be\/membres\/wp-content\/themes\/themify-ultra\/themify\/themify-builder\/css\/modules\/sliders\/carousel.css,https:\/\/www.fileasbl.be\/membres\/wp-content\/themes\/themify-ultra\/themify\/themify-builder\/css\/modules\/sliders\/slider.css\"\n\t>\n\t\t    <div class=\"tf_swiper-wrapper tf_lazy tf_rel tf_w tf_h tf_textc\">\n\t            <div class=\"tf_swiper-slide\">\n            <div class=\"slide-inner-wrap\" style=\"margin-left:05px;\">\n                                                                <figure class=\"tf_lazy slide-image\">\n                                                            <a href=\"https:\/\/www.fileasbl.be\/membres\/colloque-2025-neurosciences-et-developpement-de-lenfant-et-si-on-tentait-litinerance-ludique\/\"\n                                                                      >\n                                   <img src=\"data:image\/svg+xml;charset=UTF-8,%3Csvg%20xmlns%3D%22http%3A%2F%2Fwww.w3.org%2F2000%2Fsvg%22%20width%3D%222560%22%20height%3D%221707%22%3E%3Cg%20fill%3D%22%2344444e%22%3E%3Crect%20width%3D%22853%22%20height%3D%22569%22%2F%3E%3Crect%20width%3D%22853%22%20height%3D%22569%22%20fill%3D%22%2353535f%22%20x%3D%22853%22%2F%3E%3Crect%20width%3D%22853%22%20height%3D%22569%22%20fill%3D%22%235a5c69%22%20x%3D%221706%22%2F%3E%3Crect%20width%3D%22853%22%20height%3D%22569%22%20fill%3D%22%233e3e48%22%20y%3D%22569%22%2F%3E%3Crect%20width%3D%22853%22%20height%3D%22569%22%20fill%3D%22%2343464d%22%20x%3D%22853%22%20y%3D%22569%22%2F%3E%3Crect%20width%3D%22853%22%20height%3D%22569%22%20fill%3D%22%23e2e7eb%22%20x%3D%221706%22%20y%3D%22569%22%2F%3E%3Crect%20width%3D%22853%22%20height%3D%22569%22%20fill%3D%22%23414149%22%20y%3D%221138%22%2F%3E%3Crect%20width%3D%22853%22%20height%3D%22569%22%20fill%3D%22%233f4249%22%20x%3D%22853%22%20y%3D%221138%22%2F%3E%3Crect%20width%3D%22853%22%20height%3D%22569%22%20fill%3D%22%2347474f%22%20x%3D%221706%22%20y%3D%221138%22%2F%3E%3C%2Fg%3E%3C%2Fsvg%3E\" data-lazy=\"1\" loading=\"lazy\" decoding=\"async\" width=\"2560\" height=\"1707\" data-tf-src=\"https:\/\/www.fileasbl.be\/membres\/wp-content\/uploads\/2025\/11\/IMG_6473-scaled.jpg\" class=\"tf_svg_lazy wp-post-image wp-image-34054\" title=\"IMG_6473\" alt=\"IMG_6473\" data-tf-srcset=\"https:\/\/www.fileasbl.be\/membres\/wp-content\/uploads\/2025\/11\/IMG_6473-scaled.jpg 2560w, https:\/\/www.fileasbl.be\/membres\/wp-content\/uploads\/2025\/11\/IMG_6473-1024x683-300x200.jpg 300w, https:\/\/www.fileasbl.be\/membres\/wp-content\/uploads\/2025\/11\/IMG_6473-1024x683.jpg 1024w, https:\/\/www.fileasbl.be\/membres\/wp-content\/uploads\/2025\/11\/IMG_6473-768x512.jpg 768w, https:\/\/www.fileasbl.be\/membres\/wp-content\/uploads\/2025\/11\/IMG_6473-1536x1024.jpg 1536w, https:\/\/www.fileasbl.be\/membres\/wp-content\/uploads\/2025\/11\/IMG_6473-2048x1365.jpg 2048w, https:\/\/www.fileasbl.be\/membres\/wp-content\/uploads\/2025\/11\/IMG_6473-400x267.jpg 400w\" data-tf-sizes=\"auto, (max-width: 2560px) 100vw, 2560px\" \/><noscript><img loading=\"lazy\" decoding=\"async\" width=\"2560\" height=\"1707\" data-tf-not-load src=\"https:\/\/www.fileasbl.be\/membres\/wp-content\/uploads\/2025\/11\/IMG_6473-scaled.jpg\" class=\"wp-post-image wp-image-34054\" title=\"IMG_6473\" alt=\"IMG_6473\" srcset=\"https:\/\/www.fileasbl.be\/membres\/wp-content\/uploads\/2025\/11\/IMG_6473-scaled.jpg 2560w, https:\/\/www.fileasbl.be\/membres\/wp-content\/uploads\/2025\/11\/IMG_6473-1024x683-300x200.jpg 300w, https:\/\/www.fileasbl.be\/membres\/wp-content\/uploads\/2025\/11\/IMG_6473-1024x683.jpg 1024w, https:\/\/www.fileasbl.be\/membres\/wp-content\/uploads\/2025\/11\/IMG_6473-768x512.jpg 768w, https:\/\/www.fileasbl.be\/membres\/wp-content\/uploads\/2025\/11\/IMG_6473-1536x1024.jpg 1536w, https:\/\/www.fileasbl.be\/membres\/wp-content\/uploads\/2025\/11\/IMG_6473-2048x1365.jpg 2048w, https:\/\/www.fileasbl.be\/membres\/wp-content\/uploads\/2025\/11\/IMG_6473-400x267.jpg 400w\" sizes=\"auto, (max-width: 2560px) 100vw, 2560px\" \/><\/noscript>                                <\/a>\n                                                    <\/figure>\n                                                            \n                                    <div class=\"slide-content tb_text_wrap\">\n                        \t\t\t\t\t\t\t\t\t\t\t\t\t\t<h3 class=\"slide-title\">\n\t\t\t\t\t\t\t\t\t\t\t\t\t\t\t\t\t\t<a href=\"https:\/\/www.fileasbl.be\/membres\/colloque-2025-neurosciences-et-developpement-de-lenfant-et-si-on-tentait-litinerance-ludique\/\"  \n\t\t\t\t\t\t\t\t\t\t   \t\t\t\t\t\t\t\t\t\t   >\n\t\t\t\t\t\t\t\t\t\t   Colloque 2025 \u2013 \u00ab\u00a0Neurosciences et d\u00e9veloppement de l\u2019enfant : Et si on tentait l\u2019itin\u00e9rance ludique\u2026 ?\u00a0\u00bb\t\t\t\t\t\t\t\t\t\t<\/a>\n\t\t\t\t\t\t\t\t\t\t\t\t\t\t\t<\/h3>\n\t\t\t\t\t\t\t                        \t\t\t\t\t\t                                                                    <\/div>\n                    <!-- \/slide-content -->\n                            <\/div>\n        <\/div>\n                <div class=\"tf_swiper-slide\">\n            <div class=\"slide-inner-wrap\" style=\"margin-left:05px;\">\n                                                                <figure class=\"tf_lazy slide-image\">\n                                                            <a href=\"https:\/\/www.fileasbl.be\/membres\/la-journee-extrascool-ca-continue\/\"\n                                                                      >\n                                   <img src=\"data:image\/svg+xml;charset=UTF-8,%3Csvg%20xmlns%3D%22http%3A%2F%2Fwww.w3.org%2F2000%2Fsvg%22%20width%3D%221181%22%20height%3D%221181%22%3E%3Cg%20fill%3D%22%23fff6e5%22%3E%3Crect%20width%3D%22393%22%20height%3D%22393%22%2F%3E%3Crect%20width%3D%22393%22%20height%3D%22393%22%20fill%3D%22%23d87538%22%20x%3D%22393%22%2F%3E%3Crect%20width%3D%22393%22%20height%3D%22393%22%20x%3D%22786%22%2F%3E%3Crect%20width%3D%22393%22%20height%3D%22393%22%20fill%3D%22%23eee9aa%22%20y%3D%22393%22%2F%3E%3Crect%20width%3D%22393%22%20height%3D%22393%22%20fill%3D%22%2371ae9e%22%20x%3D%22393%22%20y%3D%22393%22%2F%3E%3Crect%20width%3D%22393%22%20height%3D%22393%22%20fill%3D%22%23d87538%22%20x%3D%22786%22%20y%3D%22393%22%2F%3E%3Crect%20width%3D%22393%22%20height%3D%22393%22%20fill%3D%22%23d7d755%22%20y%3D%22786%22%2F%3E%3Crect%20width%3D%22393%22%20height%3D%22393%22%20x%3D%22393%22%20y%3D%22786%22%2F%3E%3Crect%20width%3D%22393%22%20height%3D%22393%22%20fill%3D%22%23de0f3f%22%20x%3D%22786%22%20y%3D%22786%22%2F%3E%3C%2Fg%3E%3C%2Fsvg%3E\" data-lazy=\"1\" loading=\"lazy\" decoding=\"async\" width=\"1181\" height=\"1181\" data-tf-src=\"https:\/\/www.fileasbl.be\/membres\/wp-content\/uploads\/2024\/10\/Design-sans-titre-1.png\" class=\"tf_svg_lazy wp-post-image wp-image-32827\" title=\"Design sans titre (1)\" alt=\"Design sans titre (1)\" data-tf-srcset=\"https:\/\/www.fileasbl.be\/membres\/wp-content\/uploads\/2024\/10\/Design-sans-titre-1.png 1181w, https:\/\/www.fileasbl.be\/membres\/wp-content\/uploads\/2024\/10\/Design-sans-titre-1-300x300.png 300w, https:\/\/www.fileasbl.be\/membres\/wp-content\/uploads\/2024\/10\/Design-sans-titre-1-1024x1024.png 1024w, https:\/\/www.fileasbl.be\/membres\/wp-content\/uploads\/2024\/10\/Design-sans-titre-1-150x150.png 150w, https:\/\/www.fileasbl.be\/membres\/wp-content\/uploads\/2024\/10\/Design-sans-titre-1-768x768.png 768w, https:\/\/www.fileasbl.be\/membres\/wp-content\/uploads\/2024\/10\/Design-sans-titre-1-400x400.png 400w, https:\/\/www.fileasbl.be\/membres\/wp-content\/uploads\/2024\/10\/Design-sans-titre-1-100x100.png 100w, https:\/\/www.fileasbl.be\/membres\/wp-content\/uploads\/2024\/10\/Design-sans-titre-1-1024x1024-175x175.png 175w, https:\/\/www.fileasbl.be\/membres\/wp-content\/uploads\/2024\/10\/Design-sans-titre-1-1024x1024-50x50.png 50w\" data-tf-sizes=\"auto, (max-width: 1181px) 100vw, 1181px\" \/><noscript><img loading=\"lazy\" decoding=\"async\" width=\"1181\" height=\"1181\" data-tf-not-load src=\"https:\/\/www.fileasbl.be\/membres\/wp-content\/uploads\/2024\/10\/Design-sans-titre-1.png\" class=\"wp-post-image wp-image-32827\" title=\"Design sans titre (1)\" alt=\"Design sans titre (1)\" srcset=\"https:\/\/www.fileasbl.be\/membres\/wp-content\/uploads\/2024\/10\/Design-sans-titre-1.png 1181w, https:\/\/www.fileasbl.be\/membres\/wp-content\/uploads\/2024\/10\/Design-sans-titre-1-300x300.png 300w, https:\/\/www.fileasbl.be\/membres\/wp-content\/uploads\/2024\/10\/Design-sans-titre-1-1024x1024.png 1024w, https:\/\/www.fileasbl.be\/membres\/wp-content\/uploads\/2024\/10\/Design-sans-titre-1-150x150.png 150w, https:\/\/www.fileasbl.be\/membres\/wp-content\/uploads\/2024\/10\/Design-sans-titre-1-768x768.png 768w, https:\/\/www.fileasbl.be\/membres\/wp-content\/uploads\/2024\/10\/Design-sans-titre-1-400x400.png 400w, https:\/\/www.fileasbl.be\/membres\/wp-content\/uploads\/2024\/10\/Design-sans-titre-1-100x100.png 100w, https:\/\/www.fileasbl.be\/membres\/wp-content\/uploads\/2024\/10\/Design-sans-titre-1-1024x1024-175x175.png 175w, https:\/\/www.fileasbl.be\/membres\/wp-content\/uploads\/2024\/10\/Design-sans-titre-1-1024x1024-50x50.png 50w\" sizes=\"auto, (max-width: 1181px) 100vw, 1181px\" \/><\/noscript>                                <\/a>\n                                                    <\/figure>\n                                                            \n                                    <div class=\"slide-content tb_text_wrap\">\n                        \t\t\t\t\t\t\t\t\t\t\t\t\t\t<h3 class=\"slide-title\">\n\t\t\t\t\t\t\t\t\t\t\t\t\t\t\t\t\t\t<a href=\"https:\/\/www.fileasbl.be\/membres\/la-journee-extrascool-ca-continue\/\"  \n\t\t\t\t\t\t\t\t\t\t   \t\t\t\t\t\t\t\t\t\t   >\n\t\t\t\t\t\t\t\t\t\t   Journ\u00e9e ExtrasCOOL 2025 : rendre visible l&rsquo;invisible\t\t\t\t\t\t\t\t\t\t<\/a>\n\t\t\t\t\t\t\t\t\t\t\t\t\t\t\t<\/h3>\n\t\t\t\t\t\t\t                        \t\t\t\t\t\t                                                                    <\/div>\n                    <!-- \/slide-content -->\n                            <\/div>\n        <\/div>\n                <div class=\"tf_swiper-slide\">\n            <div class=\"slide-inner-wrap\" style=\"margin-left:05px;\">\n                                                                <figure class=\"tf_lazy slide-image\">\n                                                            <a href=\"https:\/\/www.fileasbl.be\/membres\/extrascool-2024\/\"\n                                                                      >\n                                   <img src=\"data:image\/svg+xml;charset=UTF-8,%3Csvg%20xmlns%3D%22http%3A%2F%2Fwww.w3.org%2F2000%2Fsvg%22%20width%3D%22500%22%20height%3D%22500%22%3E%3Cg%20fill%3D%22%23d7d755%22%3E%3Crect%20width%3D%22166%22%20height%3D%22166%22%2F%3E%3Crect%20width%3D%22166%22%20height%3D%22166%22%20x%3D%22166%22%2F%3E%3Crect%20width%3D%22166%22%20height%3D%22166%22%20fill%3D%22%23bfe5ef%22%20x%3D%22332%22%2F%3E%3Crect%20width%3D%22166%22%20height%3D%22166%22%20fill%3D%22%23bfe5ef%22%20y%3D%22166%22%2F%3E%3Crect%20width%3D%22166%22%20height%3D%22166%22%20fill%3D%22%2371ae9e%22%20x%3D%22166%22%20y%3D%22166%22%2F%3E%3Crect%20width%3D%22166%22%20height%3D%22166%22%20fill%3D%22%23d87538%22%20x%3D%22332%22%20y%3D%22166%22%2F%3E%3Crect%20width%3D%22166%22%20height%3D%22166%22%20fill%3D%22%23bfe5ef%22%20y%3D%22332%22%2F%3E%3Crect%20width%3D%22166%22%20height%3D%22166%22%20fill%3D%22%23bfe5ef%22%20x%3D%22166%22%20y%3D%22332%22%2F%3E%3Crect%20width%3D%22166%22%20height%3D%22166%22%20fill%3D%22%23bfe5ef%22%20x%3D%22332%22%20y%3D%22332%22%2F%3E%3C%2Fg%3E%3C%2Fsvg%3E\" data-lazy=\"1\" loading=\"lazy\" decoding=\"async\" width=\"500\" height=\"500\" data-tf-src=\"https:\/\/www.fileasbl.be\/membres\/wp-content\/uploads\/2022\/11\/Miniature-240123-site.png\" class=\"tf_svg_lazy wp-post-image wp-image-29807\" title=\"Miniature 240123 site\" alt=\"Miniature 240123 site\" data-tf-srcset=\"https:\/\/www.fileasbl.be\/membres\/wp-content\/uploads\/2022\/11\/Miniature-240123-site.png 500w, https:\/\/www.fileasbl.be\/membres\/wp-content\/uploads\/2022\/11\/Miniature-240123-site-300x300.png 300w, https:\/\/www.fileasbl.be\/membres\/wp-content\/uploads\/2022\/11\/Miniature-240123-site-150x150.png 150w, https:\/\/www.fileasbl.be\/membres\/wp-content\/uploads\/2022\/11\/Miniature-240123-site-400x400.png 400w, https:\/\/www.fileasbl.be\/membres\/wp-content\/uploads\/2022\/11\/Miniature-240123-site-100x100.png 100w, https:\/\/www.fileasbl.be\/membres\/wp-content\/uploads\/2022\/11\/Miniature-240123-site-175x175.png 175w, https:\/\/www.fileasbl.be\/membres\/wp-content\/uploads\/2022\/11\/Miniature-240123-site-50x50.png 50w\" data-tf-sizes=\"auto, (max-width: 500px) 100vw, 500px\" \/><noscript><img loading=\"lazy\" decoding=\"async\" width=\"500\" height=\"500\" data-tf-not-load src=\"https:\/\/www.fileasbl.be\/membres\/wp-content\/uploads\/2022\/11\/Miniature-240123-site.png\" class=\"wp-post-image wp-image-29807\" title=\"Miniature 240123 site\" alt=\"Miniature 240123 site\" srcset=\"https:\/\/www.fileasbl.be\/membres\/wp-content\/uploads\/2022\/11\/Miniature-240123-site.png 500w, https:\/\/www.fileasbl.be\/membres\/wp-content\/uploads\/2022\/11\/Miniature-240123-site-300x300.png 300w, https:\/\/www.fileasbl.be\/membres\/wp-content\/uploads\/2022\/11\/Miniature-240123-site-150x150.png 150w, https:\/\/www.fileasbl.be\/membres\/wp-content\/uploads\/2022\/11\/Miniature-240123-site-400x400.png 400w, https:\/\/www.fileasbl.be\/membres\/wp-content\/uploads\/2022\/11\/Miniature-240123-site-100x100.png 100w, https:\/\/www.fileasbl.be\/membres\/wp-content\/uploads\/2022\/11\/Miniature-240123-site-175x175.png 175w, https:\/\/www.fileasbl.be\/membres\/wp-content\/uploads\/2022\/11\/Miniature-240123-site-50x50.png 50w\" sizes=\"auto, (max-width: 500px) 100vw, 500px\" \/><\/noscript>                                <\/a>\n                                                    <\/figure>\n                                                            \n                                    <div class=\"slide-content tb_text_wrap\">\n                        \t\t\t\t\t\t\t\t\t\t\t\t\t\t<h3 class=\"slide-title\">\n\t\t\t\t\t\t\t\t\t\t\t\t\t\t\t\t\t\t<a href=\"https:\/\/www.fileasbl.be\/membres\/extrascool-2024\/\"  \n\t\t\t\t\t\t\t\t\t\t   \t\t\t\t\t\t\t\t\t\t   >\n\t\t\t\t\t\t\t\t\t\t   ExtrasCOOL 2024\t\t\t\t\t\t\t\t\t\t<\/a>\n\t\t\t\t\t\t\t\t\t\t\t\t\t\t\t<\/h3>\n\t\t\t\t\t\t\t                        \t\t\t\t\t\t                                                                    <\/div>\n                    <!-- \/slide-content -->\n                            <\/div>\n        <\/div>\n                <div class=\"tf_swiper-slide\">\n            <div class=\"slide-inner-wrap\" style=\"margin-left:05px;\">\n                                                                <figure class=\"tf_lazy slide-image\">\n                                                            <a href=\"https:\/\/www.fileasbl.be\/membres\/eveil-creatif-et-plaisir-en-atl-et-si-on-osait-prendre-le-temps-et-se-faire-confiance-seconde-edition\/\"\n                                                                      >\n                                   <img src=\"data:image\/svg+xml;charset=UTF-8,%3Csvg%20xmlns%3D%22http%3A%2F%2Fwww.w3.org%2F2000%2Fsvg%22%20width%3D%22500%22%20height%3D%22500%22%3E%3Cg%20fill%3D%22%23b4bae8%22%3E%3Crect%20width%3D%22166%22%20height%3D%22166%22%2F%3E%3Crect%20width%3D%22166%22%20height%3D%22166%22%20fill%3D%22%23b7b9db%22%20x%3D%22166%22%2F%3E%3Crect%20width%3D%22166%22%20height%3D%22166%22%20fill%3D%22%23e6d9dc%22%20x%3D%22332%22%2F%3E%3Crect%20width%3D%22166%22%20height%3D%22166%22%20fill%3D%22%23cbc9e0%22%20y%3D%22166%22%2F%3E%3Crect%20width%3D%22166%22%20height%3D%22166%22%20fill%3D%22%23dcc5d4%22%20x%3D%22166%22%20y%3D%22166%22%2F%3E%3Crect%20width%3D%22166%22%20height%3D%22166%22%20fill%3D%22%23a6aedb%22%20x%3D%22332%22%20y%3D%22166%22%2F%3E%3Crect%20width%3D%22166%22%20height%3D%22166%22%20fill%3D%22%237883bc%22%20y%3D%22332%22%2F%3E%3Crect%20width%3D%22166%22%20height%3D%22166%22%20fill%3D%22%23f0cecb%22%20x%3D%22166%22%20y%3D%22332%22%2F%3E%3Crect%20width%3D%22166%22%20height%3D%22166%22%20fill%3D%22%23fad2cd%22%20x%3D%22332%22%20y%3D%22332%22%2F%3E%3C%2Fg%3E%3C%2Fsvg%3E\" data-lazy=\"1\" loading=\"lazy\" decoding=\"async\" width=\"500\" height=\"500\" data-tf-src=\"https:\/\/www.fileasbl.be\/membres\/wp-content\/uploads\/2023\/11\/Colloque-2023.png\" class=\"tf_svg_lazy wp-post-image wp-image-31212\" title=\"Colloque 2023\" alt=\"Colloque 2023\" data-tf-srcset=\"https:\/\/www.fileasbl.be\/membres\/wp-content\/uploads\/2023\/11\/Colloque-2023.png 500w, https:\/\/www.fileasbl.be\/membres\/wp-content\/uploads\/2023\/11\/Colloque-2023-300x300.png 300w, https:\/\/www.fileasbl.be\/membres\/wp-content\/uploads\/2023\/11\/Colloque-2023-150x150.png 150w, https:\/\/www.fileasbl.be\/membres\/wp-content\/uploads\/2023\/11\/Colloque-2023-400x400.png 400w, https:\/\/www.fileasbl.be\/membres\/wp-content\/uploads\/2023\/11\/Colloque-2023-100x100.png 100w, https:\/\/www.fileasbl.be\/membres\/wp-content\/uploads\/2023\/11\/Colloque-2023-175x175.png 175w, https:\/\/www.fileasbl.be\/membres\/wp-content\/uploads\/2023\/11\/Colloque-2023-50x50.png 50w\" data-tf-sizes=\"auto, (max-width: 500px) 100vw, 500px\" \/><noscript><img loading=\"lazy\" decoding=\"async\" width=\"500\" height=\"500\" data-tf-not-load src=\"https:\/\/www.fileasbl.be\/membres\/wp-content\/uploads\/2023\/11\/Colloque-2023.png\" class=\"wp-post-image wp-image-31212\" title=\"Colloque 2023\" alt=\"Colloque 2023\" srcset=\"https:\/\/www.fileasbl.be\/membres\/wp-content\/uploads\/2023\/11\/Colloque-2023.png 500w, https:\/\/www.fileasbl.be\/membres\/wp-content\/uploads\/2023\/11\/Colloque-2023-300x300.png 300w, https:\/\/www.fileasbl.be\/membres\/wp-content\/uploads\/2023\/11\/Colloque-2023-150x150.png 150w, https:\/\/www.fileasbl.be\/membres\/wp-content\/uploads\/2023\/11\/Colloque-2023-400x400.png 400w, https:\/\/www.fileasbl.be\/membres\/wp-content\/uploads\/2023\/11\/Colloque-2023-100x100.png 100w, https:\/\/www.fileasbl.be\/membres\/wp-content\/uploads\/2023\/11\/Colloque-2023-175x175.png 175w, https:\/\/www.fileasbl.be\/membres\/wp-content\/uploads\/2023\/11\/Colloque-2023-50x50.png 50w\" sizes=\"auto, (max-width: 500px) 100vw, 500px\" \/><\/noscript>                                <\/a>\n                                                    <\/figure>\n                                                            \n                                    <div class=\"slide-content tb_text_wrap\">\n                        \t\t\t\t\t\t\t\t\t\t\t\t\t\t<h3 class=\"slide-title\">\n\t\t\t\t\t\t\t\t\t\t\t\t\t\t\t\t\t\t<a href=\"https:\/\/www.fileasbl.be\/membres\/eveil-creatif-et-plaisir-en-atl-et-si-on-osait-prendre-le-temps-et-se-faire-confiance-seconde-edition\/\"  \n\t\t\t\t\t\t\t\t\t\t   \t\t\t\t\t\t\t\t\t\t   >\n\t\t\t\t\t\t\t\t\t\t   Eveil cr\u00e9atif et plaisir en ATL\t\t\t\t\t\t\t\t\t\t<\/a>\n\t\t\t\t\t\t\t\t\t\t\t\t\t\t\t<\/h3>\n\t\t\t\t\t\t\t                        \t\t\t\t\t\t                                                                    <\/div>\n                    <!-- \/slide-content -->\n                            <\/div>\n        <\/div>\n                <div class=\"tf_swiper-slide\">\n            <div class=\"slide-inner-wrap\" style=\"margin-left:05px;\">\n                                                                <figure class=\"tf_lazy slide-image\">\n                                                            <a href=\"https:\/\/www.fileasbl.be\/membres\/rapport-igas-sur-les-creches-en-france-qualite-de-laccueil-et-prevention-de-la-maltraitance-dans-les-creches\/\"\n                                                                      >\n                                   <img src=\"data:image\/svg+xml;charset=UTF-8,%3Csvg%20xmlns%3D%22http%3A%2F%2Fwww.w3.org%2F2000%2Fsvg%22%20width%3D%22500%22%20height%3D%22500%22%3E%3Cg%20fill%3D%22%231e3148%22%3E%3Crect%20width%3D%22166%22%20height%3D%22166%22%2F%3E%3Crect%20width%3D%22166%22%20height%3D%22166%22%20fill%3D%22%23effffd%22%20x%3D%22166%22%2F%3E%3Crect%20width%3D%22166%22%20height%3D%22166%22%20fill%3D%22%2323364c%22%20x%3D%22332%22%2F%3E%3Crect%20width%3D%22166%22%20height%3D%22166%22%20fill%3D%22%23effffd%22%20y%3D%22166%22%2F%3E%3Crect%20width%3D%22166%22%20height%3D%22166%22%20fill%3D%22%23effffd%22%20x%3D%22166%22%20y%3D%22166%22%2F%3E%3Crect%20width%3D%22166%22%20height%3D%22166%22%20fill%3D%22%23effffd%22%20x%3D%22332%22%20y%3D%22166%22%2F%3E%3Crect%20width%3D%22166%22%20height%3D%22166%22%20fill%3D%22%23effffd%22%20y%3D%22332%22%2F%3E%3Crect%20width%3D%22166%22%20height%3D%22166%22%20fill%3D%22%23effffd%22%20x%3D%22166%22%20y%3D%22332%22%2F%3E%3Crect%20width%3D%22166%22%20height%3D%22166%22%20x%3D%22332%22%20y%3D%22332%22%2F%3E%3C%2Fg%3E%3C%2Fsvg%3E\" data-lazy=\"1\" loading=\"lazy\" decoding=\"async\" width=\"500\" height=\"500\" data-tf-src=\"https:\/\/www.fileasbl.be\/membres\/wp-content\/uploads\/2023\/05\/Copie-de-Rapport-IGAS-sur-les-creches-en-France-Qualite-de-laccueil-et-prevention-de-la-maltraitance-dans-les-creches-Logo-1.png\" class=\"tf_svg_lazy wp-post-image wp-image-30743\" title=\"Copie de Rapport IGAS sur les cr\u00e8ches\u00a0en France Qualit\u00e9 de l\u2019accueil et pr\u00e9vention de la maltraitance dans les cr\u00e8ches (Logo)\" alt=\"Copie de Rapport IGAS sur les cr\u00e8ches\u00a0en France Qualit\u00e9 de l\u2019accueil et pr\u00e9vention de la maltraitance dans les cr\u00e8ches (Logo)\" data-tf-srcset=\"https:\/\/www.fileasbl.be\/membres\/wp-content\/uploads\/2023\/05\/Copie-de-Rapport-IGAS-sur-les-creches-en-France-Qualite-de-laccueil-et-prevention-de-la-maltraitance-dans-les-creches-Logo-1.png 500w, https:\/\/www.fileasbl.be\/membres\/wp-content\/uploads\/2023\/05\/Copie-de-Rapport-IGAS-sur-les-creches-en-France-Qualite-de-laccueil-et-prevention-de-la-maltraitance-dans-les-creches-Logo-1-300x300.png 300w, https:\/\/www.fileasbl.be\/membres\/wp-content\/uploads\/2023\/05\/Copie-de-Rapport-IGAS-sur-les-creches-en-France-Qualite-de-laccueil-et-prevention-de-la-maltraitance-dans-les-creches-Logo-1-150x150.png 150w, https:\/\/www.fileasbl.be\/membres\/wp-content\/uploads\/2023\/05\/Copie-de-Rapport-IGAS-sur-les-creches-en-France-Qualite-de-laccueil-et-prevention-de-la-maltraitance-dans-les-creches-Logo-1-400x400.png 400w, https:\/\/www.fileasbl.be\/membres\/wp-content\/uploads\/2023\/05\/Copie-de-Rapport-IGAS-sur-les-creches-en-France-Qualite-de-laccueil-et-prevention-de-la-maltraitance-dans-les-creches-Logo-1-100x100.png 100w, https:\/\/www.fileasbl.be\/membres\/wp-content\/uploads\/2023\/05\/Copie-de-Rapport-IGAS-sur-les-creches-en-France-Qualite-de-laccueil-et-prevention-de-la-maltraitance-dans-les-creches-Logo-1-175x175.png 175w, https:\/\/www.fileasbl.be\/membres\/wp-content\/uploads\/2023\/05\/Copie-de-Rapport-IGAS-sur-les-creches-en-France-Qualite-de-laccueil-et-prevention-de-la-maltraitance-dans-les-creches-Logo-1-50x50.png 50w\" data-tf-sizes=\"auto, (max-width: 500px) 100vw, 500px\" \/><noscript><img loading=\"lazy\" decoding=\"async\" width=\"500\" height=\"500\" data-tf-not-load src=\"https:\/\/www.fileasbl.be\/membres\/wp-content\/uploads\/2023\/05\/Copie-de-Rapport-IGAS-sur-les-creches-en-France-Qualite-de-laccueil-et-prevention-de-la-maltraitance-dans-les-creches-Logo-1.png\" class=\"wp-post-image wp-image-30743\" title=\"Copie de Rapport IGAS sur les cr\u00e8ches\u00a0en France Qualit\u00e9 de l\u2019accueil et pr\u00e9vention de la maltraitance dans les cr\u00e8ches (Logo)\" alt=\"Copie de Rapport IGAS sur les cr\u00e8ches\u00a0en France Qualit\u00e9 de l\u2019accueil et pr\u00e9vention de la maltraitance dans les cr\u00e8ches (Logo)\" srcset=\"https:\/\/www.fileasbl.be\/membres\/wp-content\/uploads\/2023\/05\/Copie-de-Rapport-IGAS-sur-les-creches-en-France-Qualite-de-laccueil-et-prevention-de-la-maltraitance-dans-les-creches-Logo-1.png 500w, https:\/\/www.fileasbl.be\/membres\/wp-content\/uploads\/2023\/05\/Copie-de-Rapport-IGAS-sur-les-creches-en-France-Qualite-de-laccueil-et-prevention-de-la-maltraitance-dans-les-creches-Logo-1-300x300.png 300w, https:\/\/www.fileasbl.be\/membres\/wp-content\/uploads\/2023\/05\/Copie-de-Rapport-IGAS-sur-les-creches-en-France-Qualite-de-laccueil-et-prevention-de-la-maltraitance-dans-les-creches-Logo-1-150x150.png 150w, https:\/\/www.fileasbl.be\/membres\/wp-content\/uploads\/2023\/05\/Copie-de-Rapport-IGAS-sur-les-creches-en-France-Qualite-de-laccueil-et-prevention-de-la-maltraitance-dans-les-creches-Logo-1-400x400.png 400w, https:\/\/www.fileasbl.be\/membres\/wp-content\/uploads\/2023\/05\/Copie-de-Rapport-IGAS-sur-les-creches-en-France-Qualite-de-laccueil-et-prevention-de-la-maltraitance-dans-les-creches-Logo-1-100x100.png 100w, https:\/\/www.fileasbl.be\/membres\/wp-content\/uploads\/2023\/05\/Copie-de-Rapport-IGAS-sur-les-creches-en-France-Qualite-de-laccueil-et-prevention-de-la-maltraitance-dans-les-creches-Logo-1-175x175.png 175w, https:\/\/www.fileasbl.be\/membres\/wp-content\/uploads\/2023\/05\/Copie-de-Rapport-IGAS-sur-les-creches-en-France-Qualite-de-laccueil-et-prevention-de-la-maltraitance-dans-les-creches-Logo-1-50x50.png 50w\" sizes=\"auto, (max-width: 500px) 100vw, 500px\" \/><\/noscript>                                <\/a>\n                                                    <\/figure>\n                                                            \n                                    <div class=\"slide-content tb_text_wrap\">\n                        \t\t\t\t\t\t\t\t\t\t\t\t\t\t<h3 class=\"slide-title\">\n\t\t\t\t\t\t\t\t\t\t\t\t\t\t\t\t\t\t<a href=\"https:\/\/www.fileasbl.be\/membres\/rapport-igas-sur-les-creches-en-france-qualite-de-laccueil-et-prevention-de-la-maltraitance-dans-les-creches\/\"  \n\t\t\t\t\t\t\t\t\t\t   \t\t\t\t\t\t\t\t\t\t   >\n\t\t\t\t\t\t\t\t\t\t   Rapport IGAS sur les cr\u00e8ches\u00a0en France : Qualit\u00e9 de l\u2019accueil et pr\u00e9vention de la maltraitance dans les cr\u00e8ches\t\t\t\t\t\t\t\t\t\t<\/a>\n\t\t\t\t\t\t\t\t\t\t\t\t\t\t\t<\/h3>\n\t\t\t\t\t\t\t                        \t\t\t\t\t\t                                                                    <\/div>\n                    <!-- \/slide-content -->\n                            <\/div>\n        <\/div>\n                <div class=\"tf_swiper-slide\">\n            <div class=\"slide-inner-wrap\" style=\"margin-left:05px;\">\n                                                                <figure class=\"tf_lazy slide-image\">\n                                                            <a href=\"https:\/\/www.fileasbl.be\/membres\/colloque-les-emotions-des-professionnel-le-s-08-11-2022\/\"\n                                                                      >\n                                   <img src=\"data:image\/svg+xml;charset=UTF-8,%3Csvg%20xmlns%3D%22http%3A%2F%2Fwww.w3.org%2F2000%2Fsvg%22%20width%3D%221600%22%20height%3D%22800%22%3E%3Cg%20fill%3D%22%23160d10%22%3E%3Crect%20width%3D%22533%22%20height%3D%22266%22%2F%3E%3Crect%20width%3D%22533%22%20height%3D%22266%22%20fill%3D%22%23a286a9%22%20x%3D%22533%22%2F%3E%3Crect%20width%3D%22533%22%20height%3D%22266%22%20fill%3D%22%23090a10%22%20x%3D%221066%22%2F%3E%3Crect%20width%3D%22533%22%20height%3D%22266%22%20fill%3D%22%2374696d%22%20y%3D%22266%22%2F%3E%3Crect%20width%3D%22533%22%20height%3D%22266%22%20fill%3D%22%23655569%22%20x%3D%22533%22%20y%3D%22266%22%2F%3E%3Crect%20width%3D%22533%22%20height%3D%22266%22%20fill%3D%22%230e1526%22%20x%3D%221066%22%20y%3D%22266%22%2F%3E%3Crect%20width%3D%22533%22%20height%3D%22266%22%20fill%3D%22%236a5962%22%20y%3D%22532%22%2F%3E%3Crect%20width%3D%22533%22%20height%3D%22266%22%20fill%3D%22%23632a46%22%20x%3D%22533%22%20y%3D%22532%22%2F%3E%3Crect%20width%3D%22533%22%20height%3D%22266%22%20fill%3D%22%235e4e4a%22%20x%3D%221066%22%20y%3D%22532%22%2F%3E%3C%2Fg%3E%3C%2Fsvg%3E\" data-lazy=\"1\" loading=\"lazy\" decoding=\"async\" width=\"1600\" height=\"800\" data-tf-src=\"https:\/\/www.fileasbl.be\/membres\/wp-content\/uploads\/2020\/07\/Site-A-la-une.jpg\" class=\"tf_svg_lazy wp-post-image wp-image-20804\" title=\"Site A la une\" alt=\"Site A la une\" data-tf-srcset=\"https:\/\/www.fileasbl.be\/membres\/wp-content\/uploads\/2020\/07\/Site-A-la-une.jpg 1600w, https:\/\/www.fileasbl.be\/membres\/wp-content\/uploads\/2020\/07\/Site-A-la-une-300x150.jpg 300w, https:\/\/www.fileasbl.be\/membres\/wp-content\/uploads\/2020\/07\/Site-A-la-une-1024x512.jpg 1024w, https:\/\/www.fileasbl.be\/membres\/wp-content\/uploads\/2020\/07\/Site-A-la-une-768x384.jpg 768w, https:\/\/www.fileasbl.be\/membres\/wp-content\/uploads\/2020\/07\/Site-A-la-une-1536x768.jpg 1536w, https:\/\/www.fileasbl.be\/membres\/wp-content\/uploads\/2020\/07\/Site-A-la-une-1024x512-400x200.jpg 400w, https:\/\/www.fileasbl.be\/membres\/wp-content\/uploads\/2020\/07\/Site-A-la-une-1024x512-350x175.jpg 350w\" data-tf-sizes=\"auto, (max-width: 1600px) 100vw, 1600px\" \/><noscript><img loading=\"lazy\" decoding=\"async\" width=\"1600\" height=\"800\" data-tf-not-load src=\"https:\/\/www.fileasbl.be\/membres\/wp-content\/uploads\/2020\/07\/Site-A-la-une.jpg\" class=\"wp-post-image wp-image-20804\" title=\"Site A la une\" alt=\"Site A la une\" srcset=\"https:\/\/www.fileasbl.be\/membres\/wp-content\/uploads\/2020\/07\/Site-A-la-une.jpg 1600w, https:\/\/www.fileasbl.be\/membres\/wp-content\/uploads\/2020\/07\/Site-A-la-une-300x150.jpg 300w, https:\/\/www.fileasbl.be\/membres\/wp-content\/uploads\/2020\/07\/Site-A-la-une-1024x512.jpg 1024w, https:\/\/www.fileasbl.be\/membres\/wp-content\/uploads\/2020\/07\/Site-A-la-une-768x384.jpg 768w, https:\/\/www.fileasbl.be\/membres\/wp-content\/uploads\/2020\/07\/Site-A-la-une-1536x768.jpg 1536w, https:\/\/www.fileasbl.be\/membres\/wp-content\/uploads\/2020\/07\/Site-A-la-une-1024x512-400x200.jpg 400w, https:\/\/www.fileasbl.be\/membres\/wp-content\/uploads\/2020\/07\/Site-A-la-une-1024x512-350x175.jpg 350w\" sizes=\"auto, (max-width: 1600px) 100vw, 1600px\" \/><\/noscript>                                <\/a>\n                                                    <\/figure>\n                                                            \n                                    <div class=\"slide-content tb_text_wrap\">\n                        \t\t\t\t\t\t\t\t\t\t\t\t\t\t<h3 class=\"slide-title\">\n\t\t\t\t\t\t\t\t\t\t\t\t\t\t\t\t\t\t<a href=\"https:\/\/www.fileasbl.be\/membres\/colloque-les-emotions-des-professionnel-le-s-08-11-2022\/\"  \n\t\t\t\t\t\t\t\t\t\t   \t\t\t\t\t\t\t\t\t\t   >\n\t\t\t\t\t\t\t\t\t\t   Colloque \u00ab\u00a0Les \u00e9motions des professionnel.le.s\u00a0\u00bb 08\/11\/2022\t\t\t\t\t\t\t\t\t\t<\/a>\n\t\t\t\t\t\t\t\t\t\t\t\t\t\t\t<\/h3>\n\t\t\t\t\t\t\t                        \t\t\t\t\t\t                                                                    <\/div>\n                    <!-- \/slide-content -->\n                            <\/div>\n        <\/div>\n                <div class=\"tf_swiper-slide\">\n            <div class=\"slide-inner-wrap\" style=\"margin-left:05px;\">\n                                                                <figure class=\"tf_lazy slide-image\">\n                                                            <a href=\"https:\/\/www.fileasbl.be\/membres\/eveil-creatif-et-plaisir-en-milieu-daccueil-et-si-on-osait-prendre-le-temps-et-se-faire-confiance\/\"\n                                                                      >\n                                   <img src=\"data:image\/svg+xml;charset=UTF-8,%3Csvg%20xmlns%3D%22http%3A%2F%2Fwww.w3.org%2F2000%2Fsvg%22%20width%3D%221584%22%20height%3D%22396%22%3E%3Cg%20fill%3D%22%239ca4ce%22%3E%3Crect%20width%3D%22528%22%20height%3D%22132%22%2F%3E%3Crect%20width%3D%22528%22%20height%3D%22132%22%20fill%3D%22%23858dc3%22%20x%3D%22528%22%2F%3E%3Crect%20width%3D%22528%22%20height%3D%22132%22%20fill%3D%22%23909ac1%22%20x%3D%221056%22%2F%3E%3Crect%20width%3D%22528%22%20height%3D%22132%22%20fill%3D%22%23fed0da%22%20y%3D%22132%22%2F%3E%3Crect%20width%3D%22528%22%20height%3D%22132%22%20fill%3D%22%23fcf6e7%22%20x%3D%22528%22%20y%3D%22132%22%2F%3E%3Crect%20width%3D%22528%22%20height%3D%22132%22%20fill%3D%22%23fcf6e7%22%20x%3D%221056%22%20y%3D%22132%22%2F%3E%3Crect%20width%3D%22528%22%20height%3D%22132%22%20fill%3D%22%23fee2e3%22%20y%3D%22264%22%2F%3E%3Crect%20width%3D%22528%22%20height%3D%22132%22%20fill%3D%22%23fcf6e7%22%20x%3D%22528%22%20y%3D%22264%22%2F%3E%3Crect%20width%3D%22528%22%20height%3D%22132%22%20fill%3D%22%23fcf6e7%22%20x%3D%221056%22%20y%3D%22264%22%2F%3E%3C%2Fg%3E%3C%2Fsvg%3E\" data-lazy=\"1\" loading=\"lazy\" decoding=\"async\" width=\"500\" height=\"500\" data-tf-src=\"https:\/\/www.fileasbl.be\/membres\/wp-content\/uploads\/2023\/01\/Colloque-2023.png\" class=\"tf_svg_lazy wp-post-image wp-image-30328\" title=\"Colloque 2023\" alt=\"Colloque 2023\" data-tf-srcset=\"https:\/\/www.fileasbl.be\/membres\/wp-content\/uploads\/2023\/01\/Colloque-2023.png 500w, https:\/\/www.fileasbl.be\/membres\/wp-content\/uploads\/2023\/01\/Colloque-2023-300x300.png 300w, https:\/\/www.fileasbl.be\/membres\/wp-content\/uploads\/2023\/01\/Colloque-2023-150x150.png 150w, https:\/\/www.fileasbl.be\/membres\/wp-content\/uploads\/2023\/01\/Colloque-2023-50x50.png 50w, https:\/\/www.fileasbl.be\/membres\/wp-content\/uploads\/2023\/01\/Colloque-2023-175x175.png 175w\" data-tf-sizes=\"auto, (max-width: 500px) 100vw, 500px\" \/><noscript><img loading=\"lazy\" decoding=\"async\" width=\"500\" height=\"500\" data-tf-not-load src=\"https:\/\/www.fileasbl.be\/membres\/wp-content\/uploads\/2023\/01\/Colloque-2023.png\" class=\"wp-post-image wp-image-30328\" title=\"Colloque 2023\" alt=\"Colloque 2023\" srcset=\"https:\/\/www.fileasbl.be\/membres\/wp-content\/uploads\/2023\/01\/Colloque-2023.png 500w, https:\/\/www.fileasbl.be\/membres\/wp-content\/uploads\/2023\/01\/Colloque-2023-300x300.png 300w, https:\/\/www.fileasbl.be\/membres\/wp-content\/uploads\/2023\/01\/Colloque-2023-150x150.png 150w, https:\/\/www.fileasbl.be\/membres\/wp-content\/uploads\/2023\/01\/Colloque-2023-50x50.png 50w, https:\/\/www.fileasbl.be\/membres\/wp-content\/uploads\/2023\/01\/Colloque-2023-175x175.png 175w\" sizes=\"auto, (max-width: 500px) 100vw, 500px\" \/><\/noscript>                                <\/a>\n                                                    <\/figure>\n                                                            \n                                    <div class=\"slide-content tb_text_wrap\">\n                        \t\t\t\t\t\t\t\t\t\t\t\t\t\t<h3 class=\"slide-title\">\n\t\t\t\t\t\t\t\t\t\t\t\t\t\t\t\t\t\t<a href=\"https:\/\/www.fileasbl.be\/membres\/eveil-creatif-et-plaisir-en-milieu-daccueil-et-si-on-osait-prendre-le-temps-et-se-faire-confiance\/\"  \n\t\t\t\t\t\t\t\t\t\t   \t\t\t\t\t\t\t\t\t\t   >\n\t\t\t\t\t\t\t\t\t\t   Eveil cr\u00e9atif et plaisir en milieu d\u2019accueil\u00a0: et si on osait\u00a0prendre le temps et se faire confiance ?\u00a0\t\t\t\t\t\t\t\t\t\t<\/a>\n\t\t\t\t\t\t\t\t\t\t\t\t\t\t\t<\/h3>\n\t\t\t\t\t\t\t                        \t\t\t\t\t\t                                                                    <\/div>\n                    <!-- \/slide-content -->\n                            <\/div>\n        <\/div>\n                <div class=\"tf_swiper-slide\">\n            <div class=\"slide-inner-wrap\" style=\"margin-left:05px;\">\n                                                                <figure class=\"tf_lazy slide-image\">\n                                                            <a href=\"https:\/\/www.fileasbl.be\/membres\/comment-accompagner-la-separation-des-parents-et-le-deuil-chez-les-enfants\/\"\n                                                                      >\n                                   <img src=\"data:image\/svg+xml;charset=UTF-8,%3Csvg%20xmlns%3D%22http%3A%2F%2Fwww.w3.org%2F2000%2Fsvg%22%20width%3D%22500%22%20height%3D%22500%22%3E%3Cg%20fill%3D%22%23dae3cc%22%3E%3Crect%20width%3D%22166%22%20height%3D%22166%22%2F%3E%3Crect%20width%3D%22166%22%20height%3D%22166%22%20x%3D%22166%22%2F%3E%3Crect%20width%3D%22166%22%20height%3D%22166%22%20fill%3D%22%23d5c5cf%22%20x%3D%22332%22%2F%3E%3Crect%20width%3D%22166%22%20height%3D%22166%22%20fill%3D%22%23d5c5cf%22%20y%3D%22166%22%2F%3E%3Crect%20width%3D%22166%22%20height%3D%22166%22%20fill%3D%22%23d5c5cf%22%20x%3D%22166%22%20y%3D%22166%22%2F%3E%3Crect%20width%3D%22166%22%20height%3D%22166%22%20fill%3D%22%23d5c5cf%22%20x%3D%22332%22%20y%3D%22166%22%2F%3E%3Crect%20width%3D%22166%22%20height%3D%22166%22%20fill%3D%22%23774234%22%20y%3D%22332%22%2F%3E%3Crect%20width%3D%22166%22%20height%3D%22166%22%20fill%3D%22%23d5c5cf%22%20x%3D%22166%22%20y%3D%22332%22%2F%3E%3Crect%20width%3D%22166%22%20height%3D%22166%22%20fill%3D%22%23d5c5cf%22%20x%3D%22332%22%20y%3D%22332%22%2F%3E%3C%2Fg%3E%3C%2Fsvg%3E\" data-lazy=\"1\" loading=\"lazy\" decoding=\"async\" width=\"500\" height=\"500\" data-tf-src=\"https:\/\/www.fileasbl.be\/membres\/wp-content\/uploads\/2022\/02\/Miniature.png\" class=\"tf_svg_lazy wp-post-image wp-image-25789\" title=\"Miniature\" alt=\"Miniature\" data-tf-srcset=\"https:\/\/www.fileasbl.be\/membres\/wp-content\/uploads\/2022\/02\/Miniature.png 500w, https:\/\/www.fileasbl.be\/membres\/wp-content\/uploads\/2022\/02\/Miniature-300x300.png 300w, https:\/\/www.fileasbl.be\/membres\/wp-content\/uploads\/2022\/02\/Miniature-150x150.png 150w, https:\/\/www.fileasbl.be\/membres\/wp-content\/uploads\/2022\/02\/Miniature-400x400.png 400w, https:\/\/www.fileasbl.be\/membres\/wp-content\/uploads\/2022\/02\/Miniature-100x100.png 100w, https:\/\/www.fileasbl.be\/membres\/wp-content\/uploads\/2022\/02\/Miniature-175x175.png 175w\" data-tf-sizes=\"auto, (max-width: 500px) 100vw, 500px\" \/><noscript><img loading=\"lazy\" decoding=\"async\" width=\"500\" height=\"500\" data-tf-not-load src=\"https:\/\/www.fileasbl.be\/membres\/wp-content\/uploads\/2022\/02\/Miniature.png\" class=\"wp-post-image wp-image-25789\" title=\"Miniature\" alt=\"Miniature\" srcset=\"https:\/\/www.fileasbl.be\/membres\/wp-content\/uploads\/2022\/02\/Miniature.png 500w, https:\/\/www.fileasbl.be\/membres\/wp-content\/uploads\/2022\/02\/Miniature-300x300.png 300w, https:\/\/www.fileasbl.be\/membres\/wp-content\/uploads\/2022\/02\/Miniature-150x150.png 150w, https:\/\/www.fileasbl.be\/membres\/wp-content\/uploads\/2022\/02\/Miniature-400x400.png 400w, https:\/\/www.fileasbl.be\/membres\/wp-content\/uploads\/2022\/02\/Miniature-100x100.png 100w, https:\/\/www.fileasbl.be\/membres\/wp-content\/uploads\/2022\/02\/Miniature-175x175.png 175w\" sizes=\"auto, (max-width: 500px) 100vw, 500px\" \/><\/noscript>                                <\/a>\n                                                    <\/figure>\n                                                            \n                                    <div class=\"slide-content tb_text_wrap\">\n                        \t\t\t\t\t\t\t\t\t\t\t\t\t\t<h3 class=\"slide-title\">\n\t\t\t\t\t\t\t\t\t\t\t\t\t\t\t\t\t\t<a href=\"https:\/\/www.fileasbl.be\/membres\/comment-accompagner-la-separation-des-parents-et-le-deuil-chez-les-enfants\/\"  \n\t\t\t\t\t\t\t\t\t\t   \t\t\t\t\t\t\t\t\t\t   >\n\t\t\t\t\t\t\t\t\t\t   Accompagner la s\u00e9paration et le deuil chez les enfants\t\t\t\t\t\t\t\t\t\t<\/a>\n\t\t\t\t\t\t\t\t\t\t\t\t\t\t\t<\/h3>\n\t\t\t\t\t\t\t                        \t\t\t\t\t\t                                                                    <\/div>\n                    <!-- \/slide-content -->\n                            <\/div>\n        <\/div>\n                <div class=\"tf_swiper-slide\">\n            <div class=\"slide-inner-wrap\" style=\"margin-left:05px;\">\n                                                                <figure class=\"tf_lazy slide-image\">\n                                                            <a href=\"https:\/\/www.fileasbl.be\/membres\/jouer-dedans-mais-comme-dehors\/\"\n                                                                      >\n                                   <img src=\"data:image\/svg+xml;charset=UTF-8,%3Csvg%20xmlns%3D%22http%3A%2F%2Fwww.w3.org%2F2000%2Fsvg%22%20width%3D%22649%22%20height%3D%22396%22%3E%3Cg%20fill%3D%22%230d2616%22%3E%3Crect%20width%3D%22216%22%20height%3D%22132%22%2F%3E%3Crect%20width%3D%22216%22%20height%3D%22132%22%20fill%3D%22%2318371e%22%20x%3D%22216%22%2F%3E%3Crect%20width%3D%22216%22%20height%3D%22132%22%20fill%3D%22%236f5265%22%20x%3D%22432%22%2F%3E%3Crect%20width%3D%22216%22%20height%3D%22132%22%20fill%3D%22%23dfa4ca%22%20y%3D%22132%22%2F%3E%3Crect%20width%3D%22216%22%20height%3D%22132%22%20fill%3D%22%23315734%22%20x%3D%22216%22%20y%3D%22132%22%2F%3E%3Crect%20width%3D%22216%22%20height%3D%22132%22%20fill%3D%22%23dfa4ca%22%20x%3D%22432%22%20y%3D%22132%22%2F%3E%3Crect%20width%3D%22216%22%20height%3D%22132%22%20fill%3D%22%23d49ec0%22%20y%3D%22264%22%2F%3E%3Crect%20width%3D%22216%22%20height%3D%22132%22%20fill%3D%22%23dfa4ca%22%20x%3D%22216%22%20y%3D%22264%22%2F%3E%3Crect%20width%3D%22216%22%20height%3D%22132%22%20fill%3D%22%23dfa4ca%22%20x%3D%22432%22%20y%3D%22264%22%2F%3E%3C%2Fg%3E%3C%2Fsvg%3E\" data-lazy=\"1\" loading=\"lazy\" decoding=\"async\" width=\"649\" height=\"396\" data-tf-src=\"https:\/\/www.fileasbl.be\/membres\/wp-content\/uploads\/2021\/10\/Banniere-NL-100-ATL-e1634287894565.png\" class=\"tf_svg_lazy wp-post-image wp-image-22771\" title=\"Banni\u00e8re NL 100% ATL\" alt=\"Banni\u00e8re NL 100% ATL\" data-tf-srcset=\"https:\/\/www.fileasbl.be\/membres\/wp-content\/uploads\/2021\/10\/Banniere-NL-100-ATL-e1634287894565.png 649w, https:\/\/www.fileasbl.be\/membres\/wp-content\/uploads\/2021\/10\/Banniere-NL-100-ATL-e1634287894565-300x183.png 300w, https:\/\/www.fileasbl.be\/membres\/wp-content\/uploads\/2021\/10\/Banniere-NL-100-ATL-e1634287894565-400x244.png 400w\" data-tf-sizes=\"auto, (max-width: 649px) 100vw, 649px\" \/><noscript><img loading=\"lazy\" decoding=\"async\" width=\"649\" height=\"396\" data-tf-not-load src=\"https:\/\/www.fileasbl.be\/membres\/wp-content\/uploads\/2021\/10\/Banniere-NL-100-ATL-e1634287894565.png\" class=\"wp-post-image wp-image-22771\" title=\"Banni\u00e8re NL 100% ATL\" alt=\"Banni\u00e8re NL 100% ATL\" srcset=\"https:\/\/www.fileasbl.be\/membres\/wp-content\/uploads\/2021\/10\/Banniere-NL-100-ATL-e1634287894565.png 649w, https:\/\/www.fileasbl.be\/membres\/wp-content\/uploads\/2021\/10\/Banniere-NL-100-ATL-e1634287894565-300x183.png 300w, https:\/\/www.fileasbl.be\/membres\/wp-content\/uploads\/2021\/10\/Banniere-NL-100-ATL-e1634287894565-400x244.png 400w\" sizes=\"auto, (max-width: 649px) 100vw, 649px\" \/><\/noscript>                                <\/a>\n                                                    <\/figure>\n                                                            \n                                    <div class=\"slide-content tb_text_wrap\">\n                        \t\t\t\t\t\t\t\t\t\t\t\t\t\t<h3 class=\"slide-title\">\n\t\t\t\t\t\t\t\t\t\t\t\t\t\t\t\t\t\t<a href=\"https:\/\/www.fileasbl.be\/membres\/jouer-dedans-mais-comme-dehors\/\"  \n\t\t\t\t\t\t\t\t\t\t   \t\t\t\t\t\t\t\t\t\t   >\n\t\t\t\t\t\t\t\t\t\t   Jouer dedans mais comme dehors\t\t\t\t\t\t\t\t\t\t<\/a>\n\t\t\t\t\t\t\t\t\t\t\t\t\t\t\t<\/h3>\n\t\t\t\t\t\t\t                        \t\t\t\t\t\t                                                                    <\/div>\n                    <!-- \/slide-content -->\n                            <\/div>\n        <\/div>\n                <div class=\"tf_swiper-slide\">\n            <div class=\"slide-inner-wrap\" style=\"margin-left:05px;\">\n                                \n                                    <div class=\"slide-content tb_text_wrap\">\n                        \t\t\t\t\t\t\t\t\t\t\t\t\t\t<h3 class=\"slide-title\">\n\t\t\t\t\t\t\t\t\t\t\t\t\t\t\t\t\t\t<a href=\"https:\/\/www.fileasbl.be\/membres\/colloque-le-developpement-de-lempathie-chez-les-enfants-01-06-2021\/\"  \n\t\t\t\t\t\t\t\t\t\t   \t\t\t\t\t\t\t\t\t\t   >\n\t\t\t\t\t\t\t\t\t\t   Webinaire \u00ab\u00a0Le d\u00e9veloppement de l\u2019empathie chez les enfants\u00a0\u00bb\t\t\t\t\t\t\t\t\t\t<\/a>\n\t\t\t\t\t\t\t\t\t\t\t\t\t\t\t<\/h3>\n\t\t\t\t\t\t\t                        \t\t\t\t\t\t                                                                    <\/div>\n                    <!-- \/slide-content -->\n                            <\/div>\n        <\/div>\n                <div class=\"tf_swiper-slide\">\n            <div class=\"slide-inner-wrap\" style=\"margin-left:05px;\">\n                                \n                                    <div class=\"slide-content tb_text_wrap\">\n                        \t\t\t\t\t\t\t\t\t\t\t\t\t\t<h3 class=\"slide-title\">\n\t\t\t\t\t\t\t\t\t\t\t\t\t\t\t\t\t\t<a href=\"https:\/\/www.fileasbl.be\/membres\/les-emotions-des-professionnels-de-lenfance-dans-ce-contexte-sanitaire-avec-monique-meyfroet\/\"  \n\t\t\t\t\t\t\t\t\t\t   \t\t\t\t\t\t\t\t\t\t   >\n\t\t\t\t\t\t\t\t\t\t   Quelle prise en compte des \u00e9motions des professionnels dans la crise sanitaire actuelle ?\t\t\t\t\t\t\t\t\t\t<\/a>\n\t\t\t\t\t\t\t\t\t\t\t\t\t\t\t<\/h3>\n\t\t\t\t\t\t\t                        \t\t\t\t\t\t                                                                    <\/div>\n                    <!-- \/slide-content -->\n                            <\/div>\n        <\/div>\n                <div class=\"tf_swiper-slide\">\n            <div class=\"slide-inner-wrap\" style=\"margin-left:05px;\">\n                                                                <figure class=\"tf_lazy slide-image\">\n                                                            <a href=\"https:\/\/www.fileasbl.be\/membres\/colloque-les-emotions-des-professionnels-01-12-2020\/\"\n                                                                      >\n                                   <img src=\"data:image\/svg+xml;charset=UTF-8,%3Csvg%20xmlns%3D%22http%3A%2F%2Fwww.w3.org%2F2000%2Fsvg%22%20width%3D%221600%22%20height%3D%22800%22%3E%3Cg%20fill%3D%22%23160d10%22%3E%3Crect%20width%3D%22533%22%20height%3D%22266%22%2F%3E%3Crect%20width%3D%22533%22%20height%3D%22266%22%20fill%3D%22%23a286a9%22%20x%3D%22533%22%2F%3E%3Crect%20width%3D%22533%22%20height%3D%22266%22%20fill%3D%22%23090a10%22%20x%3D%221066%22%2F%3E%3Crect%20width%3D%22533%22%20height%3D%22266%22%20fill%3D%22%2374696d%22%20y%3D%22266%22%2F%3E%3Crect%20width%3D%22533%22%20height%3D%22266%22%20fill%3D%22%23655569%22%20x%3D%22533%22%20y%3D%22266%22%2F%3E%3Crect%20width%3D%22533%22%20height%3D%22266%22%20fill%3D%22%230e1526%22%20x%3D%221066%22%20y%3D%22266%22%2F%3E%3Crect%20width%3D%22533%22%20height%3D%22266%22%20fill%3D%22%236a5962%22%20y%3D%22532%22%2F%3E%3Crect%20width%3D%22533%22%20height%3D%22266%22%20fill%3D%22%23632a46%22%20x%3D%22533%22%20y%3D%22532%22%2F%3E%3Crect%20width%3D%22533%22%20height%3D%22266%22%20fill%3D%22%235e4e4a%22%20x%3D%221066%22%20y%3D%22532%22%2F%3E%3C%2Fg%3E%3C%2Fsvg%3E\" data-lazy=\"1\" loading=\"lazy\" decoding=\"async\" width=\"1600\" height=\"800\" data-tf-src=\"https:\/\/www.fileasbl.be\/membres\/wp-content\/uploads\/2020\/07\/Site-A-la-une.jpg\" class=\"tf_svg_lazy wp-post-image wp-image-20804\" title=\"Site A la une\" alt=\"Site A la une\" data-tf-srcset=\"https:\/\/www.fileasbl.be\/membres\/wp-content\/uploads\/2020\/07\/Site-A-la-une.jpg 1600w, https:\/\/www.fileasbl.be\/membres\/wp-content\/uploads\/2020\/07\/Site-A-la-une-300x150.jpg 300w, https:\/\/www.fileasbl.be\/membres\/wp-content\/uploads\/2020\/07\/Site-A-la-une-1024x512.jpg 1024w, https:\/\/www.fileasbl.be\/membres\/wp-content\/uploads\/2020\/07\/Site-A-la-une-768x384.jpg 768w, https:\/\/www.fileasbl.be\/membres\/wp-content\/uploads\/2020\/07\/Site-A-la-une-1536x768.jpg 1536w, https:\/\/www.fileasbl.be\/membres\/wp-content\/uploads\/2020\/07\/Site-A-la-une-1024x512-400x200.jpg 400w, https:\/\/www.fileasbl.be\/membres\/wp-content\/uploads\/2020\/07\/Site-A-la-une-1024x512-350x175.jpg 350w\" data-tf-sizes=\"auto, (max-width: 1600px) 100vw, 1600px\" \/><noscript><img loading=\"lazy\" decoding=\"async\" width=\"1600\" height=\"800\" data-tf-not-load src=\"https:\/\/www.fileasbl.be\/membres\/wp-content\/uploads\/2020\/07\/Site-A-la-une.jpg\" class=\"wp-post-image wp-image-20804\" title=\"Site A la une\" alt=\"Site A la une\" srcset=\"https:\/\/www.fileasbl.be\/membres\/wp-content\/uploads\/2020\/07\/Site-A-la-une.jpg 1600w, https:\/\/www.fileasbl.be\/membres\/wp-content\/uploads\/2020\/07\/Site-A-la-une-300x150.jpg 300w, https:\/\/www.fileasbl.be\/membres\/wp-content\/uploads\/2020\/07\/Site-A-la-une-1024x512.jpg 1024w, https:\/\/www.fileasbl.be\/membres\/wp-content\/uploads\/2020\/07\/Site-A-la-une-768x384.jpg 768w, https:\/\/www.fileasbl.be\/membres\/wp-content\/uploads\/2020\/07\/Site-A-la-une-1536x768.jpg 1536w, https:\/\/www.fileasbl.be\/membres\/wp-content\/uploads\/2020\/07\/Site-A-la-une-1024x512-400x200.jpg 400w, https:\/\/www.fileasbl.be\/membres\/wp-content\/uploads\/2020\/07\/Site-A-la-une-1024x512-350x175.jpg 350w\" sizes=\"auto, (max-width: 1600px) 100vw, 1600px\" \/><\/noscript>                                <\/a>\n                                                    <\/figure>\n                                                            \n                                    <div class=\"slide-content tb_text_wrap\">\n                        \t\t\t\t\t\t\t\t\t\t\t\t\t\t<h3 class=\"slide-title\">\n\t\t\t\t\t\t\t\t\t\t\t\t\t\t\t\t\t\t<a href=\"https:\/\/www.fileasbl.be\/membres\/colloque-les-emotions-des-professionnels-01-12-2020\/\"  \n\t\t\t\t\t\t\t\t\t\t   \t\t\t\t\t\t\t\t\t\t   >\n\t\t\t\t\t\t\t\t\t\t   Colloque \u00ab\u00a0Les \u00e9motions des professionnel.le.s\u00a0\u00bb 08\/11\/2022\t\t\t\t\t\t\t\t\t\t<\/a>\n\t\t\t\t\t\t\t\t\t\t\t\t\t\t\t<\/h3>\n\t\t\t\t\t\t\t                        \t\t\t\t\t\t                                                                    <\/div>\n                    <!-- \/slide-content -->\n                            <\/div>\n        <\/div>\n                <div class=\"tf_swiper-slide\">\n            <div class=\"slide-inner-wrap\" style=\"margin-left:05px;\">\n                                                                <figure class=\"tf_lazy slide-image\">\n                                                            <a href=\"https:\/\/www.fileasbl.be\/membres\/et-les-enfants-dans-tout-ca\/\"\n                                                                      >\n                                   <img src=\"data:image\/svg+xml;charset=UTF-8,%3Csvg%20xmlns%3D%22http%3A%2F%2Fwww.w3.org%2F2000%2Fsvg%22%20width%3D%221600%22%20height%3D%22837%22%3E%3Cg%20fill%3D%22%23b8c5bc%22%3E%3Crect%20width%3D%22533%22%20height%3D%22279%22%2F%3E%3Crect%20width%3D%22533%22%20height%3D%22279%22%20fill%3D%22%2377954f%22%20x%3D%22533%22%2F%3E%3Crect%20width%3D%22533%22%20height%3D%22279%22%20fill%3D%22%23fcc197%22%20x%3D%221066%22%2F%3E%3Crect%20width%3D%22533%22%20height%3D%22279%22%20fill%3D%22%23b5cbc2%22%20y%3D%22279%22%2F%3E%3Crect%20width%3D%22533%22%20height%3D%22279%22%20fill%3D%22%23c2d2d1%22%20x%3D%22533%22%20y%3D%22279%22%2F%3E%3Crect%20width%3D%22533%22%20height%3D%22279%22%20fill%3D%22%23957ba8%22%20x%3D%221066%22%20y%3D%22279%22%2F%3E%3Crect%20width%3D%22533%22%20height%3D%22279%22%20fill%3D%22%23aec2b9%22%20y%3D%22558%22%2F%3E%3Crect%20width%3D%22533%22%20height%3D%22279%22%20fill%3D%22%239da9a0%22%20x%3D%22533%22%20y%3D%22558%22%2F%3E%3Crect%20width%3D%22533%22%20height%3D%22279%22%20fill%3D%22%238c004e%22%20x%3D%221066%22%20y%3D%22558%22%2F%3E%3C%2Fg%3E%3C%2Fsvg%3E\" data-lazy=\"1\" loading=\"lazy\" decoding=\"async\" width=\"1600\" height=\"837\" data-tf-src=\"https:\/\/www.fileasbl.be\/membres\/wp-content\/uploads\/2020\/04\/2020-A-la-une-EtLesEnfants.jpg\" class=\"tf_svg_lazy wp-post-image wp-image-12043\" title=\"2020 A la une EtLesEnfants\" alt=\"2020 A la une EtLesEnfants\" data-tf-srcset=\"https:\/\/www.fileasbl.be\/membres\/wp-content\/uploads\/2020\/04\/2020-A-la-une-EtLesEnfants.jpg 1600w, https:\/\/www.fileasbl.be\/membres\/wp-content\/uploads\/2020\/04\/2020-A-la-une-EtLesEnfants-300x157.jpg 300w, https:\/\/www.fileasbl.be\/membres\/wp-content\/uploads\/2020\/04\/2020-A-la-une-EtLesEnfants-768x402.jpg 768w, https:\/\/www.fileasbl.be\/membres\/wp-content\/uploads\/2020\/04\/2020-A-la-une-EtLesEnfants-1024x536.jpg 1024w, https:\/\/www.fileasbl.be\/membres\/wp-content\/uploads\/2020\/04\/2020-A-la-une-EtLesEnfants-400x209.jpg 400w, https:\/\/www.fileasbl.be\/membres\/wp-content\/uploads\/2020\/04\/2020-A-la-une-EtLesEnfants-1024x536-380x200.jpg 380w, https:\/\/www.fileasbl.be\/membres\/wp-content\/uploads\/2020\/04\/2020-A-la-une-EtLesEnfants-1024x536-334x175.jpg 334w, https:\/\/www.fileasbl.be\/membres\/wp-content\/uploads\/2020\/04\/2020-A-la-une-EtLesEnfants-1024x536-480x251.jpg 480w, https:\/\/www.fileasbl.be\/membres\/wp-content\/uploads\/2020\/04\/2020-A-la-une-EtLesEnfants-1024x536-573x300.jpg 573w\" data-tf-sizes=\"auto, (max-width: 1600px) 100vw, 1600px\" \/><noscript><img loading=\"lazy\" decoding=\"async\" width=\"1600\" height=\"837\" data-tf-not-load src=\"https:\/\/www.fileasbl.be\/membres\/wp-content\/uploads\/2020\/04\/2020-A-la-une-EtLesEnfants.jpg\" class=\"wp-post-image wp-image-12043\" title=\"2020 A la une EtLesEnfants\" alt=\"2020 A la une EtLesEnfants\" srcset=\"https:\/\/www.fileasbl.be\/membres\/wp-content\/uploads\/2020\/04\/2020-A-la-une-EtLesEnfants.jpg 1600w, https:\/\/www.fileasbl.be\/membres\/wp-content\/uploads\/2020\/04\/2020-A-la-une-EtLesEnfants-300x157.jpg 300w, https:\/\/www.fileasbl.be\/membres\/wp-content\/uploads\/2020\/04\/2020-A-la-une-EtLesEnfants-768x402.jpg 768w, https:\/\/www.fileasbl.be\/membres\/wp-content\/uploads\/2020\/04\/2020-A-la-une-EtLesEnfants-1024x536.jpg 1024w, https:\/\/www.fileasbl.be\/membres\/wp-content\/uploads\/2020\/04\/2020-A-la-une-EtLesEnfants-400x209.jpg 400w, https:\/\/www.fileasbl.be\/membres\/wp-content\/uploads\/2020\/04\/2020-A-la-une-EtLesEnfants-1024x536-380x200.jpg 380w, https:\/\/www.fileasbl.be\/membres\/wp-content\/uploads\/2020\/04\/2020-A-la-une-EtLesEnfants-1024x536-334x175.jpg 334w, https:\/\/www.fileasbl.be\/membres\/wp-content\/uploads\/2020\/04\/2020-A-la-une-EtLesEnfants-1024x536-480x251.jpg 480w, https:\/\/www.fileasbl.be\/membres\/wp-content\/uploads\/2020\/04\/2020-A-la-une-EtLesEnfants-1024x536-573x300.jpg 573w\" sizes=\"auto, (max-width: 1600px) 100vw, 1600px\" \/><\/noscript>                                <\/a>\n                                                    <\/figure>\n                                                            \n                                    <div class=\"slide-content tb_text_wrap\">\n                        \t\t\t\t\t\t\t\t\t\t\t\t\t\t<h3 class=\"slide-title\">\n\t\t\t\t\t\t\t\t\t\t\t\t\t\t\t\t\t\t<a href=\"https:\/\/www.fileasbl.be\/membres\/et-les-enfants-dans-tout-ca\/\"  \n\t\t\t\t\t\t\t\t\t\t   \t\t\t\t\t\t\t\t\t\t   >\n\t\t\t\t\t\t\t\t\t\t   Et les enfants, dans tout \u00e7a\u00a0?\t\t\t\t\t\t\t\t\t\t<\/a>\n\t\t\t\t\t\t\t\t\t\t\t\t\t\t\t<\/h3>\n\t\t\t\t\t\t\t                        \t\t\t\t\t\t                                                                    <\/div>\n                    <!-- \/slide-content -->\n                            <\/div>\n        <\/div>\n                <div class=\"tf_swiper-slide\">\n            <div class=\"slide-inner-wrap\" style=\"margin-left:05px;\">\n                                \n                                    <div class=\"slide-content tb_text_wrap\">\n                        \t\t\t\t\t\t\t\t\t\t\t\t\t\t<h3 class=\"slide-title\">\n\t\t\t\t\t\t\t\t\t\t\t\t\t\t\t\t\t\t<a href=\"https:\/\/www.fileasbl.be\/membres\/gifle-fessee-humiliations-la-violence-nest-jamais-educative\/\"  \n\t\t\t\t\t\t\t\t\t\t   \t\t\t\t\t\t\t\t\t\t   >\n\t\t\t\t\t\t\t\t\t\t   Gifle, fess\u00e9e, humiliations\u2026 la violence jamais \u00e9ducative.\t\t\t\t\t\t\t\t\t\t<\/a>\n\t\t\t\t\t\t\t\t\t\t\t\t\t\t\t<\/h3>\n\t\t\t\t\t\t\t                        \t\t\t\t\t\t                                                                    <\/div>\n                    <!-- \/slide-content -->\n                            <\/div>\n        <\/div>\n                <div class=\"tf_swiper-slide\">\n            <div class=\"slide-inner-wrap\" style=\"margin-left:05px;\">\n                                \n                                    <div class=\"slide-content tb_text_wrap\">\n                        \t\t\t\t\t\t\t\t\t\t\t\t\t\t<h3 class=\"slide-title\">\n\t\t\t\t\t\t\t\t\t\t\t\t\t\t\t\t\t\t<a href=\"https:\/\/www.fileasbl.be\/membres\/emotions\/\"  \n\t\t\t\t\t\t\t\t\t\t   \t\t\t\t\t\t\t\t\t\t   >\n\t\t\t\t\t\t\t\t\t\t   Accueillir et accompagner les \u00e9motions du jeune enfant\t\t\t\t\t\t\t\t\t\t<\/a>\n\t\t\t\t\t\t\t\t\t\t\t\t\t\t\t<\/h3>\n\t\t\t\t\t\t\t                        \t\t\t\t\t\t                                                                    <\/div>\n                    <!-- \/slide-content -->\n                            <\/div>\n        <\/div>\n        \n\t\n<!-- \/themify_builder_slider -->\n\t\t    <\/div>\n    <\/div>\n<\/div>\n\t        <\/div>\n\t    \t<\/div>\n\t\t    <\/div>\n\t    <!-- \/row_inner -->\n\t<\/div>\n\t<!-- \/module_row -->\n\t<\/div>\n<!--\/themify_builder_content-->","protected":false},"excerpt":{"rendered":"<p>Col\u00e8re, tristesse, peur, joie\u2026 Les \u00e9motions dirigent les comportements des enfants et peuvent d\u00e9sarmer les Professionnels de la Petite Enfance. Pourtant, il est n\u00e9cessaire de comprendre et d\u2019accompagner les \u00e9motions des tout-petits pour les accueillir avec qualit\u00e9&#8230; Pour ce faire, le guide \u00ab\u00a0Rep\u00e8res pour des pratiques d\u2019accueil de qualit\u00e9\u00a0\u00bb r\u00e9alis\u00e9 par l\u2019ONE, traite dans sa [&hellip;]<\/p>\n","protected":false},"author":2,"featured_media":0,"parent":5299,"menu_order":0,"comment_status":"closed","ping_status":"closed","template":"","meta":{"footnotes":""},"class_list":["post-11609","page","type-page","status-publish","hentry","has-post-title","has-post-date","has-post-category","has-post-tag","has-post-comment","has-post-author",""],"yoast_head":"<!-- This site is optimized with the Yoast SEO plugin v27.5 - https:\/\/yoast.com\/product\/yoast-seo-wordpress\/ -->\n<title>Emotions - Site de la FILE<\/title>\n<meta name=\"description\" content=\"L\u2019art comprend beaucoup de belles choses\u2026 Dessiner, visiter un mus\u00e9e, une exposition, colorier, peindre avec ses doigts, jouer ou \u00e9couter de la musique...\" \/>\n<meta name=\"robots\" content=\"index, follow, max-snippet:-1, max-image-preview:large, max-video-preview:-1\" \/>\n<link rel=\"canonical\" href=\"https:\/\/www.fileasbl.be\/membres\/themes\/emotions\/\" \/>\n<meta property=\"og:locale\" content=\"fr_FR\" \/>\n<meta property=\"og:type\" content=\"article\" \/>\n<meta property=\"og:title\" content=\"Emotions - Site de la FILE\" \/>\n<meta property=\"og:description\" content=\"L\u2019art comprend beaucoup de belles choses\u2026 Dessiner, visiter un mus\u00e9e, une exposition, colorier, peindre avec ses doigts, jouer ou \u00e9couter de la musique...\" \/>\n<meta property=\"og:url\" content=\"https:\/\/www.fileasbl.be\/membres\/themes\/emotions\/\" \/>\n<meta property=\"og:site_name\" content=\"Site de la FILE\" \/>\n<meta property=\"article:publisher\" content=\"https:\/\/www.facebook.com\/fileasbl\/\" \/>\n<meta property=\"article:modified_time\" content=\"2021-02-11T12:57:47+00:00\" \/>\n<meta property=\"og:image\" content=\"http:\/\/www.fileasbl.be\/membres\/wp-content\/uploads\/2020\/04\/2020-Site-article-Emotions.jpg\" \/>\n<meta name=\"twitter:card\" content=\"summary_large_image\" \/>\n<script type=\"application\/ld+json\" class=\"yoast-schema-graph\">{\"@context\":\"https:\\\/\\\/schema.org\",\"@graph\":[{\"@type\":\"WebPage\",\"@id\":\"https:\\\/\\\/www.fileasbl.be\\\/membres\\\/themes\\\/emotions\\\/\",\"url\":\"https:\\\/\\\/www.fileasbl.be\\\/membres\\\/themes\\\/emotions\\\/\",\"name\":\"Emotions - Site de la FILE\",\"isPartOf\":{\"@id\":\"https:\\\/\\\/www.fileasbl.be\\\/membres\\\/#website\"},\"primaryImageOfPage\":{\"@id\":\"https:\\\/\\\/www.fileasbl.be\\\/membres\\\/themes\\\/emotions\\\/#primaryimage\"},\"image\":{\"@id\":\"https:\\\/\\\/www.fileasbl.be\\\/membres\\\/themes\\\/emotions\\\/#primaryimage\"},\"thumbnailUrl\":\"http:\\\/\\\/www.fileasbl.be\\\/membres\\\/wp-content\\\/uploads\\\/2020\\\/04\\\/2020-Site-article-Emotions.jpg\",\"datePublished\":\"2020-04-17T12:35:00+00:00\",\"dateModified\":\"2021-02-11T12:57:47+00:00\",\"description\":\"L\u2019art comprend beaucoup de belles choses\u2026 Dessiner, visiter un mus\u00e9e, une exposition, colorier, peindre avec ses doigts, jouer ou \u00e9couter de la musique...\",\"breadcrumb\":{\"@id\":\"https:\\\/\\\/www.fileasbl.be\\\/membres\\\/themes\\\/emotions\\\/#breadcrumb\"},\"inLanguage\":\"fr-FR\",\"potentialAction\":[{\"@type\":\"ReadAction\",\"target\":[\"https:\\\/\\\/www.fileasbl.be\\\/membres\\\/themes\\\/emotions\\\/\"]}]},{\"@type\":\"ImageObject\",\"inLanguage\":\"fr-FR\",\"@id\":\"https:\\\/\\\/www.fileasbl.be\\\/membres\\\/themes\\\/emotions\\\/#primaryimage\",\"url\":\"http:\\\/\\\/www.fileasbl.be\\\/membres\\\/wp-content\\\/uploads\\\/2020\\\/04\\\/2020-Site-article-Emotions.jpg\",\"contentUrl\":\"http:\\\/\\\/www.fileasbl.be\\\/membres\\\/wp-content\\\/uploads\\\/2020\\\/04\\\/2020-Site-article-Emotions.jpg\"},{\"@type\":\"BreadcrumbList\",\"@id\":\"https:\\\/\\\/www.fileasbl.be\\\/membres\\\/themes\\\/emotions\\\/#breadcrumb\",\"itemListElement\":[{\"@type\":\"ListItem\",\"position\":1,\"name\":\"Accueil\",\"item\":\"https:\\\/\\\/www.fileasbl.be\\\/membres\\\/\"},{\"@type\":\"ListItem\",\"position\":2,\"name\":\"Th\u00e8mes\",\"item\":\"https:\\\/\\\/www.fileasbl.be\\\/membres\\\/themes\\\/\"},{\"@type\":\"ListItem\",\"position\":3,\"name\":\"Emotions\"}]},{\"@type\":\"WebSite\",\"@id\":\"https:\\\/\\\/www.fileasbl.be\\\/membres\\\/#website\",\"url\":\"https:\\\/\\\/www.fileasbl.be\\\/membres\\\/\",\"name\":\"Site de la FILE\",\"description\":\"FILE Un accueil de qualit\u00e9 accessible \u00e0 tous\",\"potentialAction\":[{\"@type\":\"SearchAction\",\"target\":{\"@type\":\"EntryPoint\",\"urlTemplate\":\"https:\\\/\\\/www.fileasbl.be\\\/membres\\\/?s={search_term_string}\"},\"query-input\":{\"@type\":\"PropertyValueSpecification\",\"valueRequired\":true,\"valueName\":\"search_term_string\"}}],\"inLanguage\":\"fr-FR\"}]}<\/script>\n<!-- \/ Yoast SEO plugin. -->","yoast_head_json":{"title":"Emotions - Site de la FILE","description":"L\u2019art comprend beaucoup de belles choses\u2026 Dessiner, visiter un mus\u00e9e, une exposition, colorier, peindre avec ses doigts, jouer ou \u00e9couter de la musique...","robots":{"index":"index","follow":"follow","max-snippet":"max-snippet:-1","max-image-preview":"max-image-preview:large","max-video-preview":"max-video-preview:-1"},"canonical":"https:\/\/www.fileasbl.be\/membres\/themes\/emotions\/","og_locale":"fr_FR","og_type":"article","og_title":"Emotions - Site de la FILE","og_description":"L\u2019art comprend beaucoup de belles choses\u2026 Dessiner, visiter un mus\u00e9e, une exposition, colorier, peindre avec ses doigts, jouer ou \u00e9couter de la musique...","og_url":"https:\/\/www.fileasbl.be\/membres\/themes\/emotions\/","og_site_name":"Site de la FILE","article_publisher":"https:\/\/www.facebook.com\/fileasbl\/","article_modified_time":"2021-02-11T12:57:47+00:00","og_image":[{"url":"http:\/\/www.fileasbl.be\/membres\/wp-content\/uploads\/2020\/04\/2020-Site-article-Emotions.jpg","type":"","width":"","height":""}],"twitter_card":"summary_large_image","schema":{"@context":"https:\/\/schema.org","@graph":[{"@type":"WebPage","@id":"https:\/\/www.fileasbl.be\/membres\/themes\/emotions\/","url":"https:\/\/www.fileasbl.be\/membres\/themes\/emotions\/","name":"Emotions - Site de la FILE","isPartOf":{"@id":"https:\/\/www.fileasbl.be\/membres\/#website"},"primaryImageOfPage":{"@id":"https:\/\/www.fileasbl.be\/membres\/themes\/emotions\/#primaryimage"},"image":{"@id":"https:\/\/www.fileasbl.be\/membres\/themes\/emotions\/#primaryimage"},"thumbnailUrl":"http:\/\/www.fileasbl.be\/membres\/wp-content\/uploads\/2020\/04\/2020-Site-article-Emotions.jpg","datePublished":"2020-04-17T12:35:00+00:00","dateModified":"2021-02-11T12:57:47+00:00","description":"L\u2019art comprend beaucoup de belles choses\u2026 Dessiner, visiter un mus\u00e9e, une exposition, colorier, peindre avec ses doigts, jouer ou \u00e9couter de la musique...","breadcrumb":{"@id":"https:\/\/www.fileasbl.be\/membres\/themes\/emotions\/#breadcrumb"},"inLanguage":"fr-FR","potentialAction":[{"@type":"ReadAction","target":["https:\/\/www.fileasbl.be\/membres\/themes\/emotions\/"]}]},{"@type":"ImageObject","inLanguage":"fr-FR","@id":"https:\/\/www.fileasbl.be\/membres\/themes\/emotions\/#primaryimage","url":"http:\/\/www.fileasbl.be\/membres\/wp-content\/uploads\/2020\/04\/2020-Site-article-Emotions.jpg","contentUrl":"http:\/\/www.fileasbl.be\/membres\/wp-content\/uploads\/2020\/04\/2020-Site-article-Emotions.jpg"},{"@type":"BreadcrumbList","@id":"https:\/\/www.fileasbl.be\/membres\/themes\/emotions\/#breadcrumb","itemListElement":[{"@type":"ListItem","position":1,"name":"Accueil","item":"https:\/\/www.fileasbl.be\/membres\/"},{"@type":"ListItem","position":2,"name":"Th\u00e8mes","item":"https:\/\/www.fileasbl.be\/membres\/themes\/"},{"@type":"ListItem","position":3,"name":"Emotions"}]},{"@type":"WebSite","@id":"https:\/\/www.fileasbl.be\/membres\/#website","url":"https:\/\/www.fileasbl.be\/membres\/","name":"Site de la FILE","description":"FILE Un accueil de qualit\u00e9 accessible \u00e0 tous","potentialAction":[{"@type":"SearchAction","target":{"@type":"EntryPoint","urlTemplate":"https:\/\/www.fileasbl.be\/membres\/?s={search_term_string}"},"query-input":{"@type":"PropertyValueSpecification","valueRequired":true,"valueName":"search_term_string"}}],"inLanguage":"fr-FR"}]}},"builder_content":"<img src=\"http:\/\/www.fileasbl.be\/membres\/wp-content\/uploads\/2020\/04\/2020-Site-article-Emotions.jpg\" title=\"Emotions\" alt=\"Emotions\">\n<p style=\"text-align: left;\">Col\u00e8re, tristesse, peur, joie\u2026 Les \u00e9motions dirigent les comportements des enfants et peuvent d\u00e9sarmer les Professionnels de la Petite Enfance. Pourtant, il est n\u00e9cessaire de comprendre et d\u2019accompagner les \u00e9motions des tout-petits pour les accueillir avec qualit\u00e9...<\/p>\n<p>Pour ce faire, le guide <em>\u00ab\u00a0Rep\u00e8res pour des pratiques d\u2019accueil de qualit\u00e9\u00a0\u00bb<\/em> r\u00e9alis\u00e9 par l\u2019ONE, traite dans sa partie n\u00b02<em> \u00ab\u00a0<a href=\"https:\/\/www.one.be\/fileadmin\/user_upload\/siteone\/PRO\/Brochures\/Reperes-pratiques-accueil-qualite-part2.pdf\" target=\"_blank\" rel=\"noopener\">A la rencontre des enfants<\/a>\u00a0\u00bb<\/em>, de l\u2019accompagnement des \u00e9motions des enfants (voir chapitre 9, page 35).<\/p>\n<h2>Personne de contact<\/h2> <p>Laur\u00e8ne Tr\u00e9visan, Conseill\u00e8re\u00a0 p\u00e9dagogique<br \/>contact(at)fileasbl.be<\/p> <p>+32 10 22 52 02<\/p>\n<h3 style=\"text-align: left;\">Courtes vid\u00e9os r\u00e9alis\u00e9es par l'ONE (source : one.be)<\/h3>\n\n<p><em>Air de familles \u2013 Qu\u2019est-ce que les \u00e9motions ? (source : ONE.be)<\/em><\/p>\n\n<p><em>Air de familles \u2013 A partir de quel \u00e2ge l\u2019enfant ressent-il des \u00e9motions et comment les encadrer ? (source : ONE.be)<\/em><\/p>\n<a href=\"http:\/\/www.fileasbl.be\/membres\/les-emotions-des-professionnels-de-lenfance-dans-ce-contexte-sanitaire-avec-monique-meyfroet\/\" > <img src=\"http:\/\/www.fileasbl.be\/membres\/wp-content\/uploads\/2020\/12\/Bandeau-200-1500-Monique.jpg\" title=\"Emotions\" alt=\"Emotions\"> <\/a>\n<h2 style=\"text-align: left;\">Derniers articles :\u00a0<\/h2>","_links":{"self":[{"href":"https:\/\/www.fileasbl.be\/membres\/wp-json\/wp\/v2\/pages\/11609","targetHints":{"allow":["GET"]}}],"collection":[{"href":"https:\/\/www.fileasbl.be\/membres\/wp-json\/wp\/v2\/pages"}],"about":[{"href":"https:\/\/www.fileasbl.be\/membres\/wp-json\/wp\/v2\/types\/page"}],"author":[{"embeddable":true,"href":"https:\/\/www.fileasbl.be\/membres\/wp-json\/wp\/v2\/users\/2"}],"replies":[{"embeddable":true,"href":"https:\/\/www.fileasbl.be\/membres\/wp-json\/wp\/v2\/comments?post=11609"}],"version-history":[{"count":0,"href":"https:\/\/www.fileasbl.be\/membres\/wp-json\/wp\/v2\/pages\/11609\/revisions"}],"up":[{"embeddable":true,"href":"https:\/\/www.fileasbl.be\/membres\/wp-json\/wp\/v2\/pages\/5299"}],"wp:attachment":[{"href":"https:\/\/www.fileasbl.be\/membres\/wp-json\/wp\/v2\/media?parent=11609"}],"curies":[{"name":"wp","href":"https:\/\/api.w.org\/{rel}","templated":true}]}}