{"id":12,"date":"2015-12-08T21:57:43","date_gmt":"2015-12-08T20:57:43","guid":{"rendered":"http:\/\/www.fileasbl.be\/membres\/?page_id=12"},"modified":"2025-12-29T14:21:51","modified_gmt":"2025-12-29T13:21:51","slug":"accueil","status":"publish","type":"page","link":"https:\/\/www.fileasbl.be\/membres\/","title":{"rendered":"Accueil"},"content":{"rendered":"<!--themify_builder_content-->\n<div id=\"themify_builder_content-12\" data-postid=\"12\" class=\"themify_builder_content themify_builder_content-12 themify_builder tf_clear\">\n    \t<!-- module_row -->\n\t<div  data-lazy=\"1\" class=\"module_row themify_builder_row tb_edae397 tb_first tf_clearfix\">\n\t    \t\t<div class=\"row_inner col_align_top col-count-1 tf_box tf_w tf_rel\">\n\t\t\t<div  data-lazy=\"1\" class=\"module_column tb-column col-full first tb_h49m397 tf_box\">\n\t\t\t    \t        <div class=\"tb-column-inner tf_box tf_w\">\n\t\t    <!-- module image -->\n<div  class=\"module module-image tb_2fs4945   image-top tf_mw\" data-lazy=\"1\">\n        <div class=\"image-wrap tf_rel tf_mw\">\n\t\t    <img loading=\"lazy\" decoding=\"async\" width=\"1584\" height=\"396\" src=\"https:\/\/www.fileasbl.be\/membres\/wp-content\/uploads\/2022\/07\/Copie-de-Site-page-Accueil.gif\" class=\"wp-post-image wp-image-29141\" title=\"Copie de Site page Accueil\" alt=\"Copie de Site page Accueil\">\t\n\t\t<\/div>\n\t<!-- \/image-wrap -->\n    \n    \t<\/div>\n<!-- \/module image --><!-- module divider -->\n<div  class=\"module tf_mw module-divider tb_gfrp464 solid   \" style=\"border-width: 2px;border-color: #000;margin-top: 30px;margin-bottom: 30px;\" data-lazy=\"1\">\n    <\/div>\n<!-- \/module divider -->\n\t        <\/div>\n\t    \t<\/div>\n\t\t    <\/div>\n\t    <!-- \/row_inner -->\n\t<\/div>\n\t<!-- \/module_row -->\n\t\t<!-- module_row -->\n\t<div  data-lazy=\"1\" class=\"module_row themify_builder_row tb_e3ee1dc tf_clearfix\">\n\t    \t\t<div class=\"row_inner col_align_top col-count-2 tf_box tf_w tf_rel\">\n\t\t\t<div  data-lazy=\"1\" class=\"module_column tb-column col4-2 first tb_1570717 tf_box\">\n\t\t\t    \t        <div class=\"tb-column-inner tf_box tf_w\">\n\t\t    <!-- module text -->\n<div  class=\"module module-text tb_1f1c89d  repeat  wow\" data-tf-animation=\"zoomInLeft\" data-lazy=\"1\">\n        <div  class=\"tb_text_wrap\">\n    <h2><strong>Prochains \u00e9v\u00e8nements<\/strong><\/h2>\n<hr \/>    <\/div>\n<\/div>\n<!-- \/module text -->    <!-- module post -->\n    <div  class=\"module module-post tb_00b7205  wow\" data-tf-animation=\"zoomInLeft\">\n                <div  class=\"builder-posts-wrap loops-wrapper grid3 masonry classic tf_rel tf_clear tf_clearfix\" data-lazy=\"1\">\n            <article id=\"post-34345\" class=\"post tf_clearfix post-34345 type-post status-publish format-standard has-post-thumbnail hentry category-a-la-une category-notes-pedagogiques has-post-title no-post-date has-post-category has-post-tag has-post-comment has-post-author \">\n\t    \n\t\t\t\t<figure class=\"post-image tf_clearfix\">\n\t\t\t    \t\t\t\t\t\t\t\t<a href=\"https:\/\/www.fileasbl.be\/membres\/journee-bulle-dair-pour-les-directions-2026-ouverture-des-inscriptions\/\">\n\t\t\t\t\t\t\t\t<img decoding=\"async\" src=\"https:\/\/www.fileasbl.be\/membres\/wp-content\/uploads\/2026\/04\/b3225344-5590-01b8-b8f8-1435604180e2-1024x468-382x175.png\" height=\"175\" class=\"wp-post-image wp-image-34347\" title=\"b3225344-5590-01b8-b8f8-1435604180e2\" alt=\"b3225344-5590-01b8-b8f8-1435604180e2\" srcset=\"https:\/\/www.fileasbl.be\/membres\/wp-content\/uploads\/2026\/04\/b3225344-5590-01b8-b8f8-1435604180e2-1024x468-382x175.png 382w, https:\/\/www.fileasbl.be\/membres\/wp-content\/uploads\/2026\/04\/b3225344-5590-01b8-b8f8-1435604180e2-300x137.png 300w, https:\/\/www.fileasbl.be\/membres\/wp-content\/uploads\/2026\/04\/b3225344-5590-01b8-b8f8-1435604180e2-1024x468.png 1024w, https:\/\/www.fileasbl.be\/membres\/wp-content\/uploads\/2026\/04\/b3225344-5590-01b8-b8f8-1435604180e2-768x351.png 768w, https:\/\/www.fileasbl.be\/membres\/wp-content\/uploads\/2026\/04\/b3225344-5590-01b8-b8f8-1435604180e2-400x183.png 400w, https:\/\/www.fileasbl.be\/membres\/wp-content\/uploads\/2026\/04\/b3225344-5590-01b8-b8f8-1435604180e2.png 1107w\" sizes=\"(max-width: 382px) 100vw, 382px\" \/>\t\t\t\t\t\t\t\t    \t\t\t\t<\/a>\n\t\t\t\t\t\t\t    \t\t\t<\/figure>\n\t\t\t\t<div class=\"post-content\">\n\t\t<div class=\"post-content-inner\">\n\n\t\t\t\n\t\t\t<h2 class=\"post-title entry-title\"><a href=\"https:\/\/www.fileasbl.be\/membres\/journee-bulle-dair-pour-les-directions-2026-ouverture-des-inscriptions\/\">Journ\u00e9e bulle d&rsquo;air pour les directions 2026 : ouverture des inscriptions<\/a><\/h2>\n\t\t\t\n\t\t\t\n\t\t\t\t<div class=\"entry-content\">\n\n        \n\t<\/div><!-- \/.entry-content -->\n\t\n\t\t<\/div>\n\t\t<!-- \/.post-content-inner -->\n\t<\/div>\n\t<!-- \/.post-content -->\n\t\n<\/article>\n<!-- \/.post -->\n<article id=\"post-34336\" class=\"post tf_clearfix post-34336 type-post status-publish format-standard has-post-thumbnail hentry category-a-la-une category-non-classe category-notes-pedagogiques has-post-title no-post-date has-post-category has-post-tag has-post-comment has-post-author \">\n\t    \n\t\t\t\t<figure class=\"post-image tf_clearfix\">\n\t\t\t    \t\t\t\t\t\t\t\t<a href=\"https:\/\/www.fileasbl.be\/membres\/11-juin-2026-ag-de-la-file-et-conference-arnaud-deroo\/\">\n\t\t\t\t\t\t\t\t<img decoding=\"async\" src=\"https:\/\/www.fileasbl.be\/membres\/wp-content\/uploads\/2026\/04\/Save-1024x512-350x175.png\" height=\"175\" class=\"wp-post-image wp-image-34337\" title=\"Save\" alt=\"Save\" srcset=\"https:\/\/www.fileasbl.be\/membres\/wp-content\/uploads\/2026\/04\/Save-1024x512-350x175.png 350w, https:\/\/www.fileasbl.be\/membres\/wp-content\/uploads\/2026\/04\/Save-300x150.png 300w, https:\/\/www.fileasbl.be\/membres\/wp-content\/uploads\/2026\/04\/Save-1024x512.png 1024w, https:\/\/www.fileasbl.be\/membres\/wp-content\/uploads\/2026\/04\/Save-768x384.png 768w, https:\/\/www.fileasbl.be\/membres\/wp-content\/uploads\/2026\/04\/Save-1536x768.png 1536w, https:\/\/www.fileasbl.be\/membres\/wp-content\/uploads\/2026\/04\/Save-2048x1024.png 2048w, https:\/\/www.fileasbl.be\/membres\/wp-content\/uploads\/2026\/04\/Save-1024x512-400x200.png 400w\" sizes=\"(max-width: 350px) 100vw, 350px\" \/>\t\t\t\t\t\t\t\t    \t\t\t\t<\/a>\n\t\t\t\t\t\t\t    \t\t\t<\/figure>\n\t\t\t\t<div class=\"post-content\">\n\t\t<div class=\"post-content-inner\">\n\n\t\t\t\n\t\t\t<h2 class=\"post-title entry-title\"><a href=\"https:\/\/www.fileasbl.be\/membres\/11-juin-2026-ag-de-la-file-et-conference-arnaud-deroo\/\">11 juin 2026 &#8211; AG de la FILE et Conf\u00e9rence Arnaud Deroo<\/a><\/h2>\n\t\t\t\n\t\t\t\n\t\t\t\t<div class=\"entry-content\">\n\n        \n\t<\/div><!-- \/.entry-content -->\n\t\n\t\t<\/div>\n\t\t<!-- \/.post-content-inner -->\n\t<\/div>\n\t<!-- \/.post-content -->\n\t\n<\/article>\n<!-- \/.post -->\n<article id=\"post-34322\" class=\"post tf_clearfix post-34322 type-post status-publish format-standard has-post-thumbnail hentry category-a-la-une category-non-classe has-post-title no-post-date has-post-category has-post-tag has-post-comment has-post-author \">\n\t    \n\t\t\t\t<figure class=\"post-image tf_clearfix\">\n\t\t\t    \t\t\t\t\t\t\t\t<a href=\"https:\/\/www.fileasbl.be\/membres\/colloque-file-asbl-13-octobre-2026-bitume-paquerettes-et-si-chaque-espace-exterieur-devenait-une-opportunite\/\">\n\t\t\t\t\t\t\t\t<img decoding=\"async\" src=\"https:\/\/www.fileasbl.be\/membres\/wp-content\/uploads\/2026\/04\/545454-1-1024x512-350x175.png\" height=\"175\" class=\"wp-post-image wp-image-34324\" title=\"#545454\" alt=\"#545454\" srcset=\"https:\/\/www.fileasbl.be\/membres\/wp-content\/uploads\/2026\/04\/545454-1-1024x512-350x175.png 350w, https:\/\/www.fileasbl.be\/membres\/wp-content\/uploads\/2026\/04\/545454-1-300x150.png 300w, https:\/\/www.fileasbl.be\/membres\/wp-content\/uploads\/2026\/04\/545454-1-1024x512.png 1024w, https:\/\/www.fileasbl.be\/membres\/wp-content\/uploads\/2026\/04\/545454-1-768x384.png 768w, https:\/\/www.fileasbl.be\/membres\/wp-content\/uploads\/2026\/04\/545454-1-1536x768.png 1536w, https:\/\/www.fileasbl.be\/membres\/wp-content\/uploads\/2026\/04\/545454-1-2048x1024.png 2048w, https:\/\/www.fileasbl.be\/membres\/wp-content\/uploads\/2026\/04\/545454-1-1024x512-400x200.png 400w\" sizes=\"(max-width: 350px) 100vw, 350px\" \/>\t\t\t\t\t\t\t\t    \t\t\t\t<\/a>\n\t\t\t\t\t\t\t    \t\t\t<\/figure>\n\t\t\t\t<div class=\"post-content\">\n\t\t<div class=\"post-content-inner\">\n\n\t\t\t\n\t\t\t<h2 class=\"post-title entry-title\"><a href=\"https:\/\/www.fileasbl.be\/membres\/colloque-file-asbl-13-octobre-2026-bitume-paquerettes-et-si-chaque-espace-exterieur-devenait-une-opportunite\/\">Colloque FILE asbl 13 octobre 2026 \u00ab\u00a0Bitume &amp; P\u00e2querettes : Et si chaque espace ext\u00e9rieur devenait une opportunit\u00e9 ?\u00a0\u00bb<\/a><\/h2>\n\t\t\t\n\t\t\t\n\t\t\t\t<div class=\"entry-content\">\n\n        \n\t<\/div><!-- \/.entry-content -->\n\t\n\t\t<\/div>\n\t\t<!-- \/.post-content-inner -->\n\t<\/div>\n\t<!-- \/.post-content -->\n\t\n<\/article>\n<!-- \/.post -->\n<article id=\"post-34239\" class=\"post tf_clearfix post-34239 type-post status-publish format-standard has-post-thumbnail hentry category-a-la-une category-accessibilite category-age-creche category-bien-etre-enfant category-inclusion category-inegalites category-marchandisation category-milac category-non-classe category-notes-politiques category-publication has-post-title no-post-date has-post-category has-post-tag has-post-comment has-post-author \">\n\t    \n\t\t\t\t<figure class=\"post-image tf_clearfix\">\n\t\t\t    \t\t\t\t\t\t\t\t<a href=\"https:\/\/www.fileasbl.be\/membres\/les-creches-un-enjeu-de-societe-pas-un-marche\/\">\n\t\t\t\t\t\t\t\t<img decoding=\"async\" src=\"https:\/\/www.fileasbl.be\/membres\/wp-content\/uploads\/2026\/03\/Article-GL-marchandisation-1024x512-350x175.png\" height=\"175\" class=\"wp-post-image wp-image-34250\" title=\"Article GL marchandisation\" alt=\"Article GL marchandisation\" srcset=\"https:\/\/www.fileasbl.be\/membres\/wp-content\/uploads\/2026\/03\/Article-GL-marchandisation-1024x512-350x175.png 350w, https:\/\/www.fileasbl.be\/membres\/wp-content\/uploads\/2026\/03\/Article-GL-marchandisation-300x150.png 300w, https:\/\/www.fileasbl.be\/membres\/wp-content\/uploads\/2026\/03\/Article-GL-marchandisation-1024x512.png 1024w, https:\/\/www.fileasbl.be\/membres\/wp-content\/uploads\/2026\/03\/Article-GL-marchandisation-768x384.png 768w, https:\/\/www.fileasbl.be\/membres\/wp-content\/uploads\/2026\/03\/Article-GL-marchandisation-1536x768.png 1536w, https:\/\/www.fileasbl.be\/membres\/wp-content\/uploads\/2026\/03\/Article-GL-marchandisation-2048x1024.png 2048w, https:\/\/www.fileasbl.be\/membres\/wp-content\/uploads\/2026\/03\/Article-GL-marchandisation-1024x512-400x200.png 400w\" sizes=\"(max-width: 350px) 100vw, 350px\" \/>\t\t\t\t\t\t\t\t    \t\t\t\t<\/a>\n\t\t\t\t\t\t\t    \t\t\t<\/figure>\n\t\t\t\t<div class=\"post-content\">\n\t\t<div class=\"post-content-inner\">\n\n\t\t\t\n\t\t\t<h2 class=\"post-title entry-title\"><a href=\"https:\/\/www.fileasbl.be\/membres\/les-creches-un-enjeu-de-societe-pas-un-marche\/\">Les cr\u00e8ches : un enjeu de soci\u00e9t\u00e9, pas un march\u00e9<\/a><\/h2>\n\t\t\t\n\t\t\t\n\t\t\t\t<div class=\"entry-content\">\n\n        \n\t<\/div><!-- \/.entry-content -->\n\t\n\t\t<\/div>\n\t\t<!-- \/.post-content-inner -->\n\t<\/div>\n\t<!-- \/.post-content -->\n\t\n<\/article>\n<!-- \/.post -->\n    <\/div><!-- .builder-posts-wrap -->\n    <\/div>\n    <!-- \/module post -->\n\t        <\/div>\n\t    \t<\/div>\n\t\t<div  data-lazy=\"1\" class=\"module_column tb-column col4-2 last tb_c2c0f59 tf_box\">\n\t\t\t    \t        <div class=\"tb-column-inner tf_box tf_w\">\n\t\t    <!-- module text -->\n<div  class=\"module module-text tb_xs7g875  repeat  wow\" data-tf-animation=\"zoomInLeft\" data-lazy=\"1\">\n        <div  class=\"tb_text_wrap\">\n    <h2><strong>La FILE, f\u00e9d\u00e9ration des initiatives locales pour l&rsquo;enfance<\/strong><\/h2>\n<hr \/>    <\/div>\n<\/div>\n<!-- \/module text --><!-- module text -->\n<div  class=\"module module-text tb_3fa1076  repeat  wow\" data-tf-animation=\"zoomInLeft\" data-lazy=\"1\">\n        <div  class=\"tb_text_wrap\">\n    <p><span style=\"font-weight: 400;\">Active dans le secteur de l\u2019enfance depuis 30 ans, reconnue pour la qualit\u00e9 de son travail, la FILE a d\u00e9velopp\u00e9 de nombreuses connaissances et expertises tant sur le plan de la cr\u00e9ation et du soutien des milieux d\u2019accueil, que sur les plans p\u00e9dagogique et juridique, afin d\u2019accompagner au mieux les structures et les \u00e9quipes du secteur. <\/span><\/p>\n<p><span style=\"font-weight: 400;\">La FILE est une coordinations de milieux d\u2019accueil f\u00e9d\u00e9rant plus de 120 membres et 750 lieux d\u2019accueil en petite enfance et en accueil temps libre (accueils extrascolaires, centres de vacances et \u00e9coles de devoirs) sur l\u2019ensemble de la f\u00e9d\u00e9ration Wallonie Bruxelles.<\/span><\/p>    <\/div>\n<\/div>\n<!-- \/module text --><!-- module login -->\n<div  class=\"module module-login tb_zhk8773 \" data-lazy=\"1\">\n\t<div classss=\"tb_login_wrap \">\n\t<h3 class=\"module-title\">Connectez-vous pour d\u00e9couvrir notre rapport d'activit\u00e9s 2024 ! <\/h3>\n\t\t\t\n\t\t<form class=\"tb_login_form tf_clearfix tf_box tf_clear\" name=\"loginform\" action=\"https:\/\/www.fileasbl.be\/membres\/wp-login.php\" method=\"post\">\n\t\t\t<p class=\"tb_login_username\">\n\t\t\t\t<label>\n\t\t\t\t\t<span class=\"tb_login_username_text\">Username or Email<\/span>\n\t\t\t\t\t<input type=\"text\" name=\"log\" required=\"required\">\n\t\t\t\t<\/label>\n\t\t\t<\/p>\n\t\t\t<p class=\"tb_login_password\">\n\t\t\t\t<label>\n\t\t\t\t\t<span class=\"tb_login_password_text\">Password<\/span>\n\t\t\t\t\t<input type=\"password\" name=\"pwd\" required=\"required\">\n\t\t\t\t<\/label>\n\t\t\t<\/p>\n\t\t\t<div class=\"tb_login_links tf_box tf_clear\">\n\t\t\t\t<a href=\"https:\/\/www.fileasbl.be\/membres\/wp-login.php?action=lostpassword\">Forgotten Password?<\/a>\n\t\t\t<\/div>\n\n\t\t\t\n\t\t\t\t\t\t<p class=\"tb_login_remember tf_left tf_box\">\n\t\t\t\t<label>\n\t\t\t\t\t<input name=\"rememberme\" type=\"checkbox\" value=\"forever\"> \n\t\t\t\t\t<span class=\"tb_login_remember_text\">Remember Me<\/span>\n\t\t\t\t<\/label>\n\t\t\t<\/p>\n\t\t\t\t\t\t<p class=\"tb_login_submit tf_right\">\n\t\t\t\t<button name=\"wp-submit\">Log In<\/button>\n\t\t\t\t<input type=\"hidden\" name=\"redirect_to\" value=\"\/membres\/wp-json\/wp\/v2\/pages\/12?login_success=1\">\n\t\t\t\t<input type=\"hidden\" name=\"tb_login\" value=\"1\">\n\n\t\t\t\t\t\t\t<\/p>\n\n\t\t<\/form>\n\n\t\t<form class=\"tb_lostpassword_form tf_clearfix tf_box tf_clear\" name=\"lostpasswordform\" action=\"https:\/\/www.fileasbl.be\/membres\/wp-login.php?action=lostpassword\" method=\"post\" style=\"display:none\">\n\t\t\t<p class=\"tb_lostpassword_username\">\n\t\t\t\t<label>\n\t\t\t\t\t<span class=\"tb_lostpassword_username_text\">Username or Email<\/span>\n\t\t\t\t\t<input type=\"text\" name=\"user_login\" required=\"required\">\n\t\t\t\t<\/label>\n\t\t\t<\/p>\n\n\t\t\t\n\t\t\t\t\t\t<p class=\"tb_lostpassword_submit tf_right\">\n\t\t\t\t<button>Reset Password<\/button>\n\t\t\t<\/p>\n\n\t\t\t<div class=\"tb_login_links tf_left tf_box\">\n\t\t\t\t<a href=\"https:\/\/www.fileasbl.be\/membres\/wp-login.php\">Log In<\/a>\n\t\t\t<\/div>\n\t\t<\/form>\n\n\t    <\/div>\n<\/div><!-- \/module login --><!-- module text -->\n<div  class=\"module module-text tb_swzu848   \" data-lazy=\"1\">\n        <div  class=\"tb_text_wrap\">\n    <h3 class=\"module-title\" contenteditable=\"true\" data-name=\"mod_title_image\"><a href=\"https:\/\/www.fileasbl.be\/membres\/accueil\/rapport-activites-2024-vdef-mise-en-page\/\" rel=\"attachment wp-att-33535\">Rapport d&rsquo;activit\u00e9s 2024 disponible ici !<\/a><\/h3>    <\/div>\n<\/div>\n<!-- \/module text -->\t        <\/div>\n\t    \t<\/div>\n\t\t    <\/div>\n\t    <!-- \/row_inner -->\n\t<\/div>\n\t<!-- \/module_row -->\n\t\t<!-- module_row -->\n\t<div  data-lazy=\"1\" class=\"module_row themify_builder_row tb_c18afb1 tf_clearfix\">\n\t    \t\t<div class=\"row_inner col_align_top col-count-1 tf_box tf_w tf_rel\">\n\t\t\t<div  data-lazy=\"1\" class=\"module_column tb-column col-full first tb_e9336e3 repeat tf_box\">\n\t\t\t    \t        <div class=\"tb-column-inner tf_box tf_w\">\n\t\t    <!-- module text -->\n<div  class=\"module module-text tb_fa31536  repeat  wow\" data-tf-animation=\"zoomInLeft\" data-lazy=\"1\">\n        <div  class=\"tb_text_wrap\">\n    <h2><strong>Derniers articles<\/strong><\/h2>\n<hr>    <\/div>\n<\/div>\n<!-- \/module text --><div  class=\"module tf_clearfix themify_builder_slider_wrap module-slider tb_x1s0814  slider-default  \" data-lazy=\"1\">\n        <div class=\"themify_builder_slider tf_carousel tf_swiper-container tf_rel tf_overflow\" data-lazy=\"1\"\t\t    data-tbreakpoints=\"1024\"\n\t\t    data-mbreakpoints=\"480\"\n\tdata-visible=\"5\"\n\tdata-tab-visible=\"1\"\n\tdata-mob-visible=\"1\"\n\tdata-scroll=\"1\"\n\t\t    \t\t    \tdata-speed=\"1\"\n\tdata-wrapvar=\"1\"\n\tdata-slider_nav=\"1\"\n\tdata-pager=\"1\"\n\tdata-effect=\"scroll\" \n\tdata-height=\"auto\"\n\tdata-horizontal=\"0\"\n\t\t    data-css_url=\"https:\/\/www.fileasbl.be\/membres\/wp-content\/themes\/themify-ultra\/themify\/themify-builder\/css\/modules\/sliders\/carousel.css,https:\/\/www.fileasbl.be\/membres\/wp-content\/themes\/themify-ultra\/themify\/themify-builder\/css\/modules\/sliders\/slider.css\"\n\t>\n\t\t    <div class=\"tf_swiper-wrapper tf_lazy tf_rel tf_w tf_h tf_textc\">\n\t            <div class=\"tf_swiper-slide\">\n            <div class=\"slide-inner-wrap\" style=\"margin-left:5px;\">\n                                                                <figure class=\"tf_lazy slide-image\">\n                                                            <img src=\"data:image\/svg+xml;charset=UTF-8,%3Csvg%20xmlns%3D%22http%3A%2F%2Fwww.w3.org%2F2000%2Fsvg%22%20width%3D%22400%22%20height%3D%22200%22%3E%3Cg%20fill%3D%22%23ffffff%22%3E%3Crect%20width%3D%22133%22%20height%3D%2250%22%2F%3E%3Crect%20width%3D%22133%22%20height%3D%2250%22%20x%3D%22133%22%2F%3E%3Crect%20width%3D%22133%22%20height%3D%2250%22%20fill%3D%22%23fbd544%22%20x%3D%22266%22%2F%3E%3Crect%20width%3D%22133%22%20height%3D%2250%22%20y%3D%2250%22%2F%3E%3Crect%20width%3D%22133%22%20height%3D%2250%22%20x%3D%22133%22%20y%3D%2250%22%2F%3E%3Crect%20width%3D%22133%22%20height%3D%2250%22%20fill%3D%22%238e847e%22%20x%3D%22266%22%20y%3D%2250%22%2F%3E%3Crect%20width%3D%22133%22%20height%3D%2250%22%20y%3D%22100%22%2F%3E%3Crect%20width%3D%22133%22%20height%3D%2250%22%20x%3D%22133%22%20y%3D%22100%22%2F%3E%3Crect%20width%3D%22133%22%20height%3D%2250%22%20fill%3D%22%23389dc1%22%20x%3D%22266%22%20y%3D%22100%22%2F%3E%3Crect%20width%3D%22133%22%20height%3D%2250%22%20y%3D%22150%22%2F%3E%3Crect%20width%3D%22133%22%20height%3D%2250%22%20x%3D%22133%22%20y%3D%22150%22%2F%3E%3Crect%20width%3D%22133%22%20height%3D%2250%22%20fill%3D%22%2371bcdd%22%20x%3D%22266%22%20y%3D%22150%22%2F%3E%3C%2Fg%3E%3C%2Fsvg%3E\" data-lazy=\"1\" loading=\"lazy\" decoding=\"async\" data-tf-src=\"https:\/\/www.fileasbl.be\/membres\/wp-content\/uploads\/2026\/04\/b3225344-5590-01b8-b8f8-1435604180e2-1024x468-400x200.png\" width=\"400\" height=\"200\" class=\"tf_svg_lazy wp-post-image wp-image-34347\" title=\"b3225344-5590-01b8-b8f8-1435604180e2\" alt=\"b3225344-5590-01b8-b8f8-1435604180e2\"><noscript><img loading=\"lazy\" decoding=\"async\" data-tf-not-load src=\"https:\/\/www.fileasbl.be\/membres\/wp-content\/uploads\/2026\/04\/b3225344-5590-01b8-b8f8-1435604180e2-1024x468-400x200.png\" width=\"400\" height=\"200\" class=\"wp-post-image wp-image-34347\" title=\"b3225344-5590-01b8-b8f8-1435604180e2\" alt=\"b3225344-5590-01b8-b8f8-1435604180e2\"><\/noscript>                                                    <\/figure>\n                                                            \n                                    <div class=\"slide-content tb_text_wrap\">\n                        \t\t\t\t\t\t\t\t\t\t\t\t\t\t<h3 class=\"slide-title\">\n\t\t\t\t\t\t\t\t\t\t\t\t\t\t\t\t\t\t<a href=\"https:\/\/www.fileasbl.be\/membres\/journee-bulle-dair-pour-les-directions-2026-ouverture-des-inscriptions\/\"  \n\t\t\t\t\t\t\t\t\t\t    target=\"_blank\" rel=\"noopener\"\t\t\t\t\t\t\t\t\t\t   >\n\t\t\t\t\t\t\t\t\t\t   Journ\u00e9e bulle d&rsquo;air pour les directions 2026 : ouverture des inscriptions\t\t\t\t\t\t\t\t\t\t<\/a>\n\t\t\t\t\t\t\t\t\t\t\t\t\t\t\t<\/h3>\n\t\t\t\t\t\t\t                        \t\t\t\t\t\t                            <time datetime=\"2026-04-29\" class=\"post-date\">29 avril 2026<\/time>\n\t\t\t\t\t\t                                                                    <\/div>\n                    <!-- \/slide-content -->\n                            <\/div>\n        <\/div>\n                <div class=\"tf_swiper-slide\">\n            <div class=\"slide-inner-wrap\" style=\"margin-left:5px;\">\n                                                                <figure class=\"tf_lazy slide-image\">\n                                                            <img src=\"data:image\/svg+xml;charset=UTF-8,%3Csvg%20xmlns%3D%22http%3A%2F%2Fwww.w3.org%2F2000%2Fsvg%22%20width%3D%22400%22%20height%3D%22200%22%3E%3Cg%20fill%3D%22%23ffffff%22%3E%3Crect%20width%3D%22133%22%20height%3D%2250%22%2F%3E%3Crect%20width%3D%22133%22%20height%3D%2250%22%20fill%3D%22%23fad02c%22%20x%3D%22133%22%2F%3E%3Crect%20width%3D%22133%22%20height%3D%2250%22%20x%3D%22266%22%2F%3E%3Crect%20width%3D%22133%22%20height%3D%2250%22%20fill%3D%22%23997f1a%22%20y%3D%2250%22%2F%3E%3Crect%20width%3D%22133%22%20height%3D%2250%22%20fill%3D%22%23000000%22%20x%3D%22133%22%20y%3D%2250%22%2F%3E%3Crect%20width%3D%22133%22%20height%3D%2250%22%20fill%3D%22%23fad02c%22%20x%3D%22266%22%20y%3D%2250%22%2F%3E%3Crect%20width%3D%22133%22%20height%3D%2250%22%20fill%3D%22%23fad02c%22%20y%3D%22100%22%2F%3E%3Crect%20width%3D%22133%22%20height%3D%2250%22%20fill%3D%22%23e4d9ce%22%20x%3D%22133%22%20y%3D%22100%22%2F%3E%3Crect%20width%3D%22133%22%20height%3D%2250%22%20fill%3D%22%23fad02c%22%20x%3D%22266%22%20y%3D%22100%22%2F%3E%3Crect%20width%3D%22133%22%20height%3D%2250%22%20fill%3D%22%23fad02c%22%20y%3D%22150%22%2F%3E%3Crect%20width%3D%22133%22%20height%3D%2250%22%20fill%3D%22%23fad02c%22%20x%3D%22133%22%20y%3D%22150%22%2F%3E%3Crect%20width%3D%22133%22%20height%3D%2250%22%20fill%3D%22%23fad02c%22%20x%3D%22266%22%20y%3D%22150%22%2F%3E%3C%2Fg%3E%3C%2Fsvg%3E\" data-lazy=\"1\" loading=\"lazy\" decoding=\"async\" data-tf-src=\"https:\/\/www.fileasbl.be\/membres\/wp-content\/uploads\/2026\/04\/Save-1024x512-400x200.png\" width=\"400\" height=\"200\" class=\"tf_svg_lazy wp-post-image wp-image-34337\" title=\"Save\" alt=\"Save\" data-tf-srcset=\"https:\/\/www.fileasbl.be\/membres\/wp-content\/uploads\/2026\/04\/Save-1024x512-400x200.png 400w, https:\/\/www.fileasbl.be\/membres\/wp-content\/uploads\/2026\/04\/Save-300x150.png 300w, https:\/\/www.fileasbl.be\/membres\/wp-content\/uploads\/2026\/04\/Save-1024x512.png 1024w, https:\/\/www.fileasbl.be\/membres\/wp-content\/uploads\/2026\/04\/Save-768x384.png 768w, https:\/\/www.fileasbl.be\/membres\/wp-content\/uploads\/2026\/04\/Save-1536x768.png 1536w, https:\/\/www.fileasbl.be\/membres\/wp-content\/uploads\/2026\/04\/Save-2048x1024.png 2048w, https:\/\/www.fileasbl.be\/membres\/wp-content\/uploads\/2026\/04\/Save-1024x512-350x175.png 350w\" data-tf-sizes=\"auto, (max-width: 400px) 100vw, 400px\" \/><noscript><img loading=\"lazy\" decoding=\"async\" data-tf-not-load src=\"https:\/\/www.fileasbl.be\/membres\/wp-content\/uploads\/2026\/04\/Save-1024x512-400x200.png\" width=\"400\" height=\"200\" class=\"wp-post-image wp-image-34337\" title=\"Save\" alt=\"Save\" srcset=\"https:\/\/www.fileasbl.be\/membres\/wp-content\/uploads\/2026\/04\/Save-1024x512-400x200.png 400w, https:\/\/www.fileasbl.be\/membres\/wp-content\/uploads\/2026\/04\/Save-300x150.png 300w, https:\/\/www.fileasbl.be\/membres\/wp-content\/uploads\/2026\/04\/Save-1024x512.png 1024w, https:\/\/www.fileasbl.be\/membres\/wp-content\/uploads\/2026\/04\/Save-768x384.png 768w, https:\/\/www.fileasbl.be\/membres\/wp-content\/uploads\/2026\/04\/Save-1536x768.png 1536w, https:\/\/www.fileasbl.be\/membres\/wp-content\/uploads\/2026\/04\/Save-2048x1024.png 2048w, https:\/\/www.fileasbl.be\/membres\/wp-content\/uploads\/2026\/04\/Save-1024x512-350x175.png 350w\" sizes=\"auto, (max-width: 400px) 100vw, 400px\" \/><\/noscript>                                                    <\/figure>\n                                                            \n                                    <div class=\"slide-content tb_text_wrap\">\n                        \t\t\t\t\t\t\t\t\t\t\t\t\t\t<h3 class=\"slide-title\">\n\t\t\t\t\t\t\t\t\t\t\t\t\t\t\t\t\t\t<a href=\"https:\/\/www.fileasbl.be\/membres\/11-juin-2026-ag-de-la-file-et-conference-arnaud-deroo\/\"  \n\t\t\t\t\t\t\t\t\t\t    target=\"_blank\" rel=\"noopener\"\t\t\t\t\t\t\t\t\t\t   >\n\t\t\t\t\t\t\t\t\t\t   11 juin 2026 &#8211; AG de la FILE et Conf\u00e9rence Arnaud Deroo\t\t\t\t\t\t\t\t\t\t<\/a>\n\t\t\t\t\t\t\t\t\t\t\t\t\t\t\t<\/h3>\n\t\t\t\t\t\t\t                        \t\t\t\t\t\t                            <time datetime=\"2026-04-29\" class=\"post-date\">29 avril 2026<\/time>\n\t\t\t\t\t\t                                                                    <\/div>\n                    <!-- \/slide-content -->\n                            <\/div>\n        <\/div>\n                <div class=\"tf_swiper-slide\">\n            <div class=\"slide-inner-wrap\" style=\"margin-left:5px;\">\n                                                                <figure class=\"tf_lazy slide-image\">\n                                                            <img src=\"data:image\/svg+xml;charset=UTF-8,%3Csvg%20xmlns%3D%22http%3A%2F%2Fwww.w3.org%2F2000%2Fsvg%22%20width%3D%22400%22%20height%3D%22200%22%3E%3Cg%20fill%3D%22%23545454%22%3E%3Crect%20width%3D%22133%22%20height%3D%2250%22%2F%3E%3Crect%20width%3D%22133%22%20height%3D%2250%22%20x%3D%22133%22%2F%3E%3Crect%20width%3D%22133%22%20height%3D%2250%22%20x%3D%22266%22%2F%3E%3Crect%20width%3D%22133%22%20height%3D%2250%22%20y%3D%2250%22%2F%3E%3Crect%20width%3D%22133%22%20height%3D%2250%22%20x%3D%22133%22%20y%3D%2250%22%2F%3E%3Crect%20width%3D%22133%22%20height%3D%2250%22%20x%3D%22266%22%20y%3D%2250%22%2F%3E%3Crect%20width%3D%22133%22%20height%3D%2250%22%20y%3D%22100%22%2F%3E%3Crect%20width%3D%22133%22%20height%3D%2250%22%20x%3D%22133%22%20y%3D%22100%22%2F%3E%3Crect%20width%3D%22133%22%20height%3D%2250%22%20x%3D%22266%22%20y%3D%22100%22%2F%3E%3Crect%20width%3D%22133%22%20height%3D%2250%22%20fill%3D%22%23565556%22%20y%3D%22150%22%2F%3E%3Crect%20width%3D%22133%22%20height%3D%2250%22%20x%3D%22133%22%20y%3D%22150%22%2F%3E%3Crect%20width%3D%22133%22%20height%3D%2250%22%20fill%3D%22%23c6cbb1%22%20x%3D%22266%22%20y%3D%22150%22%2F%3E%3C%2Fg%3E%3C%2Fsvg%3E\" data-lazy=\"1\" loading=\"lazy\" decoding=\"async\" data-tf-src=\"https:\/\/www.fileasbl.be\/membres\/wp-content\/uploads\/2026\/04\/545454-1-1024x512-400x200.png\" width=\"400\" height=\"200\" class=\"tf_svg_lazy wp-post-image wp-image-34324\" title=\"#545454\" alt=\"#545454\" data-tf-srcset=\"https:\/\/www.fileasbl.be\/membres\/wp-content\/uploads\/2026\/04\/545454-1-1024x512-400x200.png 400w, https:\/\/www.fileasbl.be\/membres\/wp-content\/uploads\/2026\/04\/545454-1-300x150.png 300w, https:\/\/www.fileasbl.be\/membres\/wp-content\/uploads\/2026\/04\/545454-1-1024x512.png 1024w, https:\/\/www.fileasbl.be\/membres\/wp-content\/uploads\/2026\/04\/545454-1-768x384.png 768w, https:\/\/www.fileasbl.be\/membres\/wp-content\/uploads\/2026\/04\/545454-1-1536x768.png 1536w, https:\/\/www.fileasbl.be\/membres\/wp-content\/uploads\/2026\/04\/545454-1-2048x1024.png 2048w, https:\/\/www.fileasbl.be\/membres\/wp-content\/uploads\/2026\/04\/545454-1-1024x512-350x175.png 350w\" data-tf-sizes=\"auto, (max-width: 400px) 100vw, 400px\" \/><noscript><img loading=\"lazy\" decoding=\"async\" data-tf-not-load src=\"https:\/\/www.fileasbl.be\/membres\/wp-content\/uploads\/2026\/04\/545454-1-1024x512-400x200.png\" width=\"400\" height=\"200\" class=\"wp-post-image wp-image-34324\" title=\"#545454\" alt=\"#545454\" srcset=\"https:\/\/www.fileasbl.be\/membres\/wp-content\/uploads\/2026\/04\/545454-1-1024x512-400x200.png 400w, https:\/\/www.fileasbl.be\/membres\/wp-content\/uploads\/2026\/04\/545454-1-300x150.png 300w, https:\/\/www.fileasbl.be\/membres\/wp-content\/uploads\/2026\/04\/545454-1-1024x512.png 1024w, https:\/\/www.fileasbl.be\/membres\/wp-content\/uploads\/2026\/04\/545454-1-768x384.png 768w, https:\/\/www.fileasbl.be\/membres\/wp-content\/uploads\/2026\/04\/545454-1-1536x768.png 1536w, https:\/\/www.fileasbl.be\/membres\/wp-content\/uploads\/2026\/04\/545454-1-2048x1024.png 2048w, https:\/\/www.fileasbl.be\/membres\/wp-content\/uploads\/2026\/04\/545454-1-1024x512-350x175.png 350w\" sizes=\"auto, (max-width: 400px) 100vw, 400px\" \/><\/noscript>                                                    <\/figure>\n                                                            \n                                    <div class=\"slide-content tb_text_wrap\">\n                        \t\t\t\t\t\t\t\t\t\t\t\t\t\t<h3 class=\"slide-title\">\n\t\t\t\t\t\t\t\t\t\t\t\t\t\t\t\t\t\t<a href=\"https:\/\/www.fileasbl.be\/membres\/colloque-file-asbl-13-octobre-2026-bitume-paquerettes-et-si-chaque-espace-exterieur-devenait-une-opportunite\/\"  \n\t\t\t\t\t\t\t\t\t\t    target=\"_blank\" rel=\"noopener\"\t\t\t\t\t\t\t\t\t\t   >\n\t\t\t\t\t\t\t\t\t\t   Colloque FILE asbl 13 octobre 2026 \u00ab\u00a0Bitume &amp; P\u00e2querettes : Et si chaque espace ext\u00e9rieur devenait une opportunit\u00e9 ?\u00a0\u00bb\t\t\t\t\t\t\t\t\t\t<\/a>\n\t\t\t\t\t\t\t\t\t\t\t\t\t\t\t<\/h3>\n\t\t\t\t\t\t\t                        \t\t\t\t\t\t                            <time datetime=\"2026-04-28\" class=\"post-date\">28 avril 2026<\/time>\n\t\t\t\t\t\t                                                                    <\/div>\n                    <!-- \/slide-content -->\n                            <\/div>\n        <\/div>\n                <div class=\"tf_swiper-slide\">\n            <div class=\"slide-inner-wrap\" style=\"margin-left:5px;\">\n                                                                <figure class=\"tf_lazy slide-image\">\n                                                            <img src=\"data:image\/svg+xml;charset=UTF-8,%3Csvg%20xmlns%3D%22http%3A%2F%2Fwww.w3.org%2F2000%2Fsvg%22%20width%3D%22400%22%20height%3D%22200%22%3E%3Cg%20fill%3D%22%23ffffff%22%3E%3Crect%20width%3D%22133%22%20height%3D%2250%22%2F%3E%3Crect%20width%3D%22133%22%20height%3D%2250%22%20fill%3D%22%23c8d3f3%22%20x%3D%22133%22%2F%3E%3Crect%20width%3D%22133%22%20height%3D%2250%22%20x%3D%22266%22%2F%3E%3Crect%20width%3D%22133%22%20height%3D%2250%22%20y%3D%2250%22%2F%3E%3Crect%20width%3D%22133%22%20height%3D%2250%22%20fill%3D%22%23504c58%22%20x%3D%22133%22%20y%3D%2250%22%2F%3E%3Crect%20width%3D%22133%22%20height%3D%2250%22%20fill%3D%22%2331a167%22%20x%3D%22266%22%20y%3D%2250%22%2F%3E%3Crect%20width%3D%22133%22%20height%3D%2250%22%20y%3D%22100%22%2F%3E%3Crect%20width%3D%22133%22%20height%3D%2250%22%20fill%3D%22%23dbe2f9%22%20x%3D%22133%22%20y%3D%22100%22%2F%3E%3Crect%20width%3D%22133%22%20height%3D%2250%22%20fill%3D%22%23c39181%22%20x%3D%22266%22%20y%3D%22100%22%2F%3E%3Crect%20width%3D%22133%22%20height%3D%2250%22%20y%3D%22150%22%2F%3E%3Crect%20width%3D%22133%22%20height%3D%2250%22%20fill%3D%22%23c3cff0%22%20x%3D%22133%22%20y%3D%22150%22%2F%3E%3Crect%20width%3D%22133%22%20height%3D%2250%22%20fill%3D%22%23dc5555%22%20x%3D%22266%22%20y%3D%22150%22%2F%3E%3C%2Fg%3E%3C%2Fsvg%3E\" data-lazy=\"1\" loading=\"lazy\" decoding=\"async\" data-tf-src=\"https:\/\/www.fileasbl.be\/membres\/wp-content\/uploads\/2026\/03\/Article-GL-marchandisation-1024x512-400x200.png\" width=\"400\" height=\"200\" class=\"tf_svg_lazy wp-post-image wp-image-34250\" title=\"Article GL marchandisation\" alt=\"Article GL marchandisation\" data-tf-srcset=\"https:\/\/www.fileasbl.be\/membres\/wp-content\/uploads\/2026\/03\/Article-GL-marchandisation-1024x512-400x200.png 400w, https:\/\/www.fileasbl.be\/membres\/wp-content\/uploads\/2026\/03\/Article-GL-marchandisation-300x150.png 300w, https:\/\/www.fileasbl.be\/membres\/wp-content\/uploads\/2026\/03\/Article-GL-marchandisation-1024x512.png 1024w, https:\/\/www.fileasbl.be\/membres\/wp-content\/uploads\/2026\/03\/Article-GL-marchandisation-768x384.png 768w, https:\/\/www.fileasbl.be\/membres\/wp-content\/uploads\/2026\/03\/Article-GL-marchandisation-1536x768.png 1536w, https:\/\/www.fileasbl.be\/membres\/wp-content\/uploads\/2026\/03\/Article-GL-marchandisation-2048x1024.png 2048w, https:\/\/www.fileasbl.be\/membres\/wp-content\/uploads\/2026\/03\/Article-GL-marchandisation-1024x512-350x175.png 350w\" data-tf-sizes=\"auto, (max-width: 400px) 100vw, 400px\" \/><noscript><img loading=\"lazy\" decoding=\"async\" data-tf-not-load src=\"https:\/\/www.fileasbl.be\/membres\/wp-content\/uploads\/2026\/03\/Article-GL-marchandisation-1024x512-400x200.png\" width=\"400\" height=\"200\" class=\"wp-post-image wp-image-34250\" title=\"Article GL marchandisation\" alt=\"Article GL marchandisation\" srcset=\"https:\/\/www.fileasbl.be\/membres\/wp-content\/uploads\/2026\/03\/Article-GL-marchandisation-1024x512-400x200.png 400w, https:\/\/www.fileasbl.be\/membres\/wp-content\/uploads\/2026\/03\/Article-GL-marchandisation-300x150.png 300w, https:\/\/www.fileasbl.be\/membres\/wp-content\/uploads\/2026\/03\/Article-GL-marchandisation-1024x512.png 1024w, https:\/\/www.fileasbl.be\/membres\/wp-content\/uploads\/2026\/03\/Article-GL-marchandisation-768x384.png 768w, https:\/\/www.fileasbl.be\/membres\/wp-content\/uploads\/2026\/03\/Article-GL-marchandisation-1536x768.png 1536w, https:\/\/www.fileasbl.be\/membres\/wp-content\/uploads\/2026\/03\/Article-GL-marchandisation-2048x1024.png 2048w, https:\/\/www.fileasbl.be\/membres\/wp-content\/uploads\/2026\/03\/Article-GL-marchandisation-1024x512-350x175.png 350w\" sizes=\"auto, (max-width: 400px) 100vw, 400px\" \/><\/noscript>                                                    <\/figure>\n                                                            \n                                    <div class=\"slide-content tb_text_wrap\">\n                        \t\t\t\t\t\t\t\t\t\t\t\t\t\t<h3 class=\"slide-title\">\n\t\t\t\t\t\t\t\t\t\t\t\t\t\t\t\t\t\t<a href=\"https:\/\/www.fileasbl.be\/membres\/les-creches-un-enjeu-de-societe-pas-un-marche\/\"  \n\t\t\t\t\t\t\t\t\t\t    target=\"_blank\" rel=\"noopener\"\t\t\t\t\t\t\t\t\t\t   >\n\t\t\t\t\t\t\t\t\t\t   Les cr\u00e8ches : un enjeu de soci\u00e9t\u00e9, pas un march\u00e9\t\t\t\t\t\t\t\t\t\t<\/a>\n\t\t\t\t\t\t\t\t\t\t\t\t\t\t\t<\/h3>\n\t\t\t\t\t\t\t                        \t\t\t\t\t\t                            <time datetime=\"2026-03-17\" class=\"post-date\">17 mars 2026<\/time>\n\t\t\t\t\t\t                                                                    <\/div>\n                    <!-- \/slide-content -->\n                            <\/div>\n        <\/div>\n                <div class=\"tf_swiper-slide\">\n            <div class=\"slide-inner-wrap\" style=\"margin-left:5px;\">\n                                                                <figure class=\"tf_lazy slide-image\">\n                                                            <img src=\"data:image\/svg+xml;charset=UTF-8,%3Csvg%20xmlns%3D%22http%3A%2F%2Fwww.w3.org%2F2000%2Fsvg%22%20width%3D%22400%22%20height%3D%22200%22%3E%3Cg%20fill%3D%22%23c32146%22%3E%3Crect%20width%3D%22133%22%20height%3D%2250%22%2F%3E%3Crect%20width%3D%22133%22%20height%3D%2250%22%20fill%3D%22%23ffe8ef%22%20x%3D%22133%22%2F%3E%3Crect%20width%3D%22133%22%20height%3D%2250%22%20fill%3D%22%23c86e78%22%20x%3D%22266%22%2F%3E%3Crect%20width%3D%22133%22%20height%3D%2250%22%20fill%3D%22%23a12e3f%22%20y%3D%2250%22%2F%3E%3Crect%20width%3D%22133%22%20height%3D%2250%22%20fill%3D%22%23ffebf2%22%20x%3D%22133%22%20y%3D%2250%22%2F%3E%3Crect%20width%3D%22133%22%20height%3D%2250%22%20fill%3D%22%23ffeaef%22%20x%3D%22266%22%20y%3D%2250%22%2F%3E%3Crect%20width%3D%22133%22%20height%3D%2250%22%20fill%3D%22%23faedc3%22%20y%3D%22100%22%2F%3E%3Crect%20width%3D%22133%22%20height%3D%2250%22%20fill%3D%22%23fffbe5%22%20x%3D%22133%22%20y%3D%22100%22%2F%3E%3Crect%20width%3D%22133%22%20height%3D%2250%22%20fill%3D%22%23ffded9%22%20x%3D%22266%22%20y%3D%22100%22%2F%3E%3Crect%20width%3D%22133%22%20height%3D%2250%22%20fill%3D%22%23919386%22%20y%3D%22150%22%2F%3E%3Crect%20width%3D%22133%22%20height%3D%2250%22%20fill%3D%22%23ab2b42%22%20x%3D%22133%22%20y%3D%22150%22%2F%3E%3Crect%20width%3D%22133%22%20height%3D%2250%22%20fill%3D%22%23cfdb53%22%20x%3D%22266%22%20y%3D%22150%22%2F%3E%3C%2Fg%3E%3C%2Fsvg%3E\" data-lazy=\"1\" loading=\"lazy\" decoding=\"async\" data-tf-src=\"https:\/\/www.fileasbl.be\/membres\/wp-content\/uploads\/2024\/01\/Badges-Extrascool-2024-400x200.jpg\" width=\"400\" height=\"200\" class=\"tf_svg_lazy wp-post-image wp-image-31399\" title=\"Badges Extrascool 2024\" alt=\"Badges Extrascool 2024\"><noscript><img loading=\"lazy\" decoding=\"async\" data-tf-not-load src=\"https:\/\/www.fileasbl.be\/membres\/wp-content\/uploads\/2024\/01\/Badges-Extrascool-2024-400x200.jpg\" width=\"400\" height=\"200\" class=\"wp-post-image wp-image-31399\" title=\"Badges Extrascool 2024\" alt=\"Badges Extrascool 2024\"><\/noscript>                                                    <\/figure>\n                                                            \n                                    <div class=\"slide-content tb_text_wrap\">\n                        \t\t\t\t\t\t\t\t\t\t\t\t\t\t<h3 class=\"slide-title\">\n\t\t\t\t\t\t\t\t\t\t\t\t\t\t\t\t\t\t<a href=\"https:\/\/www.fileasbl.be\/membres\/cinquieme-edition-de-la-journee-extrascool-un-franc-succes\/\"  \n\t\t\t\t\t\t\t\t\t\t    target=\"_blank\" rel=\"noopener\"\t\t\t\t\t\t\t\t\t\t   >\n\t\t\t\t\t\t\t\t\t\t   Cinqui\u00e8me \u00e9dition de la journ\u00e9e extrasCOOL : Un franc succ\u00e8s !\t\t\t\t\t\t\t\t\t\t<\/a>\n\t\t\t\t\t\t\t\t\t\t\t\t\t\t\t<\/h3>\n\t\t\t\t\t\t\t                        \t\t\t\t\t\t                            <time datetime=\"2026-02-06\" class=\"post-date\">6 f\u00e9vrier 2026<\/time>\n\t\t\t\t\t\t                                                                    <\/div>\n                    <!-- \/slide-content -->\n                            <\/div>\n        <\/div>\n                <div class=\"tf_swiper-slide\">\n            <div class=\"slide-inner-wrap\" style=\"margin-left:5px;\">\n                                \n                                    <div class=\"slide-content tb_text_wrap\">\n                        \t\t\t\t\t\t\t\t\t\t\t\t\t\t<h3 class=\"slide-title\">\n\t\t\t\t\t\t\t\t\t\t\t\t\t\t\t\t\t\t<a href=\"https:\/\/www.fileasbl.be\/membres\/en-bref-secteur-prive-fin-de-carriere-renouvellement-des-conventions-collectives-du-travail\/\"  \n\t\t\t\t\t\t\t\t\t\t    target=\"_blank\" rel=\"noopener\"\t\t\t\t\t\t\t\t\t\t   >\n\t\t\t\t\t\t\t\t\t\t   En bref &#8211; Secteur priv\u00e9\u00a0\u2013 Fin de carri\u00e8re \u2013 renouvellement des Conventions collectives du Travail\t\t\t\t\t\t\t\t\t\t<\/a>\n\t\t\t\t\t\t\t\t\t\t\t\t\t\t\t<\/h3>\n\t\t\t\t\t\t\t                        \t\t\t\t\t\t                            <time datetime=\"2026-01-12\" class=\"post-date\">12 janvier 2026<\/time>\n\t\t\t\t\t\t                                                                    <\/div>\n                    <!-- \/slide-content -->\n                            <\/div>\n        <\/div>\n                <div class=\"tf_swiper-slide\">\n            <div class=\"slide-inner-wrap\" style=\"margin-left:5px;\">\n                                \n                                    <div class=\"slide-content tb_text_wrap\">\n                        \t\t\t\t\t\t\t\t\t\t\t\t\t\t<h3 class=\"slide-title\">\n\t\t\t\t\t\t\t\t\t\t\t\t\t\t\t\t\t\t<a href=\"https:\/\/www.fileasbl.be\/membres\/en-bref-depassement-de-lindice-pivot-et-indexation-des-subventions\/\"  \n\t\t\t\t\t\t\t\t\t\t    target=\"_blank\" rel=\"noopener\"\t\t\t\t\t\t\t\t\t\t   >\n\t\t\t\t\t\t\t\t\t\t   En bref &#8211; D\u00e9passement de l&rsquo;indice pivot et indexation des subventions\t\t\t\t\t\t\t\t\t\t<\/a>\n\t\t\t\t\t\t\t\t\t\t\t\t\t\t\t<\/h3>\n\t\t\t\t\t\t\t                        \t\t\t\t\t\t                            <time datetime=\"2026-01-12\" class=\"post-date\">12 janvier 2026<\/time>\n\t\t\t\t\t\t                                                                    <\/div>\n                    <!-- \/slide-content -->\n                            <\/div>\n        <\/div>\n                <div class=\"tf_swiper-slide\">\n            <div class=\"slide-inner-wrap\" style=\"margin-left:5px;\">\n                                \n                                    <div class=\"slide-content tb_text_wrap\">\n                        \t\t\t\t\t\t\t\t\t\t\t\t\t\t<h3 class=\"slide-title\">\n\t\t\t\t\t\t\t\t\t\t\t\t\t\t\t\t\t\t<a href=\"https:\/\/www.fileasbl.be\/membres\/en-bref-secteur-prive-federal-learning-account-clap-de-fin\/\"  \n\t\t\t\t\t\t\t\t\t\t    target=\"_blank\" rel=\"noopener\"\t\t\t\t\t\t\t\t\t\t   >\n\t\t\t\t\t\t\t\t\t\t   En bref &#8211; Secteur priv\u00e9\u00a0&#8211; Federal Learning Account &#8211; clap de Fin\t\t\t\t\t\t\t\t\t\t<\/a>\n\t\t\t\t\t\t\t\t\t\t\t\t\t\t\t<\/h3>\n\t\t\t\t\t\t\t                        \t\t\t\t\t\t                            <time datetime=\"2026-01-12\" class=\"post-date\">12 janvier 2026<\/time>\n\t\t\t\t\t\t                                                                    <\/div>\n                    <!-- \/slide-content -->\n                            <\/div>\n        <\/div>\n                <div class=\"tf_swiper-slide\">\n            <div class=\"slide-inner-wrap\" style=\"margin-left:5px;\">\n                                                                <figure class=\"tf_lazy slide-image\">\n                                                            <img src=\"data:image\/svg+xml;charset=UTF-8,%3Csvg%20xmlns%3D%22http%3A%2F%2Fwww.w3.org%2F2000%2Fsvg%22%20width%3D%22400%22%20height%3D%22200%22%3E%3Cg%20fill%3D%22%23fce1bb%22%3E%3Crect%20width%3D%22133%22%20height%3D%2250%22%2F%3E%3Crect%20width%3D%22133%22%20height%3D%2250%22%20fill%3D%22%237b95f9%22%20x%3D%22133%22%2F%3E%3Crect%20width%3D%22133%22%20height%3D%2250%22%20fill%3D%22%237b95f9%22%20x%3D%22266%22%2F%3E%3Crect%20width%3D%22133%22%20height%3D%2250%22%20fill%3D%22%23fbeeec%22%20y%3D%2250%22%2F%3E%3Crect%20width%3D%22133%22%20height%3D%2250%22%20fill%3D%22%237b95f9%22%20x%3D%22133%22%20y%3D%2250%22%2F%3E%3Crect%20width%3D%22133%22%20height%3D%2250%22%20fill%3D%22%237b95f9%22%20x%3D%22266%22%20y%3D%2250%22%2F%3E%3Crect%20width%3D%22133%22%20height%3D%2250%22%20fill%3D%22%23fbeeec%22%20y%3D%22100%22%2F%3E%3Crect%20width%3D%22133%22%20height%3D%2250%22%20fill%3D%22%23f26c6e%22%20x%3D%22133%22%20y%3D%22100%22%2F%3E%3Crect%20width%3D%22133%22%20height%3D%2250%22%20fill%3D%22%23fbeeec%22%20x%3D%22266%22%20y%3D%22100%22%2F%3E%3Crect%20width%3D%22133%22%20height%3D%2250%22%20fill%3D%22%23fadfde%22%20y%3D%22150%22%2F%3E%3Crect%20width%3D%22133%22%20height%3D%2250%22%20fill%3D%22%23fec045%22%20x%3D%22133%22%20y%3D%22150%22%2F%3E%3Crect%20width%3D%22133%22%20height%3D%2250%22%20fill%3D%22%23f26b6d%22%20x%3D%22266%22%20y%3D%22150%22%2F%3E%3C%2Fg%3E%3C%2Fsvg%3E\" data-lazy=\"1\" loading=\"lazy\" decoding=\"async\" data-tf-src=\"https:\/\/www.fileasbl.be\/membres\/wp-content\/uploads\/2023\/10\/Image-mise-en-avant-1-400x200.png\" width=\"400\" height=\"200\" class=\"tf_svg_lazy wp-post-image wp-image-31217\" title=\"Image mise en avant\" alt=\"Image mise en avant\"><noscript><img loading=\"lazy\" decoding=\"async\" data-tf-not-load src=\"https:\/\/www.fileasbl.be\/membres\/wp-content\/uploads\/2023\/10\/Image-mise-en-avant-1-400x200.png\" width=\"400\" height=\"200\" class=\"wp-post-image wp-image-31217\" title=\"Image mise en avant\" alt=\"Image mise en avant\"><\/noscript>                                                    <\/figure>\n                                                            \n                                    <div class=\"slide-content tb_text_wrap\">\n                        \t\t\t\t\t\t\t\t\t\t\t\t\t\t<h3 class=\"slide-title\">\n\t\t\t\t\t\t\t\t\t\t\t\t\t\t\t\t\t\t<a href=\"https:\/\/www.fileasbl.be\/membres\/en-bref-attestations-fiscales-pour-deduction-des-frais-de-garde-2025\/\"  \n\t\t\t\t\t\t\t\t\t\t    target=\"_blank\" rel=\"noopener\"\t\t\t\t\t\t\t\t\t\t   >\n\t\t\t\t\t\t\t\t\t\t   En bref &#8211; Attestations fiscales pour d\u00e9duction des frais de garde 2025\t\t\t\t\t\t\t\t\t\t<\/a>\n\t\t\t\t\t\t\t\t\t\t\t\t\t\t\t<\/h3>\n\t\t\t\t\t\t\t                        \t\t\t\t\t\t                            <time datetime=\"2026-01-12\" class=\"post-date\">12 janvier 2026<\/time>\n\t\t\t\t\t\t                                                                    <\/div>\n                    <!-- \/slide-content -->\n                            <\/div>\n        <\/div>\n                <div class=\"tf_swiper-slide\">\n            <div class=\"slide-inner-wrap\" style=\"margin-left:5px;\">\n                                                                <figure class=\"tf_lazy slide-image\">\n                                                            <img src=\"data:image\/svg+xml;charset=UTF-8,%3Csvg%20xmlns%3D%22http%3A%2F%2Fwww.w3.org%2F2000%2Fsvg%22%20width%3D%22400%22%20height%3D%22200%22%3E%3Cg%20fill%3D%22%23e6ac8a%22%3E%3Crect%20width%3D%22133%22%20height%3D%2250%22%2F%3E%3Crect%20width%3D%22133%22%20height%3D%2250%22%20fill%3D%22%23927a73%22%20x%3D%22133%22%2F%3E%3Crect%20width%3D%22133%22%20height%3D%2250%22%20fill%3D%22%238f7f82%22%20x%3D%22266%22%2F%3E%3Crect%20width%3D%22133%22%20height%3D%2250%22%20fill%3D%22%23ffb19b%22%20y%3D%2250%22%2F%3E%3Crect%20width%3D%22133%22%20height%3D%2250%22%20fill%3D%22%23e36f65%22%20x%3D%22133%22%20y%3D%2250%22%2F%3E%3Crect%20width%3D%22133%22%20height%3D%2250%22%20fill%3D%22%23ffffff%22%20x%3D%22266%22%20y%3D%2250%22%2F%3E%3Crect%20width%3D%22133%22%20height%3D%2250%22%20fill%3D%22%23bad1bf%22%20y%3D%22100%22%2F%3E%3Crect%20width%3D%22133%22%20height%3D%2250%22%20fill%3D%22%23d88479%22%20x%3D%22133%22%20y%3D%22100%22%2F%3E%3Crect%20width%3D%22133%22%20height%3D%2250%22%20fill%3D%22%23fdceb9%22%20x%3D%22266%22%20y%3D%22100%22%2F%3E%3Crect%20width%3D%22133%22%20height%3D%2250%22%20fill%3D%22%23bad1bf%22%20y%3D%22150%22%2F%3E%3Crect%20width%3D%22133%22%20height%3D%2250%22%20fill%3D%22%23ffc666%22%20x%3D%22133%22%20y%3D%22150%22%2F%3E%3Crect%20width%3D%22133%22%20height%3D%2250%22%20fill%3D%22%23ffc4b0%22%20x%3D%22266%22%20y%3D%22150%22%2F%3E%3C%2Fg%3E%3C%2Fsvg%3E\" data-lazy=\"1\" loading=\"lazy\" decoding=\"async\" data-tf-src=\"https:\/\/www.fileasbl.be\/membres\/wp-content\/uploads\/2023\/10\/Reprise-danciennete-1024x256-400x200.png\" width=\"400\" height=\"200\" class=\"tf_svg_lazy wp-post-image wp-image-30881\" title=\"Reprise d&#039;anciennet\u00e9\" alt=\"Reprise d&#039;anciennet\u00e9\"><noscript><img loading=\"lazy\" decoding=\"async\" data-tf-not-load src=\"https:\/\/www.fileasbl.be\/membres\/wp-content\/uploads\/2023\/10\/Reprise-danciennete-1024x256-400x200.png\" width=\"400\" height=\"200\" class=\"wp-post-image wp-image-30881\" title=\"Reprise d&#039;anciennet\u00e9\" alt=\"Reprise d&#039;anciennet\u00e9\"><\/noscript>                                                    <\/figure>\n                                                            \n                                    <div class=\"slide-content tb_text_wrap\">\n                        \t\t\t\t\t\t\t\t\t\t\t\t\t\t<h3 class=\"slide-title\">\n\t\t\t\t\t\t\t\t\t\t\t\t\t\t\t\t\t\t<a href=\"https:\/\/www.fileasbl.be\/membres\/demarrage-2026-coup-doeil-sur-les-nouveautes-en-droit-social\/\"  \n\t\t\t\t\t\t\t\t\t\t    target=\"_blank\" rel=\"noopener\"\t\t\t\t\t\t\t\t\t\t   >\n\t\t\t\t\t\t\t\t\t\t   D\u00e9marrage 2026 : coup d&rsquo;\u0153il sur les nouveaut\u00e9s en droit social\t\t\t\t\t\t\t\t\t\t<\/a>\n\t\t\t\t\t\t\t\t\t\t\t\t\t\t\t<\/h3>\n\t\t\t\t\t\t\t                        \t\t\t\t\t\t                            <time datetime=\"2026-01-12\" class=\"post-date\">12 janvier 2026<\/time>\n\t\t\t\t\t\t                                                                    <\/div>\n                    <!-- \/slide-content -->\n                            <\/div>\n        <\/div>\n                <div class=\"tf_swiper-slide\">\n            <div class=\"slide-inner-wrap\" style=\"margin-left:5px;\">\n                                                                <figure class=\"tf_lazy slide-image\">\n                                                            <img src=\"data:image\/svg+xml;charset=UTF-8,%3Csvg%20xmlns%3D%22http%3A%2F%2Fwww.w3.org%2F2000%2Fsvg%22%20width%3D%22400%22%20height%3D%22200%22%3E%3Cg%20fill%3D%22%23e6ac8a%22%3E%3Crect%20width%3D%22133%22%20height%3D%2250%22%2F%3E%3Crect%20width%3D%22133%22%20height%3D%2250%22%20fill%3D%22%23927a73%22%20x%3D%22133%22%2F%3E%3Crect%20width%3D%22133%22%20height%3D%2250%22%20fill%3D%22%238f7f82%22%20x%3D%22266%22%2F%3E%3Crect%20width%3D%22133%22%20height%3D%2250%22%20fill%3D%22%23ffb19b%22%20y%3D%2250%22%2F%3E%3Crect%20width%3D%22133%22%20height%3D%2250%22%20fill%3D%22%23e36f65%22%20x%3D%22133%22%20y%3D%2250%22%2F%3E%3Crect%20width%3D%22133%22%20height%3D%2250%22%20fill%3D%22%23ffffff%22%20x%3D%22266%22%20y%3D%2250%22%2F%3E%3Crect%20width%3D%22133%22%20height%3D%2250%22%20fill%3D%22%23bad1bf%22%20y%3D%22100%22%2F%3E%3Crect%20width%3D%22133%22%20height%3D%2250%22%20fill%3D%22%23d88479%22%20x%3D%22133%22%20y%3D%22100%22%2F%3E%3Crect%20width%3D%22133%22%20height%3D%2250%22%20fill%3D%22%23fdceb9%22%20x%3D%22266%22%20y%3D%22100%22%2F%3E%3Crect%20width%3D%22133%22%20height%3D%2250%22%20fill%3D%22%23bad1bf%22%20y%3D%22150%22%2F%3E%3Crect%20width%3D%22133%22%20height%3D%2250%22%20fill%3D%22%23ffc666%22%20x%3D%22133%22%20y%3D%22150%22%2F%3E%3Crect%20width%3D%22133%22%20height%3D%2250%22%20fill%3D%22%23ffc4b0%22%20x%3D%22266%22%20y%3D%22150%22%2F%3E%3C%2Fg%3E%3C%2Fsvg%3E\" data-lazy=\"1\" loading=\"lazy\" decoding=\"async\" data-tf-src=\"https:\/\/www.fileasbl.be\/membres\/wp-content\/uploads\/2023\/10\/Reprise-danciennete-1024x256-400x200.png\" width=\"400\" height=\"200\" class=\"tf_svg_lazy wp-post-image wp-image-30881\" title=\"Reprise d&#039;anciennet\u00e9\" alt=\"Reprise d&#039;anciennet\u00e9\"><noscript><img loading=\"lazy\" decoding=\"async\" data-tf-not-load src=\"https:\/\/www.fileasbl.be\/membres\/wp-content\/uploads\/2023\/10\/Reprise-danciennete-1024x256-400x200.png\" width=\"400\" height=\"200\" class=\"wp-post-image wp-image-30881\" title=\"Reprise d&#039;anciennet\u00e9\" alt=\"Reprise d&#039;anciennet\u00e9\"><\/noscript>                                                    <\/figure>\n                                                            \n                                    <div class=\"slide-content tb_text_wrap\">\n                        \t\t\t\t\t\t\t\t\t\t\t\t\t\t<h3 class=\"slide-title\">\n\t\t\t\t\t\t\t\t\t\t\t\t\t\t\t\t\t\t<a href=\"https:\/\/www.fileasbl.be\/membres\/prime-exceptionnelle-2025-pour-le-personnel-daccueil\/\"  \n\t\t\t\t\t\t\t\t\t\t    target=\"_blank\" rel=\"noopener\"\t\t\t\t\t\t\t\t\t\t   >\n\t\t\t\t\t\t\t\t\t\t   Prime exceptionnelle 2025 pour le personnel d&rsquo;accueil\t\t\t\t\t\t\t\t\t\t<\/a>\n\t\t\t\t\t\t\t\t\t\t\t\t\t\t\t<\/h3>\n\t\t\t\t\t\t\t                        \t\t\t\t\t\t                            <time datetime=\"2025-12-15\" class=\"post-date\">15 d\u00e9cembre 2025<\/time>\n\t\t\t\t\t\t                                                                    <\/div>\n                    <!-- \/slide-content -->\n                            <\/div>\n        <\/div>\n                <div class=\"tf_swiper-slide\">\n            <div class=\"slide-inner-wrap\" style=\"margin-left:5px;\">\n                                                                <figure class=\"tf_lazy slide-image\">\n                                                            <img src=\"data:image\/svg+xml;charset=UTF-8,%3Csvg%20xmlns%3D%22http%3A%2F%2Fwww.w3.org%2F2000%2Fsvg%22%20width%3D%22400%22%20height%3D%22200%22%3E%3Cg%20fill%3D%22%23fef3e5%22%3E%3Crect%20width%3D%22133%22%20height%3D%2250%22%2F%3E%3Crect%20width%3D%22133%22%20height%3D%2250%22%20x%3D%22133%22%2F%3E%3Crect%20width%3D%22133%22%20height%3D%2250%22%20fill%3D%22%23fbecdb%22%20x%3D%22266%22%2F%3E%3Crect%20width%3D%22133%22%20height%3D%2250%22%20fill%3D%22%23eccdb2%22%20y%3D%2250%22%2F%3E%3Crect%20width%3D%22133%22%20height%3D%2250%22%20fill%3D%22%23a6978b%22%20x%3D%22133%22%20y%3D%2250%22%2F%3E%3Crect%20width%3D%22133%22%20height%3D%2250%22%20fill%3D%22%23f0d5bc%22%20x%3D%22266%22%20y%3D%2250%22%2F%3E%3Crect%20width%3D%22133%22%20height%3D%2250%22%20fill%3D%22%23e8c3a5%22%20y%3D%22100%22%2F%3E%3Crect%20width%3D%22133%22%20height%3D%2250%22%20fill%3D%22%23f3c2b3%22%20x%3D%22133%22%20y%3D%22100%22%2F%3E%3Crect%20width%3D%22133%22%20height%3D%2250%22%20fill%3D%22%23d8b9a5%22%20x%3D%22266%22%20y%3D%22100%22%2F%3E%3Crect%20width%3D%22133%22%20height%3D%2250%22%20fill%3D%22%23e8c3a5%22%20y%3D%22150%22%2F%3E%3Crect%20width%3D%22133%22%20height%3D%2250%22%20fill%3D%22%23f1c46e%22%20x%3D%22133%22%20y%3D%22150%22%2F%3E%3Crect%20width%3D%22133%22%20height%3D%2250%22%20fill%3D%22%23e4bb9b%22%20x%3D%22266%22%20y%3D%22150%22%2F%3E%3C%2Fg%3E%3C%2Fsvg%3E\" data-lazy=\"1\" loading=\"lazy\" decoding=\"async\" data-tf-src=\"https:\/\/www.fileasbl.be\/membres\/wp-content\/uploads\/2025\/12\/Capture-decran-2025-12-04-111021-400x200.png\" width=\"400\" height=\"200\" class=\"tf_svg_lazy wp-post-image wp-image-34109\" title=\"Capture d&#039;\u00e9cran 2025-12-04 111021\" alt=\"Capture d&#039;\u00e9cran 2025-12-04 111021\"><noscript><img loading=\"lazy\" decoding=\"async\" data-tf-not-load src=\"https:\/\/www.fileasbl.be\/membres\/wp-content\/uploads\/2025\/12\/Capture-decran-2025-12-04-111021-400x200.png\" width=\"400\" height=\"200\" class=\"wp-post-image wp-image-34109\" title=\"Capture d&#039;\u00e9cran 2025-12-04 111021\" alt=\"Capture d&#039;\u00e9cran 2025-12-04 111021\"><\/noscript>                                                    <\/figure>\n                                                            \n                                    <div class=\"slide-content tb_text_wrap\">\n                        \t\t\t\t\t\t\t\t\t\t\t\t\t\t<h3 class=\"slide-title\">\n\t\t\t\t\t\t\t\t\t\t\t\t\t\t\t\t\t\t<a href=\"https:\/\/www.fileasbl.be\/membres\/extrascool-2026\/\"  \n\t\t\t\t\t\t\t\t\t\t    target=\"_blank\" rel=\"noopener\"\t\t\t\t\t\t\t\t\t\t   >\n\t\t\t\t\t\t\t\t\t\t   ExtrasCOOL 2026\t\t\t\t\t\t\t\t\t\t<\/a>\n\t\t\t\t\t\t\t\t\t\t\t\t\t\t\t<\/h3>\n\t\t\t\t\t\t\t                        \t\t\t\t\t\t                            <time datetime=\"2025-12-05\" class=\"post-date\">5 d\u00e9cembre 2025<\/time>\n\t\t\t\t\t\t                                                                    <\/div>\n                    <!-- \/slide-content -->\n                            <\/div>\n        <\/div>\n                <div class=\"tf_swiper-slide\">\n            <div class=\"slide-inner-wrap\" style=\"margin-left:5px;\">\n                                                                <figure class=\"tf_lazy slide-image\">\n                                                            <img src=\"data:image\/svg+xml;charset=UTF-8,%3Csvg%20xmlns%3D%22http%3A%2F%2Fwww.w3.org%2F2000%2Fsvg%22%20width%3D%22400%22%20height%3D%22200%22%3E%3Cg%20fill%3D%22%2337383d%22%3E%3Crect%20width%3D%22133%22%20height%3D%2250%22%2F%3E%3Crect%20width%3D%22133%22%20height%3D%2250%22%20fill%3D%22%23363940%22%20x%3D%22133%22%2F%3E%3Crect%20width%3D%22133%22%20height%3D%2250%22%20fill%3D%22%234f4f57%22%20x%3D%22266%22%2F%3E%3Crect%20width%3D%22133%22%20height%3D%2250%22%20fill%3D%22%233a3b40%22%20y%3D%2250%22%2F%3E%3Crect%20width%3D%22133%22%20height%3D%2250%22%20fill%3D%22%23424348%22%20x%3D%22133%22%20y%3D%2250%22%2F%3E%3Crect%20width%3D%22133%22%20height%3D%2250%22%20fill%3D%22%23494953%22%20x%3D%22266%22%20y%3D%2250%22%2F%3E%3Crect%20width%3D%22133%22%20height%3D%2250%22%20fill%3D%22%23ebeff8%22%20y%3D%22100%22%2F%3E%3Crect%20width%3D%22133%22%20height%3D%2250%22%20fill%3D%22%2345464b%22%20x%3D%22133%22%20y%3D%22100%22%2F%3E%3Crect%20width%3D%22133%22%20height%3D%2250%22%20fill%3D%22%234a4a52%22%20x%3D%22266%22%20y%3D%22100%22%2F%3E%3Crect%20width%3D%22133%22%20height%3D%2250%22%20fill%3D%22%2347484d%22%20y%3D%22150%22%2F%3E%3Crect%20width%3D%22133%22%20height%3D%2250%22%20fill%3D%22%2343434b%22%20x%3D%22133%22%20y%3D%22150%22%2F%3E%3Crect%20width%3D%22133%22%20height%3D%2250%22%20fill%3D%22%2344444c%22%20x%3D%22266%22%20y%3D%22150%22%2F%3E%3C%2Fg%3E%3C%2Fsvg%3E\" data-lazy=\"1\" loading=\"lazy\" decoding=\"async\" data-tf-src=\"https:\/\/www.fileasbl.be\/membres\/wp-content\/uploads\/2025\/11\/IMG_6473-1024x683-400x200.jpg\" width=\"400\" height=\"200\" class=\"tf_svg_lazy wp-post-image wp-image-34054\" title=\"IMG_6473\" alt=\"IMG_6473\"><noscript><img loading=\"lazy\" decoding=\"async\" data-tf-not-load src=\"https:\/\/www.fileasbl.be\/membres\/wp-content\/uploads\/2025\/11\/IMG_6473-1024x683-400x200.jpg\" width=\"400\" height=\"200\" class=\"wp-post-image wp-image-34054\" title=\"IMG_6473\" alt=\"IMG_6473\"><\/noscript>                                                    <\/figure>\n                                                            \n                                    <div class=\"slide-content tb_text_wrap\">\n                        \t\t\t\t\t\t\t\t\t\t\t\t\t\t<h3 class=\"slide-title\">\n\t\t\t\t\t\t\t\t\t\t\t\t\t\t\t\t\t\t<a href=\"https:\/\/www.fileasbl.be\/membres\/colloque-2025-neurosciences-et-developpement-de-lenfant-et-si-on-tentait-litinerance-ludique\/\"  \n\t\t\t\t\t\t\t\t\t\t    target=\"_blank\" rel=\"noopener\"\t\t\t\t\t\t\t\t\t\t   >\n\t\t\t\t\t\t\t\t\t\t   Colloque 2025 \u2013 \u00ab\u00a0Neurosciences et d\u00e9veloppement de l\u2019enfant : Et si on tentait l\u2019itin\u00e9rance ludique\u2026 ?\u00a0\u00bb\t\t\t\t\t\t\t\t\t\t<\/a>\n\t\t\t\t\t\t\t\t\t\t\t\t\t\t\t<\/h3>\n\t\t\t\t\t\t\t                        \t\t\t\t\t\t                            <time datetime=\"2025-12-04\" class=\"post-date\">4 d\u00e9cembre 2025<\/time>\n\t\t\t\t\t\t                                                                    <\/div>\n                    <!-- \/slide-content -->\n                            <\/div>\n        <\/div>\n                <div class=\"tf_swiper-slide\">\n            <div class=\"slide-inner-wrap\" style=\"margin-left:5px;\">\n                                                                <figure class=\"tf_lazy slide-image\">\n                                                            <img src=\"data:image\/svg+xml;charset=UTF-8,%3Csvg%20xmlns%3D%22http%3A%2F%2Fwww.w3.org%2F2000%2Fsvg%22%20width%3D%22400%22%20height%3D%22200%22%3E%3Cg%20fill%3D%22%23c7b489%22%3E%3Crect%20width%3D%22133%22%20height%3D%2250%22%2F%3E%3Crect%20width%3D%22133%22%20height%3D%2250%22%20x%3D%22133%22%2F%3E%3Crect%20width%3D%22133%22%20height%3D%2250%22%20fill%3D%22%23b15900%22%20x%3D%22266%22%2F%3E%3Crect%20width%3D%22133%22%20height%3D%2250%22%20y%3D%2250%22%2F%3E%3Crect%20width%3D%22133%22%20height%3D%2250%22%20x%3D%22133%22%20y%3D%2250%22%2F%3E%3Crect%20width%3D%22133%22%20height%3D%2250%22%20fill%3D%22%23b15900%22%20x%3D%22266%22%20y%3D%2250%22%2F%3E%3Crect%20width%3D%22133%22%20height%3D%2250%22%20fill%3D%22%23c7b387%22%20y%3D%22100%22%2F%3E%3Crect%20width%3D%22133%22%20height%3D%2250%22%20x%3D%22133%22%20y%3D%22100%22%2F%3E%3Crect%20width%3D%22133%22%20height%3D%2250%22%20fill%3D%22%23b15900%22%20x%3D%22266%22%20y%3D%22100%22%2F%3E%3Crect%20width%3D%22133%22%20height%3D%2250%22%20fill%3D%22%23bc7934%22%20y%3D%22150%22%2F%3E%3Crect%20width%3D%22133%22%20height%3D%2250%22%20x%3D%22133%22%20y%3D%22150%22%2F%3E%3Crect%20width%3D%22133%22%20height%3D%2250%22%20fill%3D%22%23b15900%22%20x%3D%22266%22%20y%3D%22150%22%2F%3E%3C%2Fg%3E%3C%2Fsvg%3E\" data-lazy=\"1\" loading=\"lazy\" decoding=\"async\" data-tf-src=\"https:\/\/www.fileasbl.be\/membres\/wp-content\/uploads\/2025\/07\/Capture-decran-2025-07-25-160115-400x200.png\" width=\"400\" height=\"200\" class=\"tf_svg_lazy wp-post-image wp-image-33583\" title=\"Capture d&#039;\u00e9cran 2025-07-25 160115\" alt=\"Capture d&#039;\u00e9cran 2025-07-25 160115\"><noscript><img loading=\"lazy\" decoding=\"async\" data-tf-not-load src=\"https:\/\/www.fileasbl.be\/membres\/wp-content\/uploads\/2025\/07\/Capture-decran-2025-07-25-160115-400x200.png\" width=\"400\" height=\"200\" class=\"wp-post-image wp-image-33583\" title=\"Capture d&#039;\u00e9cran 2025-07-25 160115\" alt=\"Capture d&#039;\u00e9cran 2025-07-25 160115\"><\/noscript>                                                    <\/figure>\n                                                            \n                                    <div class=\"slide-content tb_text_wrap\">\n                        \t\t\t\t\t\t\t\t\t\t\t\t\t\t<h3 class=\"slide-title\">\n\t\t\t\t\t\t\t\t\t\t\t\t\t\t\t\t\t\t<a href=\"https:\/\/www.fileasbl.be\/membres\/negocier-avec-les-syndicats-dans-mon-association-formation-juridique\/\"  \n\t\t\t\t\t\t\t\t\t\t    target=\"_blank\" rel=\"noopener\"\t\t\t\t\t\t\t\t\t\t   >\n\t\t\t\t\t\t\t\t\t\t   N\u00e9gocier avec les syndicats dans mon association &#8211; formation juridique\t\t\t\t\t\t\t\t\t\t<\/a>\n\t\t\t\t\t\t\t\t\t\t\t\t\t\t\t<\/h3>\n\t\t\t\t\t\t\t                        \t\t\t\t\t\t                            <time datetime=\"2025-10-14\" class=\"post-date\">14 octobre 2025<\/time>\n\t\t\t\t\t\t                                                                    <\/div>\n                    <!-- \/slide-content -->\n                            <\/div>\n        <\/div>\n                <div class=\"tf_swiper-slide\">\n            <div class=\"slide-inner-wrap\" style=\"margin-left:5px;\">\n                                                                <figure class=\"tf_lazy slide-image\">\n                                                            <img src=\"data:image\/svg+xml;charset=UTF-8,%3Csvg%20xmlns%3D%22http%3A%2F%2Fwww.w3.org%2F2000%2Fsvg%22%20width%3D%22400%22%20height%3D%22200%22%3E%3Cg%20fill%3D%22%237f84a2%22%3E%3Crect%20width%3D%22133%22%20height%3D%2250%22%2F%3E%3Crect%20width%3D%22133%22%20height%3D%2250%22%20fill%3D%22%235d8eb7%22%20x%3D%22133%22%2F%3E%3Crect%20width%3D%22133%22%20height%3D%2250%22%20fill%3D%22%23fffffa%22%20x%3D%22266%22%2F%3E%3Crect%20width%3D%22133%22%20height%3D%2250%22%20fill%3D%22%23e3e3e1%22%20y%3D%2250%22%2F%3E%3Crect%20width%3D%22133%22%20height%3D%2250%22%20fill%3D%22%23f0bf0d%22%20x%3D%22133%22%20y%3D%2250%22%2F%3E%3Crect%20width%3D%22133%22%20height%3D%2250%22%20fill%3D%22%23eeeff3%22%20x%3D%22266%22%20y%3D%2250%22%2F%3E%3Crect%20width%3D%22133%22%20height%3D%2250%22%20fill%3D%22%23e4e4e2%22%20y%3D%22100%22%2F%3E%3Crect%20width%3D%22133%22%20height%3D%2250%22%20fill%3D%22%232364c8%22%20x%3D%22133%22%20y%3D%22100%22%2F%3E%3Crect%20width%3D%22133%22%20height%3D%2250%22%20fill%3D%22%23e1c9bf%22%20x%3D%22266%22%20y%3D%22100%22%2F%3E%3Crect%20width%3D%22133%22%20height%3D%2250%22%20fill%3D%22%23e9eae5%22%20y%3D%22150%22%2F%3E%3Crect%20width%3D%22133%22%20height%3D%2250%22%20fill%3D%22%23704803%22%20x%3D%22133%22%20y%3D%22150%22%2F%3E%3Crect%20width%3D%22133%22%20height%3D%2250%22%20fill%3D%22%23baafa9%22%20x%3D%22266%22%20y%3D%22150%22%2F%3E%3C%2Fg%3E%3C%2Fsvg%3E\" data-lazy=\"1\" loading=\"lazy\" decoding=\"async\" data-tf-src=\"https:\/\/www.fileasbl.be\/membres\/wp-content\/uploads\/2019\/08\/Milac-une-1024x536-400x200.jpg\" width=\"400\" height=\"200\" class=\"tf_svg_lazy wp-post-image wp-image-7066\" title=\"Milac une\" alt=\"Milac une\"><noscript><img loading=\"lazy\" decoding=\"async\" data-tf-not-load src=\"https:\/\/www.fileasbl.be\/membres\/wp-content\/uploads\/2019\/08\/Milac-une-1024x536-400x200.jpg\" width=\"400\" height=\"200\" class=\"wp-post-image wp-image-7066\" title=\"Milac une\" alt=\"Milac une\"><\/noscript>                                                    <\/figure>\n                                                            \n                                    <div class=\"slide-content tb_text_wrap\">\n                        \t\t\t\t\t\t\t\t\t\t\t\t\t\t<h3 class=\"slide-title\">\n\t\t\t\t\t\t\t\t\t\t\t\t\t\t\t\t\t\t<a href=\"https:\/\/www.fileasbl.be\/membres\/report-des-vacances-annuelles-en-cas-dincapacite-de-travail-regime-applicable-des-lannee-de-vacances-2024-2\/\"  \n\t\t\t\t\t\t\t\t\t\t    target=\"_blank\" rel=\"noopener\"\t\t\t\t\t\t\t\t\t\t   >\n\t\t\t\t\t\t\t\t\t\t   Report des vacances annuelles en cas d&rsquo;incapacit\u00e9 de travail, r\u00e9gime applicable d\u00e8s l&rsquo;ann\u00e9e de vacances 2024\t\t\t\t\t\t\t\t\t\t<\/a>\n\t\t\t\t\t\t\t\t\t\t\t\t\t\t\t<\/h3>\n\t\t\t\t\t\t\t                        \t\t\t\t\t\t                            <time datetime=\"2025-09-19\" class=\"post-date\">19 septembre 2025<\/time>\n\t\t\t\t\t\t                                                                    <\/div>\n                    <!-- \/slide-content -->\n                            <\/div>\n        <\/div>\n                <div class=\"tf_swiper-slide\">\n            <div class=\"slide-inner-wrap\" style=\"margin-left:5px;\">\n                                \n                                    <div class=\"slide-content tb_text_wrap\">\n                        \t\t\t\t\t\t\t\t\t\t\t\t\t\t<h3 class=\"slide-title\">\n\t\t\t\t\t\t\t\t\t\t\t\t\t\t\t\t\t\t<a href=\"https:\/\/www.fileasbl.be\/membres\/save-the-date-nouvelle-reforme-ape-webinaire\/\"  \n\t\t\t\t\t\t\t\t\t\t    target=\"_blank\" rel=\"noopener\"\t\t\t\t\t\t\t\t\t\t   >\n\t\t\t\t\t\t\t\t\t\t   Nouvelle r\u00e9forme APE\t\t\t\t\t\t\t\t\t\t<\/a>\n\t\t\t\t\t\t\t\t\t\t\t\t\t\t\t<\/h3>\n\t\t\t\t\t\t\t                        \t\t\t\t\t\t                            <time datetime=\"2025-08-28\" class=\"post-date\">28 ao\u00fbt 2025<\/time>\n\t\t\t\t\t\t                                                                    <\/div>\n                    <!-- \/slide-content -->\n                            <\/div>\n        <\/div>\n                <div class=\"tf_swiper-slide\">\n            <div class=\"slide-inner-wrap\" style=\"margin-left:5px;\">\n                                \n                                    <div class=\"slide-content tb_text_wrap\">\n                        \t\t\t\t\t\t\t\t\t\t\t\t\t\t<h3 class=\"slide-title\">\n\t\t\t\t\t\t\t\t\t\t\t\t\t\t\t\t\t\t<a href=\"https:\/\/www.fileasbl.be\/membres\/33818-2\/\"  \n\t\t\t\t\t\t\t\t\t\t    target=\"_blank\" rel=\"noopener\"\t\t\t\t\t\t\t\t\t\t   >\n\t\t\t\t\t\t\t\t\t\t   Nouveaut\u00e9s pour les femmes enceintes et\/ou allaitantes\t\t\t\t\t\t\t\t\t\t<\/a>\n\t\t\t\t\t\t\t\t\t\t\t\t\t\t\t<\/h3>\n\t\t\t\t\t\t\t                        \t\t\t\t\t\t                            <time datetime=\"2025-08-26\" class=\"post-date\">26 ao\u00fbt 2025<\/time>\n\t\t\t\t\t\t                                                                    <\/div>\n                    <!-- \/slide-content -->\n                            <\/div>\n        <\/div>\n                <div class=\"tf_swiper-slide\">\n            <div class=\"slide-inner-wrap\" style=\"margin-left:5px;\">\n                                \n                                    <div class=\"slide-content tb_text_wrap\">\n                        \t\t\t\t\t\t\t\t\t\t\t\t\t\t<h3 class=\"slide-title\">\n\t\t\t\t\t\t\t\t\t\t\t\t\t\t\t\t\t\t<a href=\"https:\/\/www.fileasbl.be\/membres\/secteur-prive-nouvelle-cct-fin-de-carriere\/\"  \n\t\t\t\t\t\t\t\t\t\t    target=\"_blank\" rel=\"noopener\"\t\t\t\t\t\t\t\t\t\t   >\n\t\t\t\t\t\t\t\t\t\t   Secteur priv\u00e9 &#8211; Nouvelle CCT fin de carri\u00e8re\t\t\t\t\t\t\t\t\t\t<\/a>\n\t\t\t\t\t\t\t\t\t\t\t\t\t\t\t<\/h3>\n\t\t\t\t\t\t\t                        \t\t\t\t\t\t                            <time datetime=\"2025-08-26\" class=\"post-date\">26 ao\u00fbt 2025<\/time>\n\t\t\t\t\t\t                                                                    <\/div>\n                    <!-- \/slide-content -->\n                            <\/div>\n        <\/div>\n                <div class=\"tf_swiper-slide\">\n            <div class=\"slide-inner-wrap\" style=\"margin-left:5px;\">\n                                \n                                    <div class=\"slide-content tb_text_wrap\">\n                        \t\t\t\t\t\t\t\t\t\t\t\t\t\t<h3 class=\"slide-title\">\n\t\t\t\t\t\t\t\t\t\t\t\t\t\t\t\t\t\t<a href=\"https:\/\/www.fileasbl.be\/membres\/secteur-prive-federal-learning-account-nouveau-report-au-1er-janvier-2026\/\"  \n\t\t\t\t\t\t\t\t\t\t    target=\"_blank\" rel=\"noopener\"\t\t\t\t\t\t\t\t\t\t   >\n\t\t\t\t\t\t\t\t\t\t   Secteur priv\u00e9\u00a0&#8211; Federal Learning Account &#8211; nouveau report au 1er\u00a0janvier 2026\t\t\t\t\t\t\t\t\t\t<\/a>\n\t\t\t\t\t\t\t\t\t\t\t\t\t\t\t<\/h3>\n\t\t\t\t\t\t\t                        \t\t\t\t\t\t                            <time datetime=\"2025-08-26\" class=\"post-date\">26 ao\u00fbt 2025<\/time>\n\t\t\t\t\t\t                                                                    <\/div>\n                    <!-- \/slide-content -->\n                            <\/div>\n        <\/div>\n                <div class=\"tf_swiper-slide\">\n            <div class=\"slide-inner-wrap\" style=\"margin-left:5px;\">\n                                \n                                    <div class=\"slide-content tb_text_wrap\">\n                        \t\t\t\t\t\t\t\t\t\t\t\t\t\t<h3 class=\"slide-title\">\n\t\t\t\t\t\t\t\t\t\t\t\t\t\t\t\t\t\t<a href=\"https:\/\/www.fileasbl.be\/membres\/obligations-de-rentree-pour-les-asbl-declaration-dimpots-des-societes-ou-des-personnes-morales\/\"  \n\t\t\t\t\t\t\t\t\t\t    target=\"_blank\" rel=\"noopener\"\t\t\t\t\t\t\t\t\t\t   >\n\t\t\t\t\t\t\t\t\t\t   Obligations de rentr\u00e9e pour les ASBL \u2013 d\u00e9claration d\u2019imp\u00f4ts (des soci\u00e9t\u00e9s ou des personnes morales)\t\t\t\t\t\t\t\t\t\t<\/a>\n\t\t\t\t\t\t\t\t\t\t\t\t\t\t\t<\/h3>\n\t\t\t\t\t\t\t                        \t\t\t\t\t\t                            <time datetime=\"2025-08-26\" class=\"post-date\">26 ao\u00fbt 2025<\/time>\n\t\t\t\t\t\t                                                                    <\/div>\n                    <!-- \/slide-content -->\n                            <\/div>\n        <\/div>\n                <div class=\"tf_swiper-slide\">\n            <div class=\"slide-inner-wrap\" style=\"margin-left:5px;\">\n                                \n                                    <div class=\"slide-content tb_text_wrap\">\n                        \t\t\t\t\t\t\t\t\t\t\t\t\t\t<h3 class=\"slide-title\">\n\t\t\t\t\t\t\t\t\t\t\t\t\t\t\t\t\t\t<a href=\"https:\/\/www.fileasbl.be\/membres\/accueil-0-12-ans-accueillir-des-stagiaires-webinaire-de-presentation-de-loutil-reperes-pour-un-tutorat-organise\/\"  \n\t\t\t\t\t\t\t\t\t\t    target=\"_blank\" rel=\"noopener\"\t\t\t\t\t\t\t\t\t\t   >\n\t\t\t\t\t\t\t\t\t\t   Accueil 0-12 ans\u00a0: Accueillir des stagiaires &#8211; Webinaire de pr\u00e9sentation de l\u2019outil \u2018Rep\u00e8res pour un tutorat organis\u00e9\u2019\t\t\t\t\t\t\t\t\t\t<\/a>\n\t\t\t\t\t\t\t\t\t\t\t\t\t\t\t<\/h3>\n\t\t\t\t\t\t\t                        \t\t\t\t\t\t                            <time datetime=\"2025-08-26\" class=\"post-date\">26 ao\u00fbt 2025<\/time>\n\t\t\t\t\t\t                                                                    <\/div>\n                    <!-- \/slide-content -->\n                            <\/div>\n        <\/div>\n                <div class=\"tf_swiper-slide\">\n            <div class=\"slide-inner-wrap\" style=\"margin-left:5px;\">\n                                \n                                    <div class=\"slide-content tb_text_wrap\">\n                        \t\t\t\t\t\t\t\t\t\t\t\t\t\t<h3 class=\"slide-title\">\n\t\t\t\t\t\t\t\t\t\t\t\t\t\t\t\t\t\t<a href=\"https:\/\/www.fileasbl.be\/membres\/accueil-0-3-ans-suivi-des-fermetures-canicule-et-procedure-de-gestion-de-crise\/\"  \n\t\t\t\t\t\t\t\t\t\t    target=\"_blank\" rel=\"noopener\"\t\t\t\t\t\t\t\t\t\t   >\n\t\t\t\t\t\t\t\t\t\t   Accueil 0-3 ans &#8211; Suivi des fermetures canicule et proc\u00e9dure de gestion de crise\t\t\t\t\t\t\t\t\t\t<\/a>\n\t\t\t\t\t\t\t\t\t\t\t\t\t\t\t<\/h3>\n\t\t\t\t\t\t\t                        \t\t\t\t\t\t                            <time datetime=\"2025-08-26\" class=\"post-date\">26 ao\u00fbt 2025<\/time>\n\t\t\t\t\t\t                                                                    <\/div>\n                    <!-- \/slide-content -->\n                            <\/div>\n        <\/div>\n                <div class=\"tf_swiper-slide\">\n            <div class=\"slide-inner-wrap\" style=\"margin-left:5px;\">\n                                                                <figure class=\"tf_lazy slide-image\">\n                                                            <img src=\"data:image\/svg+xml;charset=UTF-8,%3Csvg%20xmlns%3D%22http%3A%2F%2Fwww.w3.org%2F2000%2Fsvg%22%20width%3D%22400%22%20height%3D%22200%22%3E%3Cg%20fill%3D%22%23f2a44e%22%3E%3Crect%20width%3D%22133%22%20height%3D%2250%22%2F%3E%3Crect%20width%3D%22133%22%20height%3D%2250%22%20x%3D%22133%22%2F%3E%3Crect%20width%3D%22133%22%20height%3D%2250%22%20x%3D%22266%22%2F%3E%3Crect%20width%3D%22133%22%20height%3D%2250%22%20y%3D%2250%22%2F%3E%3Crect%20width%3D%22133%22%20height%3D%2250%22%20x%3D%22133%22%20y%3D%2250%22%2F%3E%3Crect%20width%3D%22133%22%20height%3D%2250%22%20x%3D%22266%22%20y%3D%2250%22%2F%3E%3Crect%20width%3D%22133%22%20height%3D%2250%22%20fill%3D%22%23bd9a68%22%20y%3D%22100%22%2F%3E%3Crect%20width%3D%22133%22%20height%3D%2250%22%20fill%3D%22%23d39351%22%20x%3D%22133%22%20y%3D%22100%22%2F%3E%3Crect%20width%3D%22133%22%20height%3D%2250%22%20fill%3D%22%23899180%22%20x%3D%22266%22%20y%3D%22100%22%2F%3E%3Crect%20width%3D%22133%22%20height%3D%2250%22%20y%3D%22150%22%2F%3E%3Crect%20width%3D%22133%22%20height%3D%2250%22%20x%3D%22133%22%20y%3D%22150%22%2F%3E%3Crect%20width%3D%22133%22%20height%3D%2250%22%20x%3D%22266%22%20y%3D%22150%22%2F%3E%3C%2Fg%3E%3C%2Fsvg%3E\" data-lazy=\"1\" loading=\"lazy\" decoding=\"async\" data-tf-src=\"https:\/\/www.fileasbl.be\/membres\/wp-content\/uploads\/2025\/08\/Banniere-infrastructure-1-1-1024x256-400x200.png\" width=\"400\" height=\"200\" class=\"tf_svg_lazy wp-post-image wp-image-33762\" title=\"Banni\u00e8re infrastructure (1)\" alt=\"Banni\u00e8re infrastructure (1)\"><noscript><img loading=\"lazy\" decoding=\"async\" data-tf-not-load src=\"https:\/\/www.fileasbl.be\/membres\/wp-content\/uploads\/2025\/08\/Banniere-infrastructure-1-1-1024x256-400x200.png\" width=\"400\" height=\"200\" class=\"wp-post-image wp-image-33762\" title=\"Banni\u00e8re infrastructure (1)\" alt=\"Banni\u00e8re infrastructure (1)\"><\/noscript>                                                    <\/figure>\n                                                            \n                                    <div class=\"slide-content tb_text_wrap\">\n                        \t\t\t\t\t\t\t\t\t\t\t\t\t\t<h3 class=\"slide-title\">\n\t\t\t\t\t\t\t\t\t\t\t\t\t\t\t\t\t\t<a href=\"https:\/\/www.fileasbl.be\/membres\/infrastructures-subvention-exceptionnelle-2025-pour-les-creches-et-les-saspe-en-difficulte\/\"  \n\t\t\t\t\t\t\t\t\t\t    target=\"_blank\" rel=\"noopener\"\t\t\t\t\t\t\t\t\t\t   >\n\t\t\t\t\t\t\t\t\t\t   Infrastructures &#8211; subvention exceptionnelle 2025 pour les cr\u00e8ches et les SASPE en difficult\u00e9\u00a0\t\t\t\t\t\t\t\t\t\t<\/a>\n\t\t\t\t\t\t\t\t\t\t\t\t\t\t\t<\/h3>\n\t\t\t\t\t\t\t                        \t\t\t\t\t\t                            <time datetime=\"2025-08-25\" class=\"post-date\">25 ao\u00fbt 2025<\/time>\n\t\t\t\t\t\t                                                                    <\/div>\n                    <!-- \/slide-content -->\n                            <\/div>\n        <\/div>\n                <div class=\"tf_swiper-slide\">\n            <div class=\"slide-inner-wrap\" style=\"margin-left:5px;\">\n                                                                <figure class=\"tf_lazy slide-image\">\n                                                            <img src=\"data:image\/svg+xml;charset=UTF-8,%3Csvg%20xmlns%3D%22http%3A%2F%2Fwww.w3.org%2F2000%2Fsvg%22%20width%3D%22400%22%20height%3D%22200%22%3E%3Cg%20fill%3D%22%23c3beb7%22%3E%3Crect%20width%3D%22133%22%20height%3D%2250%22%2F%3E%3Crect%20width%3D%22133%22%20height%3D%2250%22%20fill%3D%22%23cecad0%22%20x%3D%22133%22%2F%3E%3Crect%20width%3D%22133%22%20height%3D%2250%22%20fill%3D%22%23c5c3c9%22%20x%3D%22266%22%2F%3E%3Crect%20width%3D%22133%22%20height%3D%2250%22%20fill%3D%22%23bfb6b2%22%20y%3D%2250%22%2F%3E%3Crect%20width%3D%22133%22%20height%3D%2250%22%20fill%3D%22%2318240a%22%20x%3D%22133%22%20y%3D%2250%22%2F%3E%3Crect%20width%3D%22133%22%20height%3D%2250%22%20fill%3D%22%23a59790%22%20x%3D%22266%22%20y%3D%2250%22%2F%3E%3Crect%20width%3D%22133%22%20height%3D%2250%22%20fill%3D%22%23000000%22%20y%3D%22100%22%2F%3E%3Crect%20width%3D%22133%22%20height%3D%2250%22%20fill%3D%22%2390a879%22%20x%3D%22133%22%20y%3D%22100%22%2F%3E%3Crect%20width%3D%22133%22%20height%3D%2250%22%20fill%3D%22%23c3c0c7%22%20x%3D%22266%22%20y%3D%22100%22%2F%3E%3Crect%20width%3D%22133%22%20height%3D%2250%22%20fill%3D%22%23000000%22%20y%3D%22150%22%2F%3E%3Crect%20width%3D%22133%22%20height%3D%2250%22%20fill%3D%22%23f9ae25%22%20x%3D%22133%22%20y%3D%22150%22%2F%3E%3Crect%20width%3D%22133%22%20height%3D%2250%22%20fill%3D%22%23aad3bc%22%20x%3D%22266%22%20y%3D%22150%22%2F%3E%3C%2Fg%3E%3C%2Fsvg%3E\" data-lazy=\"1\" loading=\"lazy\" decoding=\"async\" data-tf-src=\"https:\/\/www.fileasbl.be\/membres\/wp-content\/uploads\/2022\/12\/Miniature--400x200.png\" width=\"400\" height=\"200\" class=\"tf_svg_lazy wp-post-image wp-image-29917\" title=\"Miniature\" alt=\"Miniature\"><noscript><img loading=\"lazy\" decoding=\"async\" data-tf-not-load src=\"https:\/\/www.fileasbl.be\/membres\/wp-content\/uploads\/2022\/12\/Miniature--400x200.png\" width=\"400\" height=\"200\" class=\"wp-post-image wp-image-29917\" title=\"Miniature\" alt=\"Miniature\"><\/noscript>                                                    <\/figure>\n                                                            \n                                    <div class=\"slide-content tb_text_wrap\">\n                        \t\t\t\t\t\t\t\t\t\t\t\t\t\t<h3 class=\"slide-title\">\n\t\t\t\t\t\t\t\t\t\t\t\t\t\t\t\t\t\t<a href=\"https:\/\/www.fileasbl.be\/membres\/formations-juridiques-2025-2026\/\"  \n\t\t\t\t\t\t\t\t\t\t    target=\"_blank\" rel=\"noopener\"\t\t\t\t\t\t\t\t\t\t   >\n\t\t\t\t\t\t\t\t\t\t   Formations juridiques 2025-2026\t\t\t\t\t\t\t\t\t\t<\/a>\n\t\t\t\t\t\t\t\t\t\t\t\t\t\t\t<\/h3>\n\t\t\t\t\t\t\t                        \t\t\t\t\t\t                            <time datetime=\"2025-07-25\" class=\"post-date\">25 juillet 2025<\/time>\n\t\t\t\t\t\t                                                                    <\/div>\n                    <!-- \/slide-content -->\n                            <\/div>\n        <\/div>\n                <div class=\"tf_swiper-slide\">\n            <div class=\"slide-inner-wrap\" style=\"margin-left:5px;\">\n                                                                <figure class=\"tf_lazy slide-image\">\n                                                            <img src=\"data:image\/svg+xml;charset=UTF-8,%3Csvg%20xmlns%3D%22http%3A%2F%2Fwww.w3.org%2F2000%2Fsvg%22%20width%3D%22400%22%20height%3D%22200%22%3E%3Cg%20fill%3D%22%23000000%22%3E%3Crect%20width%3D%22133%22%20height%3D%2250%22%2F%3E%3Crect%20width%3D%22133%22%20height%3D%2250%22%20fill%3D%22%23ffffff%22%20x%3D%22133%22%2F%3E%3Crect%20width%3D%22133%22%20height%3D%2250%22%20fill%3D%22%23ffffff%22%20x%3D%22266%22%2F%3E%3Crect%20width%3D%22133%22%20height%3D%2250%22%20fill%3D%22%23ffffff%22%20y%3D%2250%22%2F%3E%3Crect%20width%3D%22133%22%20height%3D%2250%22%20fill%3D%22%23ffffff%22%20x%3D%22133%22%20y%3D%2250%22%2F%3E%3Crect%20width%3D%22133%22%20height%3D%2250%22%20fill%3D%22%23ffffff%22%20x%3D%22266%22%20y%3D%2250%22%2F%3E%3Crect%20width%3D%22133%22%20height%3D%2250%22%20y%3D%22100%22%2F%3E%3Crect%20width%3D%22133%22%20height%3D%2250%22%20fill%3D%22%23ffffff%22%20x%3D%22133%22%20y%3D%22100%22%2F%3E%3Crect%20width%3D%22133%22%20height%3D%2250%22%20fill%3D%22%23ffffff%22%20x%3D%22266%22%20y%3D%22100%22%2F%3E%3Crect%20width%3D%22133%22%20height%3D%2250%22%20fill%3D%22%23ffffff%22%20y%3D%22150%22%2F%3E%3Crect%20width%3D%22133%22%20height%3D%2250%22%20fill%3D%22%23ffffff%22%20x%3D%22133%22%20y%3D%22150%22%2F%3E%3Crect%20width%3D%22133%22%20height%3D%2250%22%20fill%3D%22%23ffffff%22%20x%3D%22266%22%20y%3D%22150%22%2F%3E%3C%2Fg%3E%3C%2Fsvg%3E\" data-lazy=\"1\" loading=\"lazy\" decoding=\"async\" data-tf-src=\"https:\/\/www.fileasbl.be\/membres\/wp-content\/uploads\/2025\/06\/Isolement-familles-article-site-e1749738419479-400x200.png\" width=\"400\" height=\"200\" class=\"tf_svg_lazy wp-post-image wp-image-33522\" title=\"Isolement familles article site\" alt=\"Isolement familles article site\"><noscript><img loading=\"lazy\" decoding=\"async\" data-tf-not-load src=\"https:\/\/www.fileasbl.be\/membres\/wp-content\/uploads\/2025\/06\/Isolement-familles-article-site-e1749738419479-400x200.png\" width=\"400\" height=\"200\" class=\"wp-post-image wp-image-33522\" title=\"Isolement familles article site\" alt=\"Isolement familles article site\"><\/noscript>                                                    <\/figure>\n                                                            \n                                    <div class=\"slide-content tb_text_wrap\">\n                        \t\t\t\t\t\t\t\t\t\t\t\t\t\t<h3 class=\"slide-title\">\n\t\t\t\t\t\t\t\t\t\t\t\t\t\t\t\t\t\t<a href=\"https:\/\/www.fileasbl.be\/membres\/isolement-des-familles-ensemble-pour-rompre-le-silence\/\"  \n\t\t\t\t\t\t\t\t\t\t    target=\"_blank\" rel=\"noopener\"\t\t\t\t\t\t\t\t\t\t   >\n\t\t\t\t\t\t\t\t\t\t   Isolement des familles : Ensemble pour rompre le silence\t\t\t\t\t\t\t\t\t\t<\/a>\n\t\t\t\t\t\t\t\t\t\t\t\t\t\t\t<\/h3>\n\t\t\t\t\t\t\t                        \t\t\t\t\t\t                            <time datetime=\"2025-06-12\" class=\"post-date\">12 juin 2025<\/time>\n\t\t\t\t\t\t                                                                    <\/div>\n                    <!-- \/slide-content -->\n                            <\/div>\n        <\/div>\n                <div class=\"tf_swiper-slide\">\n            <div class=\"slide-inner-wrap\" style=\"margin-left:5px;\">\n                                                                <figure class=\"tf_lazy slide-image\">\n                                                            <img src=\"data:image\/svg+xml;charset=UTF-8,%3Csvg%20xmlns%3D%22http%3A%2F%2Fwww.w3.org%2F2000%2Fsvg%22%20width%3D%22400%22%20height%3D%22200%22%3E%3Cg%20fill%3D%22%23fdfaf0%22%3E%3Crect%20width%3D%22133%22%20height%3D%2250%22%2F%3E%3Crect%20width%3D%22133%22%20height%3D%2250%22%20x%3D%22133%22%2F%3E%3Crect%20width%3D%22133%22%20height%3D%2250%22%20fill%3D%22%23fecdc8%22%20x%3D%22266%22%2F%3E%3Crect%20width%3D%22133%22%20height%3D%2250%22%20y%3D%2250%22%2F%3E%3Crect%20width%3D%22133%22%20height%3D%2250%22%20x%3D%22133%22%20y%3D%2250%22%2F%3E%3Crect%20width%3D%22133%22%20height%3D%2250%22%20fill%3D%22%23febdc4%22%20x%3D%22266%22%20y%3D%2250%22%2F%3E%3Crect%20width%3D%22133%22%20height%3D%2250%22%20y%3D%22100%22%2F%3E%3Crect%20width%3D%22133%22%20height%3D%2250%22%20x%3D%22133%22%20y%3D%22100%22%2F%3E%3Crect%20width%3D%22133%22%20height%3D%2250%22%20x%3D%22266%22%20y%3D%22100%22%2F%3E%3Crect%20width%3D%22133%22%20height%3D%2250%22%20fill%3D%22%23fdfdfd%22%20y%3D%22150%22%2F%3E%3Crect%20width%3D%22133%22%20height%3D%2250%22%20fill%3D%22%23fdfdfd%22%20x%3D%22133%22%20y%3D%22150%22%2F%3E%3Crect%20width%3D%22133%22%20height%3D%2250%22%20fill%3D%22%23fdfdfd%22%20x%3D%22266%22%20y%3D%22150%22%2F%3E%3C%2Fg%3E%3C%2Fsvg%3E\" data-lazy=\"1\" loading=\"lazy\" decoding=\"async\" data-tf-src=\"https:\/\/www.fileasbl.be\/membres\/wp-content\/uploads\/2025\/05\/Conference-AG-2025-724x1024-400x200.png\" width=\"400\" height=\"200\" class=\"tf_svg_lazy wp-post-image wp-image-33481\" title=\"Conf\u00e9rence AG 2025\" alt=\"Conf\u00e9rence AG 2025\"><noscript><img loading=\"lazy\" decoding=\"async\" data-tf-not-load src=\"https:\/\/www.fileasbl.be\/membres\/wp-content\/uploads\/2025\/05\/Conference-AG-2025-724x1024-400x200.png\" width=\"400\" height=\"200\" class=\"wp-post-image wp-image-33481\" title=\"Conf\u00e9rence AG 2025\" alt=\"Conf\u00e9rence AG 2025\"><\/noscript>                                                    <\/figure>\n                                                            \n                                    <div class=\"slide-content tb_text_wrap\">\n                        \t\t\t\t\t\t\t\t\t\t\t\t\t\t<h3 class=\"slide-title\">\n\t\t\t\t\t\t\t\t\t\t\t\t\t\t\t\t\t\t<a href=\"https:\/\/www.fileasbl.be\/membres\/colloque-file-asbl-2025-neurosciences-et-developpement-de-lenfant-et-si-on-tentait-litinerance-ludique\/\"  \n\t\t\t\t\t\t\t\t\t\t    target=\"_blank\" rel=\"noopener\"\t\t\t\t\t\t\t\t\t\t   >\n\t\t\t\t\t\t\t\t\t\t   Colloque FILE asbl\u00a02025 &#8211; \u00ab\u00a0Neurosciences et d\u00e9veloppement de l\u2019enfant :Et si on tentait l\u2019itin\u00e9rance ludique\u2026 ?\u00a0\u00bb\t\t\t\t\t\t\t\t\t\t<\/a>\n\t\t\t\t\t\t\t\t\t\t\t\t\t\t\t<\/h3>\n\t\t\t\t\t\t\t                        \t\t\t\t\t\t                            <time datetime=\"2025-05-26\" class=\"post-date\">26 mai 2025<\/time>\n\t\t\t\t\t\t                                                                    <\/div>\n                    <!-- \/slide-content -->\n                            <\/div>\n        <\/div>\n                <div class=\"tf_swiper-slide\">\n            <div class=\"slide-inner-wrap\" style=\"margin-left:5px;\">\n                                                                <figure class=\"tf_lazy slide-image\">\n                                                            <img src=\"data:image\/svg+xml;charset=UTF-8,%3Csvg%20xmlns%3D%22http%3A%2F%2Fwww.w3.org%2F2000%2Fsvg%22%20width%3D%22400%22%20height%3D%22200%22%3E%3Cg%20fill%3D%22%23d6cc83%22%3E%3Crect%20width%3D%22133%22%20height%3D%2250%22%2F%3E%3Crect%20width%3D%22133%22%20height%3D%2250%22%20x%3D%22133%22%2F%3E%3Crect%20width%3D%22133%22%20height%3D%2250%22%20fill%3D%22%23363148%22%20x%3D%22266%22%2F%3E%3Crect%20width%3D%22133%22%20height%3D%2250%22%20y%3D%2250%22%2F%3E%3Crect%20width%3D%22133%22%20height%3D%2250%22%20fill%3D%22%23deb025%22%20x%3D%22133%22%20y%3D%2250%22%2F%3E%3Crect%20width%3D%22133%22%20height%3D%2250%22%20fill%3D%22%234a4450%22%20x%3D%22266%22%20y%3D%2250%22%2F%3E%3Crect%20width%3D%22133%22%20height%3D%2250%22%20y%3D%22100%22%2F%3E%3Crect%20width%3D%22133%22%20height%3D%2250%22%20fill%3D%22%23ee684a%22%20x%3D%22133%22%20y%3D%22100%22%2F%3E%3Crect%20width%3D%22133%22%20height%3D%2250%22%20fill%3D%22%23e49d8f%22%20x%3D%22266%22%20y%3D%22100%22%2F%3E%3Crect%20width%3D%22133%22%20height%3D%2250%22%20y%3D%22150%22%2F%3E%3Crect%20width%3D%22133%22%20height%3D%2250%22%20fill%3D%22%23a19780%22%20x%3D%22133%22%20y%3D%22150%22%2F%3E%3Crect%20width%3D%22133%22%20height%3D%2250%22%20x%3D%22266%22%20y%3D%22150%22%2F%3E%3C%2Fg%3E%3C%2Fsvg%3E\" data-lazy=\"1\" loading=\"lazy\" decoding=\"async\" data-tf-src=\"https:\/\/www.fileasbl.be\/membres\/wp-content\/uploads\/2021\/12\/Image-CA-en-visio-400x200.png\" width=\"400\" height=\"200\" class=\"tf_svg_lazy wp-post-image wp-image-24469\" title=\"Image CA en visio\" alt=\"Image CA en visio\"><noscript><img loading=\"lazy\" decoding=\"async\" data-tf-not-load src=\"https:\/\/www.fileasbl.be\/membres\/wp-content\/uploads\/2021\/12\/Image-CA-en-visio-400x200.png\" width=\"400\" height=\"200\" class=\"wp-post-image wp-image-24469\" title=\"Image CA en visio\" alt=\"Image CA en visio\"><\/noscript>                                                    <\/figure>\n                                                            \n                                    <div class=\"slide-content tb_text_wrap\">\n                        \t\t\t\t\t\t\t\t\t\t\t\t\t\t<h3 class=\"slide-title\">\n\t\t\t\t\t\t\t\t\t\t\t\t\t\t\t\t\t\t<a href=\"https:\/\/www.fileasbl.be\/membres\/ag-file-et-conference-sur-les-neurosciences-20-mai-2025\/\"  \n\t\t\t\t\t\t\t\t\t\t    target=\"_blank\" rel=\"noopener\"\t\t\t\t\t\t\t\t\t\t   >\n\t\t\t\t\t\t\t\t\t\t   Conf\u00e9rence sur les neurosciences &#8211; 20 mai 2025\t\t\t\t\t\t\t\t\t\t<\/a>\n\t\t\t\t\t\t\t\t\t\t\t\t\t\t\t<\/h3>\n\t\t\t\t\t\t\t                        \t\t\t\t\t\t                            <time datetime=\"2025-02-26\" class=\"post-date\">26 f\u00e9vrier 2025<\/time>\n\t\t\t\t\t\t                                                                    <\/div>\n                    <!-- \/slide-content -->\n                            <\/div>\n        <\/div>\n                <div class=\"tf_swiper-slide\">\n            <div class=\"slide-inner-wrap\" style=\"margin-left:5px;\">\n                                                                <figure class=\"tf_lazy slide-image\">\n                                                            <img src=\"data:image\/svg+xml;charset=UTF-8,%3Csvg%20xmlns%3D%22http%3A%2F%2Fwww.w3.org%2F2000%2Fsvg%22%20width%3D%22400%22%20height%3D%22200%22%3E%3Cg%20fill%3D%22%23c32146%22%3E%3Crect%20width%3D%22133%22%20height%3D%2250%22%2F%3E%3Crect%20width%3D%22133%22%20height%3D%2250%22%20fill%3D%22%23ffe8ef%22%20x%3D%22133%22%2F%3E%3Crect%20width%3D%22133%22%20height%3D%2250%22%20fill%3D%22%23c86e78%22%20x%3D%22266%22%2F%3E%3Crect%20width%3D%22133%22%20height%3D%2250%22%20fill%3D%22%23a12e3f%22%20y%3D%2250%22%2F%3E%3Crect%20width%3D%22133%22%20height%3D%2250%22%20fill%3D%22%23ffebf2%22%20x%3D%22133%22%20y%3D%2250%22%2F%3E%3Crect%20width%3D%22133%22%20height%3D%2250%22%20fill%3D%22%23ffeaef%22%20x%3D%22266%22%20y%3D%2250%22%2F%3E%3Crect%20width%3D%22133%22%20height%3D%2250%22%20fill%3D%22%23faedc3%22%20y%3D%22100%22%2F%3E%3Crect%20width%3D%22133%22%20height%3D%2250%22%20fill%3D%22%23fffbe5%22%20x%3D%22133%22%20y%3D%22100%22%2F%3E%3Crect%20width%3D%22133%22%20height%3D%2250%22%20fill%3D%22%23ffded9%22%20x%3D%22266%22%20y%3D%22100%22%2F%3E%3Crect%20width%3D%22133%22%20height%3D%2250%22%20fill%3D%22%23919386%22%20y%3D%22150%22%2F%3E%3Crect%20width%3D%22133%22%20height%3D%2250%22%20fill%3D%22%23ab2b42%22%20x%3D%22133%22%20y%3D%22150%22%2F%3E%3Crect%20width%3D%22133%22%20height%3D%2250%22%20fill%3D%22%23cfdb53%22%20x%3D%22266%22%20y%3D%22150%22%2F%3E%3C%2Fg%3E%3C%2Fsvg%3E\" data-lazy=\"1\" loading=\"lazy\" decoding=\"async\" data-tf-src=\"https:\/\/www.fileasbl.be\/membres\/wp-content\/uploads\/2024\/01\/Badges-Extrascool-2024-400x200.jpg\" width=\"400\" height=\"200\" class=\"tf_svg_lazy wp-post-image wp-image-31399\" title=\"Badges Extrascool 2024\" alt=\"Badges Extrascool 2024\"><noscript><img loading=\"lazy\" decoding=\"async\" data-tf-not-load src=\"https:\/\/www.fileasbl.be\/membres\/wp-content\/uploads\/2024\/01\/Badges-Extrascool-2024-400x200.jpg\" width=\"400\" height=\"200\" class=\"wp-post-image wp-image-31399\" title=\"Badges Extrascool 2024\" alt=\"Badges Extrascool 2024\"><\/noscript>                                                    <\/figure>\n                                                            \n                                    <div class=\"slide-content tb_text_wrap\">\n                        \t\t\t\t\t\t\t\t\t\t\t\t\t\t<h3 class=\"slide-title\">\n\t\t\t\t\t\t\t\t\t\t\t\t\t\t\t\t\t\t<a href=\"https:\/\/www.fileasbl.be\/membres\/quatrieme-edition-de-la-journee-extrascool-un-franc-succes\/\"  \n\t\t\t\t\t\t\t\t\t\t    target=\"_blank\" rel=\"noopener\"\t\t\t\t\t\t\t\t\t\t   >\n\t\t\t\t\t\t\t\t\t\t   Quatri\u00e8me \u00e9dition de la journ\u00e9e extrasCOOL : Un franc succ\u00e8s !\t\t\t\t\t\t\t\t\t\t<\/a>\n\t\t\t\t\t\t\t\t\t\t\t\t\t\t\t<\/h3>\n\t\t\t\t\t\t\t                        \t\t\t\t\t\t                            <time datetime=\"2025-01-27\" class=\"post-date\">27 janvier 2025<\/time>\n\t\t\t\t\t\t                                                                    <\/div>\n                    <!-- \/slide-content -->\n                            <\/div>\n        <\/div>\n                <div class=\"tf_swiper-slide\">\n            <div class=\"slide-inner-wrap\" style=\"margin-left:5px;\">\n                                                                <figure class=\"tf_lazy slide-image\">\n                                                            <img src=\"data:image\/svg+xml;charset=UTF-8,%3Csvg%20xmlns%3D%22http%3A%2F%2Fwww.w3.org%2F2000%2Fsvg%22%20width%3D%22400%22%20height%3D%22200%22%3E%3Cg%20fill%3D%22%23161410%22%3E%3Crect%20width%3D%22133%22%20height%3D%2250%22%2F%3E%3Crect%20width%3D%22133%22%20height%3D%2250%22%20fill%3D%22%2326221b%22%20x%3D%22133%22%2F%3E%3Crect%20width%3D%22133%22%20height%3D%2250%22%20fill%3D%22%23f3dcb5%22%20x%3D%22266%22%2F%3E%3Crect%20width%3D%22133%22%20height%3D%2250%22%20fill%3D%22%23f4ddb5%22%20y%3D%2250%22%2F%3E%3Crect%20width%3D%22133%22%20height%3D%2250%22%20fill%3D%22%23f4ddb5%22%20x%3D%22133%22%20y%3D%2250%22%2F%3E%3Crect%20width%3D%22133%22%20height%3D%2250%22%20fill%3D%22%23e7d1ab%22%20x%3D%22266%22%20y%3D%2250%22%2F%3E%3Crect%20width%3D%22133%22%20height%3D%2250%22%20fill%3D%22%23f4ddb5%22%20y%3D%22100%22%2F%3E%3Crect%20width%3D%22133%22%20height%3D%2250%22%20fill%3D%22%23f1dbb3%22%20x%3D%22133%22%20y%3D%22100%22%2F%3E%3Crect%20width%3D%22133%22%20height%3D%2250%22%20fill%3D%22%23f4ddb5%22%20x%3D%22266%22%20y%3D%22100%22%2F%3E%3Crect%20width%3D%22133%22%20height%3D%2250%22%20fill%3D%22%23f4ddb5%22%20y%3D%22150%22%2F%3E%3Crect%20width%3D%22133%22%20height%3D%2250%22%20fill%3D%22%23f4ddb5%22%20x%3D%22133%22%20y%3D%22150%22%2F%3E%3Crect%20width%3D%22133%22%20height%3D%2250%22%20fill%3D%22%23f4ddb5%22%20x%3D%22266%22%20y%3D%22150%22%2F%3E%3C%2Fg%3E%3C%2Fsvg%3E\" data-lazy=\"1\" loading=\"lazy\" decoding=\"async\" data-tf-src=\"https:\/\/www.fileasbl.be\/membres\/wp-content\/uploads\/2024\/05\/Image-en-avant--400x200.png\" width=\"400\" height=\"200\" class=\"tf_svg_lazy wp-post-image wp-image-31547\" title=\"Image en avant\" alt=\"Image en avant\"><noscript><img loading=\"lazy\" decoding=\"async\" data-tf-not-load src=\"https:\/\/www.fileasbl.be\/membres\/wp-content\/uploads\/2024\/05\/Image-en-avant--400x200.png\" width=\"400\" height=\"200\" class=\"wp-post-image wp-image-31547\" title=\"Image en avant\" alt=\"Image en avant\"><\/noscript>                                                    <\/figure>\n                                                            \n                                    <div class=\"slide-content tb_text_wrap\">\n                        \t\t\t\t\t\t\t\t\t\t\t\t\t\t<h3 class=\"slide-title\">\n\t\t\t\t\t\t\t\t\t\t\t\t\t\t\t\t\t\t<a href=\"https:\/\/www.fileasbl.be\/membres\/a-vous-de-jouer-quizz-accessibilite\/\"  \n\t\t\t\t\t\t\t\t\t\t    target=\"_blank\" rel=\"noopener\"\t\t\t\t\t\t\t\t\t\t   >\n\t\t\t\t\t\t\t\t\t\t   A vous de jouer : Quizz Accessibilit\u00e9\t\t\t\t\t\t\t\t\t\t<\/a>\n\t\t\t\t\t\t\t\t\t\t\t\t\t\t\t<\/h3>\n\t\t\t\t\t\t\t                        \t\t\t\t\t\t                            <time datetime=\"2025-01-20\" class=\"post-date\">20 janvier 2025<\/time>\n\t\t\t\t\t\t                                                                    <\/div>\n                    <!-- \/slide-content -->\n                            <\/div>\n        <\/div>\n                <div class=\"tf_swiper-slide\">\n            <div class=\"slide-inner-wrap\" style=\"margin-left:5px;\">\n                                                                <figure class=\"tf_lazy slide-image\">\n                                                            <img src=\"data:image\/svg+xml;charset=UTF-8,%3Csvg%20xmlns%3D%22http%3A%2F%2Fwww.w3.org%2F2000%2Fsvg%22%20width%3D%22400%22%20height%3D%22200%22%3E%3Cg%20fill%3D%22%23fcebc7%22%3E%3Crect%20width%3D%22133%22%20height%3D%2250%22%2F%3E%3Crect%20width%3D%22133%22%20height%3D%2250%22%20fill%3D%22%23f8e8c7%22%20x%3D%22133%22%2F%3E%3Crect%20width%3D%22133%22%20height%3D%2250%22%20x%3D%22266%22%2F%3E%3Crect%20width%3D%22133%22%20height%3D%2250%22%20fill%3D%22%23fccab8%22%20y%3D%2250%22%2F%3E%3Crect%20width%3D%22133%22%20height%3D%2250%22%20fill%3D%22%23bd9b88%22%20x%3D%22133%22%20y%3D%2250%22%2F%3E%3Crect%20width%3D%22133%22%20height%3D%2250%22%20x%3D%22266%22%20y%3D%2250%22%2F%3E%3Crect%20width%3D%22133%22%20height%3D%2250%22%20y%3D%22100%22%2F%3E%3Crect%20width%3D%22133%22%20height%3D%2250%22%20fill%3D%22%23b1b295%22%20x%3D%22133%22%20y%3D%22100%22%2F%3E%3Crect%20width%3D%22133%22%20height%3D%2250%22%20x%3D%22266%22%20y%3D%22100%22%2F%3E%3Crect%20width%3D%22133%22%20height%3D%2250%22%20fill%3D%22%236a6860%22%20y%3D%22150%22%2F%3E%3Crect%20width%3D%22133%22%20height%3D%2250%22%20fill%3D%22%236a6860%22%20x%3D%22133%22%20y%3D%22150%22%2F%3E%3Crect%20width%3D%22133%22%20height%3D%2250%22%20fill%3D%22%236a6860%22%20x%3D%22266%22%20y%3D%22150%22%2F%3E%3C%2Fg%3E%3C%2Fsvg%3E\" data-lazy=\"1\" loading=\"lazy\" decoding=\"async\" data-tf-src=\"https:\/\/www.fileasbl.be\/membres\/wp-content\/uploads\/2025\/01\/Design-2-LIGUE-FAMILLE-400x200.png\" width=\"400\" height=\"200\" class=\"tf_svg_lazy wp-post-image wp-image-33102\" title=\"Design 2 LIGUE FAMILLE\" alt=\"Design 2 LIGUE FAMILLE\" data-tf-srcset=\"https:\/\/www.fileasbl.be\/membres\/wp-content\/uploads\/2025\/01\/Design-2-LIGUE-FAMILLE-400x200.png 400w, https:\/\/www.fileasbl.be\/membres\/wp-content\/uploads\/2025\/01\/Design-2-LIGUE-FAMILLE-300x150.png 300w, https:\/\/www.fileasbl.be\/membres\/wp-content\/uploads\/2025\/01\/Design-2-LIGUE-FAMILLE-768x383.png 768w, https:\/\/www.fileasbl.be\/membres\/wp-content\/uploads\/2025\/01\/Design-2-LIGUE-FAMILLE.png 1000w\" data-tf-sizes=\"auto, (max-width: 400px) 100vw, 400px\" \/><noscript><img loading=\"lazy\" decoding=\"async\" data-tf-not-load src=\"https:\/\/www.fileasbl.be\/membres\/wp-content\/uploads\/2025\/01\/Design-2-LIGUE-FAMILLE-400x200.png\" width=\"400\" height=\"200\" class=\"wp-post-image wp-image-33102\" title=\"Design 2 LIGUE FAMILLE\" alt=\"Design 2 LIGUE FAMILLE\" srcset=\"https:\/\/www.fileasbl.be\/membres\/wp-content\/uploads\/2025\/01\/Design-2-LIGUE-FAMILLE-400x200.png 400w, https:\/\/www.fileasbl.be\/membres\/wp-content\/uploads\/2025\/01\/Design-2-LIGUE-FAMILLE-300x150.png 300w, https:\/\/www.fileasbl.be\/membres\/wp-content\/uploads\/2025\/01\/Design-2-LIGUE-FAMILLE-768x383.png 768w, https:\/\/www.fileasbl.be\/membres\/wp-content\/uploads\/2025\/01\/Design-2-LIGUE-FAMILLE.png 1000w\" sizes=\"auto, (max-width: 400px) 100vw, 400px\" \/><\/noscript>                                                    <\/figure>\n                                                            \n                                    <div class=\"slide-content tb_text_wrap\">\n                        \t\t\t\t\t\t\t\t\t\t\t\t\t\t<h3 class=\"slide-title\">\n\t\t\t\t\t\t\t\t\t\t\t\t\t\t\t\t\t\t<a href=\"https:\/\/www.fileasbl.be\/membres\/favoriser-laccessibilite-des-enfants-vers-les-milieux-daccueil-une-reflexion-pedagogique-grace-au-forum-ouvert\/\"  \n\t\t\t\t\t\t\t\t\t\t    target=\"_blank\" rel=\"noopener\"\t\t\t\t\t\t\t\t\t\t   >\n\t\t\t\t\t\t\t\t\t\t   Favoriser l\u2019accessibilit\u00e9 des enfants vers les milieux d\u2019accueil : une r\u00e9flexion p\u00e9dagogique \u00a0gr\u00e2ce au FORUM OUVERT\t\t\t\t\t\t\t\t\t\t<\/a>\n\t\t\t\t\t\t\t\t\t\t\t\t\t\t\t<\/h3>\n\t\t\t\t\t\t\t                        \t\t\t\t\t\t                            <time datetime=\"2025-01-20\" class=\"post-date\">20 janvier 2025<\/time>\n\t\t\t\t\t\t                                                                    <\/div>\n                    <!-- \/slide-content -->\n                            <\/div>\n        <\/div>\n                <div class=\"tf_swiper-slide\">\n            <div class=\"slide-inner-wrap\" style=\"margin-left:5px;\">\n                                                                <figure class=\"tf_lazy slide-image\">\n                                                            <img src=\"data:image\/svg+xml;charset=UTF-8,%3Csvg%20xmlns%3D%22http%3A%2F%2Fwww.w3.org%2F2000%2Fsvg%22%20width%3D%22400%22%20height%3D%22200%22%3E%3Cg%20fill%3D%22%23fce1bb%22%3E%3Crect%20width%3D%22133%22%20height%3D%2250%22%2F%3E%3Crect%20width%3D%22133%22%20height%3D%2250%22%20fill%3D%22%237b95f9%22%20x%3D%22133%22%2F%3E%3Crect%20width%3D%22133%22%20height%3D%2250%22%20fill%3D%22%237b95f9%22%20x%3D%22266%22%2F%3E%3Crect%20width%3D%22133%22%20height%3D%2250%22%20fill%3D%22%23fbeeec%22%20y%3D%2250%22%2F%3E%3Crect%20width%3D%22133%22%20height%3D%2250%22%20fill%3D%22%237b95f9%22%20x%3D%22133%22%20y%3D%2250%22%2F%3E%3Crect%20width%3D%22133%22%20height%3D%2250%22%20fill%3D%22%237b95f9%22%20x%3D%22266%22%20y%3D%2250%22%2F%3E%3Crect%20width%3D%22133%22%20height%3D%2250%22%20fill%3D%22%23fbeeec%22%20y%3D%22100%22%2F%3E%3Crect%20width%3D%22133%22%20height%3D%2250%22%20fill%3D%22%23f26c6e%22%20x%3D%22133%22%20y%3D%22100%22%2F%3E%3Crect%20width%3D%22133%22%20height%3D%2250%22%20fill%3D%22%23fbeeec%22%20x%3D%22266%22%20y%3D%22100%22%2F%3E%3Crect%20width%3D%22133%22%20height%3D%2250%22%20fill%3D%22%23fadfde%22%20y%3D%22150%22%2F%3E%3Crect%20width%3D%22133%22%20height%3D%2250%22%20fill%3D%22%23fec045%22%20x%3D%22133%22%20y%3D%22150%22%2F%3E%3Crect%20width%3D%22133%22%20height%3D%2250%22%20fill%3D%22%23f26b6d%22%20x%3D%22266%22%20y%3D%22150%22%2F%3E%3C%2Fg%3E%3C%2Fsvg%3E\" data-lazy=\"1\" loading=\"lazy\" decoding=\"async\" data-tf-src=\"https:\/\/www.fileasbl.be\/membres\/wp-content\/uploads\/2023\/10\/Image-mise-en-avant-1-400x200.png\" width=\"400\" height=\"200\" class=\"tf_svg_lazy wp-post-image wp-image-31217\" title=\"Image mise en avant\" alt=\"Image mise en avant\"><noscript><img loading=\"lazy\" decoding=\"async\" data-tf-not-load src=\"https:\/\/www.fileasbl.be\/membres\/wp-content\/uploads\/2023\/10\/Image-mise-en-avant-1-400x200.png\" width=\"400\" height=\"200\" class=\"wp-post-image wp-image-31217\" title=\"Image mise en avant\" alt=\"Image mise en avant\"><\/noscript>                                                    <\/figure>\n                                                            \n                                    <div class=\"slide-content tb_text_wrap\">\n                        \t\t\t\t\t\t\t\t\t\t\t\t\t\t<h3 class=\"slide-title\">\n\t\t\t\t\t\t\t\t\t\t\t\t\t\t\t\t\t\t<a href=\"https:\/\/www.fileasbl.be\/membres\/en-bref-attestations-fiscales-pour-deduction-des-frais-de-garde-2024\/\"  \n\t\t\t\t\t\t\t\t\t\t    target=\"_blank\" rel=\"noopener\"\t\t\t\t\t\t\t\t\t\t   >\n\t\t\t\t\t\t\t\t\t\t   En bref &#8211; Attestations fiscales pour d\u00e9duction des frais de garde 2024\t\t\t\t\t\t\t\t\t\t<\/a>\n\t\t\t\t\t\t\t\t\t\t\t\t\t\t\t<\/h3>\n\t\t\t\t\t\t\t                        \t\t\t\t\t\t                            <time datetime=\"2025-01-16\" class=\"post-date\">16 janvier 2025<\/time>\n\t\t\t\t\t\t                                                                    <\/div>\n                    <!-- \/slide-content -->\n                            <\/div>\n        <\/div>\n                <div class=\"tf_swiper-slide\">\n            <div class=\"slide-inner-wrap\" style=\"margin-left:5px;\">\n                                                                <figure class=\"tf_lazy slide-image\">\n                                                            <img src=\"data:image\/svg+xml;charset=UTF-8,%3Csvg%20xmlns%3D%22http%3A%2F%2Fwww.w3.org%2F2000%2Fsvg%22%20width%3D%22400%22%20height%3D%22200%22%3E%3Cg%20fill%3D%22%23fce1bb%22%3E%3Crect%20width%3D%22133%22%20height%3D%2250%22%2F%3E%3Crect%20width%3D%22133%22%20height%3D%2250%22%20fill%3D%22%237b95f9%22%20x%3D%22133%22%2F%3E%3Crect%20width%3D%22133%22%20height%3D%2250%22%20fill%3D%22%237b95f9%22%20x%3D%22266%22%2F%3E%3Crect%20width%3D%22133%22%20height%3D%2250%22%20fill%3D%22%23fbeeec%22%20y%3D%2250%22%2F%3E%3Crect%20width%3D%22133%22%20height%3D%2250%22%20fill%3D%22%237b95f9%22%20x%3D%22133%22%20y%3D%2250%22%2F%3E%3Crect%20width%3D%22133%22%20height%3D%2250%22%20fill%3D%22%237b95f9%22%20x%3D%22266%22%20y%3D%2250%22%2F%3E%3Crect%20width%3D%22133%22%20height%3D%2250%22%20fill%3D%22%23fbeeec%22%20y%3D%22100%22%2F%3E%3Crect%20width%3D%22133%22%20height%3D%2250%22%20fill%3D%22%23f26c6e%22%20x%3D%22133%22%20y%3D%22100%22%2F%3E%3Crect%20width%3D%22133%22%20height%3D%2250%22%20fill%3D%22%23fbeeec%22%20x%3D%22266%22%20y%3D%22100%22%2F%3E%3Crect%20width%3D%22133%22%20height%3D%2250%22%20fill%3D%22%23fadfde%22%20y%3D%22150%22%2F%3E%3Crect%20width%3D%22133%22%20height%3D%2250%22%20fill%3D%22%23fec045%22%20x%3D%22133%22%20y%3D%22150%22%2F%3E%3Crect%20width%3D%22133%22%20height%3D%2250%22%20fill%3D%22%23f26b6d%22%20x%3D%22266%22%20y%3D%22150%22%2F%3E%3C%2Fg%3E%3C%2Fsvg%3E\" data-lazy=\"1\" loading=\"lazy\" decoding=\"async\" data-tf-src=\"https:\/\/www.fileasbl.be\/membres\/wp-content\/uploads\/2023\/10\/Image-mise-en-avant-1-400x200.png\" width=\"400\" height=\"200\" class=\"tf_svg_lazy wp-post-image wp-image-31217\" title=\"Image mise en avant\" alt=\"Image mise en avant\"><noscript><img loading=\"lazy\" decoding=\"async\" data-tf-not-load src=\"https:\/\/www.fileasbl.be\/membres\/wp-content\/uploads\/2023\/10\/Image-mise-en-avant-1-400x200.png\" width=\"400\" height=\"200\" class=\"wp-post-image wp-image-31217\" title=\"Image mise en avant\" alt=\"Image mise en avant\"><\/noscript>                                                    <\/figure>\n                                                            \n                                    <div class=\"slide-content tb_text_wrap\">\n                        \t\t\t\t\t\t\t\t\t\t\t\t\t\t<h3 class=\"slide-title\">\n\t\t\t\t\t\t\t\t\t\t\t\t\t\t\t\t\t\t<a href=\"https:\/\/www.fileasbl.be\/membres\/en-bref-pfp-2025-et-quota-dabsences-justifiees-a-partir-de-2025\/\"  \n\t\t\t\t\t\t\t\t\t\t    target=\"_blank\" rel=\"noopener\"\t\t\t\t\t\t\t\t\t\t   >\n\t\t\t\t\t\t\t\t\t\t   En bref &#8211; PFP 2025 et quota d\u2019absences justifi\u00e9es \u00e0 partir de 2025\t\t\t\t\t\t\t\t\t\t<\/a>\n\t\t\t\t\t\t\t\t\t\t\t\t\t\t\t<\/h3>\n\t\t\t\t\t\t\t                        \t\t\t\t\t\t                            <time datetime=\"2025-01-16\" class=\"post-date\">16 janvier 2025<\/time>\n\t\t\t\t\t\t                                                                    <\/div>\n                    <!-- \/slide-content -->\n                            <\/div>\n        <\/div>\n                <div class=\"tf_swiper-slide\">\n            <div class=\"slide-inner-wrap\" style=\"margin-left:5px;\">\n                                                                <figure class=\"tf_lazy slide-image\">\n                                                            <img src=\"data:image\/svg+xml;charset=UTF-8,%3Csvg%20xmlns%3D%22http%3A%2F%2Fwww.w3.org%2F2000%2Fsvg%22%20width%3D%22400%22%20height%3D%22200%22%3E%3Cg%20fill%3D%22%2368583e%22%3E%3Crect%20width%3D%22133%22%20height%3D%2250%22%2F%3E%3Crect%20width%3D%22133%22%20height%3D%2250%22%20fill%3D%22%23846a4f%22%20x%3D%22133%22%2F%3E%3Crect%20width%3D%22133%22%20height%3D%2250%22%20fill%3D%22%23c2491e%22%20x%3D%22266%22%2F%3E%3Crect%20width%3D%22133%22%20height%3D%2250%22%20fill%3D%22%23947755%22%20y%3D%2250%22%2F%3E%3Crect%20width%3D%22133%22%20height%3D%2250%22%20fill%3D%22%23b72e02%22%20x%3D%22133%22%20y%3D%2250%22%2F%3E%3Crect%20width%3D%22133%22%20height%3D%2250%22%20fill%3D%22%23762400%22%20x%3D%22266%22%20y%3D%2250%22%2F%3E%3Crect%20width%3D%22133%22%20height%3D%2250%22%20fill%3D%22%235f523f%22%20y%3D%22100%22%2F%3E%3Crect%20width%3D%22133%22%20height%3D%2250%22%20fill%3D%22%238a724c%22%20x%3D%22133%22%20y%3D%22100%22%2F%3E%3Crect%20width%3D%22133%22%20height%3D%2250%22%20fill%3D%22%23584632%22%20x%3D%22266%22%20y%3D%22100%22%2F%3E%3Crect%20width%3D%22133%22%20height%3D%2250%22%20fill%3D%22%23cc1005%22%20y%3D%22150%22%2F%3E%3Crect%20width%3D%22133%22%20height%3D%2250%22%20fill%3D%22%234b3e2b%22%20x%3D%22133%22%20y%3D%22150%22%2F%3E%3Crect%20width%3D%22133%22%20height%3D%2250%22%20fill%3D%22%236a5842%22%20x%3D%22266%22%20y%3D%22150%22%2F%3E%3C%2Fg%3E%3C%2Fsvg%3E\" data-lazy=\"1\" loading=\"lazy\" decoding=\"async\" data-tf-src=\"https:\/\/www.fileasbl.be\/membres\/wp-content\/uploads\/2019\/12\/2020-Site-A-la-une-PFA-1024x536-400x200.jpg\" width=\"400\" height=\"200\" class=\"tf_svg_lazy wp-post-image wp-image-9227\" title=\"2020 Site A la une PFA\" alt=\"2020 Site A la une PFA\"><noscript><img loading=\"lazy\" decoding=\"async\" data-tf-not-load src=\"https:\/\/www.fileasbl.be\/membres\/wp-content\/uploads\/2019\/12\/2020-Site-A-la-une-PFA-1024x536-400x200.jpg\" width=\"400\" height=\"200\" class=\"wp-post-image wp-image-9227\" title=\"2020 Site A la une PFA\" alt=\"2020 Site A la une PFA\"><\/noscript>                                                    <\/figure>\n                                                            \n                                    <div class=\"slide-content tb_text_wrap\">\n                        \t\t\t\t\t\t\t\t\t\t\t\t\t\t<h3 class=\"slide-title\">\n\t\t\t\t\t\t\t\t\t\t\t\t\t\t\t\t\t\t<a href=\"https:\/\/www.fileasbl.be\/membres\/reglement-de-travail\/\"  \n\t\t\t\t\t\t\t\t\t\t    target=\"_blank\" rel=\"noopener\"\t\t\t\t\t\t\t\t\t\t   >\n\t\t\t\t\t\t\t\t\t\t   R\u00e8glement de travail\t\t\t\t\t\t\t\t\t\t<\/a>\n\t\t\t\t\t\t\t\t\t\t\t\t\t\t\t<\/h3>\n\t\t\t\t\t\t\t                        \t\t\t\t\t\t                            <time datetime=\"2024-12-23\" class=\"post-date\">23 d\u00e9cembre 2024<\/time>\n\t\t\t\t\t\t                                                                    <\/div>\n                    <!-- \/slide-content -->\n                            <\/div>\n        <\/div>\n                <div class=\"tf_swiper-slide\">\n            <div class=\"slide-inner-wrap\" style=\"margin-left:5px;\">\n                                \n                                    <div class=\"slide-content tb_text_wrap\">\n                        \t\t\t\t\t\t\t\t\t\t\t\t\t\t<h3 class=\"slide-title\">\n\t\t\t\t\t\t\t\t\t\t\t\t\t\t\t\t\t\t<a href=\"https:\/\/www.fileasbl.be\/membres\/responsabilite-des-agents-dexecution\/\"  \n\t\t\t\t\t\t\t\t\t\t    target=\"_blank\" rel=\"noopener\"\t\t\t\t\t\t\t\t\t\t   >\n\t\t\t\t\t\t\t\t\t\t   Responsabilit\u00e9 des agents d&rsquo;ex\u00e9cution\t\t\t\t\t\t\t\t\t\t<\/a>\n\t\t\t\t\t\t\t\t\t\t\t\t\t\t\t<\/h3>\n\t\t\t\t\t\t\t                        \t\t\t\t\t\t                            <time datetime=\"2024-12-20\" class=\"post-date\">20 d\u00e9cembre 2024<\/time>\n\t\t\t\t\t\t                                                                    <\/div>\n                    <!-- \/slide-content -->\n                            <\/div>\n        <\/div>\n                <div class=\"tf_swiper-slide\">\n            <div class=\"slide-inner-wrap\" style=\"margin-left:5px;\">\n                                                                <figure class=\"tf_lazy slide-image\">\n                                                            <img src=\"data:image\/svg+xml;charset=UTF-8,%3Csvg%20xmlns%3D%22http%3A%2F%2Fwww.w3.org%2F2000%2Fsvg%22%20width%3D%22400%22%20height%3D%22200%22%3E%3Cg%20fill%3D%22%23f8f7f2%22%3E%3Crect%20width%3D%22133%22%20height%3D%2250%22%2F%3E%3Crect%20width%3D%22133%22%20height%3D%2250%22%20x%3D%22133%22%2F%3E%3Crect%20width%3D%22133%22%20height%3D%2250%22%20fill%3D%22%236c6b69%22%20x%3D%22266%22%2F%3E%3Crect%20width%3D%22133%22%20height%3D%2250%22%20y%3D%2250%22%2F%3E%3Crect%20width%3D%22133%22%20height%3D%2250%22%20fill%3D%22%23edece7%22%20x%3D%22133%22%20y%3D%2250%22%2F%3E%3Crect%20width%3D%22133%22%20height%3D%2250%22%20fill%3D%22%23f6f5f0%22%20x%3D%22266%22%20y%3D%2250%22%2F%3E%3Crect%20width%3D%22133%22%20height%3D%2250%22%20y%3D%22100%22%2F%3E%3Crect%20width%3D%22133%22%20height%3D%2250%22%20x%3D%22133%22%20y%3D%22100%22%2F%3E%3Crect%20width%3D%22133%22%20height%3D%2250%22%20x%3D%22266%22%20y%3D%22100%22%2F%3E%3Crect%20width%3D%22133%22%20height%3D%2250%22%20fill%3D%22%23f7e0da%22%20y%3D%22150%22%2F%3E%3Crect%20width%3D%22133%22%20height%3D%2250%22%20x%3D%22133%22%20y%3D%22150%22%2F%3E%3Crect%20width%3D%22133%22%20height%3D%2250%22%20fill%3D%22%23facc1e%22%20x%3D%22266%22%20y%3D%22150%22%2F%3E%3C%2Fg%3E%3C%2Fsvg%3E\" data-lazy=\"1\" loading=\"lazy\" decoding=\"async\" data-tf-src=\"https:\/\/www.fileasbl.be\/membres\/wp-content\/uploads\/2024\/11\/affiche-correctif-enfance-1024x1024-400x200.png\" width=\"400\" height=\"200\" class=\"tf_svg_lazy wp-post-image wp-image-32817\" title=\"affiche correctif enfance\" alt=\"affiche correctif enfance\"><noscript><img loading=\"lazy\" decoding=\"async\" data-tf-not-load src=\"https:\/\/www.fileasbl.be\/membres\/wp-content\/uploads\/2024\/11\/affiche-correctif-enfance-1024x1024-400x200.png\" width=\"400\" height=\"200\" class=\"wp-post-image wp-image-32817\" title=\"affiche correctif enfance\" alt=\"affiche correctif enfance\"><\/noscript>                                                    <\/figure>\n                                                            \n                                    <div class=\"slide-content tb_text_wrap\">\n                        \t\t\t\t\t\t\t\t\t\t\t\t\t\t<h3 class=\"slide-title\">\n\t\t\t\t\t\t\t\t\t\t\t\t\t\t\t\t\t\t<a href=\"https:\/\/www.fileasbl.be\/membres\/formation-direction-leadership-et-management\/\"  \n\t\t\t\t\t\t\t\t\t\t    target=\"_blank\" rel=\"noopener\"\t\t\t\t\t\t\t\t\t\t   >\n\t\t\t\t\t\t\t\t\t\t   Formation direction : Leadership et Management\t\t\t\t\t\t\t\t\t\t<\/a>\n\t\t\t\t\t\t\t\t\t\t\t\t\t\t\t<\/h3>\n\t\t\t\t\t\t\t                        \t\t\t\t\t\t                            <time datetime=\"2024-11-28\" class=\"post-date\">28 novembre 2024<\/time>\n\t\t\t\t\t\t                                                                    <\/div>\n                    <!-- \/slide-content -->\n                            <\/div>\n        <\/div>\n                <div class=\"tf_swiper-slide\">\n            <div class=\"slide-inner-wrap\" style=\"margin-left:5px;\">\n                                                                <figure class=\"tf_lazy slide-image\">\n                                                            <img src=\"data:image\/svg+xml;charset=UTF-8,%3Csvg%20xmlns%3D%22http%3A%2F%2Fwww.w3.org%2F2000%2Fsvg%22%20width%3D%22400%22%20height%3D%22200%22%3E%3Cg%20fill%3D%22%23fce1bb%22%3E%3Crect%20width%3D%22133%22%20height%3D%2250%22%2F%3E%3Crect%20width%3D%22133%22%20height%3D%2250%22%20fill%3D%22%237b95f9%22%20x%3D%22133%22%2F%3E%3Crect%20width%3D%22133%22%20height%3D%2250%22%20fill%3D%22%237b95f9%22%20x%3D%22266%22%2F%3E%3Crect%20width%3D%22133%22%20height%3D%2250%22%20fill%3D%22%23fbeeec%22%20y%3D%2250%22%2F%3E%3Crect%20width%3D%22133%22%20height%3D%2250%22%20fill%3D%22%237b95f9%22%20x%3D%22133%22%20y%3D%2250%22%2F%3E%3Crect%20width%3D%22133%22%20height%3D%2250%22%20fill%3D%22%237b95f9%22%20x%3D%22266%22%20y%3D%2250%22%2F%3E%3Crect%20width%3D%22133%22%20height%3D%2250%22%20fill%3D%22%23fbeeec%22%20y%3D%22100%22%2F%3E%3Crect%20width%3D%22133%22%20height%3D%2250%22%20fill%3D%22%23f26c6e%22%20x%3D%22133%22%20y%3D%22100%22%2F%3E%3Crect%20width%3D%22133%22%20height%3D%2250%22%20fill%3D%22%23fbeeec%22%20x%3D%22266%22%20y%3D%22100%22%2F%3E%3Crect%20width%3D%22133%22%20height%3D%2250%22%20fill%3D%22%23fadfde%22%20y%3D%22150%22%2F%3E%3Crect%20width%3D%22133%22%20height%3D%2250%22%20fill%3D%22%23fec045%22%20x%3D%22133%22%20y%3D%22150%22%2F%3E%3Crect%20width%3D%22133%22%20height%3D%2250%22%20fill%3D%22%23f26b6d%22%20x%3D%22266%22%20y%3D%22150%22%2F%3E%3C%2Fg%3E%3C%2Fsvg%3E\" data-lazy=\"1\" loading=\"lazy\" decoding=\"async\" data-tf-src=\"https:\/\/www.fileasbl.be\/membres\/wp-content\/uploads\/2023\/10\/Image-mise-en-avant-1-400x200.png\" width=\"400\" height=\"200\" class=\"tf_svg_lazy wp-post-image wp-image-31217\" title=\"Image mise en avant\" alt=\"Image mise en avant\"><noscript><img loading=\"lazy\" decoding=\"async\" data-tf-not-load src=\"https:\/\/www.fileasbl.be\/membres\/wp-content\/uploads\/2023\/10\/Image-mise-en-avant-1-400x200.png\" width=\"400\" height=\"200\" class=\"wp-post-image wp-image-31217\" title=\"Image mise en avant\" alt=\"Image mise en avant\"><\/noscript>                                                    <\/figure>\n                                                            \n                                    <div class=\"slide-content tb_text_wrap\">\n                        \t\t\t\t\t\t\t\t\t\t\t\t\t\t<h3 class=\"slide-title\">\n\t\t\t\t\t\t\t\t\t\t\t\t\t\t\t\t\t\t<a href=\"https:\/\/www.fileasbl.be\/membres\/en-bref-secteur-0-3-ans-nouveau-systeme-de-pre-demandes-en-ligne\/\"  \n\t\t\t\t\t\t\t\t\t\t    target=\"_blank\" rel=\"noopener\"\t\t\t\t\t\t\t\t\t\t   >\n\t\t\t\t\t\t\t\t\t\t   En bref &#8211; Secteur 0-3 ans &#8211; Nouveau syst\u00e8me de pr\u00e9-demandes en ligne\t\t\t\t\t\t\t\t\t\t<\/a>\n\t\t\t\t\t\t\t\t\t\t\t\t\t\t\t<\/h3>\n\t\t\t\t\t\t\t                        \t\t\t\t\t\t                            <time datetime=\"2024-11-26\" class=\"post-date\">26 novembre 2024<\/time>\n\t\t\t\t\t\t                                                                    <\/div>\n                    <!-- \/slide-content -->\n                            <\/div>\n        <\/div>\n                <div class=\"tf_swiper-slide\">\n            <div class=\"slide-inner-wrap\" style=\"margin-left:5px;\">\n                                                                <figure class=\"tf_lazy slide-image\">\n                                                            <img src=\"data:image\/svg+xml;charset=UTF-8,%3Csvg%20xmlns%3D%22http%3A%2F%2Fwww.w3.org%2F2000%2Fsvg%22%20width%3D%22400%22%20height%3D%22200%22%3E%3Cg%20fill%3D%22%23fce1bb%22%3E%3Crect%20width%3D%22133%22%20height%3D%2250%22%2F%3E%3Crect%20width%3D%22133%22%20height%3D%2250%22%20fill%3D%22%237b95f9%22%20x%3D%22133%22%2F%3E%3Crect%20width%3D%22133%22%20height%3D%2250%22%20fill%3D%22%237b95f9%22%20x%3D%22266%22%2F%3E%3Crect%20width%3D%22133%22%20height%3D%2250%22%20fill%3D%22%23fbeeec%22%20y%3D%2250%22%2F%3E%3Crect%20width%3D%22133%22%20height%3D%2250%22%20fill%3D%22%237b95f9%22%20x%3D%22133%22%20y%3D%2250%22%2F%3E%3Crect%20width%3D%22133%22%20height%3D%2250%22%20fill%3D%22%237b95f9%22%20x%3D%22266%22%20y%3D%2250%22%2F%3E%3Crect%20width%3D%22133%22%20height%3D%2250%22%20fill%3D%22%23fbeeec%22%20y%3D%22100%22%2F%3E%3Crect%20width%3D%22133%22%20height%3D%2250%22%20fill%3D%22%23f26c6e%22%20x%3D%22133%22%20y%3D%22100%22%2F%3E%3Crect%20width%3D%22133%22%20height%3D%2250%22%20fill%3D%22%23fbeeec%22%20x%3D%22266%22%20y%3D%22100%22%2F%3E%3Crect%20width%3D%22133%22%20height%3D%2250%22%20fill%3D%22%23fadfde%22%20y%3D%22150%22%2F%3E%3Crect%20width%3D%22133%22%20height%3D%2250%22%20fill%3D%22%23fec045%22%20x%3D%22133%22%20y%3D%22150%22%2F%3E%3Crect%20width%3D%22133%22%20height%3D%2250%22%20fill%3D%22%23f26b6d%22%20x%3D%22266%22%20y%3D%22150%22%2F%3E%3C%2Fg%3E%3C%2Fsvg%3E\" data-lazy=\"1\" loading=\"lazy\" decoding=\"async\" data-tf-src=\"https:\/\/www.fileasbl.be\/membres\/wp-content\/uploads\/2023\/10\/Image-mise-en-avant-1-400x200.png\" width=\"400\" height=\"200\" class=\"tf_svg_lazy wp-post-image wp-image-31217\" title=\"Image mise en avant\" alt=\"Image mise en avant\"><noscript><img loading=\"lazy\" decoding=\"async\" data-tf-not-load src=\"https:\/\/www.fileasbl.be\/membres\/wp-content\/uploads\/2023\/10\/Image-mise-en-avant-1-400x200.png\" width=\"400\" height=\"200\" class=\"wp-post-image wp-image-31217\" title=\"Image mise en avant\" alt=\"Image mise en avant\"><\/noscript>                                                    <\/figure>\n                                                            \n                                    <div class=\"slide-content tb_text_wrap\">\n                        \t\t\t\t\t\t\t\t\t\t\t\t\t\t<h3 class=\"slide-title\">\n\t\t\t\t\t\t\t\t\t\t\t\t\t\t\t\t\t\t<a href=\"https:\/\/www.fileasbl.be\/membres\/en-bref-secteur-prive-etablissement-et-depot-de-vos-plans-de-formation\/\"  \n\t\t\t\t\t\t\t\t\t\t    target=\"_blank\" rel=\"noopener\"\t\t\t\t\t\t\t\t\t\t   >\n\t\t\t\t\t\t\t\t\t\t   En bref &#8211; Secteur priv\u00e9 &#8211; Etablissement et d\u00e9p\u00f4t de vos plans de formation\t\t\t\t\t\t\t\t\t\t<\/a>\n\t\t\t\t\t\t\t\t\t\t\t\t\t\t\t<\/h3>\n\t\t\t\t\t\t\t                        \t\t\t\t\t\t                            <time datetime=\"2024-11-26\" class=\"post-date\">26 novembre 2024<\/time>\n\t\t\t\t\t\t                                                                    <\/div>\n                    <!-- \/slide-content -->\n                            <\/div>\n        <\/div>\n                <div class=\"tf_swiper-slide\">\n            <div class=\"slide-inner-wrap\" style=\"margin-left:5px;\">\n                                                                <figure class=\"tf_lazy slide-image\">\n                                                            <img src=\"data:image\/svg+xml;charset=UTF-8,%3Csvg%20xmlns%3D%22http%3A%2F%2Fwww.w3.org%2F2000%2Fsvg%22%20width%3D%22400%22%20height%3D%22200%22%3E%3Cg%20fill%3D%22%23fce1bb%22%3E%3Crect%20width%3D%22133%22%20height%3D%2250%22%2F%3E%3Crect%20width%3D%22133%22%20height%3D%2250%22%20fill%3D%22%237b95f9%22%20x%3D%22133%22%2F%3E%3Crect%20width%3D%22133%22%20height%3D%2250%22%20fill%3D%22%237b95f9%22%20x%3D%22266%22%2F%3E%3Crect%20width%3D%22133%22%20height%3D%2250%22%20fill%3D%22%23fbeeec%22%20y%3D%2250%22%2F%3E%3Crect%20width%3D%22133%22%20height%3D%2250%22%20fill%3D%22%237b95f9%22%20x%3D%22133%22%20y%3D%2250%22%2F%3E%3Crect%20width%3D%22133%22%20height%3D%2250%22%20fill%3D%22%237b95f9%22%20x%3D%22266%22%20y%3D%2250%22%2F%3E%3Crect%20width%3D%22133%22%20height%3D%2250%22%20fill%3D%22%23fbeeec%22%20y%3D%22100%22%2F%3E%3Crect%20width%3D%22133%22%20height%3D%2250%22%20fill%3D%22%23f26c6e%22%20x%3D%22133%22%20y%3D%22100%22%2F%3E%3Crect%20width%3D%22133%22%20height%3D%2250%22%20fill%3D%22%23fbeeec%22%20x%3D%22266%22%20y%3D%22100%22%2F%3E%3Crect%20width%3D%22133%22%20height%3D%2250%22%20fill%3D%22%23fadfde%22%20y%3D%22150%22%2F%3E%3Crect%20width%3D%22133%22%20height%3D%2250%22%20fill%3D%22%23fec045%22%20x%3D%22133%22%20y%3D%22150%22%2F%3E%3Crect%20width%3D%22133%22%20height%3D%2250%22%20fill%3D%22%23f26b6d%22%20x%3D%22266%22%20y%3D%22150%22%2F%3E%3C%2Fg%3E%3C%2Fsvg%3E\" data-lazy=\"1\" loading=\"lazy\" decoding=\"async\" data-tf-src=\"https:\/\/www.fileasbl.be\/membres\/wp-content\/uploads\/2023\/10\/Image-mise-en-avant-1-400x200.png\" width=\"400\" height=\"200\" class=\"tf_svg_lazy wp-post-image wp-image-31217\" title=\"Image mise en avant\" alt=\"Image mise en avant\"><noscript><img loading=\"lazy\" decoding=\"async\" data-tf-not-load src=\"https:\/\/www.fileasbl.be\/membres\/wp-content\/uploads\/2023\/10\/Image-mise-en-avant-1-400x200.png\" width=\"400\" height=\"200\" class=\"wp-post-image wp-image-31217\" title=\"Image mise en avant\" alt=\"Image mise en avant\"><\/noscript>                                                    <\/figure>\n                                                            \n                                    <div class=\"slide-content tb_text_wrap\">\n                        \t\t\t\t\t\t\t\t\t\t\t\t\t\t<h3 class=\"slide-title\">\n\t\t\t\t\t\t\t\t\t\t\t\t\t\t\t\t\t\t<a href=\"https:\/\/www.fileasbl.be\/membres\/fla\/\"  \n\t\t\t\t\t\t\t\t\t\t    target=\"_blank\" rel=\"noopener\"\t\t\t\t\t\t\t\t\t\t   >\n\t\t\t\t\t\t\t\t\t\t   En bref &#8211; Federal Learning Account : jusqu&rsquo;au 1er avril 2025 pour encoder vos formations\t\t\t\t\t\t\t\t\t\t<\/a>\n\t\t\t\t\t\t\t\t\t\t\t\t\t\t\t<\/h3>\n\t\t\t\t\t\t\t                        \t\t\t\t\t\t                            <time datetime=\"2024-11-26\" class=\"post-date\">26 novembre 2024<\/time>\n\t\t\t\t\t\t                                                                    <\/div>\n                    <!-- \/slide-content -->\n                            <\/div>\n        <\/div>\n                <div class=\"tf_swiper-slide\">\n            <div class=\"slide-inner-wrap\" style=\"margin-left:5px;\">\n                                                                <figure class=\"tf_lazy slide-image\">\n                                                            <img src=\"data:image\/svg+xml;charset=UTF-8,%3Csvg%20xmlns%3D%22http%3A%2F%2Fwww.w3.org%2F2000%2Fsvg%22%20width%3D%22400%22%20height%3D%22200%22%3E%3Cg%20fill%3D%22%23fff6e5%22%3E%3Crect%20width%3D%22133%22%20height%3D%2250%22%2F%3E%3Crect%20width%3D%22133%22%20height%3D%2250%22%20fill%3D%22%2371ae9e%22%20x%3D%22133%22%2F%3E%3Crect%20width%3D%22133%22%20height%3D%2250%22%20fill%3D%22%23d87538%22%20x%3D%22266%22%2F%3E%3Crect%20width%3D%22133%22%20height%3D%2250%22%20fill%3D%22%23d7d755%22%20y%3D%2250%22%2F%3E%3Crect%20width%3D%22133%22%20height%3D%2250%22%20x%3D%22133%22%20y%3D%2250%22%2F%3E%3Crect%20width%3D%22133%22%20height%3D%2250%22%20fill%3D%22%23fef5e4%22%20x%3D%22266%22%20y%3D%2250%22%2F%3E%3Crect%20width%3D%22133%22%20height%3D%2250%22%20fill%3D%22%23d7d755%22%20y%3D%22100%22%2F%3E%3Crect%20width%3D%22133%22%20height%3D%2250%22%20x%3D%22133%22%20y%3D%22100%22%2F%3E%3Crect%20width%3D%22133%22%20height%3D%2250%22%20x%3D%22266%22%20y%3D%22100%22%2F%3E%3Crect%20width%3D%22133%22%20height%3D%2250%22%20fill%3D%22%23d7d755%22%20y%3D%22150%22%2F%3E%3Crect%20width%3D%22133%22%20height%3D%2250%22%20x%3D%22133%22%20y%3D%22150%22%2F%3E%3Crect%20width%3D%22133%22%20height%3D%2250%22%20fill%3D%22%23de0f3f%22%20x%3D%22266%22%20y%3D%22150%22%2F%3E%3C%2Fg%3E%3C%2Fsvg%3E\" data-lazy=\"1\" loading=\"lazy\" decoding=\"async\" data-tf-src=\"https:\/\/www.fileasbl.be\/membres\/wp-content\/uploads\/2024\/10\/Design-sans-titre-1-1024x1024-400x200.png\" width=\"400\" height=\"200\" class=\"tf_svg_lazy wp-post-image wp-image-32827\" title=\"Design sans titre (1)\" alt=\"Design sans titre (1)\"><noscript><img loading=\"lazy\" decoding=\"async\" data-tf-not-load src=\"https:\/\/www.fileasbl.be\/membres\/wp-content\/uploads\/2024\/10\/Design-sans-titre-1-1024x1024-400x200.png\" width=\"400\" height=\"200\" class=\"wp-post-image wp-image-32827\" title=\"Design sans titre (1)\" alt=\"Design sans titre (1)\"><\/noscript>                                                    <\/figure>\n                                                            \n                                    <div class=\"slide-content tb_text_wrap\">\n                        \t\t\t\t\t\t\t\t\t\t\t\t\t\t<h3 class=\"slide-title\">\n\t\t\t\t\t\t\t\t\t\t\t\t\t\t\t\t\t\t<a href=\"https:\/\/www.fileasbl.be\/membres\/la-journee-extrascool-ca-continue\/\"  \n\t\t\t\t\t\t\t\t\t\t    target=\"_blank\" rel=\"noopener\"\t\t\t\t\t\t\t\t\t\t   >\n\t\t\t\t\t\t\t\t\t\t   Journ\u00e9e ExtrasCOOL 2025 : rendre visible l&rsquo;invisible\t\t\t\t\t\t\t\t\t\t<\/a>\n\t\t\t\t\t\t\t\t\t\t\t\t\t\t\t<\/h3>\n\t\t\t\t\t\t\t                        \t\t\t\t\t\t                            <time datetime=\"2024-10-16\" class=\"post-date\">16 octobre 2024<\/time>\n\t\t\t\t\t\t                                                                    <\/div>\n                    <!-- \/slide-content -->\n                            <\/div>\n        <\/div>\n                <div class=\"tf_swiper-slide\">\n            <div class=\"slide-inner-wrap\" style=\"margin-left:5px;\">\n                                                                <figure class=\"tf_lazy slide-image\">\n                                                            <img src=\"data:image\/svg+xml;charset=UTF-8,%3Csvg%20xmlns%3D%22http%3A%2F%2Fwww.w3.org%2F2000%2Fsvg%22%20width%3D%22400%22%20height%3D%22200%22%3E%3Cg%20fill%3D%22%2325c19b%22%3E%3Crect%20width%3D%22133%22%20height%3D%2250%22%2F%3E%3Crect%20width%3D%22133%22%20height%3D%2250%22%20x%3D%22133%22%2F%3E%3Crect%20width%3D%22133%22%20height%3D%2250%22%20x%3D%22266%22%2F%3E%3Crect%20width%3D%22133%22%20height%3D%2250%22%20y%3D%2250%22%2F%3E%3Crect%20width%3D%22133%22%20height%3D%2250%22%20x%3D%22133%22%20y%3D%2250%22%2F%3E%3Crect%20width%3D%22133%22%20height%3D%2250%22%20x%3D%22266%22%20y%3D%2250%22%2F%3E%3Crect%20width%3D%22133%22%20height%3D%2250%22%20y%3D%22100%22%2F%3E%3Crect%20width%3D%22133%22%20height%3D%2250%22%20x%3D%22133%22%20y%3D%22100%22%2F%3E%3Crect%20width%3D%22133%22%20height%3D%2250%22%20x%3D%22266%22%20y%3D%22100%22%2F%3E%3Crect%20width%3D%22133%22%20height%3D%2250%22%20fill%3D%22%23e5302d%22%20y%3D%22150%22%2F%3E%3Crect%20width%3D%22133%22%20height%3D%2250%22%20x%3D%22133%22%20y%3D%22150%22%2F%3E%3Crect%20width%3D%22133%22%20height%3D%2250%22%20fill%3D%22%2365c5de%22%20x%3D%22266%22%20y%3D%22150%22%2F%3E%3C%2Fg%3E%3C%2Fsvg%3E\" data-lazy=\"1\" loading=\"lazy\" decoding=\"async\" data-tf-src=\"https:\/\/www.fileasbl.be\/membres\/wp-content\/uploads\/2024\/11\/Design-sans-titre-1024x512-400x200.png\" width=\"400\" height=\"200\" class=\"tf_svg_lazy wp-post-image wp-image-32752\" title=\"Design sans titre\" alt=\"Design sans titre\" data-tf-srcset=\"https:\/\/www.fileasbl.be\/membres\/wp-content\/uploads\/2024\/11\/Design-sans-titre-1024x512-400x200.png 400w, https:\/\/www.fileasbl.be\/membres\/wp-content\/uploads\/2024\/11\/Design-sans-titre-300x150.png 300w, https:\/\/www.fileasbl.be\/membres\/wp-content\/uploads\/2024\/11\/Design-sans-titre-1024x512.png 1024w, https:\/\/www.fileasbl.be\/membres\/wp-content\/uploads\/2024\/11\/Design-sans-titre-768x384.png 768w, https:\/\/www.fileasbl.be\/membres\/wp-content\/uploads\/2024\/11\/Design-sans-titre-1536x768.png 1536w, https:\/\/www.fileasbl.be\/membres\/wp-content\/uploads\/2024\/11\/Design-sans-titre-2048x1024.png 2048w, https:\/\/www.fileasbl.be\/membres\/wp-content\/uploads\/2024\/11\/Design-sans-titre-1024x512-350x175.png 350w\" data-tf-sizes=\"auto, (max-width: 400px) 100vw, 400px\" \/><noscript><img loading=\"lazy\" decoding=\"async\" data-tf-not-load src=\"https:\/\/www.fileasbl.be\/membres\/wp-content\/uploads\/2024\/11\/Design-sans-titre-1024x512-400x200.png\" width=\"400\" height=\"200\" class=\"wp-post-image wp-image-32752\" title=\"Design sans titre\" alt=\"Design sans titre\" srcset=\"https:\/\/www.fileasbl.be\/membres\/wp-content\/uploads\/2024\/11\/Design-sans-titre-1024x512-400x200.png 400w, https:\/\/www.fileasbl.be\/membres\/wp-content\/uploads\/2024\/11\/Design-sans-titre-300x150.png 300w, https:\/\/www.fileasbl.be\/membres\/wp-content\/uploads\/2024\/11\/Design-sans-titre-1024x512.png 1024w, https:\/\/www.fileasbl.be\/membres\/wp-content\/uploads\/2024\/11\/Design-sans-titre-768x384.png 768w, https:\/\/www.fileasbl.be\/membres\/wp-content\/uploads\/2024\/11\/Design-sans-titre-1536x768.png 1536w, https:\/\/www.fileasbl.be\/membres\/wp-content\/uploads\/2024\/11\/Design-sans-titre-2048x1024.png 2048w, https:\/\/www.fileasbl.be\/membres\/wp-content\/uploads\/2024\/11\/Design-sans-titre-1024x512-350x175.png 350w\" sizes=\"auto, (max-width: 400px) 100vw, 400px\" \/><\/noscript>                                                    <\/figure>\n                                                            \n                                    <div class=\"slide-content tb_text_wrap\">\n                        \t\t\t\t\t\t\t\t\t\t\t\t\t\t<h3 class=\"slide-title\">\n\t\t\t\t\t\t\t\t\t\t\t\t\t\t\t\t\t\t<a href=\"https:\/\/www.fileasbl.be\/membres\/direction-de-service-daccueillant%c2%b7es-formation\/\"  \n\t\t\t\t\t\t\t\t\t\t    target=\"_blank\" rel=\"noopener\"\t\t\t\t\t\t\t\t\t\t   >\n\t\t\t\t\t\t\t\t\t\t   Direction de Services d&rsquo;accueillant\u00b7es : formation\t\t\t\t\t\t\t\t\t\t<\/a>\n\t\t\t\t\t\t\t\t\t\t\t\t\t\t\t<\/h3>\n\t\t\t\t\t\t\t                        \t\t\t\t\t\t                            <time datetime=\"2024-10-14\" class=\"post-date\">14 octobre 2024<\/time>\n\t\t\t\t\t\t                                                                    <\/div>\n                    <!-- \/slide-content -->\n                            <\/div>\n        <\/div>\n        \n\t\n<!-- \/themify_builder_slider -->\n\t\t    <\/div>\n    <\/div>\n<\/div>\n<!-- module callout -->\n<div  class=\"module ui module-callout tb_7ee6ff5 button-bottom-center tb_default_color  rounded repeat wow\" data-tf-animation=\"bounceInRight\" data-lazy=\"1\">\n    \n    <div class=\"callout-inner\">\n\t<div class=\"callout-content tf_left\">\n\t    <h3 class=\"callout-heading\">Devenir membre<\/h3>\n\t    <div class=\"tb_text_wrap\">\n\t\t\tVous souhaitez b\u00e9n\u00e9ficier de nos services et nous aider \u00e0 promouvoir un accueil accessible \u00e0 tous.\t    <\/div>\n\t<\/div>\n\t<!-- \/callout-content -->\n\t    <\/div>\n    <!-- \/callout-content -->\n<\/div>\n<!-- \/module callout -->\n<!-- module callout -->\n<div  class=\"module ui module-callout tb_65d69e1 button-bottom-center transparent  rounded repeat wow\" data-tf-animation=\"zoomIn\" data-lazy=\"1\">\n    \n    <div class=\"callout-inner\">\n\t<div class=\"callout-content tf_left\">\n\t    <h3 class=\"callout-heading\"><\/h3>\n\t    <div class=\"tb_text_wrap\">\n\t\t\t\t    <\/div>\n\t<\/div>\n\t<!-- \/callout-content -->\n\t\t    <div class=\"callout-button tf_right tf_textr\">\n\t\t    <a href=\"http:\/\/www.fileasbl.be\/membres\/la-file\/saffilier-a-file\/\" class=\"ui builder_button rounded gradient red\">\n\t\t\t\t<span class=\"tb_callout_text\">Rejoignez-nous<\/span>\n\t\t    <\/a>\n\t\t<\/div>\n\t        <\/div>\n    <!-- \/callout-content -->\n<\/div>\n<!-- \/module callout -->\n\t        <\/div>\n\t    \t<\/div>\n\t\t    <\/div>\n\t    <!-- \/row_inner -->\n\t<\/div>\n\t<!-- \/module_row -->\n\t<\/div>\n<!--\/themify_builder_content-->","protected":false},"excerpt":{"rendered":"<p>Prochains \u00e9v\u00e8nements La FILE, f\u00e9d\u00e9ration des initiatives locales pour l&rsquo;enfance Active dans le secteur de l\u2019enfance depuis 30 ans, reconnue pour la qualit\u00e9 de son travail, la FILE a d\u00e9velopp\u00e9 de nombreuses connaissances et expertises tant sur le plan de la cr\u00e9ation et du soutien des milieux d\u2019accueil, que sur les plans p\u00e9dagogique et juridique, [&hellip;]<\/p>\n","protected":false},"author":1,"featured_media":0,"parent":0,"menu_order":0,"comment_status":"closed","ping_status":"closed","template":"","meta":{"footnotes":""},"class_list":["post-12","page","type-page","status-publish","hentry","has-post-title","has-post-date","has-post-category","has-post-tag","has-post-comment","has-post-author",""],"yoast_head":"<!-- This site is optimized with the Yoast SEO plugin v27.5 - https:\/\/yoast.com\/product\/yoast-seo-wordpress\/ -->\n<title>Accueil - Site de la FILE<\/title>\n<meta name=\"description\" content=\"La F.I.L.E. f\u00e9d\u00e8re des pouvoirs organisateurs dans le domaine de l\u2019accueil, de la protection et de l\u2019accompagnement des enfants sur l\u2019ensemble de la CWB.\" \/>\n<meta name=\"robots\" content=\"index, follow, max-snippet:-1, max-image-preview:large, max-video-preview:-1\" \/>\n<link rel=\"canonical\" href=\"https:\/\/www.fileasbl.be\/membres\/\" \/>\n<meta property=\"og:locale\" content=\"fr_FR\" \/>\n<meta property=\"og:type\" content=\"article\" \/>\n<meta property=\"og:title\" content=\"Accueil - Site de la FILE\" \/>\n<meta property=\"og:description\" content=\"La F.I.L.E. f\u00e9d\u00e8re des pouvoirs organisateurs dans le domaine de l\u2019accueil, de la protection et de l\u2019accompagnement des enfants sur l\u2019ensemble de la CWB.\" \/>\n<meta property=\"og:url\" content=\"https:\/\/www.fileasbl.be\/membres\/\" \/>\n<meta property=\"og:site_name\" content=\"Site de la FILE\" \/>\n<meta property=\"article:publisher\" content=\"https:\/\/www.facebook.com\/fileasbl\/\" \/>\n<meta property=\"article:modified_time\" content=\"2025-12-29T13:21:51+00:00\" \/>\n<meta name=\"twitter:card\" content=\"summary_large_image\" \/>\n<meta name=\"twitter:label1\" content=\"Dur\u00e9e de lecture estim\u00e9e\" \/>\n\t<meta name=\"twitter:data1\" content=\"1 minute\" \/>\n<script type=\"application\/ld+json\" class=\"yoast-schema-graph\">{\"@context\":\"https:\\\/\\\/schema.org\",\"@graph\":[{\"@type\":\"WebPage\",\"@id\":\"https:\\\/\\\/www.fileasbl.be\\\/membres\\\/\",\"url\":\"https:\\\/\\\/www.fileasbl.be\\\/membres\\\/\",\"name\":\"Accueil - Site de la FILE\",\"isPartOf\":{\"@id\":\"https:\\\/\\\/www.fileasbl.be\\\/membres\\\/#website\"},\"primaryImageOfPage\":{\"@id\":\"https:\\\/\\\/www.fileasbl.be\\\/membres\\\/#primaryimage\"},\"image\":{\"@id\":\"https:\\\/\\\/www.fileasbl.be\\\/membres\\\/#primaryimage\"},\"thumbnailUrl\":\"https:\\\/\\\/www.fileasbl.be\\\/membres\\\/wp-content\\\/uploads\\\/2022\\\/07\\\/Copie-de-Site-page-Accueil.gif\",\"datePublished\":\"2015-12-08T20:57:43+00:00\",\"dateModified\":\"2025-12-29T13:21:51+00:00\",\"description\":\"La F.I.L.E. f\u00e9d\u00e8re des pouvoirs organisateurs dans le domaine de l\u2019accueil, de la protection et de l\u2019accompagnement des enfants sur l\u2019ensemble de la CWB.\",\"breadcrumb\":{\"@id\":\"https:\\\/\\\/www.fileasbl.be\\\/membres\\\/#breadcrumb\"},\"inLanguage\":\"fr-FR\",\"potentialAction\":[{\"@type\":\"ReadAction\",\"target\":[\"https:\\\/\\\/www.fileasbl.be\\\/membres\\\/\"]}]},{\"@type\":\"ImageObject\",\"inLanguage\":\"fr-FR\",\"@id\":\"https:\\\/\\\/www.fileasbl.be\\\/membres\\\/#primaryimage\",\"url\":\"https:\\\/\\\/www.fileasbl.be\\\/membres\\\/wp-content\\\/uploads\\\/2022\\\/07\\\/Copie-de-Site-page-Accueil.gif\",\"contentUrl\":\"https:\\\/\\\/www.fileasbl.be\\\/membres\\\/wp-content\\\/uploads\\\/2022\\\/07\\\/Copie-de-Site-page-Accueil.gif\",\"width\":1584,\"height\":396},{\"@type\":\"BreadcrumbList\",\"@id\":\"https:\\\/\\\/www.fileasbl.be\\\/membres\\\/#breadcrumb\",\"itemListElement\":[{\"@type\":\"ListItem\",\"position\":1,\"name\":\"Accueil\",\"item\":\"https:\\\/\\\/www.fileasbl.be\\\/membres\\\/\"},{\"@type\":\"ListItem\",\"position\":2,\"name\":\"Accueil\"}]},{\"@type\":\"WebSite\",\"@id\":\"https:\\\/\\\/www.fileasbl.be\\\/membres\\\/#website\",\"url\":\"https:\\\/\\\/www.fileasbl.be\\\/membres\\\/\",\"name\":\"Site de la FILE\",\"description\":\"FILE Un accueil de qualit\u00e9 accessible \u00e0 tous\",\"potentialAction\":[{\"@type\":\"SearchAction\",\"target\":{\"@type\":\"EntryPoint\",\"urlTemplate\":\"https:\\\/\\\/www.fileasbl.be\\\/membres\\\/?s={search_term_string}\"},\"query-input\":{\"@type\":\"PropertyValueSpecification\",\"valueRequired\":true,\"valueName\":\"search_term_string\"}}],\"inLanguage\":\"fr-FR\"}]}<\/script>\n<!-- \/ Yoast SEO plugin. -->","yoast_head_json":{"title":"Accueil - Site de la FILE","description":"La F.I.L.E. f\u00e9d\u00e8re des pouvoirs organisateurs dans le domaine de l\u2019accueil, de la protection et de l\u2019accompagnement des enfants sur l\u2019ensemble de la CWB.","robots":{"index":"index","follow":"follow","max-snippet":"max-snippet:-1","max-image-preview":"max-image-preview:large","max-video-preview":"max-video-preview:-1"},"canonical":"https:\/\/www.fileasbl.be\/membres\/","og_locale":"fr_FR","og_type":"article","og_title":"Accueil - Site de la FILE","og_description":"La F.I.L.E. f\u00e9d\u00e8re des pouvoirs organisateurs dans le domaine de l\u2019accueil, de la protection et de l\u2019accompagnement des enfants sur l\u2019ensemble de la CWB.","og_url":"https:\/\/www.fileasbl.be\/membres\/","og_site_name":"Site de la FILE","article_publisher":"https:\/\/www.facebook.com\/fileasbl\/","article_modified_time":"2025-12-29T13:21:51+00:00","twitter_card":"summary_large_image","twitter_misc":{"Dur\u00e9e de lecture estim\u00e9e":"1 minute"},"schema":{"@context":"https:\/\/schema.org","@graph":[{"@type":"WebPage","@id":"https:\/\/www.fileasbl.be\/membres\/","url":"https:\/\/www.fileasbl.be\/membres\/","name":"Accueil - Site de la FILE","isPartOf":{"@id":"https:\/\/www.fileasbl.be\/membres\/#website"},"primaryImageOfPage":{"@id":"https:\/\/www.fileasbl.be\/membres\/#primaryimage"},"image":{"@id":"https:\/\/www.fileasbl.be\/membres\/#primaryimage"},"thumbnailUrl":"https:\/\/www.fileasbl.be\/membres\/wp-content\/uploads\/2022\/07\/Copie-de-Site-page-Accueil.gif","datePublished":"2015-12-08T20:57:43+00:00","dateModified":"2025-12-29T13:21:51+00:00","description":"La F.I.L.E. f\u00e9d\u00e8re des pouvoirs organisateurs dans le domaine de l\u2019accueil, de la protection et de l\u2019accompagnement des enfants sur l\u2019ensemble de la CWB.","breadcrumb":{"@id":"https:\/\/www.fileasbl.be\/membres\/#breadcrumb"},"inLanguage":"fr-FR","potentialAction":[{"@type":"ReadAction","target":["https:\/\/www.fileasbl.be\/membres\/"]}]},{"@type":"ImageObject","inLanguage":"fr-FR","@id":"https:\/\/www.fileasbl.be\/membres\/#primaryimage","url":"https:\/\/www.fileasbl.be\/membres\/wp-content\/uploads\/2022\/07\/Copie-de-Site-page-Accueil.gif","contentUrl":"https:\/\/www.fileasbl.be\/membres\/wp-content\/uploads\/2022\/07\/Copie-de-Site-page-Accueil.gif","width":1584,"height":396},{"@type":"BreadcrumbList","@id":"https:\/\/www.fileasbl.be\/membres\/#breadcrumb","itemListElement":[{"@type":"ListItem","position":1,"name":"Accueil","item":"https:\/\/www.fileasbl.be\/membres\/"},{"@type":"ListItem","position":2,"name":"Accueil"}]},{"@type":"WebSite","@id":"https:\/\/www.fileasbl.be\/membres\/#website","url":"https:\/\/www.fileasbl.be\/membres\/","name":"Site de la FILE","description":"FILE Un accueil de qualit\u00e9 accessible \u00e0 tous","potentialAction":[{"@type":"SearchAction","target":{"@type":"EntryPoint","urlTemplate":"https:\/\/www.fileasbl.be\/membres\/?s={search_term_string}"},"query-input":{"@type":"PropertyValueSpecification","valueRequired":true,"valueName":"search_term_string"}}],"inLanguage":"fr-FR"}]}},"builder_content":"<img loading=\"lazy\" decoding=\"async\" width=\"1584\" height=\"396\" src=\"https:\/\/www.fileasbl.be\/membres\/wp-content\/uploads\/2022\/07\/Copie-de-Site-page-Accueil.gif\" title=\"Copie de Site page Accueil\" alt=\"Copie de Site page Accueil\">\n\n<h2><strong>Prochains \u00e9v\u00e8nements<\/strong><\/h2> <hr \/>\n<h2><strong>La FILE, f\u00e9d\u00e9ration des initiatives locales pour l'enfance<\/strong><\/h2> <hr \/>\n<p>Active dans le secteur de l\u2019enfance depuis 30 ans, reconnue pour la qualit\u00e9 de son travail, la FILE a d\u00e9velopp\u00e9 de nombreuses connaissances et expertises tant sur le plan de la cr\u00e9ation et du soutien des milieux d\u2019accueil, que sur les plans p\u00e9dagogique et juridique, afin d\u2019accompagner au mieux les structures et les \u00e9quipes du secteur. <\/p> <p>La FILE est une coordinations de milieux d\u2019accueil f\u00e9d\u00e9rant plus de 120 membres et 750 lieux d\u2019accueil en petite enfance et en accueil temps libre (accueils extrascolaires, centres de vacances et \u00e9coles de devoirs) sur l\u2019ensemble de la f\u00e9d\u00e9ration Wallonie Bruxelles.<\/p>\n<h3 contenteditable=\"true\" data-name=\"mod_title_image\"><a href=\"https:\/\/www.fileasbl.be\/membres\/accueil\/rapport-activites-2024-vdef-mise-en-page\/\" rel=\"attachment wp-att-33535\">Rapport d'activit\u00e9s 2024 disponible ici !<\/a><\/h3>\n<h2><strong>Derniers articles<\/strong><\/h2> <hr>\n<h3>Devenir membre<\/h3> Vous souhaitez b\u00e9n\u00e9ficier de nos services et nous aider \u00e0 promouvoir un accueil accessible \u00e0 tous.\n<h3><\/h3> <a href=\"http:\/\/www.fileasbl.be\/membres\/la-file\/saffilier-a-file\/\"> Rejoignez-nous <\/a>","_links":{"self":[{"href":"https:\/\/www.fileasbl.be\/membres\/wp-json\/wp\/v2\/pages\/12","targetHints":{"allow":["GET"]}}],"collection":[{"href":"https:\/\/www.fileasbl.be\/membres\/wp-json\/wp\/v2\/pages"}],"about":[{"href":"https:\/\/www.fileasbl.be\/membres\/wp-json\/wp\/v2\/types\/page"}],"author":[{"embeddable":true,"href":"https:\/\/www.fileasbl.be\/membres\/wp-json\/wp\/v2\/users\/1"}],"replies":[{"embeddable":true,"href":"https:\/\/www.fileasbl.be\/membres\/wp-json\/wp\/v2\/comments?post=12"}],"version-history":[{"count":0,"href":"https:\/\/www.fileasbl.be\/membres\/wp-json\/wp\/v2\/pages\/12\/revisions"}],"wp:attachment":[{"href":"https:\/\/www.fileasbl.be\/membres\/wp-json\/wp\/v2\/media?parent=12"}],"curies":[{"name":"wp","href":"https:\/\/api.w.org\/{rel}","templated":true}]}}