{"id":13417,"date":"2020-05-25T11:59:30","date_gmt":"2020-05-25T10:59:30","guid":{"rendered":"http:\/\/www.fileasbl.be\/membres\/?page_id=13417"},"modified":"2025-09-01T13:55:22","modified_gmt":"2025-09-01T12:55:22","slug":"accueil-temps-libre","status":"publish","type":"page","link":"https:\/\/www.fileasbl.be\/membres\/themes\/accueil-temps-libre\/","title":{"rendered":"Accueil Temps Libre"},"content":{"rendered":"<p><\/p>\n\n\n<p><\/p>\n\n<!--themify_builder_content-->\n<div id=\"themify_builder_content-13417\" data-postid=\"13417\" class=\"themify_builder_content themify_builder_content-13417 themify_builder tf_clear\">\n    \t<!-- module_row -->\n\t<div  data-lazy=\"1\" class=\"module_row themify_builder_row tb_qzr7397 tb_first tf_clearfix\">\n\t    \t\t<div class=\"row_inner col_align_top col-count-1 tf_box tf_w tf_rel\">\n\t\t\t<div  data-lazy=\"1\" class=\"module_column tb-column col-full first tb_b2zp399 tf_box\">\n\t\t\t    \t        <div class=\"tb-column-inner tf_box tf_w\">\n\t\t    <!-- module image -->\n<div  class=\"module module-image tb_m9eq833   image-top auto_fullwidth tf_mw\" data-lazy=\"1\">\n        <div class=\"image-wrap tf_rel tf_mw\">\n\t\t    <img decoding=\"async\" src=\"http:\/\/www.fileasbl.be\/membres\/wp-content\/uploads\/2020\/05\/Bandeau-article-800-150-ATL.jpg\" title=\"Accueil Temps Libre\" alt=\"Accueil Temps Libre\">\t\n\t\t<\/div>\n\t<!-- \/image-wrap -->\n    \n    \t<\/div>\n<!-- \/module image -->\t<div  data-lazy=\"1\" class=\"module_subrow themify_builder_sub_row tb_blpb827 tf_w tf_clearfix\">\n\t    \t\t<div class=\"subrow_inner col_align_top col-count-2 tf_box tf_w\">\n\t\t\t<div  style=\"width: 91.65%\" data-lazy=\"1\" class=\"sub_column module_column tf_box col2-1 first tb_qdul828\"> \n\t    \t    \t        <div class=\"tb-column-inner tf_box tf_w\">\n\t\t    <!-- module text -->\n<div  class=\"module module-text tb_rdmf264   \" data-lazy=\"1\">\n        <div  class=\"tb_text_wrap\">\n    <h1 style=\"text-align: left;\">Le secteur de l\u2019accueil temps libre<\/h1>\n<p>\u00a0<\/p>\n<p>Le secteur de l\u2019accueil temps libre (ATL) regroupe toutes les activit\u00e9s organis\u00e9es avant et apr\u00e8s l\u2019\u00e9cole, le mercredi apr\u00e8s-midi, les week-ends et pendant les vacances scolaires. Ce secteur est donc tr\u00e8s diversifi\u00e9 (<a href=\"https:\/\/www.fileasbl.be\/membres\/themes\/accueil-temps-libre\/accueil-extrascolaire\/\" target=\"_blank\" rel=\"noopener\">accueils extrascolaires<\/a>, <a href=\"http:\/\/www.fileasbl.be\/membres\/themes\/ecole-des-devoirs\/\">\u00e9coles de devoirs<\/a>, centres de vacances\u2026) et accueille des enfants de 3 \u00e0 12 ans.<\/p>    <\/div>\n<\/div>\n<!-- \/module text -->\t        <\/div>\n\t    \t<\/div>\n\t\t<div  style=\"width: 5.15%\" data-lazy=\"1\" class=\"sub_column module_column tf_box col2-1 last tb_ct7r828\"> \n\t    \t    \t<\/div>\n\t\t    <\/div>\n\t<\/div><!-- \/themify_builder_sub_row -->\n\t<!-- module text -->\n<div  class=\"module module-text tb_up74721  repeat  wow\" data-tf-animation=\"zoomIn\" data-lazy=\"1\">\n        <div  class=\"tb_text_wrap\">\n    <p>Ce secteur offre un troisi\u00e8me lieu de vie \u00e0 l\u2019enfant, compl\u00e9mentaire \u00e0 l\u2019\u00e9cole et \u00e0 sa famille, et est essentiel \u00e0 son d\u00e9veloppement. Si l\u2019enfant, dans toutes ses dimensions, est au centre des pr\u00e9occupations dans l\u2019ATL, l\u2019accent est mis aussi sur le soutien \u00e0 la parentalit\u00e9, l\u2019accueil de publics fragilis\u00e9s, le soutien aux familles, le travail de proximit\u00e9 et la lutte contre la pr\u00e9carit\u00e9.<\/p>\n<p>Les accueillant.e.s, form\u00e9.e.s et comp\u00e9tent.e.s, sont attentifs.ves au bien-\u00eatre de l\u2019enfant, \u00e0 son \u00e9mancipation sociale et \u00e0 son d\u00e9veloppement personnel. Ces moments d\u2019accueil ne sont pas consacr\u00e9s \u00e0 des temps d\u2019apprentissages \u00ab scolaires \u00bb. C\u2019est le jeu, les activit\u00e9s, le vivre ensemble et le plaisir qui sont centraux.<\/p>\n<p>En effet, au quotidien, les \u00e9quipes p\u00e9dagogiques des milieux d\u2019accueil travaillent en mettant au centre l\u2019enfant et son \u00e9panouissement global. Les accueils temps libre sont un soutien aux parents mais aussi un lieu riche de qualit\u00e9 pour l\u2019enfant\u00a0: il y trouve des rep\u00e8res, peut \u00e9voluer \u00e0 son rythme, prendre son temps, cr\u00e9er des liens et \u00eatre <strong>pleinement qui il est.<\/strong><\/p>    <\/div>\n<\/div>\n<!-- \/module text --><!-- module text -->\n<div  class=\"module module-text tb_uep8627  repeat  wow\" data-tf-animation=\"zoomIn\" data-lazy=\"1\">\n        <div  class=\"tb_text_wrap\">\n    <p><em>\u00ab\u00a0L\u2019accueil des enfants 3-12 ans est, selon le Conseil d\u2019avis (Avis 2014\/03), un enjeu essentiel en termes de bien-\u00eatre et d\u2019\u00e9ducation qui contribue au renforcement de la justice sociale, et cela, avant d\u2019\u00eatre une n\u00e9cessit\u00e9 en termes de conciliation des temps pour les parents. Les milieux d\u2019accueil des enfants sont des lieux d\u2019\u00e9ducation o\u00f9 se jouent des enjeux d\u2019\u00e9galit\u00e9 de genre, de coh\u00e9sion sociale, de mixit\u00e9, de d\u00e9couverte des diff\u00e9rences et d\u2019apprentissage de la citoyennet\u00e9. Cet accueil devrait \u00eatre, non seulement un moment d\u2019\u00e9panouissement pour l\u2019enfant (de d\u00e9tente, de jeu, de d\u00e9couverte, etc.), mais aussi constituer un formidable espace \u00e9ducatif, d\u2019exp\u00e9rimentations, de diversit\u00e9 sociale et d\u2019apprentissage du vivre ensemble. En ce sens, ces lieux d\u2019accueil constituent un important levier de r\u00e9duction des in\u00e9galit\u00e9s entre enfants. Pour toutes ces raisons, la question de l\u2019accessibilit\u00e9 \u00e0 ces services et structures d\u2019accueil de l\u2019enfance 0-12 ans est fondamentale.\u00a0\u00bb <\/em><a href=\"https:\/\/www.one.be\/fileadmin\/user_upload\/siteone\/PRESENTATION\/Organe_d_avis\/Avis_2014_accessibilite_3_12_ans.pdf\" target=\"_blank\" rel=\"noopener\">Avis 2014\/03 relatif \u00e0 l\u2019accessibilit\u00e9 du secteur de l\u2019accueil 3 12 ans.<\/a><\/p>    <\/div>\n<\/div>\n<!-- \/module text --><!-- module text -->\n<div  class=\"module module-text tb_gyox689  repeat  wow\" data-tf-animation=\"zoomIn\" data-lazy=\"1\">\n        <div  class=\"tb_text_wrap\">\n    <h2>L&rsquo;O.N.E. s&rsquo;est vu confier la mise en application des dispositions r\u00e8glementaires\u00a0au niveau de l\u2019ATL :<\/h2>\n<h3 style=\"padding-left: 40px;\"><span style=\"color: #008000;\"><strong>Le Code de qualit\u00e9 : une base de r\u00e9flexion commune<\/strong><\/span><\/h3>\n<p>\u00ab En Communaut\u00e9 fran\u00e7aise, toute personne qui accueille des enfants de 0 \u00e0 12 ans se doit de respecter un code de qualit\u00e9. Celui-ci constitue une base de r\u00e9flexion commune \u00e0 tous les professionnel(le)s de l\u2019enfance afin d\u2019assurer une continuit\u00e9 dans les pratiques d\u2019accueil, la vis\u00e9e d\u2019objectifs communs. Il fixe \u00e9galement un cadre pour guider l\u2019action professionnelle de mani\u00e8re \u00e0 assurer \u00e0 tous les enfants un accueil de qualit\u00e9. Enfin, le Code de qualit\u00e9 invite \u00e0 une coordination locale et au d\u00e9veloppement de synergies entre milieux d\u2019accueil. \u00bb (<a href=\"https:\/\/www.one.be\/professionnel\/accueil-temps-libre\/qualite-de-latl\/\" target=\"_blank\" rel=\"noopener\">ONE, Qualit\u00e9 de l&rsquo;accueil<\/a>)<\/p>\n<p><strong>Le code de qualit\u00e9 de l&rsquo;accueil en Communaut\u00e9 fran\u00e7aise :<\/strong><\/p>\n<ul>\n<li style=\"list-style-type: none;\">\n<ul>\n<li><a href=\"t3:\/\/file?uid=1619\">Arr<\/a><a href=\"https:\/\/www.one.be\/fileadmin\/user_upload\/siteone\/PRESENTATION\/aspects_juridiques\/accueil\/Arrete_2003_Code_de_qualite_de_l_accueil.pdf\" target=\"_blank\" rel=\"noopener\">\u00eat\u00e9 du 17 d\u00e9cembre 2003 fixant le code de\u00a0qualit\u00e9 de l&rsquo;accueil<\/a><br>\n<h3>\u00a0<\/h3>\n<\/li>\n<\/ul>\n<\/li>\n<\/ul>\n<h3 style=\"padding-left: 40px;\"><span style=\"color: #008000;\"><strong>Le projet d&rsquo;accueil<\/strong><\/span><\/h3>\n<p>Le respect du code de qualit\u00e9 se concr\u00e9tise par la construction et la mise en \u0153uvre d&rsquo;un projet d&rsquo;accueil. Ce dernier doit \u00eatre \u00e9labor\u00e9 en \u00e9quipe et faire l\u2019objet d\u2019une consultation avec les personnes qui confient l\u2019enfant au milieu d\u2019accueil.<\/p>\n<p>Chaque \u00e9quipe y pr\u00e9cise ses choix m\u00e9thodologiques et les moyens qu\u2019elle met en \u0153uvre. Il traduit en mots les pratiques d\u2019accueil des personnes prenant en charge les enfants : que propose-t-on aux enfants accueillis ? A leur famille ? Quel sens les pratiques \u00e9ducatives propos\u00e9es ont-elles en fonction du contexte, du public accueilli ? Comment sont-elles mises en \u0153uvre ?<\/p>\n<p>Le projet d\u2019accueil constitue une r\u00e9f\u00e9rence pour les \u00e9quipes qui accueillent les enfants au quotidien.<\/p>\n<p>Ce projet peut \u00eatre consid\u00e9r\u00e9 comme un moyen de communication \u00e0 destination des parents, bien entendu, mais \u00e9galement des acteurs en interaction avec le milieu d\u2019accueil, qu\u2019ils soient charg\u00e9s de l\u2019\u00e9valuation, du soutien, de l\u2019accompagnement, de la formation des \u00e9quipes ou des stagiaires. (<a href=\"https:\/\/www.one.be\/professionnel\/accueil-temps-libre\/qualite-de-latl\/\" target=\"_blank\" rel=\"noopener\">ONE, Qualit\u00e9 de l&rsquo;accueil<\/a>)<\/p>    <\/div>\n<\/div>\n<!-- \/module text --><!-- module text -->\n<div  class=\"module module-text tb_qyv55  repeat \" data-lazy=\"1\">\n        <div  class=\"tb_text_wrap\">\n    <h2 style=\"text-align: left;\"><span style=\"color: #000080;\">Outils :\u00a0<\/span><\/h2>    <\/div>\n<\/div>\n<!-- \/module text -->\t<div  data-lazy=\"1\" class=\"module_subrow themify_builder_sub_row tb_xcuh783 tf_w tf_clearfix\">\n\t    \t\t<div class=\"subrow_inner col_align_top col-count-4 tf_box tf_w\">\n\t\t\t<div  data-lazy=\"1\" class=\"sub_column module_column tf_box col4-1 first tb_e70a785\"> \n\t    \t    \t        <div class=\"tb-column-inner tf_box tf_w\">\n\t\t    <!-- module image -->\n<div  class=\"module module-image tb_m6uh961 drop-shadow bordered  image-top auto_fullwidth tf_mw\" data-lazy=\"1\">\n        <div class=\"image-wrap tf_rel tf_mw\">\n\t\t    <a href=\"https:\/\/www.one.be\/fileadmin\/user_upload\/siteone\/PARENTS\/Brochures\/Depliant_accueil_temps_libre_activites_enfants.pdf\"\n\t       \t       >\n\t\t   \t\t<img loading=\"lazy\" decoding=\"async\" width=\"384\" height=\"538\" src=\"https:\/\/www.fileasbl.be\/membres\/wp-content\/uploads\/2024\/08\/Capture-decran-2024-08-13-15.06.49.png\" class=\"wp-post-image wp-image-32489\" title=\"Capture d\u2019\u00e9cran 2024-08-13 15.06.49\" alt=\"Capture d\u2019\u00e9cran 2024-08-13 15.06.49\" srcset=\"https:\/\/www.fileasbl.be\/membres\/wp-content\/uploads\/2024\/08\/Capture-decran-2024-08-13-15.06.49.png 384w, https:\/\/www.fileasbl.be\/membres\/wp-content\/uploads\/2024\/08\/Capture-decran-2024-08-13-15.06.49-214x300.png 214w\" sizes=\"auto, (max-width: 384px) 100vw, 384px\" \/>\t    <\/a>\n\t\n\t\t<\/div>\n\t<!-- \/image-wrap -->\n    \n    \t<\/div>\n<!-- \/module image -->\t        <\/div>\n\t    \t<\/div>\n\t\t<div  data-lazy=\"1\" class=\"sub_column module_column tf_box col4-1 second tb_s2z9786\"> \n\t    \t    \t        <div class=\"tb-column-inner tf_box tf_w\">\n\t\t    <!-- module image -->\n<div  class=\"module module-image tb_78gd540 drop-shadow bordered  image-center auto_fullwidth tf_mw\" data-lazy=\"1\">\n        <div class=\"image-wrap tf_rel tf_mw\">\n\t\t    <img loading=\"lazy\" decoding=\"async\" width=\"489\" height=\"700\" src=\"https:\/\/www.fileasbl.be\/membres\/wp-content\/uploads\/2024\/08\/Capture-decran-2024-08-13-15.00.54.png\" class=\"wp-post-image wp-image-32486\" title=\"Capture d\u2019\u00e9cran 2024-08-13 15.00.54\" alt=\"Capture d\u2019\u00e9cran 2024-08-13 15.00.54\" srcset=\"https:\/\/www.fileasbl.be\/membres\/wp-content\/uploads\/2024\/08\/Capture-decran-2024-08-13-15.00.54.png 489w, https:\/\/www.fileasbl.be\/membres\/wp-content\/uploads\/2024\/08\/Capture-decran-2024-08-13-15.00.54-210x300.png 210w, https:\/\/www.fileasbl.be\/membres\/wp-content\/uploads\/2024\/08\/Capture-decran-2024-08-13-15.00.54-400x573.png 400w\" sizes=\"auto, (max-width: 489px) 100vw, 489px\" \/>\t\n\t\t<\/div>\n\t<!-- \/image-wrap -->\n    \n    \t<\/div>\n<!-- \/module image -->\t        <\/div>\n\t    \t<\/div>\n\t\t<div  data-lazy=\"1\" class=\"sub_column module_column tf_box col4-1 third tb_uvpm786\"> \n\t    \t    \t        <div class=\"tb-column-inner tf_box tf_w\">\n\t\t    <!-- module image -->\n<div  class=\"module module-image tb_qmv1411 drop-shadow bordered  image-top auto_fullwidth tf_mw\" data-lazy=\"1\">\n        <div class=\"image-wrap tf_rel tf_mw\">\n\t\t    <a href=\"https:\/\/www.one.be\/fileadmin\/user_upload\/siteone\/PRO\/ATL\/Referentiel_-_texte_complet.pdf\"\n\t       \t       >\n\t\t   \t\t<img loading=\"lazy\" decoding=\"async\" width=\"491\" height=\"705\" src=\"https:\/\/www.fileasbl.be\/membres\/wp-content\/uploads\/2024\/08\/Capture-decran-2024-08-13-15.02.33.png\" class=\"wp-post-image wp-image-32487\" title=\"Capture d\u2019\u00e9cran 2024-08-13 15.02.33\" alt=\"Capture d\u2019\u00e9cran 2024-08-13 15.02.33\" srcset=\"https:\/\/www.fileasbl.be\/membres\/wp-content\/uploads\/2024\/08\/Capture-decran-2024-08-13-15.02.33.png 491w, https:\/\/www.fileasbl.be\/membres\/wp-content\/uploads\/2024\/08\/Capture-decran-2024-08-13-15.02.33-209x300.png 209w, https:\/\/www.fileasbl.be\/membres\/wp-content\/uploads\/2024\/08\/Capture-decran-2024-08-13-15.02.33-400x574.png 400w\" sizes=\"auto, (max-width: 491px) 100vw, 491px\" \/>\t    <\/a>\n\t\n\t\t<\/div>\n\t<!-- \/image-wrap -->\n    \n    \t<\/div>\n<!-- \/module image -->\t        <\/div>\n\t    \t<\/div>\n\t\t<div  data-lazy=\"1\" class=\"sub_column module_column tf_box col4-1 last tb_ou97787\"> \n\t    \t    \t        <div class=\"tb-column-inner tf_box tf_w\">\n\t\t    <!-- module image -->\n<div  class=\"module module-image tb_dqkx424 drop-shadow bordered  image-top auto_fullwidth tf_mw\" data-lazy=\"1\">\n        <div class=\"image-wrap tf_rel tf_mw\">\n\t\t    <a href=\"http:\/\/www.momesensante.be\/pdf\/momes_en_sante_complet.pdf\"\n\t       \t       >\n\t\t   \t\t<img loading=\"lazy\" decoding=\"async\" width=\"489\" height=\"698\" src=\"https:\/\/www.fileasbl.be\/membres\/wp-content\/uploads\/2024\/08\/Capture-decran-2024-08-13-15.04.43.png\" class=\"wp-post-image wp-image-32488\" title=\"Capture d\u2019\u00e9cran 2024-08-13 15.04.43\" alt=\"Capture d\u2019\u00e9cran 2024-08-13 15.04.43\" srcset=\"https:\/\/www.fileasbl.be\/membres\/wp-content\/uploads\/2024\/08\/Capture-decran-2024-08-13-15.04.43.png 489w, https:\/\/www.fileasbl.be\/membres\/wp-content\/uploads\/2024\/08\/Capture-decran-2024-08-13-15.04.43-210x300.png 210w, https:\/\/www.fileasbl.be\/membres\/wp-content\/uploads\/2024\/08\/Capture-decran-2024-08-13-15.04.43-400x571.png 400w\" sizes=\"auto, (max-width: 489px) 100vw, 489px\" \/>\t    <\/a>\n\t\n\t\t<\/div>\n\t<!-- \/image-wrap -->\n    \n    \t<\/div>\n<!-- \/module image -->\t        <\/div>\n\t    \t<\/div>\n\t\t    <\/div>\n\t<\/div><!-- \/themify_builder_sub_row -->\n\t\t<div  data-lazy=\"1\" class=\"module_subrow themify_builder_sub_row tb_ooj5297 tf_w tf_clearfix\">\n\t    \t\t<div class=\"subrow_inner col_align_top col-count-4 tf_box tf_w\">\n\t\t\t<div  data-lazy=\"1\" class=\"sub_column module_column tf_box col4-1 first tb_0cod298\"> \n\t    \t    \t        <div class=\"tb-column-inner tf_box tf_w\">\n\t\t    <!-- module text -->\n<div  class=\"module module-text tb_rg82565   \" data-lazy=\"1\">\n        <div  class=\"tb_text_wrap\">\n    <p>D\u00e9pliant ONE\u00a0\u00ab <a href=\"https:\/\/www.one.be\/fileadmin\/user_upload\/siteone\/PRO\/Brochures\/depliant-accueil-temps-libre-activites-enfants.pdf\" target=\"_blank\" rel=\"noopener\">L\u2019accueil des enfants durant leur temps libre, quelles activit\u00e9s pour votre enfant\u00a0?<\/a>\u00a0\u00bb<\/p>    <\/div>\n<\/div>\n<!-- \/module text -->\t        <\/div>\n\t    \t<\/div>\n\t\t<div  data-lazy=\"1\" class=\"sub_column module_column tf_box col4-1 second tb_8b7r298\"> \n\t    \t    \t        <div class=\"tb-column-inner tf_box tf_w\">\n\t\t    <!-- module text -->\n<div  class=\"module module-text tb_0xe9566   \" data-lazy=\"1\">\n        <div  class=\"tb_text_wrap\">\n    <p>Brochure ONE\u00a0\u00ab <a href=\"https:\/\/www.one.be\/fileadmin\/user_upload\/siteone\/PRO\/Brochures\/Projet_accueil_enfant_3-12_ans.pdf\" target=\"_blank\" rel=\"noopener\">Quel projet d\u2019accueil pour les enfants de 3 \u00e0 12 ans et + ?<\/a>\u00a0\u00bb<\/p>    <\/div>\n<\/div>\n<!-- \/module text -->\t        <\/div>\n\t    \t<\/div>\n\t\t<div  data-lazy=\"1\" class=\"sub_column module_column tf_box col4-1 third tb_tof5298\"> \n\t    \t    \t        <div class=\"tb-column-inner tf_box tf_w\">\n\t\t    <!-- module text -->\n<div  class=\"module module-text tb_o4g1566   \" data-lazy=\"1\">\n        <div  class=\"tb_text_wrap\">\n    <p>Le r\u00e9f\u00e9rentiel psychop\u00e9dagogique ONE \u00ab <a href=\"https:\/\/www.one.be\/fileadmin\/user_upload\/siteone\/PRO\/ATL\/Referentiel_-_texte_complet.pdf\" target=\"_blank\" rel=\"noopener\">Accueillir les enfants de 3 \u00e0 12 ans, viser la qualit\u00e9<\/a> \u00bb<\/p>\n<p>Livret I: <a href=\"https:\/\/www.one.be\/fileadmin\/user_upload\/siteone\/PRO\/ATL\/livret_I_-_introduction.pdf\" target=\"_blank\" rel=\"noopener\">Introduction<\/a><br>Livret II:\u00a0<a href=\"https:\/\/www.one.be\/fileadmin\/user_upload\/siteone\/PRO\/ATL\/livret_II_rencontre_des_familles.pdf\" target=\"_blank\" rel=\"noopener\">Accueillir les enfants et leur famille<\/a><br>Livret III:\u00a0<a href=\"https:\/\/www.one.be\/fileadmin\/user_upload\/siteone\/PRO\/ATL\/livret_III_donner_une_place_active.pdf\" target=\"_blank\" rel=\"noopener\">Donner aux enfants une place active<\/a><br>Livret IV:\u00a0<a href=\"https:\/\/www.one.be\/fileadmin\/user_upload\/siteone\/PRO\/ATL\/livret_IV_-_vivre_ensemble.pdf\" target=\"_blank\" rel=\"noopener\">Vivre ensemble<\/a><br>Livret V:\u00a0<a href=\"https:\/\/www.one.be\/fileadmin\/user_upload\/siteone\/PRO\/ATL\/livret_V_creer_des_liens.pdf\" target=\"_blank\" rel=\"noopener\">Cr\u00e9er des liens<\/a><br>Livret VI:\u00a0<a href=\"https:\/\/www.one.be\/fileadmin\/user_upload\/siteone\/PRO\/ATL\/livret_VI_promouvoir_la_participation.pdf\">Promouvoir la participation des enfants<\/a><br>Livret VII:\u00a0<a href=\"https:\/\/www.one.be\/fileadmin\/user_upload\/siteone\/PRO\/ATL\/livret_VII_rencontre_des_professionnels.pdf\" target=\"_blank\" rel=\"noopener\">Viser la professionnalisation de l&rsquo;accueil des enfants de trois \u00e0 douze ans<\/a><\/p>    <\/div>\n<\/div>\n<!-- \/module text -->\t        <\/div>\n\t    \t<\/div>\n\t\t<div  data-lazy=\"1\" class=\"sub_column module_column tf_box col4-1 last tb_71zf298\"> \n\t    \t    \t        <div class=\"tb-column-inner tf_box tf_w\">\n\t\t    <!-- module text -->\n<div  class=\"module module-text tb_826q295   \" data-lazy=\"1\">\n        <div  class=\"tb_text_wrap\">\n    <p>Brochure \u00ab <a href=\"http:\/\/www.momesensante.be\/pdf\/momes_en_sante_complet.pdf\" target=\"_blank\" rel=\"noopener\">M\u00f4mes en sant\u00e9 : La sant\u00e9 en collectivit\u00e9 pour les enfants de 3 \u00e0 18 ans<\/a> \u00bb<\/p>    <\/div>\n<\/div>\n<!-- \/module text -->\t        <\/div>\n\t    \t<\/div>\n\t\t    <\/div>\n\t<\/div><!-- \/themify_builder_sub_row -->\n\t<!-- module text -->\n<div  class=\"module module-text tb_dxsm916  repeat \" data-lazy=\"1\">\n        <div  class=\"tb_text_wrap\">\n    <h2 style=\"text-align: left;\"><span style=\"color: #000080;\">Autres liens ressources :\u00a0<\/span><\/h2>    <\/div>\n<\/div>\n<!-- \/module text --><!-- module text -->\n<div  class=\"module module-text tb_c68p732   \" data-lazy=\"1\">\n        <div  class=\"tb_text_wrap\">\n    <ul>\n<li>La <a href=\"http:\/\/www.extrascool.be\" target=\"_blank\" rel=\"noopener\">Plateforme de valorisation de l&rsquo;accueil extrascolaire\u00a0<\/a><\/li>\n<li><a href=\"https:\/\/www.plateforme-communautaire-catl.be\/plateforme-provinciale-atl-de-namur-2022\/\" target=\"_blank\" rel=\"noopener\">La plateforme communautaire ATL<\/a><\/li>\n<li>Pour s\u2019inscrire \u00e0 la <a href=\"https:\/\/www.one.be\/newsletter-atl\/presentation-de-la-newsletter-100atl\/?L=0\" target=\"_blank\" rel=\"noopener\">Newsletter 100%ATL de l\u2019ONE<\/a><\/li>\n<li>Pour en savoir plus sur les <a href=\"http:\/\/www.centres-de-vacances.be\/\" target=\"_blank\" rel=\"noopener\">centres de vacances<\/a><\/li>\n<li>Pour en savoir plus sur les <a href=\"http:\/\/www.fileasbl.be\/membres\/themes\/ecole-des-devoirs\/\" target=\"_blank\" rel=\"noopener\">\u00e9coles de devoirs<\/a><\/li>\n<li>Pour en savoir plus sur l\u2019<a href=\"https:\/\/www.fileasbl.be\/membres\/themes\/accueil-temps-libre\/accueil-extrascolaire\/\" target=\"_blank\" rel=\"noopener\">accueil extrascolaire<\/a>\u00a0<\/li>\n<\/ul>    <\/div>\n<\/div>\n<!-- \/module text --><!-- module text -->\n<div  class=\"module module-text tb_e1ll437  repeat \" data-lazy=\"1\">\n        <div  class=\"tb_text_wrap\">\n    <h2 style=\"text-align: left;\"><span style=\"color: #000080;\">Derniers articles :\u00a0<\/span><\/h2>    <\/div>\n<\/div>\n<!-- \/module text --><div  class=\"module tf_clearfix themify_builder_slider_wrap module-slider tb_52y3637  slider-default  \" data-lazy=\"1\">\n        <div class=\"themify_builder_slider tf_carousel tf_swiper-container tf_rel tf_overflow\" data-lazy=\"1\"\t\t    data-tbreakpoints=\"1024\"\n\t\t    data-mbreakpoints=\"480\"\n\tdata-visible=\"4\"\n\tdata-tab-visible=\"1\"\n\tdata-mob-visible=\"1\"\n\tdata-scroll=\"1\"\n\t\t    \t\t    \tdata-speed=\"1\"\n\tdata-wrapvar=\"1\"\n\tdata-slider_nav=\"1\"\n\tdata-pager=\"1\"\n\tdata-effect=\"scroll\" \n\tdata-height=\"variable\"\n\tdata-horizontal=\"0\"\n\t\t    data-css_url=\"https:\/\/www.fileasbl.be\/membres\/wp-content\/themes\/themify-ultra\/themify\/themify-builder\/css\/modules\/sliders\/carousel.css,https:\/\/www.fileasbl.be\/membres\/wp-content\/themes\/themify-ultra\/themify\/themify-builder\/css\/modules\/sliders\/slider.css\"\n\t>\n\t\t    <div class=\"tf_swiper-wrapper tf_lazy tf_rel tf_w tf_h tf_textc\">\n\t            <div class=\"tf_swiper-slide\">\n            <div class=\"slide-inner-wrap\" style=\"margin-left:05px;\">\n                                                                <figure class=\"tf_lazy slide-image\">\n                                                            <a href=\"https:\/\/www.fileasbl.be\/membres\/cinquieme-edition-de-la-journee-extrascool-un-franc-succes\/\"\n                                                                      >\n                                   <img src=\"data:image\/svg+xml;charset=UTF-8,%3Csvg%20xmlns%3D%22http%3A%2F%2Fwww.w3.org%2F2000%2Fsvg%22%20width%3D%22360%22%20height%3D%22200%22%3E%3Cg%20fill%3D%22%23de1a4a%22%3E%3Crect%20width%3D%22120%22%20height%3D%2250%22%2F%3E%3Crect%20width%3D%22120%22%20height%3D%2250%22%20fill%3D%22%23e01145%22%20x%3D%22120%22%2F%3E%3Crect%20width%3D%22120%22%20height%3D%2250%22%20fill%3D%22%23c0213f%22%20x%3D%22240%22%2F%3E%3Crect%20width%3D%22120%22%20height%3D%2250%22%20fill%3D%22%23bd1840%22%20y%3D%2250%22%2F%3E%3Crect%20width%3D%22120%22%20height%3D%2250%22%20fill%3D%22%23ce1b42%22%20x%3D%22120%22%20y%3D%2250%22%2F%3E%3Crect%20width%3D%22120%22%20height%3D%2250%22%20fill%3D%22%23e19ba5%22%20x%3D%22240%22%20y%3D%2250%22%2F%3E%3Crect%20width%3D%22120%22%20height%3D%2250%22%20fill%3D%22%23fbecc1%22%20y%3D%22100%22%2F%3E%3Crect%20width%3D%22120%22%20height%3D%2250%22%20fill%3D%22%23fffbe5%22%20x%3D%22120%22%20y%3D%22100%22%2F%3E%3Crect%20width%3D%22120%22%20height%3D%2250%22%20fill%3D%22%23ffdeda%22%20x%3D%22240%22%20y%3D%22100%22%2F%3E%3Crect%20width%3D%22120%22%20height%3D%2250%22%20fill%3D%22%23f7a08c%22%20y%3D%22150%22%2F%3E%3Crect%20width%3D%22120%22%20height%3D%2250%22%20fill%3D%22%23cf7a7d%22%20x%3D%22120%22%20y%3D%22150%22%2F%3E%3Crect%20width%3D%22120%22%20height%3D%2250%22%20fill%3D%22%23d6d853%22%20x%3D%22240%22%20y%3D%22150%22%2F%3E%3C%2Fg%3E%3C%2Fsvg%3E\" data-lazy=\"1\" loading=\"lazy\" decoding=\"async\" data-tf-src=\"https:\/\/www.fileasbl.be\/membres\/wp-content\/uploads\/2024\/01\/Badges-Extrascool-2024-360x200.jpg\" width=\"360\" height=\"200\" class=\"tf_svg_lazy wp-post-image wp-image-31399\" title=\"Badges Extrascool 2024\" alt=\"Badges Extrascool 2024\"><noscript><img loading=\"lazy\" decoding=\"async\" data-tf-not-load src=\"https:\/\/www.fileasbl.be\/membres\/wp-content\/uploads\/2024\/01\/Badges-Extrascool-2024-360x200.jpg\" width=\"360\" height=\"200\" class=\"wp-post-image wp-image-31399\" title=\"Badges Extrascool 2024\" alt=\"Badges Extrascool 2024\"><\/noscript>                                <\/a>\n                                                    <\/figure>\n                                                            \n                                    <div class=\"slide-content tb_text_wrap\">\n                        \t\t\t\t\t\t\t\t\t\t\t\t\t\t<h3 class=\"slide-title\">\n\t\t\t\t\t\t\t\t\t\t\t\t\t\t\t\t\t\t<a href=\"https:\/\/www.fileasbl.be\/membres\/cinquieme-edition-de-la-journee-extrascool-un-franc-succes\/\"  \n\t\t\t\t\t\t\t\t\t\t   \t\t\t\t\t\t\t\t\t\t   >\n\t\t\t\t\t\t\t\t\t\t   Cinqui\u00e8me \u00e9dition de la journ\u00e9e extrasCOOL : Un franc succ\u00e8s !\t\t\t\t\t\t\t\t\t\t<\/a>\n\t\t\t\t\t\t\t\t\t\t\t\t\t\t\t<\/h3>\n\t\t\t\t\t\t\t                        \t\t\t\t\t\t                            <time datetime=\"2026-02-06\" class=\"post-date\">6 f\u00e9vrier 2026<\/time>\n\t\t\t\t\t\t                                                                    <\/div>\n                    <!-- \/slide-content -->\n                            <\/div>\n        <\/div>\n                <div class=\"tf_swiper-slide\">\n            <div class=\"slide-inner-wrap\" style=\"margin-left:05px;\">\n                                \n                                    <div class=\"slide-content tb_text_wrap\">\n                        \t\t\t\t\t\t\t\t\t\t\t\t\t\t<h3 class=\"slide-title\">\n\t\t\t\t\t\t\t\t\t\t\t\t\t\t\t\t\t\t<a href=\"https:\/\/www.fileasbl.be\/membres\/en-bref-depassement-de-lindice-pivot-et-indexation-des-subventions\/\"  \n\t\t\t\t\t\t\t\t\t\t   \t\t\t\t\t\t\t\t\t\t   >\n\t\t\t\t\t\t\t\t\t\t   En bref &#8211; D\u00e9passement de l&rsquo;indice pivot et indexation des subventions\t\t\t\t\t\t\t\t\t\t<\/a>\n\t\t\t\t\t\t\t\t\t\t\t\t\t\t\t<\/h3>\n\t\t\t\t\t\t\t                        \t\t\t\t\t\t                            <time datetime=\"2026-01-12\" class=\"post-date\">12 janvier 2026<\/time>\n\t\t\t\t\t\t                                                                    <\/div>\n                    <!-- \/slide-content -->\n                            <\/div>\n        <\/div>\n                <div class=\"tf_swiper-slide\">\n            <div class=\"slide-inner-wrap\" style=\"margin-left:05px;\">\n                                                                <figure class=\"tf_lazy slide-image\">\n                                                            <a href=\"https:\/\/www.fileasbl.be\/membres\/en-bref-attestations-fiscales-pour-deduction-des-frais-de-garde-2025\/\"\n                                                                      >\n                                   <img src=\"data:image\/svg+xml;charset=UTF-8,%3Csvg%20xmlns%3D%22http%3A%2F%2Fwww.w3.org%2F2000%2Fsvg%22%20width%3D%22360%22%20height%3D%22200%22%3E%3Cg%20fill%3D%22%23fec044%22%3E%3Crect%20width%3D%22120%22%20height%3D%2250%22%2F%3E%3Crect%20width%3D%22120%22%20height%3D%2250%22%20fill%3D%22%237b95f9%22%20x%3D%22120%22%2F%3E%3Crect%20width%3D%22120%22%20height%3D%2250%22%20fill%3D%22%237a94f8%22%20x%3D%22240%22%2F%3E%3Crect%20width%3D%22120%22%20height%3D%2250%22%20fill%3D%22%23fbeeec%22%20y%3D%2250%22%2F%3E%3Crect%20width%3D%22120%22%20height%3D%2250%22%20fill%3D%22%237b95f9%22%20x%3D%22120%22%20y%3D%2250%22%2F%3E%3Crect%20width%3D%22120%22%20height%3D%2250%22%20fill%3D%22%237b95f9%22%20x%3D%22240%22%20y%3D%2250%22%2F%3E%3Crect%20width%3D%22120%22%20height%3D%2250%22%20fill%3D%22%23fbeeec%22%20y%3D%22100%22%2F%3E%3Crect%20width%3D%22120%22%20height%3D%2250%22%20fill%3D%22%23f26b6d%22%20x%3D%22120%22%20y%3D%22100%22%2F%3E%3Crect%20width%3D%22120%22%20height%3D%2250%22%20fill%3D%22%23f6b8b8%22%20x%3D%22240%22%20y%3D%22100%22%2F%3E%3Crect%20width%3D%22120%22%20height%3D%2250%22%20fill%3D%22%23f7b7b7%22%20y%3D%22150%22%2F%3E%3Crect%20width%3D%22120%22%20height%3D%2250%22%20fill%3D%22%23fec045%22%20x%3D%22120%22%20y%3D%22150%22%2F%3E%3Crect%20width%3D%22120%22%20height%3D%2250%22%20fill%3D%22%23f26a6c%22%20x%3D%22240%22%20y%3D%22150%22%2F%3E%3C%2Fg%3E%3C%2Fsvg%3E\" data-lazy=\"1\" loading=\"lazy\" decoding=\"async\" data-tf-src=\"https:\/\/www.fileasbl.be\/membres\/wp-content\/uploads\/2023\/10\/Image-mise-en-avant-1-360x200.png\" width=\"360\" height=\"200\" class=\"tf_svg_lazy wp-post-image wp-image-31217\" title=\"Image mise en avant\" alt=\"Image mise en avant\"><noscript><img loading=\"lazy\" decoding=\"async\" data-tf-not-load src=\"https:\/\/www.fileasbl.be\/membres\/wp-content\/uploads\/2023\/10\/Image-mise-en-avant-1-360x200.png\" width=\"360\" height=\"200\" class=\"wp-post-image wp-image-31217\" title=\"Image mise en avant\" alt=\"Image mise en avant\"><\/noscript>                                <\/a>\n                                                    <\/figure>\n                                                            \n                                    <div class=\"slide-content tb_text_wrap\">\n                        \t\t\t\t\t\t\t\t\t\t\t\t\t\t<h3 class=\"slide-title\">\n\t\t\t\t\t\t\t\t\t\t\t\t\t\t\t\t\t\t<a href=\"https:\/\/www.fileasbl.be\/membres\/en-bref-attestations-fiscales-pour-deduction-des-frais-de-garde-2025\/\"  \n\t\t\t\t\t\t\t\t\t\t   \t\t\t\t\t\t\t\t\t\t   >\n\t\t\t\t\t\t\t\t\t\t   En bref &#8211; Attestations fiscales pour d\u00e9duction des frais de garde 2025\t\t\t\t\t\t\t\t\t\t<\/a>\n\t\t\t\t\t\t\t\t\t\t\t\t\t\t\t<\/h3>\n\t\t\t\t\t\t\t                        \t\t\t\t\t\t                            <time datetime=\"2026-01-12\" class=\"post-date\">12 janvier 2026<\/time>\n\t\t\t\t\t\t                                                                    <\/div>\n                    <!-- \/slide-content -->\n                            <\/div>\n        <\/div>\n                <div class=\"tf_swiper-slide\">\n            <div class=\"slide-inner-wrap\" style=\"margin-left:05px;\">\n                                                                <figure class=\"tf_lazy slide-image\">\n                                                            <a href=\"https:\/\/www.fileasbl.be\/membres\/extrascool-2026\/\"\n                                                                      >\n                                   <img src=\"data:image\/svg+xml;charset=UTF-8,%3Csvg%20xmlns%3D%22http%3A%2F%2Fwww.w3.org%2F2000%2Fsvg%22%20width%3D%22360%22%20height%3D%22200%22%3E%3Cg%20fill%3D%22%23fef3e5%22%3E%3Crect%20width%3D%22120%22%20height%3D%2250%22%2F%3E%3Crect%20width%3D%22120%22%20height%3D%2250%22%20x%3D%22120%22%2F%3E%3Crect%20width%3D%22120%22%20height%3D%2250%22%20fill%3D%22%23f4e6d7%22%20x%3D%22240%22%2F%3E%3Crect%20width%3D%22120%22%20height%3D%2250%22%20fill%3D%22%23eccdb2%22%20y%3D%2250%22%2F%3E%3Crect%20width%3D%22120%22%20height%3D%2250%22%20fill%3D%22%23ac8e88%22%20x%3D%22120%22%20y%3D%2250%22%2F%3E%3Crect%20width%3D%22120%22%20height%3D%2250%22%20fill%3D%22%23f3cbb5%22%20x%3D%22240%22%20y%3D%2250%22%2F%3E%3Crect%20width%3D%22120%22%20height%3D%2250%22%20fill%3D%22%23e9c6a9%22%20y%3D%22100%22%2F%3E%3Crect%20width%3D%22120%22%20height%3D%2250%22%20fill%3D%22%23eed2b8%22%20x%3D%22120%22%20y%3D%22100%22%2F%3E%3Crect%20width%3D%22120%22%20height%3D%2250%22%20fill%3D%22%23d58586%22%20x%3D%22240%22%20y%3D%22100%22%2F%3E%3Crect%20width%3D%22120%22%20height%3D%2250%22%20fill%3D%22%23e4bb9b%22%20y%3D%22150%22%2F%3E%3Crect%20width%3D%22120%22%20height%3D%2250%22%20fill%3D%22%23f2c771%22%20x%3D%22120%22%20y%3D%22150%22%2F%3E%3Crect%20width%3D%22120%22%20height%3D%2250%22%20fill%3D%22%23e8c3a5%22%20x%3D%22240%22%20y%3D%22150%22%2F%3E%3C%2Fg%3E%3C%2Fsvg%3E\" data-lazy=\"1\" loading=\"lazy\" decoding=\"async\" data-tf-src=\"https:\/\/www.fileasbl.be\/membres\/wp-content\/uploads\/2025\/12\/Capture-decran-2025-12-04-111021-360x200.png\" width=\"360\" height=\"200\" class=\"tf_svg_lazy wp-post-image wp-image-34109\" title=\"Capture d&#039;\u00e9cran 2025-12-04 111021\" alt=\"Capture d&#039;\u00e9cran 2025-12-04 111021\"><noscript><img loading=\"lazy\" decoding=\"async\" data-tf-not-load src=\"https:\/\/www.fileasbl.be\/membres\/wp-content\/uploads\/2025\/12\/Capture-decran-2025-12-04-111021-360x200.png\" width=\"360\" height=\"200\" class=\"wp-post-image wp-image-34109\" title=\"Capture d&#039;\u00e9cran 2025-12-04 111021\" alt=\"Capture d&#039;\u00e9cran 2025-12-04 111021\"><\/noscript>                                <\/a>\n                                                    <\/figure>\n                                                            \n                                    <div class=\"slide-content tb_text_wrap\">\n                        \t\t\t\t\t\t\t\t\t\t\t\t\t\t<h3 class=\"slide-title\">\n\t\t\t\t\t\t\t\t\t\t\t\t\t\t\t\t\t\t<a href=\"https:\/\/www.fileasbl.be\/membres\/extrascool-2026\/\"  \n\t\t\t\t\t\t\t\t\t\t   \t\t\t\t\t\t\t\t\t\t   >\n\t\t\t\t\t\t\t\t\t\t   ExtrasCOOL 2026\t\t\t\t\t\t\t\t\t\t<\/a>\n\t\t\t\t\t\t\t\t\t\t\t\t\t\t\t<\/h3>\n\t\t\t\t\t\t\t                        \t\t\t\t\t\t                            <time datetime=\"2025-12-05\" class=\"post-date\">5 d\u00e9cembre 2025<\/time>\n\t\t\t\t\t\t                                                                    <\/div>\n                    <!-- \/slide-content -->\n                            <\/div>\n        <\/div>\n                <div class=\"tf_swiper-slide\">\n            <div class=\"slide-inner-wrap\" style=\"margin-left:05px;\">\n                                                                <figure class=\"tf_lazy slide-image\">\n                                                            <a href=\"https:\/\/www.fileasbl.be\/membres\/colloque-2025-neurosciences-et-developpement-de-lenfant-et-si-on-tentait-litinerance-ludique\/\"\n                                                                      >\n                                   <img src=\"data:image\/svg+xml;charset=UTF-8,%3Csvg%20xmlns%3D%22http%3A%2F%2Fwww.w3.org%2F2000%2Fsvg%22%20width%3D%22360%22%20height%3D%22200%22%3E%3Cg%20fill%3D%22%23454851%22%3E%3Crect%20width%3D%22120%22%20height%3D%2250%22%2F%3E%3Crect%20width%3D%22120%22%20height%3D%2250%22%20fill%3D%22%2350525e%22%20x%3D%22120%22%2F%3E%3Crect%20width%3D%22120%22%20height%3D%2250%22%20fill%3D%22%235a5c68%22%20x%3D%22240%22%2F%3E%3Crect%20width%3D%22120%22%20height%3D%2250%22%20fill%3D%22%233c3d42%22%20y%3D%2250%22%2F%3E%3Crect%20width%3D%22120%22%20height%3D%2250%22%20fill%3D%22%233e3f44%22%20x%3D%22120%22%20y%3D%2250%22%2F%3E%3Crect%20width%3D%22120%22%20height%3D%2250%22%20fill%3D%22%234f4f59%22%20x%3D%22240%22%20y%3D%2250%22%2F%3E%3Crect%20width%3D%22120%22%20height%3D%2250%22%20fill%3D%22%23d6dde5%22%20y%3D%22100%22%2F%3E%3Crect%20width%3D%22120%22%20height%3D%2250%22%20fill%3D%22%2345464b%22%20x%3D%22120%22%20y%3D%22100%22%2F%3E%3Crect%20width%3D%22120%22%20height%3D%2250%22%20fill%3D%22%234c4c54%22%20x%3D%22240%22%20y%3D%22100%22%2F%3E%3Crect%20width%3D%22120%22%20height%3D%2250%22%20fill%3D%22%234a4a52%22%20y%3D%22150%22%2F%3E%3Crect%20width%3D%22120%22%20height%3D%2250%22%20fill%3D%22%2346464e%22%20x%3D%22120%22%20y%3D%22150%22%2F%3E%3Crect%20width%3D%22120%22%20height%3D%2250%22%20fill%3D%22%2343464b%22%20x%3D%22240%22%20y%3D%22150%22%2F%3E%3C%2Fg%3E%3C%2Fsvg%3E\" data-lazy=\"1\" loading=\"lazy\" decoding=\"async\" data-tf-src=\"https:\/\/www.fileasbl.be\/membres\/wp-content\/uploads\/2025\/11\/IMG_6473-1024x683-360x200.jpg\" width=\"360\" height=\"200\" class=\"tf_svg_lazy wp-post-image wp-image-34054\" title=\"IMG_6473\" alt=\"IMG_6473\"><noscript><img loading=\"lazy\" decoding=\"async\" data-tf-not-load src=\"https:\/\/www.fileasbl.be\/membres\/wp-content\/uploads\/2025\/11\/IMG_6473-1024x683-360x200.jpg\" width=\"360\" height=\"200\" class=\"wp-post-image wp-image-34054\" title=\"IMG_6473\" alt=\"IMG_6473\"><\/noscript>                                <\/a>\n                                                    <\/figure>\n                                                            \n                                    <div class=\"slide-content tb_text_wrap\">\n                        \t\t\t\t\t\t\t\t\t\t\t\t\t\t<h3 class=\"slide-title\">\n\t\t\t\t\t\t\t\t\t\t\t\t\t\t\t\t\t\t<a href=\"https:\/\/www.fileasbl.be\/membres\/colloque-2025-neurosciences-et-developpement-de-lenfant-et-si-on-tentait-litinerance-ludique\/\"  \n\t\t\t\t\t\t\t\t\t\t   \t\t\t\t\t\t\t\t\t\t   >\n\t\t\t\t\t\t\t\t\t\t   Colloque 2025 \u2013 \u00ab\u00a0Neurosciences et d\u00e9veloppement de l\u2019enfant : Et si on tentait l\u2019itin\u00e9rance ludique\u2026 ?\u00a0\u00bb\t\t\t\t\t\t\t\t\t\t<\/a>\n\t\t\t\t\t\t\t\t\t\t\t\t\t\t\t<\/h3>\n\t\t\t\t\t\t\t                        \t\t\t\t\t\t                            <time datetime=\"2025-12-04\" class=\"post-date\">4 d\u00e9cembre 2025<\/time>\n\t\t\t\t\t\t                                                                    <\/div>\n                    <!-- \/slide-content -->\n                            <\/div>\n        <\/div>\n                <div class=\"tf_swiper-slide\">\n            <div class=\"slide-inner-wrap\" style=\"margin-left:05px;\">\n                                                                <figure class=\"tf_lazy slide-image\">\n                                                            <a href=\"https:\/\/www.fileasbl.be\/membres\/quatrieme-edition-de-la-journee-extrascool-un-franc-succes\/\"\n                                                                      >\n                                   <img src=\"data:image\/svg+xml;charset=UTF-8,%3Csvg%20xmlns%3D%22http%3A%2F%2Fwww.w3.org%2F2000%2Fsvg%22%20width%3D%22360%22%20height%3D%22200%22%3E%3Cg%20fill%3D%22%23de1a4a%22%3E%3Crect%20width%3D%22120%22%20height%3D%2250%22%2F%3E%3Crect%20width%3D%22120%22%20height%3D%2250%22%20fill%3D%22%23e01145%22%20x%3D%22120%22%2F%3E%3Crect%20width%3D%22120%22%20height%3D%2250%22%20fill%3D%22%23c0213f%22%20x%3D%22240%22%2F%3E%3Crect%20width%3D%22120%22%20height%3D%2250%22%20fill%3D%22%23bd1840%22%20y%3D%2250%22%2F%3E%3Crect%20width%3D%22120%22%20height%3D%2250%22%20fill%3D%22%23ce1b42%22%20x%3D%22120%22%20y%3D%2250%22%2F%3E%3Crect%20width%3D%22120%22%20height%3D%2250%22%20fill%3D%22%23e19ba5%22%20x%3D%22240%22%20y%3D%2250%22%2F%3E%3Crect%20width%3D%22120%22%20height%3D%2250%22%20fill%3D%22%23fbecc1%22%20y%3D%22100%22%2F%3E%3Crect%20width%3D%22120%22%20height%3D%2250%22%20fill%3D%22%23fffbe5%22%20x%3D%22120%22%20y%3D%22100%22%2F%3E%3Crect%20width%3D%22120%22%20height%3D%2250%22%20fill%3D%22%23ffdeda%22%20x%3D%22240%22%20y%3D%22100%22%2F%3E%3Crect%20width%3D%22120%22%20height%3D%2250%22%20fill%3D%22%23f7a08c%22%20y%3D%22150%22%2F%3E%3Crect%20width%3D%22120%22%20height%3D%2250%22%20fill%3D%22%23cf7a7d%22%20x%3D%22120%22%20y%3D%22150%22%2F%3E%3Crect%20width%3D%22120%22%20height%3D%2250%22%20fill%3D%22%23d6d853%22%20x%3D%22240%22%20y%3D%22150%22%2F%3E%3C%2Fg%3E%3C%2Fsvg%3E\" data-lazy=\"1\" loading=\"lazy\" decoding=\"async\" data-tf-src=\"https:\/\/www.fileasbl.be\/membres\/wp-content\/uploads\/2024\/01\/Badges-Extrascool-2024-360x200.jpg\" width=\"360\" height=\"200\" class=\"tf_svg_lazy wp-post-image wp-image-31399\" title=\"Badges Extrascool 2024\" alt=\"Badges Extrascool 2024\"><noscript><img loading=\"lazy\" decoding=\"async\" data-tf-not-load src=\"https:\/\/www.fileasbl.be\/membres\/wp-content\/uploads\/2024\/01\/Badges-Extrascool-2024-360x200.jpg\" width=\"360\" height=\"200\" class=\"wp-post-image wp-image-31399\" title=\"Badges Extrascool 2024\" alt=\"Badges Extrascool 2024\"><\/noscript>                                <\/a>\n                                                    <\/figure>\n                                                            \n                                    <div class=\"slide-content tb_text_wrap\">\n                        \t\t\t\t\t\t\t\t\t\t\t\t\t\t<h3 class=\"slide-title\">\n\t\t\t\t\t\t\t\t\t\t\t\t\t\t\t\t\t\t<a href=\"https:\/\/www.fileasbl.be\/membres\/quatrieme-edition-de-la-journee-extrascool-un-franc-succes\/\"  \n\t\t\t\t\t\t\t\t\t\t   \t\t\t\t\t\t\t\t\t\t   >\n\t\t\t\t\t\t\t\t\t\t   Quatri\u00e8me \u00e9dition de la journ\u00e9e extrasCOOL : Un franc succ\u00e8s !\t\t\t\t\t\t\t\t\t\t<\/a>\n\t\t\t\t\t\t\t\t\t\t\t\t\t\t\t<\/h3>\n\t\t\t\t\t\t\t                        \t\t\t\t\t\t                            <time datetime=\"2025-01-27\" class=\"post-date\">27 janvier 2025<\/time>\n\t\t\t\t\t\t                                                                    <\/div>\n                    <!-- \/slide-content -->\n                            <\/div>\n        <\/div>\n                <div class=\"tf_swiper-slide\">\n            <div class=\"slide-inner-wrap\" style=\"margin-left:05px;\">\n                                                                <figure class=\"tf_lazy slide-image\">\n                                                            <a href=\"https:\/\/www.fileasbl.be\/membres\/a-vous-de-jouer-quizz-accessibilite\/\"\n                                                                      >\n                                   <img src=\"data:image\/svg+xml;charset=UTF-8,%3Csvg%20xmlns%3D%22http%3A%2F%2Fwww.w3.org%2F2000%2Fsvg%22%20width%3D%22360%22%20height%3D%22200%22%3E%3Cg%20fill%3D%22%23e0cba6%22%3E%3Crect%20width%3D%22120%22%20height%3D%2250%22%2F%3E%3Crect%20width%3D%22120%22%20height%3D%2250%22%20fill%3D%22%236c6250%22%20x%3D%22120%22%2F%3E%3Crect%20width%3D%22120%22%20height%3D%2250%22%20fill%3D%22%23f4ddb5%22%20x%3D%22240%22%2F%3E%3Crect%20width%3D%22120%22%20height%3D%2250%22%20fill%3D%22%23f4ddb5%22%20y%3D%2250%22%2F%3E%3Crect%20width%3D%22120%22%20height%3D%2250%22%20fill%3D%22%23f4ddb5%22%20x%3D%22120%22%20y%3D%2250%22%2F%3E%3Crect%20width%3D%22120%22%20height%3D%2250%22%20fill%3D%22%23e5d0aa%22%20x%3D%22240%22%20y%3D%2250%22%2F%3E%3Crect%20width%3D%22120%22%20height%3D%2250%22%20fill%3D%22%23f4ddb5%22%20y%3D%22100%22%2F%3E%3Crect%20width%3D%22120%22%20height%3D%2250%22%20fill%3D%22%2396886f%22%20x%3D%22120%22%20y%3D%22100%22%2F%3E%3Crect%20width%3D%22120%22%20height%3D%2250%22%20fill%3D%22%23f3dcb5%22%20x%3D%22240%22%20y%3D%22100%22%2F%3E%3Crect%20width%3D%22120%22%20height%3D%2250%22%20fill%3D%22%23f4ddb5%22%20y%3D%22150%22%2F%3E%3Crect%20width%3D%22120%22%20height%3D%2250%22%20fill%3D%22%23f4ddb5%22%20x%3D%22120%22%20y%3D%22150%22%2F%3E%3Crect%20width%3D%22120%22%20height%3D%2250%22%20fill%3D%22%23f4ddb5%22%20x%3D%22240%22%20y%3D%22150%22%2F%3E%3C%2Fg%3E%3C%2Fsvg%3E\" data-lazy=\"1\" loading=\"lazy\" decoding=\"async\" data-tf-src=\"https:\/\/www.fileasbl.be\/membres\/wp-content\/uploads\/2024\/05\/Image-en-avant--360x200.png\" width=\"360\" height=\"200\" class=\"tf_svg_lazy wp-post-image wp-image-31547\" title=\"Image en avant\" alt=\"Image en avant\"><noscript><img loading=\"lazy\" decoding=\"async\" data-tf-not-load src=\"https:\/\/www.fileasbl.be\/membres\/wp-content\/uploads\/2024\/05\/Image-en-avant--360x200.png\" width=\"360\" height=\"200\" class=\"wp-post-image wp-image-31547\" title=\"Image en avant\" alt=\"Image en avant\"><\/noscript>                                <\/a>\n                                                    <\/figure>\n                                                            \n                                    <div class=\"slide-content tb_text_wrap\">\n                        \t\t\t\t\t\t\t\t\t\t\t\t\t\t<h3 class=\"slide-title\">\n\t\t\t\t\t\t\t\t\t\t\t\t\t\t\t\t\t\t<a href=\"https:\/\/www.fileasbl.be\/membres\/a-vous-de-jouer-quizz-accessibilite\/\"  \n\t\t\t\t\t\t\t\t\t\t   \t\t\t\t\t\t\t\t\t\t   >\n\t\t\t\t\t\t\t\t\t\t   A vous de jouer : Quizz Accessibilit\u00e9\t\t\t\t\t\t\t\t\t\t<\/a>\n\t\t\t\t\t\t\t\t\t\t\t\t\t\t\t<\/h3>\n\t\t\t\t\t\t\t                        \t\t\t\t\t\t                            <time datetime=\"2025-01-20\" class=\"post-date\">20 janvier 2025<\/time>\n\t\t\t\t\t\t                                                                    <\/div>\n                    <!-- \/slide-content -->\n                            <\/div>\n        <\/div>\n                <div class=\"tf_swiper-slide\">\n            <div class=\"slide-inner-wrap\" style=\"margin-left:05px;\">\n                                                                <figure class=\"tf_lazy slide-image\">\n                                                            <a href=\"https:\/\/www.fileasbl.be\/membres\/favoriser-laccessibilite-des-enfants-vers-les-milieux-daccueil-une-reflexion-pedagogique-grace-au-forum-ouvert\/\"\n                                                                      >\n                                   <img src=\"data:image\/svg+xml;charset=UTF-8,%3Csvg%20xmlns%3D%22http%3A%2F%2Fwww.w3.org%2F2000%2Fsvg%22%20width%3D%22360%22%20height%3D%22200%22%3E%3Cg%20fill%3D%22%23fcd9be%22%3E%3Crect%20width%3D%22120%22%20height%3D%2250%22%2F%3E%3Crect%20width%3D%22120%22%20height%3D%2250%22%20fill%3D%22%234a2f2f%22%20x%3D%22120%22%2F%3E%3Crect%20width%3D%22120%22%20height%3D%2250%22%20fill%3D%22%23fcebc7%22%20x%3D%22240%22%2F%3E%3Crect%20width%3D%22120%22%20height%3D%2250%22%20fill%3D%22%23fcd5bc%22%20y%3D%2250%22%2F%3E%3Crect%20width%3D%22120%22%20height%3D%2250%22%20fill%3D%22%23f8e3da%22%20x%3D%22120%22%20y%3D%2250%22%2F%3E%3Crect%20width%3D%22120%22%20height%3D%2250%22%20fill%3D%22%23fcebc7%22%20x%3D%22240%22%20y%3D%2250%22%2F%3E%3Crect%20width%3D%22120%22%20height%3D%2250%22%20fill%3D%22%23fcebc7%22%20y%3D%22100%22%2F%3E%3Crect%20width%3D%22120%22%20height%3D%2250%22%20fill%3D%22%23496250%22%20x%3D%22120%22%20y%3D%22100%22%2F%3E%3Crect%20width%3D%22120%22%20height%3D%2250%22%20fill%3D%22%23fbeac6%22%20x%3D%22240%22%20y%3D%22100%22%2F%3E%3Crect%20width%3D%22120%22%20height%3D%2250%22%20fill%3D%22%236a6860%22%20y%3D%22150%22%2F%3E%3Crect%20width%3D%22120%22%20height%3D%2250%22%20fill%3D%22%236a6860%22%20x%3D%22120%22%20y%3D%22150%22%2F%3E%3Crect%20width%3D%22120%22%20height%3D%2250%22%20fill%3D%22%236a6860%22%20x%3D%22240%22%20y%3D%22150%22%2F%3E%3C%2Fg%3E%3C%2Fsvg%3E\" data-lazy=\"1\" loading=\"lazy\" decoding=\"async\" data-tf-src=\"https:\/\/www.fileasbl.be\/membres\/wp-content\/uploads\/2025\/01\/Design-2-LIGUE-FAMILLE-360x200.png\" width=\"360\" height=\"200\" class=\"tf_svg_lazy wp-post-image wp-image-33102\" title=\"Design 2 LIGUE FAMILLE\" alt=\"Design 2 LIGUE FAMILLE\"><noscript><img loading=\"lazy\" decoding=\"async\" data-tf-not-load src=\"https:\/\/www.fileasbl.be\/membres\/wp-content\/uploads\/2025\/01\/Design-2-LIGUE-FAMILLE-360x200.png\" width=\"360\" height=\"200\" class=\"wp-post-image wp-image-33102\" title=\"Design 2 LIGUE FAMILLE\" alt=\"Design 2 LIGUE FAMILLE\"><\/noscript>                                <\/a>\n                                                    <\/figure>\n                                                            \n                                    <div class=\"slide-content tb_text_wrap\">\n                        \t\t\t\t\t\t\t\t\t\t\t\t\t\t<h3 class=\"slide-title\">\n\t\t\t\t\t\t\t\t\t\t\t\t\t\t\t\t\t\t<a href=\"https:\/\/www.fileasbl.be\/membres\/favoriser-laccessibilite-des-enfants-vers-les-milieux-daccueil-une-reflexion-pedagogique-grace-au-forum-ouvert\/\"  \n\t\t\t\t\t\t\t\t\t\t   \t\t\t\t\t\t\t\t\t\t   >\n\t\t\t\t\t\t\t\t\t\t   Favoriser l\u2019accessibilit\u00e9 des enfants vers les milieux d\u2019accueil : une r\u00e9flexion p\u00e9dagogique \u00a0gr\u00e2ce au FORUM OUVERT\t\t\t\t\t\t\t\t\t\t<\/a>\n\t\t\t\t\t\t\t\t\t\t\t\t\t\t\t<\/h3>\n\t\t\t\t\t\t\t                        \t\t\t\t\t\t                            <time datetime=\"2025-01-20\" class=\"post-date\">20 janvier 2025<\/time>\n\t\t\t\t\t\t                                                                    <\/div>\n                    <!-- \/slide-content -->\n                            <\/div>\n        <\/div>\n                <div class=\"tf_swiper-slide\">\n            <div class=\"slide-inner-wrap\" style=\"margin-left:05px;\">\n                                                                <figure class=\"tf_lazy slide-image\">\n                                                            <a href=\"https:\/\/www.fileasbl.be\/membres\/en-bref-attestations-fiscales-pour-deduction-des-frais-de-garde-2024\/\"\n                                                                      >\n                                   <img src=\"data:image\/svg+xml;charset=UTF-8,%3Csvg%20xmlns%3D%22http%3A%2F%2Fwww.w3.org%2F2000%2Fsvg%22%20width%3D%22360%22%20height%3D%22200%22%3E%3Cg%20fill%3D%22%23fec044%22%3E%3Crect%20width%3D%22120%22%20height%3D%2250%22%2F%3E%3Crect%20width%3D%22120%22%20height%3D%2250%22%20fill%3D%22%237b95f9%22%20x%3D%22120%22%2F%3E%3Crect%20width%3D%22120%22%20height%3D%2250%22%20fill%3D%22%237a94f8%22%20x%3D%22240%22%2F%3E%3Crect%20width%3D%22120%22%20height%3D%2250%22%20fill%3D%22%23fbeeec%22%20y%3D%2250%22%2F%3E%3Crect%20width%3D%22120%22%20height%3D%2250%22%20fill%3D%22%237b95f9%22%20x%3D%22120%22%20y%3D%2250%22%2F%3E%3Crect%20width%3D%22120%22%20height%3D%2250%22%20fill%3D%22%237b95f9%22%20x%3D%22240%22%20y%3D%2250%22%2F%3E%3Crect%20width%3D%22120%22%20height%3D%2250%22%20fill%3D%22%23fbeeec%22%20y%3D%22100%22%2F%3E%3Crect%20width%3D%22120%22%20height%3D%2250%22%20fill%3D%22%23f26b6d%22%20x%3D%22120%22%20y%3D%22100%22%2F%3E%3Crect%20width%3D%22120%22%20height%3D%2250%22%20fill%3D%22%23f6b8b8%22%20x%3D%22240%22%20y%3D%22100%22%2F%3E%3Crect%20width%3D%22120%22%20height%3D%2250%22%20fill%3D%22%23f7b7b7%22%20y%3D%22150%22%2F%3E%3Crect%20width%3D%22120%22%20height%3D%2250%22%20fill%3D%22%23fec045%22%20x%3D%22120%22%20y%3D%22150%22%2F%3E%3Crect%20width%3D%22120%22%20height%3D%2250%22%20fill%3D%22%23f26a6c%22%20x%3D%22240%22%20y%3D%22150%22%2F%3E%3C%2Fg%3E%3C%2Fsvg%3E\" data-lazy=\"1\" loading=\"lazy\" decoding=\"async\" data-tf-src=\"https:\/\/www.fileasbl.be\/membres\/wp-content\/uploads\/2023\/10\/Image-mise-en-avant-1-360x200.png\" width=\"360\" height=\"200\" class=\"tf_svg_lazy wp-post-image wp-image-31217\" title=\"Image mise en avant\" alt=\"Image mise en avant\"><noscript><img loading=\"lazy\" decoding=\"async\" data-tf-not-load src=\"https:\/\/www.fileasbl.be\/membres\/wp-content\/uploads\/2023\/10\/Image-mise-en-avant-1-360x200.png\" width=\"360\" height=\"200\" class=\"wp-post-image wp-image-31217\" title=\"Image mise en avant\" alt=\"Image mise en avant\"><\/noscript>                                <\/a>\n                                                    <\/figure>\n                                                            \n                                    <div class=\"slide-content tb_text_wrap\">\n                        \t\t\t\t\t\t\t\t\t\t\t\t\t\t<h3 class=\"slide-title\">\n\t\t\t\t\t\t\t\t\t\t\t\t\t\t\t\t\t\t<a href=\"https:\/\/www.fileasbl.be\/membres\/en-bref-attestations-fiscales-pour-deduction-des-frais-de-garde-2024\/\"  \n\t\t\t\t\t\t\t\t\t\t   \t\t\t\t\t\t\t\t\t\t   >\n\t\t\t\t\t\t\t\t\t\t   En bref &#8211; Attestations fiscales pour d\u00e9duction des frais de garde 2024\t\t\t\t\t\t\t\t\t\t<\/a>\n\t\t\t\t\t\t\t\t\t\t\t\t\t\t\t<\/h3>\n\t\t\t\t\t\t\t                        \t\t\t\t\t\t                            <time datetime=\"2025-01-16\" class=\"post-date\">16 janvier 2025<\/time>\n\t\t\t\t\t\t                                                                    <\/div>\n                    <!-- \/slide-content -->\n                            <\/div>\n        <\/div>\n                <div class=\"tf_swiper-slide\">\n            <div class=\"slide-inner-wrap\" style=\"margin-left:05px;\">\n                                                                <figure class=\"tf_lazy slide-image\">\n                                                            <a href=\"https:\/\/www.fileasbl.be\/membres\/la-journee-extrascool-ca-continue\/\"\n                                                                      >\n                                   <img src=\"data:image\/svg+xml;charset=UTF-8,%3Csvg%20xmlns%3D%22http%3A%2F%2Fwww.w3.org%2F2000%2Fsvg%22%20width%3D%22360%22%20height%3D%22200%22%3E%3Cg%20fill%3D%22%23fcedd9%22%3E%3Crect%20width%3D%22120%22%20height%3D%2250%22%2F%3E%3Crect%20width%3D%22120%22%20height%3D%2250%22%20fill%3D%22%2371ae9e%22%20x%3D%22120%22%2F%3E%3Crect%20width%3D%22120%22%20height%3D%2250%22%20fill%3D%22%23d87538%22%20x%3D%22240%22%2F%3E%3Crect%20width%3D%22120%22%20height%3D%2250%22%20fill%3D%22%23d7d755%22%20y%3D%2250%22%2F%3E%3Crect%20width%3D%22120%22%20height%3D%2250%22%20fill%3D%22%23fff6e5%22%20x%3D%22120%22%20y%3D%2250%22%2F%3E%3Crect%20width%3D%22120%22%20height%3D%2250%22%20fill%3D%22%23ecb893%22%20x%3D%22240%22%20y%3D%2250%22%2F%3E%3Crect%20width%3D%22120%22%20height%3D%2250%22%20fill%3D%22%23d7d755%22%20y%3D%22100%22%2F%3E%3Crect%20width%3D%22120%22%20height%3D%2250%22%20fill%3D%22%23fff6e5%22%20x%3D%22120%22%20y%3D%22100%22%2F%3E%3Crect%20width%3D%22120%22%20height%3D%2250%22%20fill%3D%22%23fff6e5%22%20x%3D%22240%22%20y%3D%22100%22%2F%3E%3Crect%20width%3D%22120%22%20height%3D%2250%22%20fill%3D%22%23d7d755%22%20y%3D%22150%22%2F%3E%3Crect%20width%3D%22120%22%20height%3D%2250%22%20fill%3D%22%23fff6e5%22%20x%3D%22120%22%20y%3D%22150%22%2F%3E%3Crect%20width%3D%22120%22%20height%3D%2250%22%20fill%3D%22%23de0f3f%22%20x%3D%22240%22%20y%3D%22150%22%2F%3E%3C%2Fg%3E%3C%2Fsvg%3E\" data-lazy=\"1\" loading=\"lazy\" decoding=\"async\" data-tf-src=\"https:\/\/www.fileasbl.be\/membres\/wp-content\/uploads\/2024\/10\/Design-sans-titre-1-1024x1024-360x200.png\" width=\"360\" height=\"200\" class=\"tf_svg_lazy wp-post-image wp-image-32827\" title=\"Design sans titre (1)\" alt=\"Design sans titre (1)\"><noscript><img loading=\"lazy\" decoding=\"async\" data-tf-not-load src=\"https:\/\/www.fileasbl.be\/membres\/wp-content\/uploads\/2024\/10\/Design-sans-titre-1-1024x1024-360x200.png\" width=\"360\" height=\"200\" class=\"wp-post-image wp-image-32827\" title=\"Design sans titre (1)\" alt=\"Design sans titre (1)\"><\/noscript>                                <\/a>\n                                                    <\/figure>\n                                                            \n                                    <div class=\"slide-content tb_text_wrap\">\n                        \t\t\t\t\t\t\t\t\t\t\t\t\t\t<h3 class=\"slide-title\">\n\t\t\t\t\t\t\t\t\t\t\t\t\t\t\t\t\t\t<a href=\"https:\/\/www.fileasbl.be\/membres\/la-journee-extrascool-ca-continue\/\"  \n\t\t\t\t\t\t\t\t\t\t   \t\t\t\t\t\t\t\t\t\t   >\n\t\t\t\t\t\t\t\t\t\t   Journ\u00e9e ExtrasCOOL 2025 : rendre visible l&rsquo;invisible\t\t\t\t\t\t\t\t\t\t<\/a>\n\t\t\t\t\t\t\t\t\t\t\t\t\t\t\t<\/h3>\n\t\t\t\t\t\t\t                        \t\t\t\t\t\t                            <time datetime=\"2024-10-16\" class=\"post-date\">16 octobre 2024<\/time>\n\t\t\t\t\t\t                                                                    <\/div>\n                    <!-- \/slide-content -->\n                            <\/div>\n        <\/div>\n                <div class=\"tf_swiper-slide\">\n            <div class=\"slide-inner-wrap\" style=\"margin-left:05px;\">\n                                                                <figure class=\"tf_lazy slide-image\">\n                                                            <a href=\"https:\/\/www.fileasbl.be\/membres\/parlons-de-laccessibilite-pour-toutes-et-tous-vers-les-milieux-daccueil\/\"\n                                                                      >\n                                   <img src=\"data:image\/svg+xml;charset=UTF-8,%3Csvg%20xmlns%3D%22http%3A%2F%2Fwww.w3.org%2F2000%2Fsvg%22%20width%3D%22360%22%20height%3D%22200%22%3E%3Cg%20fill%3D%22%23e0cba6%22%3E%3Crect%20width%3D%22120%22%20height%3D%2250%22%2F%3E%3Crect%20width%3D%22120%22%20height%3D%2250%22%20fill%3D%22%236c6250%22%20x%3D%22120%22%2F%3E%3Crect%20width%3D%22120%22%20height%3D%2250%22%20fill%3D%22%23f4ddb5%22%20x%3D%22240%22%2F%3E%3Crect%20width%3D%22120%22%20height%3D%2250%22%20fill%3D%22%23f4ddb5%22%20y%3D%2250%22%2F%3E%3Crect%20width%3D%22120%22%20height%3D%2250%22%20fill%3D%22%23f4ddb5%22%20x%3D%22120%22%20y%3D%2250%22%2F%3E%3Crect%20width%3D%22120%22%20height%3D%2250%22%20fill%3D%22%23e5d0aa%22%20x%3D%22240%22%20y%3D%2250%22%2F%3E%3Crect%20width%3D%22120%22%20height%3D%2250%22%20fill%3D%22%23f4ddb5%22%20y%3D%22100%22%2F%3E%3Crect%20width%3D%22120%22%20height%3D%2250%22%20fill%3D%22%2396886f%22%20x%3D%22120%22%20y%3D%22100%22%2F%3E%3Crect%20width%3D%22120%22%20height%3D%2250%22%20fill%3D%22%23f3dcb5%22%20x%3D%22240%22%20y%3D%22100%22%2F%3E%3Crect%20width%3D%22120%22%20height%3D%2250%22%20fill%3D%22%23f4ddb5%22%20y%3D%22150%22%2F%3E%3Crect%20width%3D%22120%22%20height%3D%2250%22%20fill%3D%22%23f4ddb5%22%20x%3D%22120%22%20y%3D%22150%22%2F%3E%3Crect%20width%3D%22120%22%20height%3D%2250%22%20fill%3D%22%23f4ddb5%22%20x%3D%22240%22%20y%3D%22150%22%2F%3E%3C%2Fg%3E%3C%2Fsvg%3E\" data-lazy=\"1\" loading=\"lazy\" decoding=\"async\" data-tf-src=\"https:\/\/www.fileasbl.be\/membres\/wp-content\/uploads\/2024\/05\/Image-en-avant--360x200.png\" width=\"360\" height=\"200\" class=\"tf_svg_lazy wp-post-image wp-image-31547\" title=\"Image en avant\" alt=\"Image en avant\"><noscript><img loading=\"lazy\" decoding=\"async\" data-tf-not-load src=\"https:\/\/www.fileasbl.be\/membres\/wp-content\/uploads\/2024\/05\/Image-en-avant--360x200.png\" width=\"360\" height=\"200\" class=\"wp-post-image wp-image-31547\" title=\"Image en avant\" alt=\"Image en avant\"><\/noscript>                                <\/a>\n                                                    <\/figure>\n                                                            \n                                    <div class=\"slide-content tb_text_wrap\">\n                        \t\t\t\t\t\t\t\t\t\t\t\t\t\t<h3 class=\"slide-title\">\n\t\t\t\t\t\t\t\t\t\t\t\t\t\t\t\t\t\t<a href=\"https:\/\/www.fileasbl.be\/membres\/parlons-de-laccessibilite-pour-toutes-et-tous-vers-les-milieux-daccueil\/\"  \n\t\t\t\t\t\t\t\t\t\t   \t\t\t\t\t\t\t\t\t\t   >\n\t\t\t\t\t\t\t\t\t\t   Forum Accessibilit\u00e9 milieux d&rsquo;accueil &#8211; 11\/10\/24\t\t\t\t\t\t\t\t\t\t<\/a>\n\t\t\t\t\t\t\t\t\t\t\t\t\t\t\t<\/h3>\n\t\t\t\t\t\t\t                        \t\t\t\t\t\t                            <time datetime=\"2024-07-28\" class=\"post-date\">28 juillet 2024<\/time>\n\t\t\t\t\t\t                                                                    <\/div>\n                    <!-- \/slide-content -->\n                            <\/div>\n        <\/div>\n                <div class=\"tf_swiper-slide\">\n            <div class=\"slide-inner-wrap\" style=\"margin-left:05px;\">\n                                                                <figure class=\"tf_lazy slide-image\">\n                                                            <a href=\"https:\/\/www.fileasbl.be\/membres\/save-the-date-conference-laccueil-temps-libre-au-plus-pres-des-rythmes-de-lenfant-8-11-24\/\"\n                                                                      >\n                                   <img src=\"data:image\/svg+xml;charset=UTF-8,%3Csvg%20xmlns%3D%22http%3A%2F%2Fwww.w3.org%2F2000%2Fsvg%22%20width%3D%22360%22%20height%3D%22200%22%3E%3Cg%20fill%3D%22%23e39751%22%3E%3Crect%20width%3D%22120%22%20height%3D%2250%22%2F%3E%3Crect%20width%3D%22120%22%20height%3D%2250%22%20x%3D%22120%22%2F%3E%3Crect%20width%3D%22120%22%20height%3D%2250%22%20x%3D%22240%22%2F%3E%3Crect%20width%3D%22120%22%20height%3D%2250%22%20fill%3D%22%23100f0d%22%20y%3D%2250%22%2F%3E%3Crect%20width%3D%22120%22%20height%3D%2250%22%20x%3D%22120%22%20y%3D%2250%22%2F%3E%3Crect%20width%3D%22120%22%20height%3D%2250%22%20fill%3D%22%23100f0d%22%20x%3D%22240%22%20y%3D%2250%22%2F%3E%3Crect%20width%3D%22120%22%20height%3D%2250%22%20y%3D%22100%22%2F%3E%3Crect%20width%3D%22120%22%20height%3D%2250%22%20x%3D%22120%22%20y%3D%22100%22%2F%3E%3Crect%20width%3D%22120%22%20height%3D%2250%22%20fill%3D%22%23d08b4a%22%20x%3D%22240%22%20y%3D%22100%22%2F%3E%3Crect%20width%3D%22120%22%20height%3D%2250%22%20fill%3D%22%23966b43%22%20y%3D%22150%22%2F%3E%3Crect%20width%3D%22120%22%20height%3D%2250%22%20fill%3D%22%23100f0d%22%20x%3D%22120%22%20y%3D%22150%22%2F%3E%3Crect%20width%3D%22120%22%20height%3D%2250%22%20fill%3D%22%23100f0d%22%20x%3D%22240%22%20y%3D%22150%22%2F%3E%3C%2Fg%3E%3C%2Fsvg%3E\" data-lazy=\"1\" loading=\"lazy\" decoding=\"async\" data-tf-src=\"https:\/\/www.fileasbl.be\/membres\/wp-content\/uploads\/2024\/07\/IMAGE-Conference-FRAJE-360x200.png\" width=\"360\" height=\"200\" class=\"tf_svg_lazy wp-post-image wp-image-31671\" title=\"IMAGE Conf\u00e9rence FRAJE\" alt=\"IMAGE Conf\u00e9rence FRAJE\"><noscript><img loading=\"lazy\" decoding=\"async\" data-tf-not-load src=\"https:\/\/www.fileasbl.be\/membres\/wp-content\/uploads\/2024\/07\/IMAGE-Conference-FRAJE-360x200.png\" width=\"360\" height=\"200\" class=\"wp-post-image wp-image-31671\" title=\"IMAGE Conf\u00e9rence FRAJE\" alt=\"IMAGE Conf\u00e9rence FRAJE\"><\/noscript>                                <\/a>\n                                                    <\/figure>\n                                                            \n                                    <div class=\"slide-content tb_text_wrap\">\n                        \t\t\t\t\t\t\t\t\t\t\t\t\t\t<h3 class=\"slide-title\">\n\t\t\t\t\t\t\t\t\t\t\t\t\t\t\t\t\t\t<a href=\"https:\/\/www.fileasbl.be\/membres\/save-the-date-conference-laccueil-temps-libre-au-plus-pres-des-rythmes-de-lenfant-8-11-24\/\"  \n\t\t\t\t\t\t\t\t\t\t   \t\t\t\t\t\t\t\t\t\t   >\n\t\t\t\t\t\t\t\t\t\t   Conf\u00e9rence Rythmes journ\u00e9e de l&rsquo;enfant &#8211; 8\/11\/24\t\t\t\t\t\t\t\t\t\t<\/a>\n\t\t\t\t\t\t\t\t\t\t\t\t\t\t\t<\/h3>\n\t\t\t\t\t\t\t                        \t\t\t\t\t\t                            <time datetime=\"2024-07-15\" class=\"post-date\">15 juillet 2024<\/time>\n\t\t\t\t\t\t                                                                    <\/div>\n                    <!-- \/slide-content -->\n                            <\/div>\n        <\/div>\n                <div class=\"tf_swiper-slide\">\n            <div class=\"slide-inner-wrap\" style=\"margin-left:05px;\">\n                                                                <figure class=\"tf_lazy slide-image\">\n                                                            <a href=\"https:\/\/www.fileasbl.be\/membres\/realisation-dactes-infirmiers-et-dactes-de-la-vie-quotidienne-dans-les-structures-petite-enfance-et-atl\/\"\n                                                                      >\n                                   <img src=\"data:image\/svg+xml;charset=UTF-8,%3Csvg%20xmlns%3D%22http%3A%2F%2Fwww.w3.org%2F2000%2Fsvg%22%20width%3D%22360%22%20height%3D%22200%22%3E%3Cg%20fill%3D%22%23fb9c88%22%3E%3Crect%20width%3D%22120%22%20height%3D%2250%22%2F%3E%3Crect%20width%3D%22120%22%20height%3D%2250%22%20fill%3D%22%23000000%22%20x%3D%22120%22%2F%3E%3Crect%20width%3D%22120%22%20height%3D%2250%22%20fill%3D%22%23000000%22%20x%3D%22240%22%2F%3E%3Crect%20width%3D%22120%22%20height%3D%2250%22%20fill%3D%22%23a6ac37%22%20y%3D%2250%22%2F%3E%3Crect%20width%3D%22120%22%20height%3D%2250%22%20fill%3D%22%23000000%22%20x%3D%22120%22%20y%3D%2250%22%2F%3E%3Crect%20width%3D%22120%22%20height%3D%2250%22%20fill%3D%22%23000000%22%20x%3D%22240%22%20y%3D%2250%22%2F%3E%3Crect%20width%3D%22120%22%20height%3D%2250%22%20fill%3D%22%23a6ac37%22%20y%3D%22100%22%2F%3E%3Crect%20width%3D%22120%22%20height%3D%2250%22%20fill%3D%22%23000000%22%20x%3D%22120%22%20y%3D%22100%22%2F%3E%3Crect%20width%3D%22120%22%20height%3D%2250%22%20fill%3D%22%23000000%22%20x%3D%22240%22%20y%3D%22100%22%2F%3E%3Crect%20width%3D%22120%22%20height%3D%2250%22%20fill%3D%22%23000000%22%20y%3D%22150%22%2F%3E%3Crect%20width%3D%22120%22%20height%3D%2250%22%20fill%3D%22%23a6543b%22%20x%3D%22120%22%20y%3D%22150%22%2F%3E%3Crect%20width%3D%22120%22%20height%3D%2250%22%20fill%3D%22%235a2d1f%22%20x%3D%22240%22%20y%3D%22150%22%2F%3E%3C%2Fg%3E%3C%2Fsvg%3E\" data-lazy=\"1\" loading=\"lazy\" decoding=\"async\" data-tf-src=\"https:\/\/www.fileasbl.be\/membres\/wp-content\/uploads\/2024\/06\/Design-sans-titre-1024x512-360x200.png\" width=\"360\" height=\"200\" class=\"tf_svg_lazy wp-post-image wp-image-31561\" title=\"Design sans titre\" alt=\"Design sans titre\"><noscript><img loading=\"lazy\" decoding=\"async\" data-tf-not-load src=\"https:\/\/www.fileasbl.be\/membres\/wp-content\/uploads\/2024\/06\/Design-sans-titre-1024x512-360x200.png\" width=\"360\" height=\"200\" class=\"wp-post-image wp-image-31561\" title=\"Design sans titre\" alt=\"Design sans titre\"><\/noscript>                                <\/a>\n                                                    <\/figure>\n                                                            \n                                    <div class=\"slide-content tb_text_wrap\">\n                        \t\t\t\t\t\t\t\t\t\t\t\t\t\t<h3 class=\"slide-title\">\n\t\t\t\t\t\t\t\t\t\t\t\t\t\t\t\t\t\t<a href=\"https:\/\/www.fileasbl.be\/membres\/realisation-dactes-infirmiers-et-dactes-de-la-vie-quotidienne-dans-les-structures-petite-enfance-et-atl\/\"  \n\t\t\t\t\t\t\t\t\t\t   \t\t\t\t\t\t\t\t\t\t   >\n\t\t\t\t\t\t\t\t\t\t   R\u00e9alisation d\u2019actes infirmiers et d\u2019actes de la vie quotidienne dans les structures petite enfance et ATL\t\t\t\t\t\t\t\t\t\t<\/a>\n\t\t\t\t\t\t\t\t\t\t\t\t\t\t\t<\/h3>\n\t\t\t\t\t\t\t                        \t\t\t\t\t\t                            <time datetime=\"2024-06-28\" class=\"post-date\">28 juin 2024<\/time>\n\t\t\t\t\t\t                                                                    <\/div>\n                    <!-- \/slide-content -->\n                            <\/div>\n        <\/div>\n                <div class=\"tf_swiper-slide\">\n            <div class=\"slide-inner-wrap\" style=\"margin-left:05px;\">\n                                                                <figure class=\"tf_lazy slide-image\">\n                                                            <a href=\"https:\/\/www.fileasbl.be\/membres\/troisieme-edition-de-la-journee-extrascool-un-franc-succes\/\"\n                                                                      >\n                                   <img src=\"data:image\/svg+xml;charset=UTF-8,%3Csvg%20xmlns%3D%22http%3A%2F%2Fwww.w3.org%2F2000%2Fsvg%22%20width%3D%22360%22%20height%3D%22200%22%3E%3Cg%20fill%3D%22%23de1a4a%22%3E%3Crect%20width%3D%22120%22%20height%3D%2250%22%2F%3E%3Crect%20width%3D%22120%22%20height%3D%2250%22%20fill%3D%22%23e01145%22%20x%3D%22120%22%2F%3E%3Crect%20width%3D%22120%22%20height%3D%2250%22%20fill%3D%22%23c0213f%22%20x%3D%22240%22%2F%3E%3Crect%20width%3D%22120%22%20height%3D%2250%22%20fill%3D%22%23bd1840%22%20y%3D%2250%22%2F%3E%3Crect%20width%3D%22120%22%20height%3D%2250%22%20fill%3D%22%23ce1b42%22%20x%3D%22120%22%20y%3D%2250%22%2F%3E%3Crect%20width%3D%22120%22%20height%3D%2250%22%20fill%3D%22%23e19ba5%22%20x%3D%22240%22%20y%3D%2250%22%2F%3E%3Crect%20width%3D%22120%22%20height%3D%2250%22%20fill%3D%22%23fbecc1%22%20y%3D%22100%22%2F%3E%3Crect%20width%3D%22120%22%20height%3D%2250%22%20fill%3D%22%23fffbe5%22%20x%3D%22120%22%20y%3D%22100%22%2F%3E%3Crect%20width%3D%22120%22%20height%3D%2250%22%20fill%3D%22%23ffdeda%22%20x%3D%22240%22%20y%3D%22100%22%2F%3E%3Crect%20width%3D%22120%22%20height%3D%2250%22%20fill%3D%22%23f7a08c%22%20y%3D%22150%22%2F%3E%3Crect%20width%3D%22120%22%20height%3D%2250%22%20fill%3D%22%23cf7a7d%22%20x%3D%22120%22%20y%3D%22150%22%2F%3E%3Crect%20width%3D%22120%22%20height%3D%2250%22%20fill%3D%22%23d6d853%22%20x%3D%22240%22%20y%3D%22150%22%2F%3E%3C%2Fg%3E%3C%2Fsvg%3E\" data-lazy=\"1\" loading=\"lazy\" decoding=\"async\" data-tf-src=\"https:\/\/www.fileasbl.be\/membres\/wp-content\/uploads\/2024\/01\/Badges-Extrascool-2024-360x200.jpg\" width=\"360\" height=\"200\" class=\"tf_svg_lazy wp-post-image wp-image-31399\" title=\"Badges Extrascool 2024\" alt=\"Badges Extrascool 2024\"><noscript><img loading=\"lazy\" decoding=\"async\" data-tf-not-load src=\"https:\/\/www.fileasbl.be\/membres\/wp-content\/uploads\/2024\/01\/Badges-Extrascool-2024-360x200.jpg\" width=\"360\" height=\"200\" class=\"wp-post-image wp-image-31399\" title=\"Badges Extrascool 2024\" alt=\"Badges Extrascool 2024\"><\/noscript>                                <\/a>\n                                                    <\/figure>\n                                                            \n                                    <div class=\"slide-content tb_text_wrap\">\n                        \t\t\t\t\t\t\t\t\t\t\t\t\t\t<h3 class=\"slide-title\">\n\t\t\t\t\t\t\t\t\t\t\t\t\t\t\t\t\t\t<a href=\"https:\/\/www.fileasbl.be\/membres\/troisieme-edition-de-la-journee-extrascool-un-franc-succes\/\"  \n\t\t\t\t\t\t\t\t\t\t   \t\t\t\t\t\t\t\t\t\t   >\n\t\t\t\t\t\t\t\t\t\t   Troisi\u00e8me \u00e9dition de la journ\u00e9e extrasCOOL : Un franc succ\u00e8s !\t\t\t\t\t\t\t\t\t\t<\/a>\n\t\t\t\t\t\t\t\t\t\t\t\t\t\t\t<\/h3>\n\t\t\t\t\t\t\t                        \t\t\t\t\t\t                            <time datetime=\"2024-01-25\" class=\"post-date\">25 janvier 2024<\/time>\n\t\t\t\t\t\t                                                                    <\/div>\n                    <!-- \/slide-content -->\n                            <\/div>\n        <\/div>\n                <div class=\"tf_swiper-slide\">\n            <div class=\"slide-inner-wrap\" style=\"margin-left:05px;\">\n                                                                <figure class=\"tf_lazy slide-image\">\n                                                            <a href=\"https:\/\/www.fileasbl.be\/membres\/extrascool-2024\/\"\n                                                                      >\n                                   <img src=\"data:image\/svg+xml;charset=UTF-8,%3Csvg%20xmlns%3D%22http%3A%2F%2Fwww.w3.org%2F2000%2Fsvg%22%20width%3D%22360%22%20height%3D%22200%22%3E%3Cg%20fill%3D%22%23bfe5ef%22%3E%3Crect%20width%3D%22120%22%20height%3D%2250%22%2F%3E%3Crect%20width%3D%22120%22%20height%3D%2250%22%20fill%3D%22%2371ae9e%22%20x%3D%22120%22%2F%3E%3Crect%20width%3D%22120%22%20height%3D%2250%22%20fill%3D%22%23d87538%22%20x%3D%22240%22%2F%3E%3Crect%20width%3D%22120%22%20height%3D%2250%22%20fill%3D%22%2387beb5%22%20y%3D%2250%22%2F%3E%3Crect%20width%3D%22120%22%20height%3D%2250%22%20fill%3D%22%2371ae9e%22%20x%3D%22120%22%20y%3D%2250%22%2F%3E%3Crect%20width%3D%22120%22%20height%3D%2250%22%20fill%3D%22%23d87538%22%20x%3D%22240%22%20y%3D%2250%22%2F%3E%3Crect%20width%3D%22120%22%20height%3D%2250%22%20fill%3D%22%2371ae9e%22%20y%3D%22100%22%2F%3E%3Crect%20width%3D%22120%22%20height%3D%2250%22%20fill%3D%22%23bbe2eb%22%20x%3D%22120%22%20y%3D%22100%22%2F%3E%3Crect%20width%3D%22120%22%20height%3D%2250%22%20fill%3D%22%23d95f39%22%20x%3D%22240%22%20y%3D%22100%22%2F%3E%3Crect%20width%3D%22120%22%20height%3D%2250%22%20y%3D%22150%22%2F%3E%3Crect%20width%3D%22120%22%20height%3D%2250%22%20x%3D%22120%22%20y%3D%22150%22%2F%3E%3Crect%20width%3D%22120%22%20height%3D%2250%22%20x%3D%22240%22%20y%3D%22150%22%2F%3E%3C%2Fg%3E%3C%2Fsvg%3E\" data-lazy=\"1\" loading=\"lazy\" decoding=\"async\" data-tf-src=\"https:\/\/www.fileasbl.be\/membres\/wp-content\/uploads\/2022\/11\/Miniature-240123-site-360x200.png\" width=\"360\" height=\"200\" class=\"tf_svg_lazy wp-post-image wp-image-29807\" title=\"Miniature 240123 site\" alt=\"Miniature 240123 site\"><noscript><img loading=\"lazy\" decoding=\"async\" data-tf-not-load src=\"https:\/\/www.fileasbl.be\/membres\/wp-content\/uploads\/2022\/11\/Miniature-240123-site-360x200.png\" width=\"360\" height=\"200\" class=\"wp-post-image wp-image-29807\" title=\"Miniature 240123 site\" alt=\"Miniature 240123 site\"><\/noscript>                                <\/a>\n                                                    <\/figure>\n                                                            \n                                    <div class=\"slide-content tb_text_wrap\">\n                        \t\t\t\t\t\t\t\t\t\t\t\t\t\t<h3 class=\"slide-title\">\n\t\t\t\t\t\t\t\t\t\t\t\t\t\t\t\t\t\t<a href=\"https:\/\/www.fileasbl.be\/membres\/extrascool-2024\/\"  \n\t\t\t\t\t\t\t\t\t\t   \t\t\t\t\t\t\t\t\t\t   >\n\t\t\t\t\t\t\t\t\t\t   ExtrasCOOL 2024\t\t\t\t\t\t\t\t\t\t<\/a>\n\t\t\t\t\t\t\t\t\t\t\t\t\t\t\t<\/h3>\n\t\t\t\t\t\t\t                        \t\t\t\t\t\t                            <time datetime=\"2024-01-25\" class=\"post-date\">25 janvier 2024<\/time>\n\t\t\t\t\t\t                                                                    <\/div>\n                    <!-- \/slide-content -->\n                            <\/div>\n        <\/div>\n                <div class=\"tf_swiper-slide\">\n            <div class=\"slide-inner-wrap\" style=\"margin-left:05px;\">\n                                                                <figure class=\"tf_lazy slide-image\">\n                                                            <a href=\"https:\/\/www.fileasbl.be\/membres\/eveil-creatif-et-plaisir-en-atl-et-si-on-osait-prendre-le-temps-et-se-faire-confiance-seconde-edition\/\"\n                                                                      >\n                                   <img src=\"data:image\/svg+xml;charset=UTF-8,%3Csvg%20xmlns%3D%22http%3A%2F%2Fwww.w3.org%2F2000%2Fsvg%22%20width%3D%22360%22%20height%3D%22200%22%3E%3Cg%20fill%3D%22%23c7c8ea%22%3E%3Crect%20width%3D%22120%22%20height%3D%2250%22%2F%3E%3Crect%20width%3D%22120%22%20height%3D%2250%22%20fill%3D%22%23d4c2d5%22%20x%3D%22120%22%2F%3E%3Crect%20width%3D%22120%22%20height%3D%2250%22%20fill%3D%22%23f6d0d5%22%20x%3D%22240%22%2F%3E%3Crect%20width%3D%22120%22%20height%3D%2250%22%20fill%3D%22%23a6aedb%22%20y%3D%2250%22%2F%3E%3Crect%20width%3D%22120%22%20height%3D%2250%22%20fill%3D%22%23adb1da%22%20x%3D%22120%22%20y%3D%2250%22%2F%3E%3Crect%20width%3D%22120%22%20height%3D%2250%22%20fill%3D%22%23bbb7d8%22%20x%3D%22240%22%20y%3D%2250%22%2F%3E%3Crect%20width%3D%22120%22%20height%3D%2250%22%20fill%3D%22%23b6b6d3%22%20y%3D%22100%22%2F%3E%3Crect%20width%3D%22120%22%20height%3D%2250%22%20fill%3D%22%23b9acc6%22%20x%3D%22120%22%20y%3D%22100%22%2F%3E%3Crect%20width%3D%22120%22%20height%3D%2250%22%20fill%3D%22%23717dba%22%20x%3D%22240%22%20y%3D%22100%22%2F%3E%3Crect%20width%3D%22120%22%20height%3D%2250%22%20fill%3D%22%23e6e3e3%22%20y%3D%22150%22%2F%3E%3Crect%20width%3D%22120%22%20height%3D%2250%22%20fill%3D%22%23f0cecb%22%20x%3D%22120%22%20y%3D%22150%22%2F%3E%3Crect%20width%3D%22120%22%20height%3D%2250%22%20fill%3D%22%23fad2cd%22%20x%3D%22240%22%20y%3D%22150%22%2F%3E%3C%2Fg%3E%3C%2Fsvg%3E\" data-lazy=\"1\" loading=\"lazy\" decoding=\"async\" data-tf-src=\"https:\/\/www.fileasbl.be\/membres\/wp-content\/uploads\/2023\/11\/Colloque-2023-360x200.png\" width=\"360\" height=\"200\" class=\"tf_svg_lazy wp-post-image wp-image-31212\" title=\"Colloque 2023\" alt=\"Colloque 2023\"><noscript><img loading=\"lazy\" decoding=\"async\" data-tf-not-load src=\"https:\/\/www.fileasbl.be\/membres\/wp-content\/uploads\/2023\/11\/Colloque-2023-360x200.png\" width=\"360\" height=\"200\" class=\"wp-post-image wp-image-31212\" title=\"Colloque 2023\" alt=\"Colloque 2023\"><\/noscript>                                <\/a>\n                                                    <\/figure>\n                                                            \n                                    <div class=\"slide-content tb_text_wrap\">\n                        \t\t\t\t\t\t\t\t\t\t\t\t\t\t<h3 class=\"slide-title\">\n\t\t\t\t\t\t\t\t\t\t\t\t\t\t\t\t\t\t<a href=\"https:\/\/www.fileasbl.be\/membres\/eveil-creatif-et-plaisir-en-atl-et-si-on-osait-prendre-le-temps-et-se-faire-confiance-seconde-edition\/\"  \n\t\t\t\t\t\t\t\t\t\t   \t\t\t\t\t\t\t\t\t\t   >\n\t\t\t\t\t\t\t\t\t\t   Eveil cr\u00e9atif et plaisir en ATL\t\t\t\t\t\t\t\t\t\t<\/a>\n\t\t\t\t\t\t\t\t\t\t\t\t\t\t\t<\/h3>\n\t\t\t\t\t\t\t                        \t\t\t\t\t\t                            <time datetime=\"2023-11-21\" class=\"post-date\">21 novembre 2023<\/time>\n\t\t\t\t\t\t                                                                    <\/div>\n                    <!-- \/slide-content -->\n                            <\/div>\n        <\/div>\n                <div class=\"tf_swiper-slide\">\n            <div class=\"slide-inner-wrap\" style=\"margin-left:05px;\">\n                                \n                                    <div class=\"slide-content tb_text_wrap\">\n                        \t\t\t\t\t\t\t\t\t\t\t\t\t\t<h3 class=\"slide-title\">\n\t\t\t\t\t\t\t\t\t\t\t\t\t\t\t\t\t\t<a href=\"https:\/\/www.fileasbl.be\/membres\/indexation-baremes-novembre-2023\/\"  \n\t\t\t\t\t\t\t\t\t\t   \t\t\t\t\t\t\t\t\t\t   >\n\t\t\t\t\t\t\t\t\t\t   Indexation Bar\u00e8mes Novembre 2023\t\t\t\t\t\t\t\t\t\t<\/a>\n\t\t\t\t\t\t\t\t\t\t\t\t\t\t\t<\/h3>\n\t\t\t\t\t\t\t                        \t\t\t\t\t\t                            <time datetime=\"2023-11-07\" class=\"post-date\">7 novembre 2023<\/time>\n\t\t\t\t\t\t                                                                    <\/div>\n                    <!-- \/slide-content -->\n                            <\/div>\n        <\/div>\n                <div class=\"tf_swiper-slide\">\n            <div class=\"slide-inner-wrap\" style=\"margin-left:05px;\">\n                                                                <figure class=\"tf_lazy slide-image\">\n                                                            <a href=\"https:\/\/www.fileasbl.be\/membres\/les-conges-dans-le-secteur-de-lenfance-cp-332\/\"\n                                                                      >\n                                   <img src=\"data:image\/svg+xml;charset=UTF-8,%3Csvg%20xmlns%3D%22http%3A%2F%2Fwww.w3.org%2F2000%2Fsvg%22%20width%3D%22360%22%20height%3D%22200%22%3E%3Cg%20fill%3D%22%23ffffff%22%3E%3Crect%20width%3D%22120%22%20height%3D%2250%22%2F%3E%3Crect%20width%3D%22120%22%20height%3D%2250%22%20x%3D%22120%22%2F%3E%3Crect%20width%3D%22120%22%20height%3D%2250%22%20fill%3D%22%23f5f3f7%22%20x%3D%22240%22%2F%3E%3Crect%20width%3D%22120%22%20height%3D%2250%22%20fill%3D%22%2349326b%22%20y%3D%2250%22%2F%3E%3Crect%20width%3D%22120%22%20height%3D%2250%22%20fill%3D%22%23695785%22%20x%3D%22120%22%20y%3D%2250%22%2F%3E%3Crect%20width%3D%22120%22%20height%3D%2250%22%20fill%3D%22%237d6d95%22%20x%3D%22240%22%20y%3D%2250%22%2F%3E%3Crect%20width%3D%22120%22%20height%3D%2250%22%20y%3D%22100%22%2F%3E%3Crect%20width%3D%22120%22%20height%3D%2250%22%20x%3D%22120%22%20y%3D%22100%22%2F%3E%3Crect%20width%3D%22120%22%20height%3D%2250%22%20x%3D%22240%22%20y%3D%22100%22%2F%3E%3Crect%20width%3D%22120%22%20height%3D%2250%22%20y%3D%22150%22%2F%3E%3Crect%20width%3D%22120%22%20height%3D%2250%22%20fill%3D%22%23feffff%22%20x%3D%22120%22%20y%3D%22150%22%2F%3E%3Crect%20width%3D%22120%22%20height%3D%2250%22%20x%3D%22240%22%20y%3D%22150%22%2F%3E%3C%2Fg%3E%3C%2Fsvg%3E\" data-lazy=\"1\" loading=\"lazy\" decoding=\"async\" data-tf-src=\"https:\/\/www.fileasbl.be\/membres\/wp-content\/uploads\/2021\/10\/Banniere-CCT-Conges-Supplementaires-1-1-1024x256-360x200.png\" width=\"360\" height=\"200\" class=\"tf_svg_lazy wp-post-image wp-image-23079\" title=\"Banni\u00e8re CCT Cong\u00e9s Suppl\u00e9mentaires\" alt=\"Banni\u00e8re CCT Cong\u00e9s Suppl\u00e9mentaires\"><noscript><img loading=\"lazy\" decoding=\"async\" data-tf-not-load src=\"https:\/\/www.fileasbl.be\/membres\/wp-content\/uploads\/2021\/10\/Banniere-CCT-Conges-Supplementaires-1-1-1024x256-360x200.png\" width=\"360\" height=\"200\" class=\"wp-post-image wp-image-23079\" title=\"Banni\u00e8re CCT Cong\u00e9s Suppl\u00e9mentaires\" alt=\"Banni\u00e8re CCT Cong\u00e9s Suppl\u00e9mentaires\"><\/noscript>                                <\/a>\n                                                    <\/figure>\n                                                            \n                                    <div class=\"slide-content tb_text_wrap\">\n                        \t\t\t\t\t\t\t\t\t\t\t\t\t\t<h3 class=\"slide-title\">\n\t\t\t\t\t\t\t\t\t\t\t\t\t\t\t\t\t\t<a href=\"https:\/\/www.fileasbl.be\/membres\/les-conges-dans-le-secteur-de-lenfance-cp-332\/\"  \n\t\t\t\t\t\t\t\t\t\t   \t\t\t\t\t\t\t\t\t\t   >\n\t\t\t\t\t\t\t\t\t\t   Les cong\u00e9s dans le secteur de l&rsquo;enfance (CP 332)\t\t\t\t\t\t\t\t\t\t<\/a>\n\t\t\t\t\t\t\t\t\t\t\t\t\t\t\t<\/h3>\n\t\t\t\t\t\t\t                        \t\t\t\t\t\t                            <time datetime=\"2023-10-06\" class=\"post-date\">6 octobre 2023<\/time>\n\t\t\t\t\t\t                                                                    <\/div>\n                    <!-- \/slide-content -->\n                            <\/div>\n        <\/div>\n                <div class=\"tf_swiper-slide\">\n            <div class=\"slide-inner-wrap\" style=\"margin-left:05px;\">\n                                                                <figure class=\"tf_lazy slide-image\">\n                                                            <a href=\"https:\/\/www.fileasbl.be\/membres\/lancement-du-questionnaire-sur-les-conditions-de-travail-dans-laes\/\"\n                                                                      >\n                                   <img src=\"data:image\/svg+xml;charset=UTF-8,%3Csvg%20xmlns%3D%22http%3A%2F%2Fwww.w3.org%2F2000%2Fsvg%22%20width%3D%22360%22%20height%3D%22200%22%3E%3Cg%20fill%3D%22%23a6a0aa%22%3E%3Crect%20width%3D%22120%22%20height%3D%2250%22%2F%3E%3Crect%20width%3D%22120%22%20height%3D%2250%22%20fill%3D%22%23aba4ac%22%20x%3D%22120%22%2F%3E%3Crect%20width%3D%22120%22%20height%3D%2250%22%20fill%3D%22%23642d28%22%20x%3D%22240%22%2F%3E%3Crect%20width%3D%22120%22%20height%3D%2250%22%20fill%3D%22%23fefefc%22%20y%3D%2250%22%2F%3E%3Crect%20width%3D%22120%22%20height%3D%2250%22%20fill%3D%22%23dfaf9b%22%20x%3D%22120%22%20y%3D%2250%22%2F%3E%3Crect%20width%3D%22120%22%20height%3D%2250%22%20fill%3D%22%23ed8e30%22%20x%3D%22240%22%20y%3D%2250%22%2F%3E%3Crect%20width%3D%22120%22%20height%3D%2250%22%20fill%3D%22%23bfbabe%22%20y%3D%22100%22%2F%3E%3Crect%20width%3D%22120%22%20height%3D%2250%22%20fill%3D%22%23aba3ae%22%20x%3D%22120%22%20y%3D%22100%22%2F%3E%3Crect%20width%3D%22120%22%20height%3D%2250%22%20fill%3D%22%23e07d91%22%20x%3D%22240%22%20y%3D%22100%22%2F%3E%3Crect%20width%3D%22120%22%20height%3D%2250%22%20fill%3D%22%23ada6ae%22%20y%3D%22150%22%2F%3E%3Crect%20width%3D%22120%22%20height%3D%2250%22%20fill%3D%22%23a7a6ab%22%20x%3D%22120%22%20y%3D%22150%22%2F%3E%3Crect%20width%3D%22120%22%20height%3D%2250%22%20fill%3D%22%23e77889%22%20x%3D%22240%22%20y%3D%22150%22%2F%3E%3C%2Fg%3E%3C%2Fsvg%3E\" data-lazy=\"1\" loading=\"lazy\" decoding=\"async\" data-tf-src=\"https:\/\/www.fileasbl.be\/membres\/wp-content\/uploads\/2023\/06\/PETITION-1024x1024-360x200.jpg\" width=\"360\" height=\"200\" class=\"tf_svg_lazy wp-post-image wp-image-30817\" title=\"PETITION\" alt=\"PETITION\"><noscript><img loading=\"lazy\" decoding=\"async\" data-tf-not-load src=\"https:\/\/www.fileasbl.be\/membres\/wp-content\/uploads\/2023\/06\/PETITION-1024x1024-360x200.jpg\" width=\"360\" height=\"200\" class=\"wp-post-image wp-image-30817\" title=\"PETITION\" alt=\"PETITION\"><\/noscript>                                <\/a>\n                                                    <\/figure>\n                                                            \n                                    <div class=\"slide-content tb_text_wrap\">\n                        \t\t\t\t\t\t\t\t\t\t\t\t\t\t<h3 class=\"slide-title\">\n\t\t\t\t\t\t\t\t\t\t\t\t\t\t\t\t\t\t<a href=\"https:\/\/www.fileasbl.be\/membres\/lancement-du-questionnaire-sur-les-conditions-de-travail-dans-laes\/\"  \n\t\t\t\t\t\t\t\t\t\t   \t\t\t\t\t\t\t\t\t\t   >\n\t\t\t\t\t\t\t\t\t\t   Petite enfance : P\u00e9tition et actions ce mardi 4 octobre !\t\t\t\t\t\t\t\t\t\t<\/a>\n\t\t\t\t\t\t\t\t\t\t\t\t\t\t\t<\/h3>\n\t\t\t\t\t\t\t                        \t\t\t\t\t\t                            <time datetime=\"2023-06-22\" class=\"post-date\">22 juin 2023<\/time>\n\t\t\t\t\t\t                                                                    <\/div>\n                    <!-- \/slide-content -->\n                            <\/div>\n        <\/div>\n                <div class=\"tf_swiper-slide\">\n            <div class=\"slide-inner-wrap\" style=\"margin-left:05px;\">\n                                                                <figure class=\"tf_lazy slide-image\">\n                                                            <a href=\"https:\/\/www.fileasbl.be\/membres\/26-avril-2023-mobilisation-du-secteur-de-lenfance-petite-enfance-et-atl\/\"\n                                                                      >\n                                   <img src=\"data:image\/svg+xml;charset=UTF-8,%3Csvg%20xmlns%3D%22http%3A%2F%2Fwww.w3.org%2F2000%2Fsvg%22%20width%3D%22360%22%20height%3D%22200%22%3E%3Cg%20fill%3D%22%23dde9f1%22%3E%3Crect%20width%3D%22120%22%20height%3D%2250%22%2F%3E%3Crect%20width%3D%22120%22%20height%3D%2250%22%20x%3D%22120%22%2F%3E%3Crect%20width%3D%22120%22%20height%3D%2250%22%20x%3D%22240%22%2F%3E%3Crect%20width%3D%22120%22%20height%3D%2250%22%20y%3D%2250%22%2F%3E%3Crect%20width%3D%22120%22%20height%3D%2250%22%20x%3D%22120%22%20y%3D%2250%22%2F%3E%3Crect%20width%3D%22120%22%20height%3D%2250%22%20x%3D%22240%22%20y%3D%2250%22%2F%3E%3Crect%20width%3D%22120%22%20height%3D%2250%22%20y%3D%22100%22%2F%3E%3Crect%20width%3D%22120%22%20height%3D%2250%22%20x%3D%22120%22%20y%3D%22100%22%2F%3E%3Crect%20width%3D%22120%22%20height%3D%2250%22%20x%3D%22240%22%20y%3D%22100%22%2F%3E%3Crect%20width%3D%22120%22%20height%3D%2250%22%20fill%3D%22%23ffb8ab%22%20y%3D%22150%22%2F%3E%3Crect%20width%3D%22120%22%20height%3D%2250%22%20x%3D%22120%22%20y%3D%22150%22%2F%3E%3Crect%20width%3D%22120%22%20height%3D%2250%22%20x%3D%22240%22%20y%3D%22150%22%2F%3E%3C%2Fg%3E%3C%2Fsvg%3E\" data-lazy=\"1\" loading=\"lazy\" decoding=\"async\" data-tf-src=\"https:\/\/www.fileasbl.be\/membres\/wp-content\/uploads\/2023\/04\/GreveMobilisation-2-360x200.png\" width=\"360\" height=\"200\" class=\"tf_svg_lazy wp-post-image wp-image-30677\" title=\"Gr\u00e8veMobilisation (2)\" alt=\"Gr\u00e8veMobilisation (2)\"><noscript><img loading=\"lazy\" decoding=\"async\" data-tf-not-load src=\"https:\/\/www.fileasbl.be\/membres\/wp-content\/uploads\/2023\/04\/GreveMobilisation-2-360x200.png\" width=\"360\" height=\"200\" class=\"wp-post-image wp-image-30677\" title=\"Gr\u00e8veMobilisation (2)\" alt=\"Gr\u00e8veMobilisation (2)\"><\/noscript>                                <\/a>\n                                                    <\/figure>\n                                                            \n                                    <div class=\"slide-content tb_text_wrap\">\n                        \t\t\t\t\t\t\t\t\t\t\t\t\t\t<h3 class=\"slide-title\">\n\t\t\t\t\t\t\t\t\t\t\t\t\t\t\t\t\t\t<a href=\"https:\/\/www.fileasbl.be\/membres\/26-avril-2023-mobilisation-du-secteur-de-lenfance-petite-enfance-et-atl\/\"  \n\t\t\t\t\t\t\t\t\t\t   \t\t\t\t\t\t\t\t\t\t   >\n\t\t\t\t\t\t\t\t\t\t   26 avril 2023 : Mobilisation du secteur de l\u2019enfance (petite enfance et ATL)\t\t\t\t\t\t\t\t\t\t<\/a>\n\t\t\t\t\t\t\t\t\t\t\t\t\t\t\t<\/h3>\n\t\t\t\t\t\t\t                        \t\t\t\t\t\t                            <time datetime=\"2023-04-28\" class=\"post-date\">28 avril 2023<\/time>\n\t\t\t\t\t\t                                                                    <\/div>\n                    <!-- \/slide-content -->\n                            <\/div>\n        <\/div>\n        \n\t\n<!-- \/themify_builder_slider -->\n\t\t    <\/div>\n    <\/div>\n<\/div>\n\t        <\/div>\n\t    \t<\/div>\n\t\t    <\/div>\n\t    <!-- \/row_inner -->\n\t<\/div>\n\t<!-- \/module_row -->\n\t<\/div>\n<!--\/themify_builder_content-->","protected":false},"excerpt":{"rendered":"<p>Le secteur de l\u2019accueil temps libre \u00a0 Le secteur de l\u2019accueil temps libre (ATL) regroupe toutes les activit\u00e9s organis\u00e9es avant et apr\u00e8s l\u2019\u00e9cole, le mercredi apr\u00e8s-midi, les week-ends et pendant les vacances scolaires. Ce secteur est donc tr\u00e8s diversifi\u00e9 (accueils extrascolaires, \u00e9coles de devoirs, centres de vacances\u2026) et accueille des enfants de 3 \u00e0 12 [&hellip;]<\/p>\n","protected":false},"author":2,"featured_media":0,"parent":5299,"menu_order":0,"comment_status":"closed","ping_status":"closed","template":"","meta":{"footnotes":""},"class_list":["post-13417","page","type-page","status-publish","hentry","has-post-title","has-post-date","has-post-category","has-post-tag","has-post-comment","has-post-author",""],"yoast_head":"<!-- This site is optimized with the Yoast SEO plugin v27.5 - https:\/\/yoast.com\/product\/yoast-seo-wordpress\/ -->\n<title>Accueil Temps Libre - Pour membres et non membres -<\/title>\n<meta name=\"description\" content=\"Formations et conf\u00e9rences destin\u00e9es aux professionnels du secteur de l&#039;enfance organis\u00e9es par la FILE pour ses membres et les institutions non membres.\" \/>\n<meta name=\"robots\" content=\"index, follow, max-snippet:-1, max-image-preview:large, max-video-preview:-1\" \/>\n<link rel=\"canonical\" href=\"https:\/\/www.fileasbl.be\/membres\/themes\/accueil-temps-libre\/\" \/>\n<meta property=\"og:locale\" content=\"fr_FR\" \/>\n<meta property=\"og:type\" content=\"article\" \/>\n<meta property=\"og:title\" content=\"Accueil Temps Libre - Pour membres et non membres -\" \/>\n<meta property=\"og:description\" content=\"Formations et conf\u00e9rences destin\u00e9es aux professionnels du secteur de l&#039;enfance organis\u00e9es par la FILE pour ses membres et les institutions non membres.\" \/>\n<meta property=\"og:url\" content=\"https:\/\/www.fileasbl.be\/membres\/themes\/accueil-temps-libre\/\" \/>\n<meta property=\"og:site_name\" content=\"Site de la FILE\" \/>\n<meta property=\"article:publisher\" content=\"https:\/\/www.facebook.com\/fileasbl\/\" \/>\n<meta property=\"article:modified_time\" content=\"2025-09-01T12:55:22+00:00\" \/>\n<meta name=\"twitter:card\" content=\"summary_large_image\" \/>\n<script type=\"application\/ld+json\" class=\"yoast-schema-graph\">{\"@context\":\"https:\\\/\\\/schema.org\",\"@graph\":[{\"@type\":\"WebPage\",\"@id\":\"https:\\\/\\\/www.fileasbl.be\\\/membres\\\/themes\\\/accueil-temps-libre\\\/\",\"url\":\"https:\\\/\\\/www.fileasbl.be\\\/membres\\\/themes\\\/accueil-temps-libre\\\/\",\"name\":\"Accueil Temps Libre - Pour membres et non membres -\",\"isPartOf\":{\"@id\":\"https:\\\/\\\/www.fileasbl.be\\\/membres\\\/#website\"},\"primaryImageOfPage\":{\"@id\":\"https:\\\/\\\/www.fileasbl.be\\\/membres\\\/themes\\\/accueil-temps-libre\\\/#primaryimage\"},\"image\":{\"@id\":\"https:\\\/\\\/www.fileasbl.be\\\/membres\\\/themes\\\/accueil-temps-libre\\\/#primaryimage\"},\"thumbnailUrl\":\"http:\\\/\\\/www.fileasbl.be\\\/membres\\\/wp-content\\\/uploads\\\/2020\\\/05\\\/Bandeau-article-800-150-ATL.jpg\",\"datePublished\":\"2020-05-25T10:59:30+00:00\",\"dateModified\":\"2025-09-01T12:55:22+00:00\",\"description\":\"Formations et conf\u00e9rences destin\u00e9es aux professionnels du secteur de l'enfance organis\u00e9es par la FILE pour ses membres et les institutions non membres.\",\"breadcrumb\":{\"@id\":\"https:\\\/\\\/www.fileasbl.be\\\/membres\\\/themes\\\/accueil-temps-libre\\\/#breadcrumb\"},\"inLanguage\":\"fr-FR\",\"potentialAction\":[{\"@type\":\"ReadAction\",\"target\":[\"https:\\\/\\\/www.fileasbl.be\\\/membres\\\/themes\\\/accueil-temps-libre\\\/\"]}]},{\"@type\":\"ImageObject\",\"inLanguage\":\"fr-FR\",\"@id\":\"https:\\\/\\\/www.fileasbl.be\\\/membres\\\/themes\\\/accueil-temps-libre\\\/#primaryimage\",\"url\":\"http:\\\/\\\/www.fileasbl.be\\\/membres\\\/wp-content\\\/uploads\\\/2020\\\/05\\\/Bandeau-article-800-150-ATL.jpg\",\"contentUrl\":\"http:\\\/\\\/www.fileasbl.be\\\/membres\\\/wp-content\\\/uploads\\\/2020\\\/05\\\/Bandeau-article-800-150-ATL.jpg\"},{\"@type\":\"BreadcrumbList\",\"@id\":\"https:\\\/\\\/www.fileasbl.be\\\/membres\\\/themes\\\/accueil-temps-libre\\\/#breadcrumb\",\"itemListElement\":[{\"@type\":\"ListItem\",\"position\":1,\"name\":\"Accueil\",\"item\":\"https:\\\/\\\/www.fileasbl.be\\\/membres\\\/\"},{\"@type\":\"ListItem\",\"position\":2,\"name\":\"Th\u00e8mes\",\"item\":\"https:\\\/\\\/www.fileasbl.be\\\/membres\\\/themes\\\/\"},{\"@type\":\"ListItem\",\"position\":3,\"name\":\"Accueil Temps Libre\"}]},{\"@type\":\"WebSite\",\"@id\":\"https:\\\/\\\/www.fileasbl.be\\\/membres\\\/#website\",\"url\":\"https:\\\/\\\/www.fileasbl.be\\\/membres\\\/\",\"name\":\"Site de la FILE\",\"description\":\"FILE Un accueil de qualit\u00e9 accessible \u00e0 tous\",\"potentialAction\":[{\"@type\":\"SearchAction\",\"target\":{\"@type\":\"EntryPoint\",\"urlTemplate\":\"https:\\\/\\\/www.fileasbl.be\\\/membres\\\/?s={search_term_string}\"},\"query-input\":{\"@type\":\"PropertyValueSpecification\",\"valueRequired\":true,\"valueName\":\"search_term_string\"}}],\"inLanguage\":\"fr-FR\"}]}<\/script>\n<!-- \/ Yoast SEO plugin. -->","yoast_head_json":{"title":"Accueil Temps Libre - Pour membres et non membres -","description":"Formations et conf\u00e9rences destin\u00e9es aux professionnels du secteur de l'enfance organis\u00e9es par la FILE pour ses membres et les institutions non membres.","robots":{"index":"index","follow":"follow","max-snippet":"max-snippet:-1","max-image-preview":"max-image-preview:large","max-video-preview":"max-video-preview:-1"},"canonical":"https:\/\/www.fileasbl.be\/membres\/themes\/accueil-temps-libre\/","og_locale":"fr_FR","og_type":"article","og_title":"Accueil Temps Libre - Pour membres et non membres -","og_description":"Formations et conf\u00e9rences destin\u00e9es aux professionnels du secteur de l'enfance organis\u00e9es par la FILE pour ses membres et les institutions non membres.","og_url":"https:\/\/www.fileasbl.be\/membres\/themes\/accueil-temps-libre\/","og_site_name":"Site de la FILE","article_publisher":"https:\/\/www.facebook.com\/fileasbl\/","article_modified_time":"2025-09-01T12:55:22+00:00","twitter_card":"summary_large_image","schema":{"@context":"https:\/\/schema.org","@graph":[{"@type":"WebPage","@id":"https:\/\/www.fileasbl.be\/membres\/themes\/accueil-temps-libre\/","url":"https:\/\/www.fileasbl.be\/membres\/themes\/accueil-temps-libre\/","name":"Accueil Temps Libre - Pour membres et non membres -","isPartOf":{"@id":"https:\/\/www.fileasbl.be\/membres\/#website"},"primaryImageOfPage":{"@id":"https:\/\/www.fileasbl.be\/membres\/themes\/accueil-temps-libre\/#primaryimage"},"image":{"@id":"https:\/\/www.fileasbl.be\/membres\/themes\/accueil-temps-libre\/#primaryimage"},"thumbnailUrl":"http:\/\/www.fileasbl.be\/membres\/wp-content\/uploads\/2020\/05\/Bandeau-article-800-150-ATL.jpg","datePublished":"2020-05-25T10:59:30+00:00","dateModified":"2025-09-01T12:55:22+00:00","description":"Formations et conf\u00e9rences destin\u00e9es aux professionnels du secteur de l'enfance organis\u00e9es par la FILE pour ses membres et les institutions non membres.","breadcrumb":{"@id":"https:\/\/www.fileasbl.be\/membres\/themes\/accueil-temps-libre\/#breadcrumb"},"inLanguage":"fr-FR","potentialAction":[{"@type":"ReadAction","target":["https:\/\/www.fileasbl.be\/membres\/themes\/accueil-temps-libre\/"]}]},{"@type":"ImageObject","inLanguage":"fr-FR","@id":"https:\/\/www.fileasbl.be\/membres\/themes\/accueil-temps-libre\/#primaryimage","url":"http:\/\/www.fileasbl.be\/membres\/wp-content\/uploads\/2020\/05\/Bandeau-article-800-150-ATL.jpg","contentUrl":"http:\/\/www.fileasbl.be\/membres\/wp-content\/uploads\/2020\/05\/Bandeau-article-800-150-ATL.jpg"},{"@type":"BreadcrumbList","@id":"https:\/\/www.fileasbl.be\/membres\/themes\/accueil-temps-libre\/#breadcrumb","itemListElement":[{"@type":"ListItem","position":1,"name":"Accueil","item":"https:\/\/www.fileasbl.be\/membres\/"},{"@type":"ListItem","position":2,"name":"Th\u00e8mes","item":"https:\/\/www.fileasbl.be\/membres\/themes\/"},{"@type":"ListItem","position":3,"name":"Accueil Temps Libre"}]},{"@type":"WebSite","@id":"https:\/\/www.fileasbl.be\/membres\/#website","url":"https:\/\/www.fileasbl.be\/membres\/","name":"Site de la FILE","description":"FILE Un accueil de qualit\u00e9 accessible \u00e0 tous","potentialAction":[{"@type":"SearchAction","target":{"@type":"EntryPoint","urlTemplate":"https:\/\/www.fileasbl.be\/membres\/?s={search_term_string}"},"query-input":{"@type":"PropertyValueSpecification","valueRequired":true,"valueName":"search_term_string"}}],"inLanguage":"fr-FR"}]}},"builder_content":"<img src=\"http:\/\/www.fileasbl.be\/membres\/wp-content\/uploads\/2020\/05\/Bandeau-article-800-150-ATL.jpg\" title=\"Accueil Temps Libre\" alt=\"Accueil Temps Libre\">\n<h1 style=\"text-align: left;\">Le secteur de l\u2019accueil temps libre<\/h1> <p>\u00a0<\/p> <p>Le secteur de l\u2019accueil temps libre (ATL) regroupe toutes les activit\u00e9s organis\u00e9es avant et apr\u00e8s l\u2019\u00e9cole, le mercredi apr\u00e8s-midi, les week-ends et pendant les vacances scolaires. Ce secteur est donc tr\u00e8s diversifi\u00e9 (<a href=\"https:\/\/www.fileasbl.be\/membres\/themes\/accueil-temps-libre\/accueil-extrascolaire\/\" target=\"_blank\" rel=\"noopener\">accueils extrascolaires<\/a>, <a href=\"http:\/\/www.fileasbl.be\/membres\/themes\/ecole-des-devoirs\/\">\u00e9coles de devoirs<\/a>, centres de vacances\u2026) et accueille des enfants de 3 \u00e0 12 ans.<\/p>\n<p>Ce secteur offre un troisi\u00e8me lieu de vie \u00e0 l\u2019enfant, compl\u00e9mentaire \u00e0 l\u2019\u00e9cole et \u00e0 sa famille, et est essentiel \u00e0 son d\u00e9veloppement. Si l\u2019enfant, dans toutes ses dimensions, est au centre des pr\u00e9occupations dans l\u2019ATL, l\u2019accent est mis aussi sur le soutien \u00e0 la parentalit\u00e9, l\u2019accueil de publics fragilis\u00e9s, le soutien aux familles, le travail de proximit\u00e9 et la lutte contre la pr\u00e9carit\u00e9.<\/p> <p>Les accueillant.e.s, form\u00e9.e.s et comp\u00e9tent.e.s, sont attentifs.ves au bien-\u00eatre de l\u2019enfant, \u00e0 son \u00e9mancipation sociale et \u00e0 son d\u00e9veloppement personnel. Ces moments d\u2019accueil ne sont pas consacr\u00e9s \u00e0 des temps d\u2019apprentissages \u00ab scolaires \u00bb. C\u2019est le jeu, les activit\u00e9s, le vivre ensemble et le plaisir qui sont centraux.<\/p> <p>En effet, au quotidien, les \u00e9quipes p\u00e9dagogiques des milieux d\u2019accueil travaillent en mettant au centre l\u2019enfant et son \u00e9panouissement global. Les accueils temps libre sont un soutien aux parents mais aussi un lieu riche de qualit\u00e9 pour l\u2019enfant\u00a0: il y trouve des rep\u00e8res, peut \u00e9voluer \u00e0 son rythme, prendre son temps, cr\u00e9er des liens et \u00eatre <strong>pleinement qui il est.<\/strong><\/p>\n<p><em>\u00ab\u00a0L\u2019accueil des enfants 3-12 ans est, selon le Conseil d\u2019avis (Avis 2014\/03), un enjeu essentiel en termes de bien-\u00eatre et d\u2019\u00e9ducation qui contribue au renforcement de la justice sociale, et cela, avant d\u2019\u00eatre une n\u00e9cessit\u00e9 en termes de conciliation des temps pour les parents. Les milieux d\u2019accueil des enfants sont des lieux d\u2019\u00e9ducation o\u00f9 se jouent des enjeux d\u2019\u00e9galit\u00e9 de genre, de coh\u00e9sion sociale, de mixit\u00e9, de d\u00e9couverte des diff\u00e9rences et d\u2019apprentissage de la citoyennet\u00e9. Cet accueil devrait \u00eatre, non seulement un moment d\u2019\u00e9panouissement pour l\u2019enfant (de d\u00e9tente, de jeu, de d\u00e9couverte, etc.), mais aussi constituer un formidable espace \u00e9ducatif, d\u2019exp\u00e9rimentations, de diversit\u00e9 sociale et d\u2019apprentissage du vivre ensemble. En ce sens, ces lieux d\u2019accueil constituent un important levier de r\u00e9duction des in\u00e9galit\u00e9s entre enfants. Pour toutes ces raisons, la question de l\u2019accessibilit\u00e9 \u00e0 ces services et structures d\u2019accueil de l\u2019enfance 0-12 ans est fondamentale.\u00a0\u00bb <\/em><a href=\"https:\/\/www.one.be\/fileadmin\/user_upload\/siteone\/PRESENTATION\/Organe_d_avis\/Avis_2014_accessibilite_3_12_ans.pdf\" target=\"_blank\" rel=\"noopener\">Avis 2014\/03 relatif \u00e0 l\u2019accessibilit\u00e9 du secteur de l\u2019accueil 3 12 ans.<\/a><\/p>\n<h2>L'O.N.E. s'est vu confier la mise en application des dispositions r\u00e8glementaires\u00a0au niveau de l\u2019ATL :<\/h2> <h3 style=\"padding-left: 40px;\"><strong>Le Code de qualit\u00e9 : une base de r\u00e9flexion commune<\/strong><\/h3> <p>\u00ab En Communaut\u00e9 fran\u00e7aise, toute personne qui accueille des enfants de 0 \u00e0 12 ans se doit de respecter un code de qualit\u00e9. Celui-ci constitue une base de r\u00e9flexion commune \u00e0 tous les professionnel(le)s de l\u2019enfance afin d\u2019assurer une continuit\u00e9 dans les pratiques d\u2019accueil, la vis\u00e9e d\u2019objectifs communs. Il fixe \u00e9galement un cadre pour guider l\u2019action professionnelle de mani\u00e8re \u00e0 assurer \u00e0 tous les enfants un accueil de qualit\u00e9. Enfin, le Code de qualit\u00e9 invite \u00e0 une coordination locale et au d\u00e9veloppement de synergies entre milieux d\u2019accueil. \u00bb (<a href=\"https:\/\/www.one.be\/professionnel\/accueil-temps-libre\/qualite-de-latl\/\" target=\"_blank\" rel=\"noopener\">ONE, Qualit\u00e9 de l'accueil<\/a>)<\/p> <p><strong>Le code de qualit\u00e9 de l'accueil en Communaut\u00e9 fran\u00e7aise :<\/strong><\/p> <ul> <li style=\"list-style-type: none;\"> <ul> <li><a href=\"t3:\/\/file?uid=1619\">Arr<\/a><a href=\"https:\/\/www.one.be\/fileadmin\/user_upload\/siteone\/PRESENTATION\/aspects_juridiques\/accueil\/Arrete_2003_Code_de_qualite_de_l_accueil.pdf\" target=\"_blank\" rel=\"noopener\">\u00eat\u00e9 du 17 d\u00e9cembre 2003 fixant le code de\u00a0qualit\u00e9 de l'accueil<\/a><br> <h3>\u00a0<\/h3> <\/li> <\/ul> <\/li> <\/ul> <h3 style=\"padding-left: 40px;\"><strong>Le projet d'accueil<\/strong><\/h3> <p>Le respect du code de qualit\u00e9 se concr\u00e9tise par la construction et la mise en \u0153uvre d'un projet d'accueil. Ce dernier doit \u00eatre \u00e9labor\u00e9 en \u00e9quipe et faire l\u2019objet d\u2019une consultation avec les personnes qui confient l\u2019enfant au milieu d\u2019accueil.<\/p> <p>Chaque \u00e9quipe y pr\u00e9cise ses choix m\u00e9thodologiques et les moyens qu\u2019elle met en \u0153uvre. Il traduit en mots les pratiques d\u2019accueil des personnes prenant en charge les enfants : que propose-t-on aux enfants accueillis ? A leur famille ? Quel sens les pratiques \u00e9ducatives propos\u00e9es ont-elles en fonction du contexte, du public accueilli ? Comment sont-elles mises en \u0153uvre ?<\/p> <p>Le projet d\u2019accueil constitue une r\u00e9f\u00e9rence pour les \u00e9quipes qui accueillent les enfants au quotidien.<\/p> <p>Ce projet peut \u00eatre consid\u00e9r\u00e9 comme un moyen de communication \u00e0 destination des parents, bien entendu, mais \u00e9galement des acteurs en interaction avec le milieu d\u2019accueil, qu\u2019ils soient charg\u00e9s de l\u2019\u00e9valuation, du soutien, de l\u2019accompagnement, de la formation des \u00e9quipes ou des stagiaires. (<a href=\"https:\/\/www.one.be\/professionnel\/accueil-temps-libre\/qualite-de-latl\/\" target=\"_blank\" rel=\"noopener\">ONE, Qualit\u00e9 de l'accueil<\/a>)<\/p>\n<h2 style=\"text-align: left;\">Outils :\u00a0<\/h2>\n<a href=\"https:\/\/www.one.be\/fileadmin\/user_upload\/siteone\/PARENTS\/Brochures\/Depliant_accueil_temps_libre_activites_enfants.pdf\" > <img loading=\"lazy\" decoding=\"async\" width=\"384\" height=\"538\" src=\"https:\/\/www.fileasbl.be\/membres\/wp-content\/uploads\/2024\/08\/Capture-decran-2024-08-13-15.06.49.png\" title=\"Capture d\u2019\u00e9cran 2024-08-13 15.06.49\" alt=\"Capture d\u2019\u00e9cran 2024-08-13 15.06.49\" srcset=\"https:\/\/www.fileasbl.be\/membres\/wp-content\/uploads\/2024\/08\/Capture-decran-2024-08-13-15.06.49.png 384w, https:\/\/www.fileasbl.be\/membres\/wp-content\/uploads\/2024\/08\/Capture-decran-2024-08-13-15.06.49-214x300.png 214w\" sizes=\"auto, (max-width: 384px) 100vw, 384px\" \/> <\/a>\n<img loading=\"lazy\" decoding=\"async\" width=\"489\" height=\"700\" src=\"https:\/\/www.fileasbl.be\/membres\/wp-content\/uploads\/2024\/08\/Capture-decran-2024-08-13-15.00.54.png\" title=\"Capture d\u2019\u00e9cran 2024-08-13 15.00.54\" alt=\"Capture d\u2019\u00e9cran 2024-08-13 15.00.54\" srcset=\"https:\/\/www.fileasbl.be\/membres\/wp-content\/uploads\/2024\/08\/Capture-decran-2024-08-13-15.00.54.png 489w, https:\/\/www.fileasbl.be\/membres\/wp-content\/uploads\/2024\/08\/Capture-decran-2024-08-13-15.00.54-210x300.png 210w, https:\/\/www.fileasbl.be\/membres\/wp-content\/uploads\/2024\/08\/Capture-decran-2024-08-13-15.00.54-400x573.png 400w\" sizes=\"auto, (max-width: 489px) 100vw, 489px\" \/>\n<a href=\"https:\/\/www.one.be\/fileadmin\/user_upload\/siteone\/PRO\/ATL\/Referentiel_-_texte_complet.pdf\" > <img loading=\"lazy\" decoding=\"async\" width=\"491\" height=\"705\" src=\"https:\/\/www.fileasbl.be\/membres\/wp-content\/uploads\/2024\/08\/Capture-decran-2024-08-13-15.02.33.png\" title=\"Capture d\u2019\u00e9cran 2024-08-13 15.02.33\" alt=\"Capture d\u2019\u00e9cran 2024-08-13 15.02.33\" srcset=\"https:\/\/www.fileasbl.be\/membres\/wp-content\/uploads\/2024\/08\/Capture-decran-2024-08-13-15.02.33.png 491w, https:\/\/www.fileasbl.be\/membres\/wp-content\/uploads\/2024\/08\/Capture-decran-2024-08-13-15.02.33-209x300.png 209w, https:\/\/www.fileasbl.be\/membres\/wp-content\/uploads\/2024\/08\/Capture-decran-2024-08-13-15.02.33-400x574.png 400w\" sizes=\"auto, (max-width: 491px) 100vw, 491px\" \/> <\/a>\n<a href=\"http:\/\/www.momesensante.be\/pdf\/momes_en_sante_complet.pdf\" > <img loading=\"lazy\" decoding=\"async\" width=\"489\" height=\"698\" src=\"https:\/\/www.fileasbl.be\/membres\/wp-content\/uploads\/2024\/08\/Capture-decran-2024-08-13-15.04.43.png\" title=\"Capture d\u2019\u00e9cran 2024-08-13 15.04.43\" alt=\"Capture d\u2019\u00e9cran 2024-08-13 15.04.43\" srcset=\"https:\/\/www.fileasbl.be\/membres\/wp-content\/uploads\/2024\/08\/Capture-decran-2024-08-13-15.04.43.png 489w, https:\/\/www.fileasbl.be\/membres\/wp-content\/uploads\/2024\/08\/Capture-decran-2024-08-13-15.04.43-210x300.png 210w, https:\/\/www.fileasbl.be\/membres\/wp-content\/uploads\/2024\/08\/Capture-decran-2024-08-13-15.04.43-400x571.png 400w\" sizes=\"auto, (max-width: 489px) 100vw, 489px\" \/> <\/a>\n<p>D\u00e9pliant ONE\u00a0\u00ab <a href=\"https:\/\/www.one.be\/fileadmin\/user_upload\/siteone\/PRO\/Brochures\/depliant-accueil-temps-libre-activites-enfants.pdf\" target=\"_blank\" rel=\"noopener\">L\u2019accueil des enfants durant leur temps libre, quelles activit\u00e9s pour votre enfant\u00a0?<\/a>\u00a0\u00bb<\/p>\n<p>Brochure ONE\u00a0\u00ab <a href=\"https:\/\/www.one.be\/fileadmin\/user_upload\/siteone\/PRO\/Brochures\/Projet_accueil_enfant_3-12_ans.pdf\" target=\"_blank\" rel=\"noopener\">Quel projet d\u2019accueil pour les enfants de 3 \u00e0 12 ans et + ?<\/a>\u00a0\u00bb<\/p>\n<p>Le r\u00e9f\u00e9rentiel psychop\u00e9dagogique ONE \u00ab <a href=\"https:\/\/www.one.be\/fileadmin\/user_upload\/siteone\/PRO\/ATL\/Referentiel_-_texte_complet.pdf\" target=\"_blank\" rel=\"noopener\">Accueillir les enfants de 3 \u00e0 12 ans, viser la qualit\u00e9<\/a> \u00bb<\/p> <p>Livret I: <a href=\"https:\/\/www.one.be\/fileadmin\/user_upload\/siteone\/PRO\/ATL\/livret_I_-_introduction.pdf\" target=\"_blank\" rel=\"noopener\">Introduction<\/a><br>Livret II:\u00a0<a href=\"https:\/\/www.one.be\/fileadmin\/user_upload\/siteone\/PRO\/ATL\/livret_II_rencontre_des_familles.pdf\" target=\"_blank\" rel=\"noopener\">Accueillir les enfants et leur famille<\/a><br>Livret III:\u00a0<a href=\"https:\/\/www.one.be\/fileadmin\/user_upload\/siteone\/PRO\/ATL\/livret_III_donner_une_place_active.pdf\" target=\"_blank\" rel=\"noopener\">Donner aux enfants une place active<\/a><br>Livret IV:\u00a0<a href=\"https:\/\/www.one.be\/fileadmin\/user_upload\/siteone\/PRO\/ATL\/livret_IV_-_vivre_ensemble.pdf\" target=\"_blank\" rel=\"noopener\">Vivre ensemble<\/a><br>Livret V:\u00a0<a href=\"https:\/\/www.one.be\/fileadmin\/user_upload\/siteone\/PRO\/ATL\/livret_V_creer_des_liens.pdf\" target=\"_blank\" rel=\"noopener\">Cr\u00e9er des liens<\/a><br>Livret VI:\u00a0<a href=\"https:\/\/www.one.be\/fileadmin\/user_upload\/siteone\/PRO\/ATL\/livret_VI_promouvoir_la_participation.pdf\">Promouvoir la participation des enfants<\/a><br>Livret VII:\u00a0<a href=\"https:\/\/www.one.be\/fileadmin\/user_upload\/siteone\/PRO\/ATL\/livret_VII_rencontre_des_professionnels.pdf\" target=\"_blank\" rel=\"noopener\">Viser la professionnalisation de l'accueil des enfants de trois \u00e0 douze ans<\/a><\/p>\n<p>Brochure \u00ab <a href=\"http:\/\/www.momesensante.be\/pdf\/momes_en_sante_complet.pdf\" target=\"_blank\" rel=\"noopener\">M\u00f4mes en sant\u00e9 : La sant\u00e9 en collectivit\u00e9 pour les enfants de 3 \u00e0 18 ans<\/a> \u00bb<\/p>\n<h2 style=\"text-align: left;\">Autres liens ressources :\u00a0<\/h2>\n<ul> <li>La <a href=\"http:\/\/www.extrascool.be\" target=\"_blank\" rel=\"noopener\">Plateforme de valorisation de l'accueil extrascolaire\u00a0<\/a><\/li> <li><a href=\"https:\/\/www.plateforme-communautaire-catl.be\/plateforme-provinciale-atl-de-namur-2022\/\" target=\"_blank\" rel=\"noopener\">La plateforme communautaire ATL<\/a><\/li> <li>Pour s\u2019inscrire \u00e0 la <a href=\"https:\/\/www.one.be\/newsletter-atl\/presentation-de-la-newsletter-100atl\/?L=0\" target=\"_blank\" rel=\"noopener\">Newsletter 100%ATL de l\u2019ONE<\/a><\/li> <li>Pour en savoir plus sur les <a href=\"http:\/\/www.centres-de-vacances.be\/\" target=\"_blank\" rel=\"noopener\">centres de vacances<\/a><\/li> <li>Pour en savoir plus sur les <a href=\"http:\/\/www.fileasbl.be\/membres\/themes\/ecole-des-devoirs\/\" target=\"_blank\" rel=\"noopener\">\u00e9coles de devoirs<\/a><\/li> <li>Pour en savoir plus sur l\u2019<a href=\"https:\/\/www.fileasbl.be\/membres\/themes\/accueil-temps-libre\/accueil-extrascolaire\/\" target=\"_blank\" rel=\"noopener\">accueil extrascolaire<\/a>\u00a0<\/li> <\/ul>\n<h2 style=\"text-align: left;\">Derniers articles :\u00a0<\/h2>","_links":{"self":[{"href":"https:\/\/www.fileasbl.be\/membres\/wp-json\/wp\/v2\/pages\/13417","targetHints":{"allow":["GET"]}}],"collection":[{"href":"https:\/\/www.fileasbl.be\/membres\/wp-json\/wp\/v2\/pages"}],"about":[{"href":"https:\/\/www.fileasbl.be\/membres\/wp-json\/wp\/v2\/types\/page"}],"author":[{"embeddable":true,"href":"https:\/\/www.fileasbl.be\/membres\/wp-json\/wp\/v2\/users\/2"}],"replies":[{"embeddable":true,"href":"https:\/\/www.fileasbl.be\/membres\/wp-json\/wp\/v2\/comments?post=13417"}],"version-history":[{"count":0,"href":"https:\/\/www.fileasbl.be\/membres\/wp-json\/wp\/v2\/pages\/13417\/revisions"}],"up":[{"embeddable":true,"href":"https:\/\/www.fileasbl.be\/membres\/wp-json\/wp\/v2\/pages\/5299"}],"wp:attachment":[{"href":"https:\/\/www.fileasbl.be\/membres\/wp-json\/wp\/v2\/media?parent=13417"}],"curies":[{"name":"wp","href":"https:\/\/api.w.org\/{rel}","templated":true}]}}