{"id":13587,"date":"2020-05-28T13:07:35","date_gmt":"2020-05-28T12:07:35","guid":{"rendered":"http:\/\/www.fileasbl.be\/membres\/?page_id=13587"},"modified":"2025-09-01T08:56:27","modified_gmt":"2025-09-01T07:56:27","slug":"language","status":"publish","type":"page","link":"https:\/\/www.fileasbl.be\/membres\/language\/","title":{"rendered":"Langage"},"content":{"rendered":"<p><\/p>\n\n\n<p><\/p>\n\n<!--themify_builder_content-->\n<div id=\"themify_builder_content-13587\" data-postid=\"13587\" class=\"themify_builder_content themify_builder_content-13587 themify_builder tf_clear\">\n    \t<!-- module_row -->\n\t<div  data-lazy=\"1\" class=\"module_row themify_builder_row tb_qzr7397 tb_first tf_clearfix\">\n\t    \t\t<div class=\"row_inner col_align_top col-count-1 tf_box tf_w tf_rel\">\n\t\t\t<div  data-lazy=\"1\" class=\"module_column tb-column col-full first tb_b2zp399 tf_box\">\n\t\t\t    \t        <div class=\"tb-column-inner tf_box tf_w\">\n\t\t    <!-- module image -->\n<div  class=\"module module-image tb_m9eq833   image-top auto_fullwidth tf_mw\" data-lazy=\"1\">\n        <div class=\"image-wrap tf_rel tf_mw\">\n\t\t    <img decoding=\"async\" src=\"http:\/\/www.fileasbl.be\/membres\/wp-content\/uploads\/2020\/05\/Bandeau-article-800-150-Langage2.jpg\" title=\"Langage\" alt=\"Langage\">\t\n\t\t<\/div>\n\t<!-- \/image-wrap -->\n    \n    \t<\/div>\n<!-- \/module image -->\t<div  data-lazy=\"1\" class=\"module_subrow themify_builder_sub_row tb_blpb827 tf_w tf_clearfix\">\n\t    \t\t<div class=\"subrow_inner col_align_top col-count-2 tf_box tf_w\">\n\t\t\t<div  style=\"width: 61.8%\" data-lazy=\"1\" class=\"sub_column module_column tf_box col2-1 first tb_qdul828\"> \n\t    \t    \t        <div class=\"tb-column-inner tf_box tf_w\">\n\t\t    <!-- module text -->\n<div  class=\"module module-text tb_rdmf264   \" data-lazy=\"1\">\n        <div  class=\"tb_text_wrap\">\n    <p>D\u00e8s la naissance, (et m\u00eame avant\u00a0!) le langage fait partie de la vie de l\u2019enfant. Il se construit dans des moments simples, au gr\u00e9 de ses exp\u00e9riences et avec l\u2019accompagnement des adultes. Le langage joue un r\u00f4le tr\u00e8s important dans la cr\u00e9ation de lien, dans le partage des \u00e9motions, dans la socialisation et dans le d\u00e9veloppement global de l\u2019enfant. <br \/>Vous trouverez sur cette page diff\u00e9rents outils et articles permettant d\u2019\u00eatre davantage conscient de l\u2019importance des attitudes et du r\u00f4le des adultes dans le soutien au d\u00e9veloppement du langage et de la communication.<\/p>    <\/div>\n<\/div>\n<!-- \/module text -->\t        <\/div>\n\t    \t<\/div>\n\t\t<div  style=\"width: 35%\" data-lazy=\"1\" class=\"sub_column module_column tf_box col2-1 last tb_ct7r828\"> \n\t    \t    \t        <div class=\"tb-column-inner tf_box tf_w\">\n\t\t    <!-- module text -->\n<div  class=\"module module-text tb_wor3783   \" data-lazy=\"1\">\n        <div  class=\"tb_text_wrap\">\n    <h2 style=\"text-align: center;\"><span style=\"color: #333399;\">Contact \u00e0 la FILE<\/span><\/h2>\n<p style=\"text-align: center;\">Laur\u00e8ne Trevisan &#8211;\u00a0Conseill\u00e8re p\u00e9dagogique<\/p>\n<p style=\"text-align: center;\">contact(at)fileasbl.be &#8211;\u00a0+32 10 22 52 02<\/p>    <\/div>\n<\/div>\n<!-- \/module text -->\t        <\/div>\n\t    \t<\/div>\n\t\t    <\/div>\n\t<\/div><!-- \/themify_builder_sub_row -->\n\t\t<div  data-lazy=\"1\" class=\"module_subrow themify_builder_sub_row tb_ys2620 tf_w tf_clearfix\">\n\t    \t\t<div class=\"subrow_inner col_align_top col-count-2 tf_box tf_w\">\n\t\t\t<div  style=\"width: 35.8%\" data-lazy=\"1\" class=\"sub_column module_column tf_box col2-1 first tb_f9ho22\"> \n\t    \t    \t        <div class=\"tb-column-inner tf_box tf_w\">\n\t\t    <!-- module text -->\n<div  class=\"module module-text tb_up74721  repeat  wow\" data-tf-animation=\"zoomIn\" data-lazy=\"1\">\n        <div  class=\"tb_text_wrap\">\n    <p><strong>Air de familles ONE &#8211; Langage, comment le d\u00e9velopper\u00a0? <\/strong><\/p>    <\/div>\n<\/div>\n<!-- \/module text -->\t        <\/div>\n\t    \t<\/div>\n\t\t<div  style=\"width: 61%\" data-lazy=\"1\" class=\"sub_column module_column tf_box col2-1 last tb_xa3v22\"> \n\t    \t    \t        <div class=\"tb-column-inner tf_box tf_w\">\n\t\t    <!-- module video -->\n<div  class=\"module module-video tb_82iu599 video-top  \" data-lazy=\"1\" data-url=\"https:\/\/youtu.be\/818qJG7EMXo\">\n    \t\t\t\t<div class=\"video-wrap-outer\">\n\t\t\t<div class=\"video-wrap tf_rel tf_overflow\">\n\t\t\t\t\t\t\t<\/div>\n\t\t\t<!-- \/video-wrap -->\n\t\t<\/div>\n\t\t<!-- \/video-wrap-outer -->\n\t\t\t<\/div>\n\t        <\/div>\n\t    \t<\/div>\n\t\t    <\/div>\n\t<\/div><!-- \/themify_builder_sub_row -->\n\t<!-- module text -->\n<div  class=\"module module-text tb_qyv55  repeat \" data-lazy=\"1\">\n        <div  class=\"tb_text_wrap\">\n    <h2 style=\"text-align: left;\"><span style=\"color: #000080;\">Outils :\u00a0<\/span><\/h2>    <\/div>\n<\/div>\n<!-- \/module text -->\t<div  data-lazy=\"1\" class=\"module_subrow themify_builder_sub_row tb_xcuh783 tf_w tf_clearfix\">\n\t    \t\t<div class=\"subrow_inner col_align_top col-count-4 tf_box tf_w\">\n\t\t\t<div  data-lazy=\"1\" class=\"sub_column module_column tf_box col4-1 first tb_e70a785\"> \n\t    \t    \t        <div class=\"tb-column-inner tf_box tf_w\">\n\t\t    <!-- module image -->\n<div  class=\"module module-image tb_m6uh961 drop-shadow bordered  image-top auto_fullwidth tf_mw\" data-lazy=\"1\">\n        <div class=\"image-wrap tf_rel tf_mw\">\n\t\t    <img loading=\"lazy\" decoding=\"async\" src=\"http:\/\/www.fileasbl.be\/membres\/wp-content\/uploads\/2020\/05\/01.jpg\" width=\"565\" height=\"796\" title=\"Langage\" alt=\"Langage\">\t\n\t\t<\/div>\n\t<!-- \/image-wrap -->\n    \n    \t<\/div>\n<!-- \/module image -->\t        <\/div>\n\t    \t<\/div>\n\t\t<div  data-lazy=\"1\" class=\"sub_column module_column tf_box col4-1 second tb_s2z9786\"> \n\t    \t    \t        <div class=\"tb-column-inner tf_box tf_w\">\n\t\t    <!-- module image -->\n<div  class=\"module module-image tb_78gd540 drop-shadow bordered  image-center auto_fullwidth tf_mw\" data-lazy=\"1\">\n        <div class=\"image-wrap tf_rel tf_mw\">\n\t\t    <img loading=\"lazy\" decoding=\"async\" src=\"http:\/\/www.fileasbl.be\/membres\/wp-content\/uploads\/2020\/05\/02.jpg\" width=\"700\" height=\"172\" title=\"Langage\" alt=\"Langage\">\t\n\t\t<\/div>\n\t<!-- \/image-wrap -->\n    \n    \t<\/div>\n<!-- \/module image -->\t        <\/div>\n\t    \t<\/div>\n\t\t<div  data-lazy=\"1\" class=\"sub_column module_column tf_box col4-1 third tb_uvpm786\"> \n\t    \t    \t        <div class=\"tb-column-inner tf_box tf_w\">\n\t\t    <!-- module image -->\n<div  class=\"module module-image tb_qmv1411 drop-shadow bordered  image-top auto_fullwidth tf_mw\" data-lazy=\"1\">\n        <div class=\"image-wrap tf_rel tf_mw\">\n\t\t    <img loading=\"lazy\" decoding=\"async\" src=\"http:\/\/www.fileasbl.be\/membres\/wp-content\/uploads\/2020\/05\/03.jpg\" width=\"200\" height=\"285\" title=\"Langage\" alt=\"Langage\">\t\n\t\t<\/div>\n\t<!-- \/image-wrap -->\n    \n    \t<\/div>\n<!-- \/module image -->\t        <\/div>\n\t    \t<\/div>\n\t\t<div  data-lazy=\"1\" class=\"sub_column module_column tf_box col4-1 last tb_ou97787\"> \n\t    \t    \t        <div class=\"tb-column-inner tf_box tf_w\">\n\t\t    <!-- module image -->\n<div  class=\"module module-image tb_dqkx424 drop-shadow bordered  image-top auto_fullwidth tf_mw\" data-lazy=\"1\">\n        <div class=\"image-wrap tf_rel tf_mw\">\n\t\t    <img loading=\"lazy\" decoding=\"async\" src=\"http:\/\/www.fileasbl.be\/membres\/wp-content\/uploads\/2020\/05\/04.jpg\" width=\"362\" height=\"650\" title=\"Langage\" alt=\"Langage\">\t\n\t\t<\/div>\n\t<!-- \/image-wrap -->\n    \n    \t<\/div>\n<!-- \/module image -->\t        <\/div>\n\t    \t<\/div>\n\t\t    <\/div>\n\t<\/div><!-- \/themify_builder_sub_row -->\n\t\t<div  data-lazy=\"1\" class=\"module_subrow themify_builder_sub_row tb_ooj5297 tf_w tf_clearfix\">\n\t    \t\t<div class=\"subrow_inner col_align_top col-count-4 tf_box tf_w\">\n\t\t\t<div  data-lazy=\"1\" class=\"sub_column module_column tf_box col4-1 first tb_0cod298\"> \n\t    \t    \t        <div class=\"tb-column-inner tf_box tf_w\">\n\t\t    <!-- module text -->\n<div  class=\"module module-text tb_rg82565   \" data-lazy=\"1\">\n        <div  class=\"tb_text_wrap\">\n    <p><strong>Campagne ONE\u00a0:<\/strong> <a href=\"https:\/\/www.one.be\/public\/cest-quoi-lone\/nos-campagnes\/le-langage\/enfants-de-3-a-18-ans\/\" target=\"_blank\" rel=\"noopener\">Le d\u00e9veloppement du langage chez les enfants de 3 \u00e0 18 ans<\/a><\/p>\n<p>Les outils de cette campagne (vid\u00e9os, affiches\u2026) ont pour objectif d\u2019inciter les professionnels ATL \u00e0 adopter\u00a0<strong>des attitudes propices au d\u00e9veloppement du langage<\/strong>\u00a0chez les enfants.<\/p>\n<p>\u00a0\u00a0\u00a0\u00a0\u00a0\u00a0 Les 3\u00a0<strong>messages-cl\u00e9s\u00a0de la campagne\u00a0sont :\u00a0<\/strong><\/p>\n<ul>\n<li>Profiter des moments informels pour favoriser la discussion.<\/li>\n<li>Favoriser le d\u00e9veloppement du langage \u00e0 travers diverses activit\u00e9s d\u2019expression.<\/li>\n<li>Inviter les professionnels, les animateurs \u00e0 \u00eatre un mod\u00e8le pour les enfants.<\/li>\n<\/ul>    <\/div>\n<\/div>\n<!-- \/module text -->\t        <\/div>\n\t    \t<\/div>\n\t\t<div  data-lazy=\"1\" class=\"sub_column module_column tf_box col4-1 second tb_8b7r298\"> \n\t    \t    \t        <div class=\"tb-column-inner tf_box tf_w\">\n\t\t    <!-- module text -->\n<div  class=\"module module-text tb_0xe9566   \" data-lazy=\"1\">\n        <div  class=\"tb_text_wrap\">\n    <p>Campagne ONE\u00a0: <a href=\"https:\/\/www.one.be\/public\/cest-quoi-lone\/nos-campagnes\/le-langage\/enfants-en-bas-age\/\" target=\"_blank\" rel=\"noopener\">Le d\u00e9veloppement du langage chez les jeunes enfants<\/a><\/p>\n<p>Les outils de cette campagne (vid\u00e9os, astuces, conseils pratiques\u2026) ont pour but de sensibiliser les adultes \u00e0 leur r\u00f4le et leur importance dans le d\u00e9veloppement du langage des jeunes enfants.<\/p>    <\/div>\n<\/div>\n<!-- \/module text -->\t        <\/div>\n\t    \t<\/div>\n\t\t<div  data-lazy=\"1\" class=\"sub_column module_column tf_box col4-1 third tb_tof5298\"> \n\t    \t    \t        <div class=\"tb-column-inner tf_box tf_w\">\n\t\t    <!-- module text -->\n<div  class=\"module module-text tb_o4g1566   \" data-lazy=\"1\">\n        <div  class=\"tb_text_wrap\">\n    <p>Brochure ONE\u00a0: <a href=\"https:\/\/www.one.be\/professionnel\/brochuredetailpro\/brochure\/brochure-accompagner-le-developpement-du-langage\/\" target=\"_blank\" rel=\"noopener\">Accompagner le d\u00e9veloppement du langage<\/a><\/p>    <\/div>\n<\/div>\n<!-- \/module text -->\t        <\/div>\n\t    \t<\/div>\n\t\t<div  data-lazy=\"1\" class=\"sub_column module_column tf_box col4-1 last tb_71zf298\"> \n\t    \t    \t        <div class=\"tb-column-inner tf_box tf_w\">\n\t\t    <!-- module text -->\n<div  class=\"module module-text tb_826q295   \" data-lazy=\"1\">\n        <div  class=\"tb_text_wrap\">\n    <p>Le livre Yapaka\u00a0: <a href=\"https:\/\/www.yapaka.be\/livre\/la-portee-du-langage\" target=\"_blank\" rel=\"noopener\">La port\u00e9e du langage<\/a><\/p>    <\/div>\n<\/div>\n<!-- \/module text -->\t        <\/div>\n\t    \t<\/div>\n\t\t    <\/div>\n\t<\/div><!-- \/themify_builder_sub_row -->\n\t<!-- module text -->\n<div  class=\"module module-text tb_e1ll437  repeat \" data-lazy=\"1\">\n        <div  class=\"tb_text_wrap\">\n    <h2 style=\"text-align: left;\"><span style=\"color: #000080;\">Derniers articles :\u00a0<\/span><\/h2>    <\/div>\n<\/div>\n<!-- \/module text --><div  class=\"module tf_clearfix themify_builder_slider_wrap module-slider tb_52y3637  slider-default  \" data-lazy=\"1\">\n        <div class=\"themify_builder_slider tf_carousel tf_swiper-container tf_rel tf_overflow\" data-lazy=\"1\"\t\t    data-tbreakpoints=\"1024\"\n\t\t    data-mbreakpoints=\"480\"\n\tdata-visible=\"4\"\n\tdata-tab-visible=\"\"\n\tdata-mob-visible=\"0\"\n\tdata-scroll=\"\"\n\t\t    \t\t    \tdata-speed=\"1\"\n\tdata-wrapvar=\"1\"\n\tdata-slider_nav=\"1\"\n\tdata-pager=\"1\"\n\tdata-effect=\"scroll\" \n\tdata-height=\"variable\"\n\tdata-horizontal=\"0\"\n\t\t    data-css_url=\"https:\/\/www.fileasbl.be\/membres\/wp-content\/themes\/themify-ultra\/themify\/themify-builder\/css\/modules\/sliders\/carousel.css,https:\/\/www.fileasbl.be\/membres\/wp-content\/themes\/themify-ultra\/themify\/themify-builder\/css\/modules\/sliders\/slider.css\"\n\t>\n\t\t    <div class=\"tf_swiper-wrapper tf_lazy tf_rel tf_w tf_h tf_textc\">\n\t            <div class=\"tf_swiper-slide\">\n            <div class=\"slide-inner-wrap\" style=\"margin-left:05px;\">\n                                \n                                    <div class=\"slide-content tb_text_wrap\">\n                        \t\t\t\t\t\t\t\t\t\t\t\t\t\t<h3 class=\"slide-title\">\n\t\t\t\t\t\t\t\t\t\t\t\t\t\t\t\t\t\t<a href=\"https:\/\/www.fileasbl.be\/membres\/colloque-le-developpement-de-lempathie-chez-les-enfants-01-06-2021\/\"  \n\t\t\t\t\t\t\t\t\t\t   \t\t\t\t\t\t\t\t\t\t   >\n\t\t\t\t\t\t\t\t\t\t   Webinaire \u00ab\u00a0Le d\u00e9veloppement de l\u2019empathie chez les enfants\u00a0\u00bb\t\t\t\t\t\t\t\t\t\t<\/a>\n\t\t\t\t\t\t\t\t\t\t\t\t\t\t\t<\/h3>\n\t\t\t\t\t\t\t                        \t\t\t\t\t\t                                                                    <\/div>\n                    <!-- \/slide-content -->\n                            <\/div>\n        <\/div>\n                <div class=\"tf_swiper-slide\">\n            <div class=\"slide-inner-wrap\" style=\"margin-left:05px;\">\n                                                                <figure class=\"tf_lazy slide-image\">\n                                                            <a href=\"https:\/\/www.fileasbl.be\/membres\/limportance-de-la-lecture-conference-de-roxane-de-limelette\/\"\n                                                                      >\n                                   <img src=\"data:image\/svg+xml;charset=UTF-8,%3Csvg%20xmlns%3D%22http%3A%2F%2Fwww.w3.org%2F2000%2Fsvg%22%20width%3D%22400%22%20height%3D%22200%22%3E%3Cg%20fill%3D%22%23020407%22%3E%3Crect%20width%3D%22133%22%20height%3D%2250%22%2F%3E%3Crect%20width%3D%22133%22%20height%3D%2250%22%20fill%3D%22%2304050b%22%20x%3D%22133%22%2F%3E%3Crect%20width%3D%22133%22%20height%3D%2250%22%20fill%3D%22%23080e0e%22%20x%3D%22266%22%2F%3E%3Crect%20width%3D%22133%22%20height%3D%2250%22%20fill%3D%22%23020307%22%20y%3D%2250%22%2F%3E%3Crect%20width%3D%22133%22%20height%3D%2250%22%20fill%3D%22%237c8a91%22%20x%3D%22133%22%20y%3D%2250%22%2F%3E%3Crect%20width%3D%22133%22%20height%3D%2250%22%20fill%3D%22%23090e14%22%20x%3D%22266%22%20y%3D%2250%22%2F%3E%3Crect%20width%3D%22133%22%20height%3D%2250%22%20fill%3D%22%2312201e%22%20y%3D%22100%22%2F%3E%3Crect%20width%3D%22133%22%20height%3D%2250%22%20fill%3D%22%23556059%22%20x%3D%22133%22%20y%3D%22100%22%2F%3E%3Crect%20width%3D%22133%22%20height%3D%2250%22%20fill%3D%22%230f171f%22%20x%3D%22266%22%20y%3D%22100%22%2F%3E%3Crect%20width%3D%22133%22%20height%3D%2250%22%20fill%3D%22%23273a36%22%20y%3D%22150%22%2F%3E%3Crect%20width%3D%22133%22%20height%3D%2250%22%20fill%3D%22%232a2123%22%20x%3D%22133%22%20y%3D%22150%22%2F%3E%3Crect%20width%3D%22133%22%20height%3D%2250%22%20fill%3D%22%23131724%22%20x%3D%22266%22%20y%3D%22150%22%2F%3E%3C%2Fg%3E%3C%2Fsvg%3E\" data-lazy=\"1\" loading=\"lazy\" decoding=\"async\" data-tf-src=\"https:\/\/www.fileasbl.be\/membres\/wp-content\/uploads\/2020\/05\/Site-A-la-une-Lecture-1024x512-400x200.jpg\" width=\"400\" height=\"200\" class=\"tf_svg_lazy wp-post-image wp-image-13655\" title=\"Site A la une Lecture\" alt=\"Site A la une Lecture\" data-tf-srcset=\"https:\/\/www.fileasbl.be\/membres\/wp-content\/uploads\/2020\/05\/Site-A-la-une-Lecture-1024x512-400x200.jpg 400w, https:\/\/www.fileasbl.be\/membres\/wp-content\/uploads\/2020\/05\/Site-A-la-une-Lecture-300x150.jpg 300w, https:\/\/www.fileasbl.be\/membres\/wp-content\/uploads\/2020\/05\/Site-A-la-une-Lecture-768x384.jpg 768w, https:\/\/www.fileasbl.be\/membres\/wp-content\/uploads\/2020\/05\/Site-A-la-une-Lecture-1024x512.jpg 1024w, https:\/\/www.fileasbl.be\/membres\/wp-content\/uploads\/2020\/05\/Site-A-la-une-Lecture-1024x512-600x300.jpg 600w, https:\/\/www.fileasbl.be\/membres\/wp-content\/uploads\/2020\/05\/Site-A-la-une-Lecture-1024x512-4x2.jpg 4w, https:\/\/www.fileasbl.be\/membres\/wp-content\/uploads\/2020\/05\/Site-A-la-une-Lecture-1024x512-40x20.jpg 40w, https:\/\/www.fileasbl.be\/membres\/wp-content\/uploads\/2020\/05\/Site-A-la-une-Lecture.jpg 1600w\" data-tf-sizes=\"auto, (max-width: 400px) 100vw, 400px\" \/><noscript><img loading=\"lazy\" decoding=\"async\" data-tf-not-load src=\"https:\/\/www.fileasbl.be\/membres\/wp-content\/uploads\/2020\/05\/Site-A-la-une-Lecture-1024x512-400x200.jpg\" width=\"400\" height=\"200\" class=\"wp-post-image wp-image-13655\" title=\"Site A la une Lecture\" alt=\"Site A la une Lecture\" srcset=\"https:\/\/www.fileasbl.be\/membres\/wp-content\/uploads\/2020\/05\/Site-A-la-une-Lecture-1024x512-400x200.jpg 400w, https:\/\/www.fileasbl.be\/membres\/wp-content\/uploads\/2020\/05\/Site-A-la-une-Lecture-300x150.jpg 300w, https:\/\/www.fileasbl.be\/membres\/wp-content\/uploads\/2020\/05\/Site-A-la-une-Lecture-768x384.jpg 768w, https:\/\/www.fileasbl.be\/membres\/wp-content\/uploads\/2020\/05\/Site-A-la-une-Lecture-1024x512.jpg 1024w, https:\/\/www.fileasbl.be\/membres\/wp-content\/uploads\/2020\/05\/Site-A-la-une-Lecture-1024x512-600x300.jpg 600w, https:\/\/www.fileasbl.be\/membres\/wp-content\/uploads\/2020\/05\/Site-A-la-une-Lecture-1024x512-4x2.jpg 4w, https:\/\/www.fileasbl.be\/membres\/wp-content\/uploads\/2020\/05\/Site-A-la-une-Lecture-1024x512-40x20.jpg 40w, https:\/\/www.fileasbl.be\/membres\/wp-content\/uploads\/2020\/05\/Site-A-la-une-Lecture.jpg 1600w\" sizes=\"auto, (max-width: 400px) 100vw, 400px\" \/><\/noscript>                                <\/a>\n                                                    <\/figure>\n                                                            \n                                    <div class=\"slide-content tb_text_wrap\">\n                        \t\t\t\t\t\t\t\t\t\t\t\t\t\t<h3 class=\"slide-title\">\n\t\t\t\t\t\t\t\t\t\t\t\t\t\t\t\t\t\t<a href=\"https:\/\/www.fileasbl.be\/membres\/limportance-de-la-lecture-conference-de-roxane-de-limelette\/\"  \n\t\t\t\t\t\t\t\t\t\t   \t\t\t\t\t\t\t\t\t\t   >\n\t\t\t\t\t\t\t\t\t\t   L\u2019importance de la lecture \u2013 Conf\u00e9rence de Roxane de Limelette\t\t\t\t\t\t\t\t\t\t<\/a>\n\t\t\t\t\t\t\t\t\t\t\t\t\t\t\t<\/h3>\n\t\t\t\t\t\t\t                        \t\t\t\t\t\t                                                                    <\/div>\n                    <!-- \/slide-content -->\n                            <\/div>\n        <\/div>\n                <div class=\"tf_swiper-slide\">\n            <div class=\"slide-inner-wrap\" style=\"margin-left:05px;\">\n                                \n                                    <div class=\"slide-content tb_text_wrap\">\n                        \t\t\t\t\t\t\t\t\t\t\t\t\t\t<h3 class=\"slide-title\">\n\t\t\t\t\t\t\t\t\t\t\t\t\t\t\t\t\t\t<a href=\"https:\/\/www.fileasbl.be\/membres\/sensibiliser-les-professionnels-au-developpement-du-langage-des-enfants\/\"  \n\t\t\t\t\t\t\t\t\t\t   \t\t\t\t\t\t\t\t\t\t   >\n\t\t\t\t\t\t\t\t\t\t   Langage des enfants : sensibiliser les professionnels\t\t\t\t\t\t\t\t\t\t<\/a>\n\t\t\t\t\t\t\t\t\t\t\t\t\t\t\t<\/h3>\n\t\t\t\t\t\t\t                        \t\t\t\t\t\t                                                                    <\/div>\n                    <!-- \/slide-content -->\n                            <\/div>\n        <\/div>\n        \n\t\n<!-- \/themify_builder_slider -->\n\t\t    <\/div>\n    <\/div>\n<\/div>\n\t        <\/div>\n\t    \t<\/div>\n\t\t    <\/div>\n\t    <!-- \/row_inner -->\n\t<\/div>\n\t<!-- \/module_row -->\n\t<\/div>\n<!--\/themify_builder_content-->","protected":false},"excerpt":{"rendered":"<p>D\u00e8s la naissance, (et m\u00eame avant\u00a0!) le langage fait partie de la vie de l\u2019enfant. Il se construit dans des moments simples, au gr\u00e9 de ses exp\u00e9riences et avec l\u2019accompagnement des adultes. Le langage joue un r\u00f4le tr\u00e8s important dans la cr\u00e9ation de lien, dans le partage des \u00e9motions, dans la socialisation et dans le [&hellip;]<\/p>\n","protected":false},"author":2,"featured_media":0,"parent":0,"menu_order":0,"comment_status":"closed","ping_status":"closed","template":"","meta":{"footnotes":""},"class_list":["post-13587","page","type-page","status-publish","hentry","has-post-title","has-post-date","has-post-category","has-post-tag","has-post-comment","has-post-author",""],"yoast_head":"<!-- This site is optimized with the Yoast SEO plugin v27.5 - https:\/\/yoast.com\/product\/yoast-seo-wordpress\/ -->\n<title>Langage - Pour membres et non membres -<\/title>\n<meta name=\"description\" content=\"Formations et conf\u00e9rences destin\u00e9es aux professionnels du secteur de l&#039;enfance organis\u00e9es par la FILE pour ses membres et les institutions non membres.\" \/>\n<meta name=\"robots\" content=\"index, follow, max-snippet:-1, max-image-preview:large, max-video-preview:-1\" \/>\n<link rel=\"canonical\" href=\"https:\/\/www.fileasbl.be\/membres\/language\/\" \/>\n<meta property=\"og:locale\" content=\"fr_FR\" \/>\n<meta property=\"og:type\" content=\"article\" \/>\n<meta property=\"og:title\" content=\"Langage - Pour membres et non membres -\" \/>\n<meta property=\"og:description\" content=\"Formations et conf\u00e9rences destin\u00e9es aux professionnels du secteur de l&#039;enfance organis\u00e9es par la FILE pour ses membres et les institutions non membres.\" \/>\n<meta property=\"og:url\" content=\"https:\/\/www.fileasbl.be\/membres\/language\/\" \/>\n<meta property=\"og:site_name\" content=\"Site de la FILE\" \/>\n<meta property=\"article:publisher\" content=\"https:\/\/www.facebook.com\/fileasbl\/\" \/>\n<meta property=\"article:modified_time\" content=\"2025-09-01T07:56:27+00:00\" \/>\n<meta property=\"og:image\" content=\"http:\/\/www.fileasbl.be\/membres\/wp-content\/uploads\/2020\/05\/Bandeau-article-800-150-Langage2.jpg\" \/>\n<meta name=\"twitter:card\" content=\"summary_large_image\" \/>\n<meta name=\"twitter:label1\" content=\"Dur\u00e9e de lecture estim\u00e9e\" \/>\n\t<meta name=\"twitter:data1\" content=\"1 minute\" \/>\n<script type=\"application\/ld+json\" class=\"yoast-schema-graph\">{\"@context\":\"https:\\\/\\\/schema.org\",\"@graph\":[{\"@type\":\"WebPage\",\"@id\":\"https:\\\/\\\/www.fileasbl.be\\\/membres\\\/language\\\/\",\"url\":\"https:\\\/\\\/www.fileasbl.be\\\/membres\\\/language\\\/\",\"name\":\"Langage - Pour membres et non membres -\",\"isPartOf\":{\"@id\":\"https:\\\/\\\/www.fileasbl.be\\\/membres\\\/#website\"},\"primaryImageOfPage\":{\"@id\":\"https:\\\/\\\/www.fileasbl.be\\\/membres\\\/language\\\/#primaryimage\"},\"image\":{\"@id\":\"https:\\\/\\\/www.fileasbl.be\\\/membres\\\/language\\\/#primaryimage\"},\"thumbnailUrl\":\"http:\\\/\\\/www.fileasbl.be\\\/membres\\\/wp-content\\\/uploads\\\/2020\\\/05\\\/Bandeau-article-800-150-Langage2.jpg\",\"datePublished\":\"2020-05-28T12:07:35+00:00\",\"dateModified\":\"2025-09-01T07:56:27+00:00\",\"description\":\"Formations et conf\u00e9rences destin\u00e9es aux professionnels du secteur de l'enfance organis\u00e9es par la FILE pour ses membres et les institutions non membres.\",\"breadcrumb\":{\"@id\":\"https:\\\/\\\/www.fileasbl.be\\\/membres\\\/language\\\/#breadcrumb\"},\"inLanguage\":\"fr-FR\",\"potentialAction\":[{\"@type\":\"ReadAction\",\"target\":[\"https:\\\/\\\/www.fileasbl.be\\\/membres\\\/language\\\/\"]}]},{\"@type\":\"ImageObject\",\"inLanguage\":\"fr-FR\",\"@id\":\"https:\\\/\\\/www.fileasbl.be\\\/membres\\\/language\\\/#primaryimage\",\"url\":\"http:\\\/\\\/www.fileasbl.be\\\/membres\\\/wp-content\\\/uploads\\\/2020\\\/05\\\/Bandeau-article-800-150-Langage2.jpg\",\"contentUrl\":\"http:\\\/\\\/www.fileasbl.be\\\/membres\\\/wp-content\\\/uploads\\\/2020\\\/05\\\/Bandeau-article-800-150-Langage2.jpg\"},{\"@type\":\"BreadcrumbList\",\"@id\":\"https:\\\/\\\/www.fileasbl.be\\\/membres\\\/language\\\/#breadcrumb\",\"itemListElement\":[{\"@type\":\"ListItem\",\"position\":1,\"name\":\"Accueil\",\"item\":\"https:\\\/\\\/www.fileasbl.be\\\/membres\\\/\"},{\"@type\":\"ListItem\",\"position\":2,\"name\":\"Langage\"}]},{\"@type\":\"WebSite\",\"@id\":\"https:\\\/\\\/www.fileasbl.be\\\/membres\\\/#website\",\"url\":\"https:\\\/\\\/www.fileasbl.be\\\/membres\\\/\",\"name\":\"Site de la FILE\",\"description\":\"FILE Un accueil de qualit\u00e9 accessible \u00e0 tous\",\"potentialAction\":[{\"@type\":\"SearchAction\",\"target\":{\"@type\":\"EntryPoint\",\"urlTemplate\":\"https:\\\/\\\/www.fileasbl.be\\\/membres\\\/?s={search_term_string}\"},\"query-input\":{\"@type\":\"PropertyValueSpecification\",\"valueRequired\":true,\"valueName\":\"search_term_string\"}}],\"inLanguage\":\"fr-FR\"}]}<\/script>\n<!-- \/ Yoast SEO plugin. -->","yoast_head_json":{"title":"Langage - Pour membres et non membres -","description":"Formations et conf\u00e9rences destin\u00e9es aux professionnels du secteur de l'enfance organis\u00e9es par la FILE pour ses membres et les institutions non membres.","robots":{"index":"index","follow":"follow","max-snippet":"max-snippet:-1","max-image-preview":"max-image-preview:large","max-video-preview":"max-video-preview:-1"},"canonical":"https:\/\/www.fileasbl.be\/membres\/language\/","og_locale":"fr_FR","og_type":"article","og_title":"Langage - Pour membres et non membres -","og_description":"Formations et conf\u00e9rences destin\u00e9es aux professionnels du secteur de l'enfance organis\u00e9es par la FILE pour ses membres et les institutions non membres.","og_url":"https:\/\/www.fileasbl.be\/membres\/language\/","og_site_name":"Site de la FILE","article_publisher":"https:\/\/www.facebook.com\/fileasbl\/","article_modified_time":"2025-09-01T07:56:27+00:00","og_image":[{"url":"http:\/\/www.fileasbl.be\/membres\/wp-content\/uploads\/2020\/05\/Bandeau-article-800-150-Langage2.jpg","type":"","width":"","height":""}],"twitter_card":"summary_large_image","twitter_misc":{"Dur\u00e9e de lecture estim\u00e9e":"1 minute"},"schema":{"@context":"https:\/\/schema.org","@graph":[{"@type":"WebPage","@id":"https:\/\/www.fileasbl.be\/membres\/language\/","url":"https:\/\/www.fileasbl.be\/membres\/language\/","name":"Langage - Pour membres et non membres -","isPartOf":{"@id":"https:\/\/www.fileasbl.be\/membres\/#website"},"primaryImageOfPage":{"@id":"https:\/\/www.fileasbl.be\/membres\/language\/#primaryimage"},"image":{"@id":"https:\/\/www.fileasbl.be\/membres\/language\/#primaryimage"},"thumbnailUrl":"http:\/\/www.fileasbl.be\/membres\/wp-content\/uploads\/2020\/05\/Bandeau-article-800-150-Langage2.jpg","datePublished":"2020-05-28T12:07:35+00:00","dateModified":"2025-09-01T07:56:27+00:00","description":"Formations et conf\u00e9rences destin\u00e9es aux professionnels du secteur de l'enfance organis\u00e9es par la FILE pour ses membres et les institutions non membres.","breadcrumb":{"@id":"https:\/\/www.fileasbl.be\/membres\/language\/#breadcrumb"},"inLanguage":"fr-FR","potentialAction":[{"@type":"ReadAction","target":["https:\/\/www.fileasbl.be\/membres\/language\/"]}]},{"@type":"ImageObject","inLanguage":"fr-FR","@id":"https:\/\/www.fileasbl.be\/membres\/language\/#primaryimage","url":"http:\/\/www.fileasbl.be\/membres\/wp-content\/uploads\/2020\/05\/Bandeau-article-800-150-Langage2.jpg","contentUrl":"http:\/\/www.fileasbl.be\/membres\/wp-content\/uploads\/2020\/05\/Bandeau-article-800-150-Langage2.jpg"},{"@type":"BreadcrumbList","@id":"https:\/\/www.fileasbl.be\/membres\/language\/#breadcrumb","itemListElement":[{"@type":"ListItem","position":1,"name":"Accueil","item":"https:\/\/www.fileasbl.be\/membres\/"},{"@type":"ListItem","position":2,"name":"Langage"}]},{"@type":"WebSite","@id":"https:\/\/www.fileasbl.be\/membres\/#website","url":"https:\/\/www.fileasbl.be\/membres\/","name":"Site de la FILE","description":"FILE Un accueil de qualit\u00e9 accessible \u00e0 tous","potentialAction":[{"@type":"SearchAction","target":{"@type":"EntryPoint","urlTemplate":"https:\/\/www.fileasbl.be\/membres\/?s={search_term_string}"},"query-input":{"@type":"PropertyValueSpecification","valueRequired":true,"valueName":"search_term_string"}}],"inLanguage":"fr-FR"}]}},"builder_content":"<img src=\"http:\/\/www.fileasbl.be\/membres\/wp-content\/uploads\/2020\/05\/Bandeau-article-800-150-Langage2.jpg\" title=\"Langage\" alt=\"Langage\">\n<p>D\u00e8s la naissance, (et m\u00eame avant\u00a0!) le langage fait partie de la vie de l\u2019enfant. Il se construit dans des moments simples, au gr\u00e9 de ses exp\u00e9riences et avec l\u2019accompagnement des adultes. Le langage joue un r\u00f4le tr\u00e8s important dans la cr\u00e9ation de lien, dans le partage des \u00e9motions, dans la socialisation et dans le d\u00e9veloppement global de l\u2019enfant. <br \/>Vous trouverez sur cette page diff\u00e9rents outils et articles permettant d\u2019\u00eatre davantage conscient de l\u2019importance des attitudes et du r\u00f4le des adultes dans le soutien au d\u00e9veloppement du langage et de la communication.<\/p>\n<h2 style=\"text-align: center;\">Contact \u00e0 la FILE<\/h2> <p style=\"text-align: center;\">Laur\u00e8ne Trevisan -\u00a0Conseill\u00e8re p\u00e9dagogique<\/p> <p style=\"text-align: center;\">contact(at)fileasbl.be -\u00a0+32 10 22 52 02<\/p>\n<p><strong>Air de familles ONE - Langage, comment le d\u00e9velopper\u00a0? <\/strong><\/p>\n\n<h2 style=\"text-align: left;\">Outils :\u00a0<\/h2>\n<img src=\"http:\/\/www.fileasbl.be\/membres\/wp-content\/uploads\/2020\/05\/01.jpg\" width=\"565\" height=\"796\" title=\"Langage\" alt=\"Langage\">\n<img src=\"http:\/\/www.fileasbl.be\/membres\/wp-content\/uploads\/2020\/05\/02.jpg\" width=\"700\" height=\"172\" title=\"Langage\" alt=\"Langage\">\n<img src=\"http:\/\/www.fileasbl.be\/membres\/wp-content\/uploads\/2020\/05\/03.jpg\" width=\"200\" height=\"285\" title=\"Langage\" alt=\"Langage\">\n<img src=\"http:\/\/www.fileasbl.be\/membres\/wp-content\/uploads\/2020\/05\/04.jpg\" width=\"362\" height=\"650\" title=\"Langage\" alt=\"Langage\">\n<p><strong>Campagne ONE\u00a0:<\/strong> <a href=\"https:\/\/www.one.be\/public\/cest-quoi-lone\/nos-campagnes\/le-langage\/enfants-de-3-a-18-ans\/\" target=\"_blank\" rel=\"noopener\">Le d\u00e9veloppement du langage chez les enfants de 3 \u00e0 18 ans<\/a><\/p> <p>Les outils de cette campagne (vid\u00e9os, affiches\u2026) ont pour objectif d\u2019inciter les professionnels ATL \u00e0 adopter\u00a0<strong>des attitudes propices au d\u00e9veloppement du langage<\/strong>\u00a0chez les enfants.<\/p> <p>\u00a0\u00a0\u00a0\u00a0\u00a0\u00a0 Les 3\u00a0<strong>messages-cl\u00e9s\u00a0de la campagne\u00a0sont :\u00a0<\/strong><\/p> <ul> <li>Profiter des moments informels pour favoriser la discussion.<\/li> <li>Favoriser le d\u00e9veloppement du langage \u00e0 travers diverses activit\u00e9s d\u2019expression.<\/li> <li>Inviter les professionnels, les animateurs \u00e0 \u00eatre un mod\u00e8le pour les enfants.<\/li> <\/ul>\n<p>Campagne ONE\u00a0: <a href=\"https:\/\/www.one.be\/public\/cest-quoi-lone\/nos-campagnes\/le-langage\/enfants-en-bas-age\/\" target=\"_blank\" rel=\"noopener\">Le d\u00e9veloppement du langage chez les jeunes enfants<\/a><\/p> <p>Les outils de cette campagne (vid\u00e9os, astuces, conseils pratiques\u2026) ont pour but de sensibiliser les adultes \u00e0 leur r\u00f4le et leur importance dans le d\u00e9veloppement du langage des jeunes enfants.<\/p>\n<p>Brochure ONE\u00a0: <a href=\"https:\/\/www.one.be\/professionnel\/brochuredetailpro\/brochure\/brochure-accompagner-le-developpement-du-langage\/\" target=\"_blank\" rel=\"noopener\">Accompagner le d\u00e9veloppement du langage<\/a><\/p>\n<p>Le livre Yapaka\u00a0: <a href=\"https:\/\/www.yapaka.be\/livre\/la-portee-du-langage\" target=\"_blank\" rel=\"noopener\">La port\u00e9e du langage<\/a><\/p>\n<h2 style=\"text-align: left;\">Derniers articles :\u00a0<\/h2>","_links":{"self":[{"href":"https:\/\/www.fileasbl.be\/membres\/wp-json\/wp\/v2\/pages\/13587","targetHints":{"allow":["GET"]}}],"collection":[{"href":"https:\/\/www.fileasbl.be\/membres\/wp-json\/wp\/v2\/pages"}],"about":[{"href":"https:\/\/www.fileasbl.be\/membres\/wp-json\/wp\/v2\/types\/page"}],"author":[{"embeddable":true,"href":"https:\/\/www.fileasbl.be\/membres\/wp-json\/wp\/v2\/users\/2"}],"replies":[{"embeddable":true,"href":"https:\/\/www.fileasbl.be\/membres\/wp-json\/wp\/v2\/comments?post=13587"}],"version-history":[{"count":0,"href":"https:\/\/www.fileasbl.be\/membres\/wp-json\/wp\/v2\/pages\/13587\/revisions"}],"wp:attachment":[{"href":"https:\/\/www.fileasbl.be\/membres\/wp-json\/wp\/v2\/media?parent=13587"}],"curies":[{"name":"wp","href":"https:\/\/api.w.org\/{rel}","templated":true}]}}