{"id":34393,"date":"2026-07-16T15:23:40","date_gmt":"2026-07-16T14:23:40","guid":{"rendered":"https:\/\/www.fileasbl.be\/membres\/?page_id=34393"},"modified":"2026-08-20T09:24:09","modified_gmt":"2026-08-20T08:24:09","slug":"communaute-de-pratiques-investissement-des-espaces-exterieurs","status":"publish","type":"page","link":"https:\/\/www.fileasbl.be\/membres\/communaute-de-pratiques-investissement-des-espaces-exterieurs\/","title":{"rendered":"Communaut\u00e9 de pratiques investissement des espaces ext\u00e9rieurs"},"content":{"rendered":"<!--themify_builder_content-->\n<div id=\"themify_builder_content-34393\" data-postid=\"34393\" class=\"themify_builder_content themify_builder_content-34393 themify_builder tf_clear\">\n    \t<!-- module_row -->\n\t<div  data-lazy=\"1\" class=\"module_row themify_builder_row tb_aibi973 tb_first tf_clearfix\">\n\t    \t\t<div class=\"row_inner col_align_top col-count-1 tf_box tf_w tf_rel\">\n\t\t\t<div  data-lazy=\"1\" class=\"module_column tb-column col-full first tb_7znz974 tf_box\">\n\t\t\t    \t        <div class=\"tb-column-inner tf_box tf_w\">\n\t\t    \t<div  data-lazy=\"1\" class=\"module_subrow themify_builder_sub_row tb_ghiy503 tf_w tf_clearfix\">\n\t    \t\t<div class=\"subrow_inner col_align_top col-count-1 tf_box tf_w\">\n\t\t\t<div  data-lazy=\"1\" class=\"sub_column module_column tf_box col-full first tb_4wia505\"> \n\t    \t    \t        <div class=\"tb-column-inner tf_box tf_w\">\n\t\t    <!-- module text -->\n<div  class=\"module module-text tb_yfx5296   \" data-lazy=\"1\">\n        <div  class=\"tb_text_wrap\">\n    <p>Page en cours de cr\u00e9ation&#8230;\u00a0<\/p>    <\/div>\n<\/div>\n<!-- \/module text -->\t        <\/div>\n\t    \t<\/div>\n\t\t    <\/div>\n\t<\/div><!-- \/themify_builder_sub_row -->\n\t\t        <\/div>\n\t    \t<\/div>\n\t\t    <\/div>\n\t    <!-- \/row_inner -->\n\t<\/div>\n\t<!-- \/module_row -->\n\t<\/div>\n<!--\/themify_builder_content-->\n\n\n<h2 class=\"wp-block-heading has-text-align-left\">\u00ab \u00catre et grandir dehors \u00bb<\/h2>\n\n\n\n<p class=\"wp-block-paragraph\">\u00ab \u00catre et grandir dehors \u00bb est une communaut\u00e9 de pratiques qui rassemble des op\u00e9rateurs de formation continue, coordonn\u00e9s par La FILE et soutenus par le conseil p\u00e9dagogique de l&rsquo;ONE.<\/p>\n\n\n\n<p class=\"wp-block-paragraph\">Son objectif ? Aider les professionnel\u00b7le\u00b7s de l&rsquo;accueil de l&rsquo;enfance, et celles et ceux qui les forment, \u00e0 (r\u00e9)investir les espaces ext\u00e9rieurs comme de vrais lieux d&rsquo;apprentissage et d&rsquo;\u00e9panouissement pour les enfants.<\/p>\n\n\n\n<p class=\"wp-block-paragraph\">Concr\u00e8tement, cette communaut\u00e9 agit sur plusieurs fronts :<\/p>\n\n\n\n<ul class=\"wp-block-list\">\n<li>Rassembler des ressources fiables et actualis\u00e9es sur le sujet sur une plateforme en ligne (actuellement sur le site de la FILE)<\/li>\n\n\n\n<li>R\u00e9colter et partager des t\u00e9moignages inspirants de terrain<\/li>\n\n\n\n<li>Accompagner les \u00e9quipes qui documentent leurs propres pratiques<\/li>\n\n\n\n<li>Cr\u00e9er des moments de rencontre entre professionnel\u00b7le\u00b7s, comme aujourd&rsquo;hui !<\/li>\n<\/ul>\n\n\n\n<p class=\"wp-block-paragraph\">C&rsquo;est dans ce cadre que les membres de la communaut\u00e9 de pratiques anime les ateliers de cet apr\u00e8s-midi. L&rsquo;occasion de d\u00e9couvrir concr\u00e8tement leurs outils, leurs pistes de r\u00e9flexion, et peut-\u00eatre de rejoindre l&rsquo;aventure vous aussi<\/p>\n\n\n\n<figure class=\"wp-block-image size-full\"><a href=\"https:\/\/www.fileasbl.be\/membres\/wp-content\/uploads\/2026\/08\/Farde-13-ocotbre-2026-1.png\"><img loading=\"lazy\" decoding=\"async\" width=\"379\" height=\"104\" src=\"https:\/\/www.fileasbl.be\/membres\/wp-content\/uploads\/2026\/08\/Farde-13-ocotbre-2026-1.png\" alt=\"\" class=\"wp-image-34406\" srcset=\"https:\/\/www.fileasbl.be\/membres\/wp-content\/uploads\/2026\/08\/Farde-13-ocotbre-2026-1.png 379w, https:\/\/www.fileasbl.be\/membres\/wp-content\/uploads\/2026\/08\/Farde-13-ocotbre-2026-1-300x82.png 300w\" sizes=\"auto, (max-width: 379px) 100vw, 379px\" \/><\/a><\/figure>\n\n\n\n<figure class=\"wp-block-image size-full\"><a href=\"https:\/\/www.fileasbl.be\/membres\/wp-content\/uploads\/2026\/08\/Farde-13-ocotbre-2026-4.png\"><img loading=\"lazy\" decoding=\"async\" width=\"154\" height=\"154\" src=\"https:\/\/www.fileasbl.be\/membres\/wp-content\/uploads\/2026\/08\/Farde-13-ocotbre-2026-4.png\" alt=\"\" class=\"wp-image-34410\" srcset=\"https:\/\/www.fileasbl.be\/membres\/wp-content\/uploads\/2026\/08\/Farde-13-ocotbre-2026-4.png 154w, https:\/\/www.fileasbl.be\/membres\/wp-content\/uploads\/2026\/08\/Farde-13-ocotbre-2026-4-150x150.png 150w, https:\/\/www.fileasbl.be\/membres\/wp-content\/uploads\/2026\/08\/Farde-13-ocotbre-2026-4-100x100.png 100w\" sizes=\"auto, (max-width: 154px) 100vw, 154px\" \/><\/a><\/figure>\n\n\n\n<figure class=\"wp-block-image size-full\"><a href=\"https:\/\/www.fileasbl.be\/membres\/wp-content\/uploads\/2026\/08\/Farde-13-ocotbre-2026-2-1.png\"><img loading=\"lazy\" decoding=\"async\" width=\"131\" height=\"134\" src=\"https:\/\/www.fileasbl.be\/membres\/wp-content\/uploads\/2026\/08\/Farde-13-ocotbre-2026-2-1.png\" alt=\"\" class=\"wp-image-34408\"\/><\/a><\/figure>\n\n\n\n<figure class=\"wp-block-image size-full\"><a href=\"https:\/\/www.fileasbl.be\/membres\/wp-content\/uploads\/2026\/08\/Farde-13-ocotbre-2026-3-1.png\"><img loading=\"lazy\" decoding=\"async\" width=\"167\" height=\"134\" src=\"https:\/\/www.fileasbl.be\/membres\/wp-content\/uploads\/2026\/08\/Farde-13-ocotbre-2026-3-1.png\" alt=\"\" class=\"wp-image-34409\"\/><\/a><\/figure>","protected":false},"excerpt":{"rendered":"<p>\u00ab \u00catre et grandir dehors \u00bb \u00ab \u00catre et grandir dehors \u00bb est une communaut\u00e9 de pratiques qui rassemble des op\u00e9rateurs de formation continue, coordonn\u00e9s par La FILE et soutenus par le conseil p\u00e9dagogique de l&rsquo;ONE. Son objectif ? Aider les professionnel\u00b7le\u00b7s de l&rsquo;accueil de l&rsquo;enfance, et celles et ceux qui les forment, \u00e0 (r\u00e9)investir [&hellip;]<\/p>\n","protected":false},"author":2,"featured_media":0,"parent":0,"menu_order":0,"comment_status":"closed","ping_status":"closed","template":"","meta":{"footnotes":""},"class_list":["post-34393","page","type-page","status-publish","hentry","has-post-title","has-post-date","has-post-category","has-post-tag","has-post-comment","has-post-author",""],"yoast_head":"<!-- This site is optimized with the Yoast SEO plugin v28.3 - https:\/\/yoast.com\/product\/yoast-seo-wordpress\/ -->\n<title>Communaut\u00e9 de pratiques investissement des espaces ext\u00e9rieurs - Site de la FILE<\/title>\n<meta name=\"description\" content=\"Communaut\u00e9 de pratiques investissement des espaces ext\u00e9rieurs - Site de la FILE\" \/>\n<meta name=\"robots\" content=\"index, follow, max-snippet:-1, max-image-preview:large, max-video-preview:-1\" \/>\n<link rel=\"canonical\" href=\"https:\/\/www.fileasbl.be\/membres\/communaute-de-pratiques-investissement-des-espaces-exterieurs\/\" \/>\n<meta property=\"og:locale\" content=\"fr_FR\" \/>\n<meta property=\"og:type\" content=\"article\" \/>\n<meta property=\"og:title\" content=\"Communaut\u00e9 de pratiques investissement des espaces ext\u00e9rieurs - Site de la FILE\" \/>\n<meta property=\"og:description\" content=\"Communaut\u00e9 de pratiques investissement des espaces ext\u00e9rieurs - Site de la FILE\" \/>\n<meta property=\"og:url\" content=\"https:\/\/www.fileasbl.be\/membres\/communaute-de-pratiques-investissement-des-espaces-exterieurs\/\" \/>\n<meta property=\"og:site_name\" content=\"Site de la FILE\" \/>\n<meta property=\"article:publisher\" content=\"https:\/\/www.facebook.com\/fileasbl\/\" \/>\n<meta property=\"article:modified_time\" content=\"2026-08-20T08:24:09+00:00\" \/>\n<meta property=\"og:image\" content=\"https:\/\/www.fileasbl.be\/membres\/wp-content\/uploads\/2026\/08\/Farde-13-ocotbre-2026-1.png\" \/>\n\t<meta property=\"og:image:width\" content=\"379\" \/>\n\t<meta property=\"og:image:height\" content=\"104\" \/>\n\t<meta property=\"og:image:type\" content=\"image\/png\" \/>\n<meta name=\"twitter:card\" content=\"summary_large_image\" \/>\n<meta name=\"twitter:label1\" content=\"Dur\u00e9e de lecture estim\u00e9e\" \/>\n\t<meta name=\"twitter:data1\" content=\"2 minutes\" \/>\n<script type=\"application\/ld+json\" class=\"yoast-schema-graph\">{\"@context\":\"https:\\\/\\\/schema.org\",\"@graph\":[{\"@type\":\"WebPage\",\"@id\":\"https:\\\/\\\/www.fileasbl.be\\\/membres\\\/communaute-de-pratiques-investissement-des-espaces-exterieurs\\\/\",\"url\":\"https:\\\/\\\/www.fileasbl.be\\\/membres\\\/communaute-de-pratiques-investissement-des-espaces-exterieurs\\\/\",\"name\":\"Communaut\u00e9 de pratiques investissement des espaces ext\u00e9rieurs - Site de la FILE\",\"isPartOf\":{\"@id\":\"https:\\\/\\\/www.fileasbl.be\\\/membres\\\/#website\"},\"primaryImageOfPage\":{\"@id\":\"https:\\\/\\\/www.fileasbl.be\\\/membres\\\/communaute-de-pratiques-investissement-des-espaces-exterieurs\\\/#primaryimage\"},\"image\":{\"@id\":\"https:\\\/\\\/www.fileasbl.be\\\/membres\\\/communaute-de-pratiques-investissement-des-espaces-exterieurs\\\/#primaryimage\"},\"thumbnailUrl\":\"https:\\\/\\\/www.fileasbl.be\\\/membres\\\/wp-content\\\/uploads\\\/2026\\\/08\\\/Farde-13-ocotbre-2026-1.png\",\"datePublished\":\"2026-07-16T14:23:40+00:00\",\"dateModified\":\"2026-08-20T08:24:09+00:00\",\"description\":\"Communaut\u00e9 de pratiques investissement des espaces ext\u00e9rieurs - Site de la FILE\",\"breadcrumb\":{\"@id\":\"https:\\\/\\\/www.fileasbl.be\\\/membres\\\/communaute-de-pratiques-investissement-des-espaces-exterieurs\\\/#breadcrumb\"},\"inLanguage\":\"fr-FR\",\"potentialAction\":[{\"@type\":\"ReadAction\",\"target\":[\"https:\\\/\\\/www.fileasbl.be\\\/membres\\\/communaute-de-pratiques-investissement-des-espaces-exterieurs\\\/\"]}]},{\"@type\":\"ImageObject\",\"inLanguage\":\"fr-FR\",\"@id\":\"https:\\\/\\\/www.fileasbl.be\\\/membres\\\/communaute-de-pratiques-investissement-des-espaces-exterieurs\\\/#primaryimage\",\"url\":\"https:\\\/\\\/www.fileasbl.be\\\/membres\\\/wp-content\\\/uploads\\\/2026\\\/08\\\/Farde-13-ocotbre-2026-1.png\",\"contentUrl\":\"https:\\\/\\\/www.fileasbl.be\\\/membres\\\/wp-content\\\/uploads\\\/2026\\\/08\\\/Farde-13-ocotbre-2026-1.png\",\"width\":379,\"height\":104},{\"@type\":\"BreadcrumbList\",\"@id\":\"https:\\\/\\\/www.fileasbl.be\\\/membres\\\/communaute-de-pratiques-investissement-des-espaces-exterieurs\\\/#breadcrumb\",\"itemListElement\":[{\"@type\":\"ListItem\",\"position\":1,\"name\":\"Accueil\",\"item\":\"https:\\\/\\\/www.fileasbl.be\\\/membres\\\/\"},{\"@type\":\"ListItem\",\"position\":2,\"name\":\"Communaut\u00e9 de pratiques investissement des espaces ext\u00e9rieurs\"}]},{\"@type\":\"WebSite\",\"@id\":\"https:\\\/\\\/www.fileasbl.be\\\/membres\\\/#website\",\"url\":\"https:\\\/\\\/www.fileasbl.be\\\/membres\\\/\",\"name\":\"Site de la FILE\",\"description\":\"FILE Un accueil de qualit\u00e9 accessible \u00e0 tous\",\"potentialAction\":[{\"@type\":\"SearchAction\",\"target\":{\"@type\":\"EntryPoint\",\"urlTemplate\":\"https:\\\/\\\/www.fileasbl.be\\\/membres\\\/?s={search_term_string}\"},\"query-input\":{\"@type\":\"PropertyValueSpecification\",\"valueRequired\":true,\"valueName\":\"search_term_string\"}}],\"inLanguage\":\"fr-FR\"}]}<\/script>\n<!-- \/ Yoast SEO plugin. -->","yoast_head_json":{"title":"Communaut\u00e9 de pratiques investissement des espaces ext\u00e9rieurs - Site de la FILE","description":"Communaut\u00e9 de pratiques investissement des espaces ext\u00e9rieurs - Site de la FILE","robots":{"index":"index","follow":"follow","max-snippet":"max-snippet:-1","max-image-preview":"max-image-preview:large","max-video-preview":"max-video-preview:-1"},"canonical":"https:\/\/www.fileasbl.be\/membres\/communaute-de-pratiques-investissement-des-espaces-exterieurs\/","og_locale":"fr_FR","og_type":"article","og_title":"Communaut\u00e9 de pratiques investissement des espaces ext\u00e9rieurs - Site de la FILE","og_description":"Communaut\u00e9 de pratiques investissement des espaces ext\u00e9rieurs - Site de la FILE","og_url":"https:\/\/www.fileasbl.be\/membres\/communaute-de-pratiques-investissement-des-espaces-exterieurs\/","og_site_name":"Site de la FILE","article_publisher":"https:\/\/www.facebook.com\/fileasbl\/","article_modified_time":"2026-08-20T08:24:09+00:00","og_image":[{"width":379,"height":104,"url":"https:\/\/www.fileasbl.be\/membres\/wp-content\/uploads\/2026\/08\/Farde-13-ocotbre-2026-1.png","type":"image\/png"}],"twitter_card":"summary_large_image","twitter_misc":{"Dur\u00e9e de lecture estim\u00e9e":"2 minutes"},"schema":{"@context":"https:\/\/schema.org","@graph":[{"@type":"WebPage","@id":"https:\/\/www.fileasbl.be\/membres\/communaute-de-pratiques-investissement-des-espaces-exterieurs\/","url":"https:\/\/www.fileasbl.be\/membres\/communaute-de-pratiques-investissement-des-espaces-exterieurs\/","name":"Communaut\u00e9 de pratiques investissement des espaces ext\u00e9rieurs - Site de la FILE","isPartOf":{"@id":"https:\/\/www.fileasbl.be\/membres\/#website"},"primaryImageOfPage":{"@id":"https:\/\/www.fileasbl.be\/membres\/communaute-de-pratiques-investissement-des-espaces-exterieurs\/#primaryimage"},"image":{"@id":"https:\/\/www.fileasbl.be\/membres\/communaute-de-pratiques-investissement-des-espaces-exterieurs\/#primaryimage"},"thumbnailUrl":"https:\/\/www.fileasbl.be\/membres\/wp-content\/uploads\/2026\/08\/Farde-13-ocotbre-2026-1.png","datePublished":"2026-07-16T14:23:40+00:00","dateModified":"2026-08-20T08:24:09+00:00","description":"Communaut\u00e9 de pratiques investissement des espaces ext\u00e9rieurs - Site de la FILE","breadcrumb":{"@id":"https:\/\/www.fileasbl.be\/membres\/communaute-de-pratiques-investissement-des-espaces-exterieurs\/#breadcrumb"},"inLanguage":"fr-FR","potentialAction":[{"@type":"ReadAction","target":["https:\/\/www.fileasbl.be\/membres\/communaute-de-pratiques-investissement-des-espaces-exterieurs\/"]}]},{"@type":"ImageObject","inLanguage":"fr-FR","@id":"https:\/\/www.fileasbl.be\/membres\/communaute-de-pratiques-investissement-des-espaces-exterieurs\/#primaryimage","url":"https:\/\/www.fileasbl.be\/membres\/wp-content\/uploads\/2026\/08\/Farde-13-ocotbre-2026-1.png","contentUrl":"https:\/\/www.fileasbl.be\/membres\/wp-content\/uploads\/2026\/08\/Farde-13-ocotbre-2026-1.png","width":379,"height":104},{"@type":"BreadcrumbList","@id":"https:\/\/www.fileasbl.be\/membres\/communaute-de-pratiques-investissement-des-espaces-exterieurs\/#breadcrumb","itemListElement":[{"@type":"ListItem","position":1,"name":"Accueil","item":"https:\/\/www.fileasbl.be\/membres\/"},{"@type":"ListItem","position":2,"name":"Communaut\u00e9 de pratiques investissement des espaces ext\u00e9rieurs"}]},{"@type":"WebSite","@id":"https:\/\/www.fileasbl.be\/membres\/#website","url":"https:\/\/www.fileasbl.be\/membres\/","name":"Site de la FILE","description":"FILE Un accueil de qualit\u00e9 accessible \u00e0 tous","potentialAction":[{"@type":"SearchAction","target":{"@type":"EntryPoint","urlTemplate":"https:\/\/www.fileasbl.be\/membres\/?s={search_term_string}"},"query-input":{"@type":"PropertyValueSpecification","valueRequired":true,"valueName":"search_term_string"}}],"inLanguage":"fr-FR"}]}},"builder_content":"<p>Page en cours de cr\u00e9ation...\u00a0<\/p>","_links":{"self":[{"href":"https:\/\/www.fileasbl.be\/membres\/wp-json\/wp\/v2\/pages\/34393","targetHints":{"allow":["GET"]}}],"collection":[{"href":"https:\/\/www.fileasbl.be\/membres\/wp-json\/wp\/v2\/pages"}],"about":[{"href":"https:\/\/www.fileasbl.be\/membres\/wp-json\/wp\/v2\/types\/page"}],"author":[{"embeddable":true,"href":"https:\/\/www.fileasbl.be\/membres\/wp-json\/wp\/v2\/users\/2"}],"replies":[{"embeddable":true,"href":"https:\/\/www.fileasbl.be\/membres\/wp-json\/wp\/v2\/comments?post=34393"}],"version-history":[{"count":3,"href":"https:\/\/www.fileasbl.be\/membres\/wp-json\/wp\/v2\/pages\/34393\/revisions"}],"predecessor-version":[{"id":34411,"href":"https:\/\/www.fileasbl.be\/membres\/wp-json\/wp\/v2\/pages\/34393\/revisions\/34411"}],"wp:attachment":[{"href":"https:\/\/www.fileasbl.be\/membres\/wp-json\/wp\/v2\/media?parent=34393"}],"curies":[{"name":"wp","href":"https:\/\/api.w.org\/{rel}","templated":true}]}}