{"id":9239,"date":"2020-01-10T14:05:32","date_gmt":"2020-01-10T13:05:32","guid":{"rendered":"http:\/\/www.fileasbl.be\/membres\/?post_type=product&#038;p=9239"},"modified":"2020-04-07T10:04:20","modified_gmt":"2020-04-07T09:04:20","slug":"voyage-detude","status":"publish","type":"product","link":"https:\/\/www.fileasbl.be\/membres\/produit\/voyage-detude\/","title":{"rendered":"Voyage d&rsquo;\u00e9tude &#8211; Grandir dehors (04\/2020) (report\u00e9)"},"content":{"rendered":"<p><a href=\"https:\/\/www.fileasbl.be\/membres\/wp-content\/uploads\/2020\/01\/2020-Site-article-800x200-Voyage-Etude-repport.jpg\"><img loading=\"lazy\" decoding=\"async\" class=\"aligncenter wp-image-10028 size-full\" src=\"https:\/\/www.fileasbl.be\/membres\/wp-content\/uploads\/2020\/01\/2020-Site-article-800x200-Voyage-Etude-repport.jpg\" alt=\"Voyage d'\u00e9tude - image de titre\" width=\"1067\" height=\"267\" \/><\/a><\/p>\n<hr \/>\n<p><span style=\"color: #ff0000;\"><strong>\u00c0 la suite des d\u00e9cisions gouvernementales de ce 13 mars \u00e0 l&rsquo;aube, nous sommes contraints de reporter (pas d&rsquo;annulation pr\u00e9vue) notre voyage d&rsquo;\u00e9tude.<\/strong><\/span><\/p>\n<p><span style=\"color: #ff0000;\"><strong>Pratiquement, nous revenons vers celles et ceux qui \u00e9taient d\u00e9j\u00e0 inscrits pour leur proposer une nouvelle date et afficherons au plus vite sur cette page le nouveau calendrier de cet \u00e9v\u00e9nement.<\/strong><\/span><\/p>\n<hr \/>\n<h2><\/h2>\n<h2 style=\"text-align: left;\"><span style=\"color: #008000;\"><strong>\u00ab\u00a0Grandir dehors\u00a0: mille mani\u00e8res d\u2019investir l\u2019ext\u00e9rieur en milieu d\u2019accueil\u00a0\u00bb<\/strong><\/span><\/h2>\n<p><strong>La FILE a le plaisir de vous convier \u00e0 son premier voyage d\u2019\u00e9tude\u00a0!<\/strong><br \/>\nDe beaux projets se construisent et vivent parfois non loin de chez nous, en Belgique\u00a0; aussi ferons-nous escale \u00e0 Gand, \u00e0 Tournai et \u00e0 Chaumont-Gistoux.<\/p>\n<p>Venez d\u00e9couvrir, sur deux journ\u00e9es, des milieux d\u2019accueil qui investissent l\u2019espace ext\u00e9rieur pour les enfants de 0 \u00e0 4 ans. Jardins am\u00e9nag\u00e9s, parcours sensoriels, mat\u00e9riaux de r\u00e9cup\u00e9ration, potagers, animaux, arbres fruitiers, cabanes\u2026 Ces deux journ\u00e9es sont plac\u00e9es sous le signe du partage d\u2019exp\u00e9riences, de la d\u00e9couverte et de la convivialit\u00e9.<\/p>\n<h2><span style=\"color: #008000;\">Ce voyage d&rsquo;\u00e9tude vous permettra de :<\/span><\/h2>\n<ul>\n<li>D\u00e9couvrir des milieux d\u2019accueil belges qui investissent l\u2019espace ext\u00e9rieur de diverses mani\u00e8res<\/li>\n<li>Mieux comprendre les enjeux du jeu en ext\u00e9rieur et du lien avec la nature<\/li>\n<li>\u00c9changer avec d\u2019autres structures et ainsi enrichir votre r\u00e9seau<\/li>\n<li>Inspirer votre activit\u00e9 au quotidien<\/li>\n<\/ul>\n<h3 style=\"text-align: left;\"><strong>Pour qui ?<\/strong><\/h3>\n<p style=\"padding-left: 40px;\">Les professionnels de l\u2019enfance en lien avec les enfants de 0 \u00e0 4 ans.<\/p>\n<h3 style=\"text-align: left;\"><strong>Quand ?<\/strong><\/h3>\n<p style=\"padding-left: 40px;\">Nouvelles dates \u00e0 fixer d\u00e8s la fin de l&rsquo;\u00e9pisode de prudence sanitaire impos\u00e9e par le gouvernement f\u00e9d\u00e9ral.<\/p>\n<h3 style=\"text-align: left;\"><strong>Programme provisoire :<\/strong><\/h3>\n<h4 style=\"padding-left: 80px;\">Premier jour :<\/h4>\n<ul>\n<li style=\"list-style-type: none;\">\n<ul>\n<li style=\"list-style-type: none;\">\n<ul>\n<li>D\u00e9part depuis Chaumont-Gistoux (D\u00e9part 7h00-d\u2019autres points de \u00ab ramassage \u00bb peuvent \u00eatre envisag\u00e9s)<\/li>\n<li>Visite de milieux d\u2019accueil \u00e0 Gand<\/li>\n<li>Pr\u00e9sentation et conf\u00e9rence \u00e0 Gand<\/li>\n<li>Nuit dans un g\u00eete<\/li>\n<\/ul>\n<\/li>\n<\/ul>\n<\/li>\n<\/ul>\n<h4 style=\"padding-left: 80px;\">Second jour :<\/h4>\n<ul>\n<li style=\"list-style-type: none;\">\n<ul>\n<li style=\"list-style-type: none;\">\n<ul>\n<li>Visite d\u2019un milieu d\u2019accueil \u00e0 Tournai<\/li>\n<li>Visite d\u2019un milieu d\u2019accueil \u00e0 Chaumont-Gistoux<\/li>\n<li>Retour sur Chaumont-Gistoux (et autres points de \u00ab ramassage \u00bb \u00e9ventuels) vers 18h30<\/li>\n<\/ul>\n<\/li>\n<\/ul>\n<\/li>\n<\/ul>\n<h3 style=\"text-align: left;\"><strong>Informations :<\/strong><\/h3>\n<p>Prix tout compris (visites, logement en g\u00eete, transport en car, documentation et repas)<\/p>\n<ul>\n<li>Membre : 120 \u20ac<\/li>\n<li>Non-Membre : 180 \u20ac<\/li>\n<\/ul>\n<h3 style=\"text-align: left;\"><strong>R\u00e9servations :<\/strong><\/h3>\n<ul>\n<li>Avant le 18 mars<\/li>\n<li>Inscription via le site<\/li>\n<li>Maximum 2 personnes par structure<\/li>\n<\/ul>\n<!--themify_builder_content-->\n<div id=\"themify_builder_content-9239\" data-postid=\"9239\" class=\"themify_builder_content themify_builder_content-9239 themify_builder tf_clear\">\n    <\/div>\n<!--\/themify_builder_content-->\n","protected":false},"excerpt":{"rendered":"<h3><strong><u>Pour s&rsquo;inscrire :<\/u><\/strong><\/h3>\n<ol>\n<li style=\"list-style-type: none;\">\n<ol>\n<li><strong>Renseignez votre qualit\u00e9 de membre de la FILE\u00a0<\/strong> et \u00a0le nombre de personnes \u00e0 inscrire (1 ou 2).<\/li>\n<li>Compl\u00e9tez les donn\u00e9es de l\u2019institution et le nom des participants dans la zone commentaire.<\/li>\n<li>Payez \u00e0 la r\u00e9ception de la facture. Le prix sera adapt\u00e9 (membre \/ non membre).<\/li>\n<\/ol>\n<\/li>\n<\/ol>\n","protected":false},"featured_media":9241,"template":"","meta":[],"product_brand":[],"product_cat":[295,274,289],"product_tag":[],"class_list":{"0":"post-9239","1":"product","2":"type-product","3":"status-publish","4":"has-post-thumbnail","6":"product_cat-event","7":"product_cat-membre","8":"product_cat-voyageetude","9":"has-post-title","10":"has-post-date","11":"has-post-category","12":"has-post-tag","13":"has-post-comment","14":"has-post-author","15":"","17":"first","18":"instock","19":"virtual","20":"purchasable","21":"product-type-simple"},"yoast_head":"<!-- This site is optimized with the Yoast SEO plugin v27.5 - https:\/\/yoast.com\/product\/yoast-seo-wordpress\/ -->\n<title>Voyage d&#039;\u00e9tude - Grandir dehors (04\/2020) (report\u00e9) - Site de la FILE<\/title>\n<meta name=\"description\" content=\"Formation en deux jours sur le contrat de travail \u00e0 domicile pour les Services d&#039;Accueillant(e)s d&#039;Enfants du secteur public et priv\u00e9.\" \/>\n<meta name=\"robots\" content=\"index, follow, max-snippet:-1, max-image-preview:large, max-video-preview:-1\" \/>\n<link rel=\"canonical\" href=\"https:\/\/www.fileasbl.be\/membres\/produit\/voyage-detude\/\" \/>\n<meta property=\"og:locale\" content=\"fr_FR\" \/>\n<meta property=\"og:type\" content=\"article\" \/>\n<meta property=\"og:title\" content=\"Voyage d&#039;\u00e9tude - Grandir dehors (04\/2020) (report\u00e9) - Site de la FILE\" \/>\n<meta property=\"og:description\" content=\"Formation en deux jours sur le contrat de travail \u00e0 domicile pour les Services d&#039;Accueillant(e)s d&#039;Enfants du secteur public et priv\u00e9.\" \/>\n<meta property=\"og:url\" content=\"https:\/\/www.fileasbl.be\/membres\/produit\/voyage-detude\/\" \/>\n<meta property=\"og:site_name\" content=\"Site de la FILE\" \/>\n<meta property=\"article:publisher\" content=\"https:\/\/www.facebook.com\/fileasbl\/\" \/>\n<meta property=\"article:modified_time\" content=\"2020-04-07T09:04:20+00:00\" \/>\n<meta property=\"og:image\" content=\"https:\/\/www.fileasbl.be\/membres\/wp-content\/uploads\/2020\/01\/2020-Site-A-la-une-Voyage-Etude.jpg\" \/>\n\t<meta property=\"og:image:width\" content=\"1600\" \/>\n\t<meta property=\"og:image:height\" content=\"837\" \/>\n\t<meta property=\"og:image:type\" content=\"image\/jpeg\" \/>\n<meta name=\"twitter:card\" content=\"summary_large_image\" \/>\n<meta name=\"twitter:label1\" content=\"Dur\u00e9e de lecture estim\u00e9e\" \/>\n\t<meta name=\"twitter:data1\" content=\"2 minutes\" \/>\n<script type=\"application\/ld+json\" class=\"yoast-schema-graph\">{\"@context\":\"https:\\\/\\\/schema.org\",\"@graph\":[{\"@type\":\"WebPage\",\"@id\":\"https:\\\/\\\/www.fileasbl.be\\\/membres\\\/produit\\\/voyage-detude\\\/\",\"url\":\"https:\\\/\\\/www.fileasbl.be\\\/membres\\\/produit\\\/voyage-detude\\\/\",\"name\":\"Voyage d'\u00e9tude - Grandir dehors (04\\\/2020) (report\u00e9) - Site de la FILE\",\"isPartOf\":{\"@id\":\"https:\\\/\\\/www.fileasbl.be\\\/membres\\\/#website\"},\"primaryImageOfPage\":{\"@id\":\"https:\\\/\\\/www.fileasbl.be\\\/membres\\\/produit\\\/voyage-detude\\\/#primaryimage\"},\"image\":{\"@id\":\"https:\\\/\\\/www.fileasbl.be\\\/membres\\\/produit\\\/voyage-detude\\\/#primaryimage\"},\"thumbnailUrl\":\"https:\\\/\\\/www.fileasbl.be\\\/membres\\\/wp-content\\\/uploads\\\/2020\\\/01\\\/2020-Site-A-la-une-Voyage-Etude.jpg\",\"datePublished\":\"2020-01-10T13:05:32+00:00\",\"dateModified\":\"2020-04-07T09:04:20+00:00\",\"description\":\"Formation en deux jours sur le contrat de travail \u00e0 domicile pour les Services d'Accueillant(e)s d'Enfants du secteur public et priv\u00e9.\",\"breadcrumb\":{\"@id\":\"https:\\\/\\\/www.fileasbl.be\\\/membres\\\/produit\\\/voyage-detude\\\/#breadcrumb\"},\"inLanguage\":\"fr-FR\",\"potentialAction\":[{\"@type\":\"ReadAction\",\"target\":[\"https:\\\/\\\/www.fileasbl.be\\\/membres\\\/produit\\\/voyage-detude\\\/\"]}]},{\"@type\":\"ImageObject\",\"inLanguage\":\"fr-FR\",\"@id\":\"https:\\\/\\\/www.fileasbl.be\\\/membres\\\/produit\\\/voyage-detude\\\/#primaryimage\",\"url\":\"https:\\\/\\\/www.fileasbl.be\\\/membres\\\/wp-content\\\/uploads\\\/2020\\\/01\\\/2020-Site-A-la-une-Voyage-Etude.jpg\",\"contentUrl\":\"https:\\\/\\\/www.fileasbl.be\\\/membres\\\/wp-content\\\/uploads\\\/2020\\\/01\\\/2020-Site-A-la-une-Voyage-Etude.jpg\",\"width\":1600,\"height\":837},{\"@type\":\"BreadcrumbList\",\"@id\":\"https:\\\/\\\/www.fileasbl.be\\\/membres\\\/produit\\\/voyage-detude\\\/#breadcrumb\",\"itemListElement\":[{\"@type\":\"ListItem\",\"position\":1,\"name\":\"Accueil\",\"item\":\"https:\\\/\\\/www.fileasbl.be\\\/membres\\\/\"},{\"@type\":\"ListItem\",\"position\":2,\"name\":\"Produits\",\"item\":\"https:\\\/\\\/www.fileasbl.be\\\/membres\\\/boutique\\\/\"},{\"@type\":\"ListItem\",\"position\":3,\"name\":\"Voyage d&#8217;\u00e9tude &#8211; Grandir dehors (04\\\/2020) (report\u00e9)\"}]},{\"@type\":\"WebSite\",\"@id\":\"https:\\\/\\\/www.fileasbl.be\\\/membres\\\/#website\",\"url\":\"https:\\\/\\\/www.fileasbl.be\\\/membres\\\/\",\"name\":\"Site de la FILE\",\"description\":\"FILE Un accueil de qualit\u00e9 accessible \u00e0 tous\",\"potentialAction\":[{\"@type\":\"SearchAction\",\"target\":{\"@type\":\"EntryPoint\",\"urlTemplate\":\"https:\\\/\\\/www.fileasbl.be\\\/membres\\\/?s={search_term_string}\"},\"query-input\":{\"@type\":\"PropertyValueSpecification\",\"valueRequired\":true,\"valueName\":\"search_term_string\"}}],\"inLanguage\":\"fr-FR\"}]}<\/script>\n<!-- \/ Yoast SEO plugin. -->","yoast_head_json":{"title":"Voyage d'\u00e9tude - Grandir dehors (04\/2020) (report\u00e9) - Site de la FILE","description":"Formation en deux jours sur le contrat de travail \u00e0 domicile pour les Services d'Accueillant(e)s d'Enfants du secteur public et priv\u00e9.","robots":{"index":"index","follow":"follow","max-snippet":"max-snippet:-1","max-image-preview":"max-image-preview:large","max-video-preview":"max-video-preview:-1"},"canonical":"https:\/\/www.fileasbl.be\/membres\/produit\/voyage-detude\/","og_locale":"fr_FR","og_type":"article","og_title":"Voyage d'\u00e9tude - Grandir dehors (04\/2020) (report\u00e9) - Site de la FILE","og_description":"Formation en deux jours sur le contrat de travail \u00e0 domicile pour les Services d'Accueillant(e)s d'Enfants du secteur public et priv\u00e9.","og_url":"https:\/\/www.fileasbl.be\/membres\/produit\/voyage-detude\/","og_site_name":"Site de la FILE","article_publisher":"https:\/\/www.facebook.com\/fileasbl\/","article_modified_time":"2020-04-07T09:04:20+00:00","og_image":[{"width":1600,"height":837,"url":"https:\/\/www.fileasbl.be\/membres\/wp-content\/uploads\/2020\/01\/2020-Site-A-la-une-Voyage-Etude.jpg","type":"image\/jpeg"}],"twitter_card":"summary_large_image","twitter_misc":{"Dur\u00e9e de lecture estim\u00e9e":"2 minutes"},"schema":{"@context":"https:\/\/schema.org","@graph":[{"@type":"WebPage","@id":"https:\/\/www.fileasbl.be\/membres\/produit\/voyage-detude\/","url":"https:\/\/www.fileasbl.be\/membres\/produit\/voyage-detude\/","name":"Voyage d'\u00e9tude - Grandir dehors (04\/2020) (report\u00e9) - Site de la FILE","isPartOf":{"@id":"https:\/\/www.fileasbl.be\/membres\/#website"},"primaryImageOfPage":{"@id":"https:\/\/www.fileasbl.be\/membres\/produit\/voyage-detude\/#primaryimage"},"image":{"@id":"https:\/\/www.fileasbl.be\/membres\/produit\/voyage-detude\/#primaryimage"},"thumbnailUrl":"https:\/\/www.fileasbl.be\/membres\/wp-content\/uploads\/2020\/01\/2020-Site-A-la-une-Voyage-Etude.jpg","datePublished":"2020-01-10T13:05:32+00:00","dateModified":"2020-04-07T09:04:20+00:00","description":"Formation en deux jours sur le contrat de travail \u00e0 domicile pour les Services d'Accueillant(e)s d'Enfants du secteur public et priv\u00e9.","breadcrumb":{"@id":"https:\/\/www.fileasbl.be\/membres\/produit\/voyage-detude\/#breadcrumb"},"inLanguage":"fr-FR","potentialAction":[{"@type":"ReadAction","target":["https:\/\/www.fileasbl.be\/membres\/produit\/voyage-detude\/"]}]},{"@type":"ImageObject","inLanguage":"fr-FR","@id":"https:\/\/www.fileasbl.be\/membres\/produit\/voyage-detude\/#primaryimage","url":"https:\/\/www.fileasbl.be\/membres\/wp-content\/uploads\/2020\/01\/2020-Site-A-la-une-Voyage-Etude.jpg","contentUrl":"https:\/\/www.fileasbl.be\/membres\/wp-content\/uploads\/2020\/01\/2020-Site-A-la-une-Voyage-Etude.jpg","width":1600,"height":837},{"@type":"BreadcrumbList","@id":"https:\/\/www.fileasbl.be\/membres\/produit\/voyage-detude\/#breadcrumb","itemListElement":[{"@type":"ListItem","position":1,"name":"Accueil","item":"https:\/\/www.fileasbl.be\/membres\/"},{"@type":"ListItem","position":2,"name":"Produits","item":"https:\/\/www.fileasbl.be\/membres\/boutique\/"},{"@type":"ListItem","position":3,"name":"Voyage d&#8217;\u00e9tude &#8211; Grandir dehors (04\/2020) (report\u00e9)"}]},{"@type":"WebSite","@id":"https:\/\/www.fileasbl.be\/membres\/#website","url":"https:\/\/www.fileasbl.be\/membres\/","name":"Site de la FILE","description":"FILE Un accueil de qualit\u00e9 accessible \u00e0 tous","potentialAction":[{"@type":"SearchAction","target":{"@type":"EntryPoint","urlTemplate":"https:\/\/www.fileasbl.be\/membres\/?s={search_term_string}"},"query-input":{"@type":"PropertyValueSpecification","valueRequired":true,"valueName":"search_term_string"}}],"inLanguage":"fr-FR"}]}},"builder_content":"","_links":{"self":[{"href":"https:\/\/www.fileasbl.be\/membres\/wp-json\/wp\/v2\/product\/9239","targetHints":{"allow":["GET"]}}],"collection":[{"href":"https:\/\/www.fileasbl.be\/membres\/wp-json\/wp\/v2\/product"}],"about":[{"href":"https:\/\/www.fileasbl.be\/membres\/wp-json\/wp\/v2\/types\/product"}],"wp:featuredmedia":[{"embeddable":true,"href":"https:\/\/www.fileasbl.be\/membres\/wp-json\/wp\/v2\/media\/9241"}],"wp:attachment":[{"href":"https:\/\/www.fileasbl.be\/membres\/wp-json\/wp\/v2\/media?parent=9239"}],"wp:term":[{"taxonomy":"product_brand","embeddable":true,"href":"https:\/\/www.fileasbl.be\/membres\/wp-json\/wp\/v2\/product_brand?post=9239"},{"taxonomy":"product_cat","embeddable":true,"href":"https:\/\/www.fileasbl.be\/membres\/wp-json\/wp\/v2\/product_cat?post=9239"},{"taxonomy":"product_tag","embeddable":true,"href":"https:\/\/www.fileasbl.be\/membres\/wp-json\/wp\/v2\/product_tag?post=9239"}],"curies":[{"name":"wp","href":"https:\/\/api.w.org\/{rel}","templated":true}]}}