{"id":9243,"date":"2020-01-15T14:50:39","date_gmt":"2020-01-15T13:50:39","guid":{"rendered":"http:\/\/www.fileasbl.be\/membres\/?post_type=product&#038;p=9243"},"modified":"2021-10-11T09:21:49","modified_gmt":"2021-10-11T08:21:49","slug":"formation-rgpd-22-10-2020","status":"publish","type":"product","link":"https:\/\/www.fileasbl.be\/membres\/produit\/formation-rgpd-22-10-2020\/","title":{"rendered":"Formation RGPD Nouvelle session le 22\/10\/2020"},"content":{"rendered":"<h2>Formation sur le R\u00e8glement G\u00e9n\u00e9ral sur la Protection des Donn\u00e9es (RGPD). Nouvelle session organis\u00e9e par la FILE le 22\/10\/2020 de 09h30 \u00e0 16h30.<\/h2>\n<p><strong>Adopt\u00e9 par l\u2019Union Europ\u00e9enne en avril 2016, \u00a0le RGPD entre en vigueur ce 25 mai 2018. Il oblige les entreprises et les institutions \u00e0 identifier les donn\u00e9es personnelles en leur possession et \u00e0 modifier les modalit\u00e9s de traitement et de protection de ces informations. Les objectifs recherch\u00e9s sont : L\u2019uniformisation au niveau europ\u00e9en, la responsabilisation des entreprises et le renforcement des droits des personnes.<\/strong><\/p>\n<p><a href=\"https:\/\/www.fileasbl.be\/membres\/wp-content\/uploads\/2020\/01\/2020-Site-article-800x200-RGPD.jpg\"><img loading=\"lazy\" decoding=\"async\" class=\"aligncenter wp-image-9244 size-full\" src=\"https:\/\/www.fileasbl.be\/membres\/wp-content\/uploads\/2020\/01\/2020-Site-article-800x200-RGPD.jpg\" alt=\"\" width=\"1067\" height=\"267\" \/><\/a><\/p>\n<h3>Pr\u00e9sentation g\u00e9n\u00e9rale<\/h3>\n<p>Le RGPD constitue, dans les faits, une continuit\u00e9 de la protection des donn\u00e9es personnelles telle que pr\u00e9vue par la loi f\u00e9d\u00e9rale du 8 d\u00e9cembre 1992.<\/p>\n<p>La diff\u00e9rence avec l\u2019entr\u00e9e en vigueur du R\u00e8glement europ\u00e9en est la sanction administrative li\u00e9e au non respect de la protection des donn\u00e9es priv\u00e9es.<\/p>\n<p>Ce n\u2019est pas tant la mise en ordre administrative qui pose probl\u00e8mes aux institutions, mais bien l\u2019\u00e9ventuelle remise en question des pratiques et des modes de fonctionnement.<\/p>\n<p>Nous proposons donc une formation qui allie deux dimensions :<\/p>\n<ul>\n<li>Pouvoir entendre nos dysfonctionnements \u00e9ventuels et r\u00e9fl\u00e9chir \u00e0 des am\u00e9liorations op\u00e9rationnelles\u00a0;<\/li>\n<li>Disposer d\u2019outils pratiques permettant une mise en ordre adapt\u00e9e aux sp\u00e9cificit\u00e9s de la situation des MAE vis-\u00e0-vis du RGPD.<\/li>\n<\/ul>\n<p>C\u2019est par le biais de ces outils pratiques que nous reviendrons sur les notions figurant dans le RGPD telles que\u00a0: registre de traitement, analyse d\u2019impact, d\u00e9l\u00e9gu\u00e9 \u00e0 la protection des donn\u00e9es, responsable de traitement ou sous-traitant, principe d\u2019acountability,\u2026<\/p>\n<h3>Public cible :<\/h3>\n<p>Cette formation s\u2019adresse aux responsables RH et au personnel en charge du traitement des donn\u00e9es personnelles au sein des institutions publiques et priv\u00e9es.<\/p>\n<h3>Contenu de la formation :<\/h3>\n<p>La formation est organis\u00e9e en trois parties<\/p>\n<h4>Partie I \u00ab\u00a0fichier relatif au registre de traitement des donn\u00e9es personnelles relatives aux enfants et leurs parents\u00a0\u00bb<\/h4>\n<ul>\n<li>pr\u00e9sentation du fichier Excel\u00a0;<\/li>\n<li>\u00e0 chaque \u00e9l\u00e9ment du fichier, lien avec la l\u00e9gislation en vigueur\u00a0;<\/li>\n<li>r\u00e9flexions sur les pratiques et les cons\u00e9quences des choix pos\u00e9s en mati\u00e8re de protection des donn\u00e9es personnelles.<\/li>\n<\/ul>\n<h4>Partie II \u00ab\u00a0fichier analyse d\u2019impact en mati\u00e8re de s\u00e9curit\u00e9 de l\u2019informatique et de l\u2019information\u00a0\u00bb<\/h4>\n<ul>\n<li>pr\u00e9sentation du fichier Excel\u00a0;<\/li>\n<li>analyse des risques et des menaces pouvant entrainer une \u00ab\u00a0violation\u00a0\u00bb des donn\u00e9es personnelles et mention des mesures de protection mises ou \u00e0 mettre en place par le CISP.<\/li>\n<\/ul>\n<h4>Partie III \u00ab\u00a0fichier politique de s\u00e9curit\u00e9 de l\u2019informatique et de l\u2019information\u00a0\u00bb<\/h4>\n<ul>\n<li>pr\u00e9sentation du fichier relatif \u00e0 la s\u00e9curit\u00e9 de l\u2019informatique et de l\u2019information pour les donn\u00e9es personnelles des stagiaires\u00a0;<\/li>\n<li>\u00e0 chaque \u00e9l\u00e9ment du fichier, lien avec la l\u00e9gislation en vigueur\u00a0;<\/li>\n<li>r\u00e9flexions sur les pratiques et les cons\u00e9quences des choix pos\u00e9s en mati\u00e8re de s\u00e9curit\u00e9 des donn\u00e9es personnelles.<\/li>\n<\/ul>\n<p>Les participants disposeront d\u2019autres fichiers relatifs \u00e0 la collecte de donn\u00e9es personnelles (fichier relatif aux travailleurs salari\u00e9s, \u00e0 l\u2019assembl\u00e9e g\u00e9n\u00e9rale et au CA, aux fournisseurs) mais tous ces fichiers ne seront pas \u00e9tudi\u00e9s en d\u00e9tail.<\/p>\n<p>La documentation relative \u00e0 la protection des donn\u00e9es, en mati\u00e8re de s\u00e9curit\u00e9 de l\u2019informatique et de l\u2019information, sera analys\u00e9e en lien avec le fichier relatif aux donn\u00e9es personnelles des enfants et de leurs parents, mais des cl\u00e9s d\u2019utilisation pour d\u2019autres fichiers seront \u00e9galement communiqu\u00e9es aux participants.<\/p>\n<h3>En pratique :<\/h3>\n<p>Une journ\u00e9e de formation le 22\/10\/2020 de 09h30 \u00e0 16h30. Accueil \u00e0 partir de 9h.<\/p>\n<h3>Lieu :<\/h3>\n<p>A d\u00e9finir<\/p>\n<h3>Prix :<\/h3>\n<ul>\n<li>Membres de la FILE : 60 \u20ac \/ personne<\/li>\n<li>Non membres : 90 \u20ac \/ personne<\/li>\n<\/ul>\n<p>Ce prix comprend la journ\u00e9e de formation, les sandwichs et boissons ainsi que les supports de formation.<\/p>\n<p>Les frais d\u2019inscription sont \u00e0 payer sur le compte de la FILE \u00e0 la r\u00e9ception de votre facture. L\u2019inscription est d\u00e9finitive une fois le paiement effectu\u00e9.<\/p>\n<h3>Formatrice : Marie-Paule DELISSE<\/h3>\n<h4 style=\"padding-left: 80px;\">Etudes :<\/h4>\n<ul>\n<li style=\"list-style-type: none;\">\n<ul>\n<li style=\"list-style-type: none;\">\n<ul>\n<li>Licence en droit (FUNDP et UCL)<\/li>\n<li>Licence sp\u00e9ciale en droit social (ULB)<\/li>\n<\/ul>\n<\/li>\n<\/ul>\n<\/li>\n<\/ul>\n<h4 style=\"padding-left: 80px;\">Activit\u00e9 professionnelle salari\u00e9e :<\/h4>\n<p style=\"padding-left: 80px;\">Cours de l\u00e9gislation sociale (24 heures) au sein du Master en ing\u00e9nierie et action sociale des Hautes \u00e9coles Henallux et Cardijn.<\/p>\n<h4 style=\"padding-left: 80px;\">Activit\u00e9s professionnelles ind\u00e9pendante :<\/h4>\n<ul>\n<li style=\"list-style-type: none;\">\n<ul>\n<li style=\"list-style-type: none;\">\n<ul>\n<li>activit\u00e9s de r\u00e9daction et de formations dans toute mati\u00e8re relevant du droit social. Parmi les derni\u00e8res contributions\u00a0: les aides \u00e0 l\u2019emploi, saisie-cession, alcool au travail, r\u00e8glement de travail, salaire garanti, dur\u00e9e du temps de travail en CP 329.02, vacances annuelles, \u00e9lections sociales, organes de concertation, r\u00e9daction de conventions diverses,\u2026\u00a0;<\/li>\n<li>soutien juridique, en mati\u00e8re de droit social, \u00e0 des employeurs, des f\u00e9d\u00e9rations patronales, de secr\u00e9tariats sociaux non agr\u00e9\u00e9s\u00a0;<\/li>\n<li>connaissance des secteurs du non marchand relevant principalement de la CP 318.01, 327.03, 329.02, 332, 336, 337.<\/li>\n<\/ul>\n<\/li>\n<\/ul>\n<\/li>\n<\/ul>\n<p>&nbsp;<\/p>\n<!--themify_builder_content-->\n<div id=\"themify_builder_content-9243\" data-postid=\"9243\" class=\"themify_builder_content themify_builder_content-9243 themify_builder tf_clear\">\n    <\/div>\n<!--\/themify_builder_content-->\n","protected":false},"excerpt":{"rendered":"<h2>Formation RGPD le 22\/10\/2020 de 09h30 \u00e0 16h30.<\/h2>\n<ol>\n<li><strong>Renseignez votre qualit\u00e9 de membre de la FILE<\/strong>\u00a0et le nombre de personnes \u00e0 inscrire.<\/li>\n<li>Compl\u00e9tez les donn\u00e9es de l\u2019institution et le nom des participants dans la zone commentaire.<\/li>\n<li>Payez \u00e0 la r\u00e9ception de la facture. <strong>Le prix membre\/non sera adapt\u00e9 sur la facture.<\/strong><\/li>\n<\/ol>\n","protected":false},"featured_media":0,"template":"","meta":[],"product_brand":[],"product_cat":[295,265],"product_tag":[],"class_list":{"0":"post-9243","1":"product","2":"type-product","3":"status-publish","5":"product_cat-event","6":"product_cat-formation","7":"has-post-title","8":"has-post-date","9":"has-post-category","10":"has-post-tag","11":"has-post-comment","12":"has-post-author","13":"","15":"first","16":"instock","17":"featured","18":"virtual","19":"purchasable","20":"product-type-simple"},"yoast_head":"<!-- This site is optimized with the Yoast SEO plugin v27.5 - https:\/\/yoast.com\/product\/yoast-seo-wordpress\/ -->\n<title>Formation RGPD Nouvelle session le 22\/10\/2020 - Site de la FILE - Session de formation de la FILE<\/title>\n<meta name=\"description\" content=\"Formation sur le R\u00e8glement G\u00e9n\u00e9ral sur la Protection des Donn\u00e9es (RGPD) organis\u00e9e par la FILE le 22\/10\/2020 avec Marie-Paule Delisse\" \/>\n<meta name=\"robots\" content=\"index, follow, max-snippet:-1, max-image-preview:large, max-video-preview:-1\" \/>\n<link rel=\"canonical\" href=\"https:\/\/www.fileasbl.be\/membres\/produit\/formation-rgpd-22-10-2020\/\" \/>\n<meta property=\"og:locale\" content=\"fr_FR\" \/>\n<meta property=\"og:type\" content=\"article\" \/>\n<meta property=\"og:title\" content=\"Formation RGPD Nouvelle session le 22\/10\/2020 - Site de la FILE - Session de formation de la FILE\" \/>\n<meta property=\"og:description\" content=\"Formation sur le R\u00e8glement G\u00e9n\u00e9ral sur la Protection des Donn\u00e9es (RGPD) organis\u00e9e par la FILE le 22\/10\/2020 avec Marie-Paule Delisse\" \/>\n<meta property=\"og:url\" content=\"https:\/\/www.fileasbl.be\/membres\/produit\/formation-rgpd-22-10-2020\/\" \/>\n<meta property=\"og:site_name\" content=\"Site de la FILE\" \/>\n<meta property=\"article:publisher\" content=\"https:\/\/www.facebook.com\/fileasbl\/\" \/>\n<meta property=\"article:modified_time\" content=\"2021-10-11T08:21:49+00:00\" \/>\n<meta property=\"og:image\" content=\"https:\/\/www.fileasbl.be\/membres\/wp-content\/uploads\/2020\/01\/2020-Site-A-la-une-RGPD.jpg\" \/>\n\t<meta property=\"og:image:width\" content=\"1600\" \/>\n\t<meta property=\"og:image:height\" content=\"837\" \/>\n\t<meta property=\"og:image:type\" content=\"image\/jpeg\" \/>\n<meta name=\"twitter:card\" content=\"summary_large_image\" \/>\n<meta name=\"twitter:label1\" content=\"Dur\u00e9e de lecture estim\u00e9e\" \/>\n\t<meta name=\"twitter:data1\" content=\"4 minutes\" \/>\n<script type=\"application\/ld+json\" class=\"yoast-schema-graph\">{\"@context\":\"https:\\\/\\\/schema.org\",\"@graph\":[{\"@type\":\"WebPage\",\"@id\":\"https:\\\/\\\/www.fileasbl.be\\\/membres\\\/produit\\\/formation-rgpd-22-10-2020\\\/\",\"url\":\"https:\\\/\\\/www.fileasbl.be\\\/membres\\\/produit\\\/formation-rgpd-22-10-2020\\\/\",\"name\":\"Formation RGPD Nouvelle session le 22\\\/10\\\/2020 - Site de la FILE - Session de formation de la FILE\",\"isPartOf\":{\"@id\":\"https:\\\/\\\/www.fileasbl.be\\\/membres\\\/#website\"},\"primaryImageOfPage\":{\"@id\":\"https:\\\/\\\/www.fileasbl.be\\\/membres\\\/produit\\\/formation-rgpd-22-10-2020\\\/#primaryimage\"},\"image\":{\"@id\":\"https:\\\/\\\/www.fileasbl.be\\\/membres\\\/produit\\\/formation-rgpd-22-10-2020\\\/#primaryimage\"},\"thumbnailUrl\":\"http:\\\/\\\/www.fileasbl.be\\\/membres\\\/wp-content\\\/uploads\\\/2020\\\/01\\\/2020-Site-article-800x200-RGPD.jpg\",\"datePublished\":\"2020-01-15T13:50:39+00:00\",\"dateModified\":\"2021-10-11T08:21:49+00:00\",\"description\":\"Formation sur le R\u00e8glement G\u00e9n\u00e9ral sur la Protection des Donn\u00e9es (RGPD) organis\u00e9e par la FILE le 22\\\/10\\\/2020 avec Marie-Paule Delisse\",\"breadcrumb\":{\"@id\":\"https:\\\/\\\/www.fileasbl.be\\\/membres\\\/produit\\\/formation-rgpd-22-10-2020\\\/#breadcrumb\"},\"inLanguage\":\"fr-FR\",\"potentialAction\":[{\"@type\":\"ReadAction\",\"target\":[\"https:\\\/\\\/www.fileasbl.be\\\/membres\\\/produit\\\/formation-rgpd-22-10-2020\\\/\"]}]},{\"@type\":\"ImageObject\",\"inLanguage\":\"fr-FR\",\"@id\":\"https:\\\/\\\/www.fileasbl.be\\\/membres\\\/produit\\\/formation-rgpd-22-10-2020\\\/#primaryimage\",\"url\":\"http:\\\/\\\/www.fileasbl.be\\\/membres\\\/wp-content\\\/uploads\\\/2020\\\/01\\\/2020-Site-article-800x200-RGPD.jpg\",\"contentUrl\":\"http:\\\/\\\/www.fileasbl.be\\\/membres\\\/wp-content\\\/uploads\\\/2020\\\/01\\\/2020-Site-article-800x200-RGPD.jpg\"},{\"@type\":\"BreadcrumbList\",\"@id\":\"https:\\\/\\\/www.fileasbl.be\\\/membres\\\/produit\\\/formation-rgpd-22-10-2020\\\/#breadcrumb\",\"itemListElement\":[{\"@type\":\"ListItem\",\"position\":1,\"name\":\"Accueil\",\"item\":\"https:\\\/\\\/www.fileasbl.be\\\/membres\\\/\"},{\"@type\":\"ListItem\",\"position\":2,\"name\":\"Produits\",\"item\":\"https:\\\/\\\/www.fileasbl.be\\\/membres\\\/boutique\\\/\"},{\"@type\":\"ListItem\",\"position\":3,\"name\":\"Formation RGPD Nouvelle session le 22\\\/10\\\/2020\"}]},{\"@type\":\"WebSite\",\"@id\":\"https:\\\/\\\/www.fileasbl.be\\\/membres\\\/#website\",\"url\":\"https:\\\/\\\/www.fileasbl.be\\\/membres\\\/\",\"name\":\"Site de la FILE\",\"description\":\"FILE Un accueil de qualit\u00e9 accessible \u00e0 tous\",\"potentialAction\":[{\"@type\":\"SearchAction\",\"target\":{\"@type\":\"EntryPoint\",\"urlTemplate\":\"https:\\\/\\\/www.fileasbl.be\\\/membres\\\/?s={search_term_string}\"},\"query-input\":{\"@type\":\"PropertyValueSpecification\",\"valueRequired\":true,\"valueName\":\"search_term_string\"}}],\"inLanguage\":\"fr-FR\"}]}<\/script>\n<!-- \/ Yoast SEO plugin. -->","yoast_head_json":{"title":"Formation RGPD Nouvelle session le 22\/10\/2020 - Site de la FILE - Session de formation de la FILE","description":"Formation sur le R\u00e8glement G\u00e9n\u00e9ral sur la Protection des Donn\u00e9es (RGPD) organis\u00e9e par la FILE le 22\/10\/2020 avec Marie-Paule Delisse","robots":{"index":"index","follow":"follow","max-snippet":"max-snippet:-1","max-image-preview":"max-image-preview:large","max-video-preview":"max-video-preview:-1"},"canonical":"https:\/\/www.fileasbl.be\/membres\/produit\/formation-rgpd-22-10-2020\/","og_locale":"fr_FR","og_type":"article","og_title":"Formation RGPD Nouvelle session le 22\/10\/2020 - Site de la FILE - Session de formation de la FILE","og_description":"Formation sur le R\u00e8glement G\u00e9n\u00e9ral sur la Protection des Donn\u00e9es (RGPD) organis\u00e9e par la FILE le 22\/10\/2020 avec Marie-Paule Delisse","og_url":"https:\/\/www.fileasbl.be\/membres\/produit\/formation-rgpd-22-10-2020\/","og_site_name":"Site de la FILE","article_publisher":"https:\/\/www.facebook.com\/fileasbl\/","article_modified_time":"2021-10-11T08:21:49+00:00","og_image":[{"width":1600,"height":837,"url":"https:\/\/www.fileasbl.be\/membres\/wp-content\/uploads\/2020\/01\/2020-Site-A-la-une-RGPD.jpg","type":"image\/jpeg"}],"twitter_card":"summary_large_image","twitter_misc":{"Dur\u00e9e de lecture estim\u00e9e":"4 minutes"},"schema":{"@context":"https:\/\/schema.org","@graph":[{"@type":"WebPage","@id":"https:\/\/www.fileasbl.be\/membres\/produit\/formation-rgpd-22-10-2020\/","url":"https:\/\/www.fileasbl.be\/membres\/produit\/formation-rgpd-22-10-2020\/","name":"Formation RGPD Nouvelle session le 22\/10\/2020 - Site de la FILE - Session de formation de la FILE","isPartOf":{"@id":"https:\/\/www.fileasbl.be\/membres\/#website"},"primaryImageOfPage":{"@id":"https:\/\/www.fileasbl.be\/membres\/produit\/formation-rgpd-22-10-2020\/#primaryimage"},"image":{"@id":"https:\/\/www.fileasbl.be\/membres\/produit\/formation-rgpd-22-10-2020\/#primaryimage"},"thumbnailUrl":"http:\/\/www.fileasbl.be\/membres\/wp-content\/uploads\/2020\/01\/2020-Site-article-800x200-RGPD.jpg","datePublished":"2020-01-15T13:50:39+00:00","dateModified":"2021-10-11T08:21:49+00:00","description":"Formation sur le R\u00e8glement G\u00e9n\u00e9ral sur la Protection des Donn\u00e9es (RGPD) organis\u00e9e par la FILE le 22\/10\/2020 avec Marie-Paule Delisse","breadcrumb":{"@id":"https:\/\/www.fileasbl.be\/membres\/produit\/formation-rgpd-22-10-2020\/#breadcrumb"},"inLanguage":"fr-FR","potentialAction":[{"@type":"ReadAction","target":["https:\/\/www.fileasbl.be\/membres\/produit\/formation-rgpd-22-10-2020\/"]}]},{"@type":"ImageObject","inLanguage":"fr-FR","@id":"https:\/\/www.fileasbl.be\/membres\/produit\/formation-rgpd-22-10-2020\/#primaryimage","url":"http:\/\/www.fileasbl.be\/membres\/wp-content\/uploads\/2020\/01\/2020-Site-article-800x200-RGPD.jpg","contentUrl":"http:\/\/www.fileasbl.be\/membres\/wp-content\/uploads\/2020\/01\/2020-Site-article-800x200-RGPD.jpg"},{"@type":"BreadcrumbList","@id":"https:\/\/www.fileasbl.be\/membres\/produit\/formation-rgpd-22-10-2020\/#breadcrumb","itemListElement":[{"@type":"ListItem","position":1,"name":"Accueil","item":"https:\/\/www.fileasbl.be\/membres\/"},{"@type":"ListItem","position":2,"name":"Produits","item":"https:\/\/www.fileasbl.be\/membres\/boutique\/"},{"@type":"ListItem","position":3,"name":"Formation RGPD Nouvelle session le 22\/10\/2020"}]},{"@type":"WebSite","@id":"https:\/\/www.fileasbl.be\/membres\/#website","url":"https:\/\/www.fileasbl.be\/membres\/","name":"Site de la FILE","description":"FILE Un accueil de qualit\u00e9 accessible \u00e0 tous","potentialAction":[{"@type":"SearchAction","target":{"@type":"EntryPoint","urlTemplate":"https:\/\/www.fileasbl.be\/membres\/?s={search_term_string}"},"query-input":{"@type":"PropertyValueSpecification","valueRequired":true,"valueName":"search_term_string"}}],"inLanguage":"fr-FR"}]}},"builder_content":"","_links":{"self":[{"href":"https:\/\/www.fileasbl.be\/membres\/wp-json\/wp\/v2\/product\/9243","targetHints":{"allow":["GET"]}}],"collection":[{"href":"https:\/\/www.fileasbl.be\/membres\/wp-json\/wp\/v2\/product"}],"about":[{"href":"https:\/\/www.fileasbl.be\/membres\/wp-json\/wp\/v2\/types\/product"}],"wp:attachment":[{"href":"https:\/\/www.fileasbl.be\/membres\/wp-json\/wp\/v2\/media?parent=9243"}],"wp:term":[{"taxonomy":"product_brand","embeddable":true,"href":"https:\/\/www.fileasbl.be\/membres\/wp-json\/wp\/v2\/product_brand?post=9243"},{"taxonomy":"product_cat","embeddable":true,"href":"https:\/\/www.fileasbl.be\/membres\/wp-json\/wp\/v2\/product_cat?post=9243"},{"taxonomy":"product_tag","embeddable":true,"href":"https:\/\/www.fileasbl.be\/membres\/wp-json\/wp\/v2\/product_tag?post=9243"}],"curies":[{"name":"wp","href":"https:\/\/api.w.org\/{rel}","templated":true}]}}